{"id":34,"date":"2023-05-20T21:01:46","date_gmt":"2023-05-20T21:01:46","guid":{"rendered":"https:\/\/www.elabra.cl\/informegestion2022\/?page_id=34"},"modified":"2023-06-08T22:30:37","modified_gmt":"2023-06-08T22:30:37","slug":"nuestras-politicas","status":"publish","type":"page","link":"https:\/\/www.elabra.cl\/informegestion2022\/nuestras-politicas\/","title":{"rendered":"Nuestras Pol\u00edticas"},"content":{"rendered":"\t\t<div data-elementor-type=\"wp-page\" data-elementor-id=\"34\" class=\"elementor elementor-34\">\n\t\t\t\t\t\t\t\t\t<section class=\"elementor-section elementor-top-section elementor-element elementor-element-7d1181f elementor-section-boxed elementor-section-height-default elementor-section-height-default\" data-id=\"7d1181f\" data-element_type=\"section\">\n\t\t\t\t\t\t<div class=\"elementor-container elementor-column-gap-default\">\n\t\t\t\t\t<div class=\"elementor-column elementor-col-100 elementor-top-column elementor-element elementor-element-280b96b\" data-id=\"280b96b\" data-element_type=\"column\">\n\t\t\t<div class=\"elementor-widget-wrap elementor-element-populated\">\n\t\t\t\t\t\t\t\t<div class=\"elementor-element elementor-element-e97e257 elementor-widget elementor-widget-heading\" data-id=\"e97e257\" data-element_type=\"widget\" data-widget_type=\"heading.default\">\n\t\t\t\t<div class=\"elementor-widget-container\">\n\t\t\t<style>\/*! elementor - v3.13.3 - 22-05-2023 *\/\n.elementor-heading-title{padding:0;margin:0;line-height:1}.elementor-widget-heading .elementor-heading-title[class*=elementor-size-]>a{color:inherit;font-size:inherit;line-height:inherit}.elementor-widget-heading .elementor-heading-title.elementor-size-small{font-size:15px}.elementor-widget-heading .elementor-heading-title.elementor-size-medium{font-size:19px}.elementor-widget-heading .elementor-heading-title.elementor-size-large{font-size:29px}.elementor-widget-heading .elementor-heading-title.elementor-size-xl{font-size:39px}.elementor-widget-heading .elementor-heading-title.elementor-size-xxl{font-size:59px}<\/style><h2 class=\"elementor-heading-title elementor-size-default\">Pol\u00edtica Ambiental<\/h2>\t\t<\/div>\n\t\t\t\t<\/div>\n\t\t\t\t<div class=\"elementor-element elementor-element-ff9d5c7 elementor-widget elementor-widget-text-editor\" data-id=\"ff9d5c7\" data-element_type=\"widget\" data-widget_type=\"text-editor.default\">\n\t\t\t\t<div class=\"elementor-widget-container\">\n\t\t\t<style>\/*! elementor - v3.13.3 - 22-05-2023 *\/\n.elementor-widget-text-editor.elementor-drop-cap-view-stacked .elementor-drop-cap{background-color:#69727d;color:#fff}.elementor-widget-text-editor.elementor-drop-cap-view-framed .elementor-drop-cap{color:#69727d;border:3px solid;background-color:transparent}.elementor-widget-text-editor:not(.elementor-drop-cap-view-default) .elementor-drop-cap{margin-top:8px}.elementor-widget-text-editor:not(.elementor-drop-cap-view-default) .elementor-drop-cap-letter{width:1em;height:1em}.elementor-widget-text-editor .elementor-drop-cap{float:left;text-align:center;line-height:1;font-size:50px}.elementor-widget-text-editor .elementor-drop-cap-letter{display:inline-block}<\/style>\t\t\t\t<p>Sabemos que la miner\u00eda genera impactos en el entorno natural. Nuestro objetivo es que las operaciones y procesamiento minimicen aquellos impactos adversos y se respalde la protecci\u00f3n de los ecosistemas en los que operamos a trav\u00e9s de una gesti\u00f3n ambiental responsable. Revisamos y evaluamos los efectos medioambientales de nuestras actividades y nos centramos en el clima, el agua, la biodiversidad, el aire, los relaves, los residuos, el cierre de minas y la recuperaci\u00f3n.<\/p><p>Mediante la integraci\u00f3n de nuestra Pol\u00edtica Medioambiental con las pol\u00edticas de Relaves, Derechos Humanos y Desempe\u00f1o Social, aspiramos a respetar los intereses de todos los grupos de inter\u00e9s en nuestro desempe\u00f1o medioambiental.<\/p><p>Buscamos mejorar continuamente el desempe\u00f1o ambiental mediante la implementaci\u00f3n de sistemas de gesti\u00f3n ISO 14001; trabajar con nuestros grupos de inter\u00e9s y gobiernos anfitriones para ayudar a que los permisos, las leyes y los reglamentos brinden protecci\u00f3n para el medioambiente basada en principios cient\u00edficos adecuados; y revisar regularmente nuestro desempe\u00f1o ambiental e informar p\u00fablicamente nuestro progreso, entre otros.<\/p>\t\t\t\t\t\t<\/div>\n\t\t\t\t<\/div>\n\t\t\t\t\t<\/div>\n\t\t<\/div>\n\t\t\t\t\t\t\t<\/div>\n\t\t<\/section>\n\t\t\t\t<section class=\"elementor-section elementor-top-section elementor-element elementor-element-32e37c0 elementor-section-boxed elementor-section-height-default elementor-section-height-default\" data-id=\"32e37c0\" data-element_type=\"section\">\n\t\t\t\t\t\t<div class=\"elementor-container elementor-column-gap-default\">\n\t\t\t\t\t<div class=\"elementor-column elementor-col-100 elementor-top-column elementor-element elementor-element-c06bcd7\" data-id=\"c06bcd7\" data-element_type=\"column\">\n\t\t\t<div class=\"elementor-widget-wrap elementor-element-populated\">\n\t\t\t\t\t\t\t\t<div class=\"elementor-element elementor-element-8dbde25 elementor-widget elementor-widget-heading\" data-id=\"8dbde25\" data-element_type=\"widget\" data-widget_type=\"heading.default\">\n\t\t\t\t<div class=\"elementor-widget-container\">\n\t\t\t<h2 class=\"elementor-heading-title elementor-size-default\">Pol\u00edtica de Desempe\u00f1o Social<\/h2>\t\t<\/div>\n\t\t\t\t<\/div>\n\t\t\t\t<div class=\"elementor-element elementor-element-194112e elementor-widget elementor-widget-text-editor\" data-id=\"194112e\" data-element_type=\"widget\" data-widget_type=\"text-editor.default\">\n\t\t\t\t<div class=\"elementor-widget-container\">\n\t\t\t\t\t\t\t<p>Nuestras actividades se llevan a cabo promoviendo relaciones productivas y transparentes y buscan generar confianza en las comunidades, los gobiernos y las organizaciones de la sociedad civil.<\/p><p>Mantenemos sistemas de gesti\u00f3n que identifican y responden a la comunidad sobre los riesgos e impactos adversos asociados, respaldados por mecanismos de reclamo, estudios de l\u00ednea de base social y evaluaciones de riesgos, evaluaciones de impacto en los derechos humanos y mapeo estrat\u00e9gico de grupos de inter\u00e9s.<\/p><p>Colaboramos de manera proactiva con las comunidades impactadas por los proyectos, con un enfoque integral en los Pueblos Ind\u00edgenas y grupos vulnerables. Nos esforzamos por alinear nuestras prioridades de inversi\u00f3n social con los objetivos de los grupos de inter\u00e9s locales, incluyendo iniciativas de desarrollo de educaci\u00f3n, habilidades y medios de vida, oportunidades de desarrollo de capacidad institucional y de liderazgo, programas de salud y bienestar, proyectos de conservaci\u00f3n cultural y ambiental, as\u00ed como mejoras de infraestructura que ayudan en la adaptaci\u00f3n clim\u00e1tica.<\/p>\t\t\t\t\t\t<\/div>\n\t\t\t\t<\/div>\n\t\t\t\t\t<\/div>\n\t\t<\/div>\n\t\t\t\t\t\t\t<\/div>\n\t\t<\/section>\n\t\t\t\t<section class=\"elementor-section elementor-top-section elementor-element elementor-element-dbd3d39 elementor-section-boxed elementor-section-height-default elementor-section-height-default\" data-id=\"dbd3d39\" data-element_type=\"section\">\n\t\t\t\t\t\t<div class=\"elementor-container elementor-column-gap-default\">\n\t\t\t\t\t<div class=\"elementor-column elementor-col-100 elementor-top-column elementor-element elementor-element-1c1218f\" data-id=\"1c1218f\" data-element_type=\"column\">\n\t\t\t<div class=\"elementor-widget-wrap elementor-element-populated\">\n\t\t\t\t\t\t\t\t<div class=\"elementor-element elementor-element-8853c80 elementor-widget elementor-widget-heading\" data-id=\"8853c80\" data-element_type=\"widget\" data-widget_type=\"heading.default\">\n\t\t\t\t<div class=\"elementor-widget-container\">\n\t\t\t<h2 class=\"elementor-heading-title elementor-size-default\">Pol\u00edtica de Seguridad y Salud<\/h2>\t\t<\/div>\n\t\t\t\t<\/div>\n\t\t\t\t<div class=\"elementor-element elementor-element-06cd301 elementor-widget elementor-widget-text-editor\" data-id=\"06cd301\" data-element_type=\"widget\" data-widget_type=\"text-editor.default\">\n\t\t\t\t<div class=\"elementor-widget-container\">\n\t\t\t\t\t\t\t<p>La Producci\u00f3n Segura va m\u00e1s all\u00e1 de las palabras: es nuestra cultura. Nuestro objetivo es cero lesiones y enfermedades laborales. La producci\u00f3n y los costos son fundamentales para el bienestar de la empresa, pero nunca deben tener prioridad sobre la seguridad, la salud de los empleados o la protecci\u00f3n del medioambiente.<\/p><p>Creemos que todos tenemos la responsabilidad de hacer lo correcto para garantizar el \u00e9xito de nuestra salud y seguridad hoy y en el futuro. Esto significa que cada empleado debe asumir la responsabilidad individual de su seguridad y la de sus compa\u00f1eros de trabajo y tiene la tarea de crear un entorno que elimine los riesgos de seguridad y salud ocupacional siempre que sea posible.<\/p><p>Mediremos el progreso para alcanzar nuestros objetivos comparando con est\u00e1ndares establecidos regularmente. Proporcionaremos la capacitaci\u00f3n y los recursos necesarios para lograr nuestros est\u00e1ndares de seguridad y salud, y todas las personas ser\u00e1n responsables de los resultados.<\/p><p><img loading=\"lazy\" decoding=\"async\" class=\"alignnone size-full wp-image-836\" src=\"http:\/\/elabra.cl\/informegestion2022\/wp-content\/uploads\/2023\/05\/img-28.jpg\" alt=\"\" width=\"864\" height=\"365\" srcset=\"https:\/\/www.elabra.cl\/informegestion2022\/wp-content\/uploads\/2023\/05\/img-28.jpg 864w, https:\/\/www.elabra.cl\/informegestion2022\/wp-content\/uploads\/2023\/05\/img-28-300x127.jpg 300w, https:\/\/www.elabra.cl\/informegestion2022\/wp-content\/uploads\/2023\/05\/img-28-768x324.jpg 768w, https:\/\/www.elabra.cl\/informegestion2022\/wp-content\/uploads\/2023\/05\/img-28-500x211.jpg 500w\" sizes=\"auto, (max-width: 864px) 100vw, 864px\" \/><\/p>\t\t\t\t\t\t<\/div>\n\t\t\t\t<\/div>\n\t\t\t\t\t<\/div>\n\t\t<\/div>\n\t\t\t\t\t\t\t<\/div>\n\t\t<\/section>\n\t\t\t\t<section class=\"elementor-section elementor-top-section elementor-element elementor-element-7363a31 elementor-section-boxed elementor-section-height-default elementor-section-height-default\" data-id=\"7363a31\" data-element_type=\"section\">\n\t\t\t\t\t\t<div class=\"elementor-container elementor-column-gap-default\">\n\t\t\t\t\t<div class=\"elementor-column elementor-col-100 elementor-top-column elementor-element elementor-element-8af33b7\" data-id=\"8af33b7\" data-element_type=\"column\">\n\t\t\t<div class=\"elementor-widget-wrap elementor-element-populated\">\n\t\t\t\t\t\t\t\t<div class=\"elementor-element elementor-element-7d518df elementor-widget elementor-widget-heading\" data-id=\"7d518df\" data-element_type=\"widget\" data-widget_type=\"heading.default\">\n\t\t\t\t<div class=\"elementor-widget-container\">\n\t\t\t<h2 class=\"elementor-heading-title elementor-size-default\">Pol\u00edtica de Derechos Humanos<\/h2>\t\t<\/div>\n\t\t\t\t<\/div>\n\t\t\t\t<div class=\"elementor-element elementor-element-3f59f6c elementor-widget elementor-widget-text-editor\" data-id=\"3f59f6c\" data-element_type=\"widget\" data-widget_type=\"text-editor.default\">\n\t\t\t\t<div class=\"elementor-widget-container\">\n\t\t\t\t\t\t\t<p>Estamos comprometidos con el reconocimiento, respeto y promoci\u00f3n de los derechos humanos donde hacemos negocios. Respetamos los derechos de todas las personas, incluidos los empleados, proveedores, miembros de la comunidad y otros grupos de inter\u00e9s que puedan ser afectados por nuestros negocios. No toleramos los abusos contra los derechos humanos en nuestras operaciones y llevamos a cabo la debida diligencia en nuestra cadena de valor.<\/p><p>Respetamos los derechos humanos reconocidos internacionalmente, incluida la Declaraci\u00f3n Universal<br \/>de Derechos Humanos, y estamos comprometidos con la implementaci\u00f3n de los Principios Rectores sobre las Empresas y los Derechos Humanos de las Naciones Unidas.<\/p><p>Condenamos cualquier forma de amenaza, intimidaci\u00f3n o violencia contra quienes promueven y defienden pac\u00edficamente los derechos humanos. Nuestro respeto y promoci\u00f3n de los derechos humanos se alinea con nuestros valores fundamentales de seguridad, respeto, integridad, excelencia y compromiso, y se reflejan en nuestros Principios de Conducta Empresarial y otras pol\u00edticas de Freeport-McMoRan.<\/p><p><img loading=\"lazy\" decoding=\"async\" class=\"alignnone size-full wp-image-837\" src=\"http:\/\/elabra.cl\/informegestion2022\/wp-content\/uploads\/2023\/05\/img-29.jpg\" alt=\"\" width=\"863\" height=\"402\" srcset=\"https:\/\/www.elabra.cl\/informegestion2022\/wp-content\/uploads\/2023\/05\/img-29.jpg 863w, https:\/\/www.elabra.cl\/informegestion2022\/wp-content\/uploads\/2023\/05\/img-29-300x140.jpg 300w, https:\/\/www.elabra.cl\/informegestion2022\/wp-content\/uploads\/2023\/05\/img-29-768x358.jpg 768w, https:\/\/www.elabra.cl\/informegestion2022\/wp-content\/uploads\/2023\/05\/img-29-500x233.jpg 500w\" sizes=\"auto, (max-width: 863px) 100vw, 863px\" \/><\/p>\t\t\t\t\t\t<\/div>\n\t\t\t\t<\/div>\n\t\t\t\t\t<\/div>\n\t\t<\/div>\n\t\t\t\t\t\t\t<\/div>\n\t\t<\/section>\n\t\t\t\t<section class=\"elementor-section elementor-top-section elementor-element elementor-element-244cb2b elementor-section-boxed elementor-section-height-default elementor-section-height-default\" data-id=\"244cb2b\" data-element_type=\"section\">\n\t\t\t\t\t\t<div class=\"elementor-container elementor-column-gap-default\">\n\t\t\t\t\t<div class=\"elementor-column elementor-col-100 elementor-top-column elementor-element elementor-element-51cc36a\" data-id=\"51cc36a\" data-element_type=\"column\">\n\t\t\t<div class=\"elementor-widget-wrap elementor-element-populated\">\n\t\t\t\t\t\t\t\t<div class=\"elementor-element elementor-element-cc90258 elementor-widget elementor-widget-heading\" data-id=\"cc90258\" data-element_type=\"widget\" data-widget_type=\"heading.default\">\n\t\t\t\t<div class=\"elementor-widget-container\">\n\t\t\t<h2 class=\"elementor-heading-title elementor-size-default\">Pol\u00edtica de Inclusi\u00f3n y Diversidad<\/h2>\t\t<\/div>\n\t\t\t\t<\/div>\n\t\t\t\t<div class=\"elementor-element elementor-element-cd6c4f6 elementor-widget elementor-widget-text-editor\" data-id=\"cd6c4f6\" data-element_type=\"widget\" data-widget_type=\"text-editor.default\">\n\t\t\t\t<div class=\"elementor-widget-container\">\n\t\t\t\t\t\t\t<p>Nuestra mayor fortaleza es nuestra gente. Respetamos y valoramos las diferentes ideas, creencias, experiencias, talentos, habilidades, perspectivas, antecedentes y culturas de nuestra fuerza laboral. Buscamos, promovemos y fomentamos un lugar de trabajo donde tengan un sentido de pertenencia, sean tratadas con respeto y sus opiniones sean valoradas.<\/p><p>Nuestro entorno inclusivo es la base de nuestra cultura de alto rendimiento y es fundamental para el \u00e9xito sostenible a largo plazo de nuestro negocio. Estamos comprometidos con fomentar una cultura centrada en la seguridad, respetuosa, inclusiva y representativa de las comunidades donde operamos.<\/p><p>Nuestros principios de inclusi\u00f3n y diversidad se reflejan en nuestros Principios de Conducta Empresarial y otras pol\u00edticas de Freeport-McMoRan, desde la exploraci\u00f3n hasta el cierre del proyecto.<\/p><p><img loading=\"lazy\" decoding=\"async\" class=\"alignnone size-full wp-image-838\" src=\"http:\/\/elabra.cl\/informegestion2022\/wp-content\/uploads\/2023\/05\/img-30.jpg\" alt=\"\" width=\"860\" height=\"474\" srcset=\"https:\/\/www.elabra.cl\/informegestion2022\/wp-content\/uploads\/2023\/05\/img-30.jpg 860w, https:\/\/www.elabra.cl\/informegestion2022\/wp-content\/uploads\/2023\/05\/img-30-300x165.jpg 300w, https:\/\/www.elabra.cl\/informegestion2022\/wp-content\/uploads\/2023\/05\/img-30-768x423.jpg 768w, https:\/\/www.elabra.cl\/informegestion2022\/wp-content\/uploads\/2023\/05\/img-30-500x276.jpg 500w\" sizes=\"auto, (max-width: 860px) 100vw, 860px\" \/><\/p>\t\t\t\t\t\t<\/div>\n\t\t\t\t<\/div>\n\t\t\t\t\t<\/div>\n\t\t<\/div>\n\t\t\t\t\t\t\t<\/div>\n\t\t<\/section>\n\t\t\t\t\t\t\t<\/div>\n\t\t","protected":false},"excerpt":{"rendered":"<p>Pol\u00edtica Ambiental Sabemos que la miner\u00eda genera impactos en el entorno natural. Nuestro objetivo es que las operaciones y procesamiento minimicen aquellos impactos adversos y se respalde la protecci\u00f3n de los ecosistemas en los que operamos a trav\u00e9s de una gesti\u00f3n ambiental responsable. Revisamos y evaluamos los efectos medioambientales de&#8230;<\/p>\n","protected":false},"author":1,"featured_media":0,"parent":0,"menu_order":0,"comment_status":"closed","ping_status":"closed","template":"","meta":{"footnotes":""},"class_list":["post-34","page","type-page","status-publish","hentry"],"_links":{"self":[{"href":"https:\/\/www.elabra.cl\/informegestion2022\/wp-json\/wp\/v2\/pages\/34","targetHints":{"allow":["GET"]}}],"collection":[{"href":"https:\/\/www.elabra.cl\/informegestion2022\/wp-json\/wp\/v2\/pages"}],"about":[{"href":"https:\/\/www.elabra.cl\/informegestion2022\/wp-json\/wp\/v2\/types\/page"}],"author":[{"embeddable":true,"href":"https:\/\/www.elabra.cl\/informegestion2022\/wp-json\/wp\/v2\/users\/1"}],"replies":[{"embeddable":true,"href":"https:\/\/www.elabra.cl\/informegestion2022\/wp-json\/wp\/v2\/comments?post=34"}],"version-history":[{"count":22,"href":"https:\/\/www.elabra.cl\/informegestion2022\/wp-json\/wp\/v2\/pages\/34\/revisions"}],"predecessor-version":[{"id":841,"href":"https:\/\/www.elabra.cl\/informegestion2022\/wp-json\/wp\/v2\/pages\/34\/revisions\/841"}],"wp:attachment":[{"href":"https:\/\/www.elabra.cl\/informegestion2022\/wp-json\/wp\/v2\/media?parent=34"}],"curies":[{"name":"wp","href":"https:\/\/api.w.org\/{rel}","templated":true}]}}