{"id":34,"date":"2022-04-20T21:07:46","date_gmt":"2022-04-20T21:07:46","guid":{"rendered":"https:\/\/www.elabra.cl\/informegestion2021\/?page_id=34"},"modified":"2022-04-29T21:07:15","modified_gmt":"2022-04-29T21:07:15","slug":"nuestras-politicas","status":"publish","type":"page","link":"https:\/\/www.elabra.cl\/informegestion2021\/nuestras-politicas\/","title":{"rendered":"Nuestras Pol\u00edticas"},"content":{"rendered":"\t\t<div data-elementor-type=\"wp-page\" data-elementor-id=\"34\" class=\"elementor elementor-34\">\n\t\t\t\t\t\t\t\t\t<section class=\"elementor-section elementor-top-section elementor-element elementor-element-68a880a elementor-section-boxed elementor-section-height-default elementor-section-height-default\" data-id=\"68a880a\" data-element_type=\"section\">\n\t\t\t\t\t\t<div class=\"elementor-container elementor-column-gap-default\">\n\t\t\t\t\t<div class=\"elementor-column elementor-col-100 elementor-top-column elementor-element elementor-element-e974ab4\" data-id=\"e974ab4\" data-element_type=\"column\">\n\t\t\t<div class=\"elementor-widget-wrap elementor-element-populated\">\n\t\t\t\t\t\t\t\t<div class=\"elementor-element elementor-element-f29712e elementor-widget elementor-widget-image\" data-id=\"f29712e\" data-element_type=\"widget\" data-widget_type=\"image.default\">\n\t\t\t\t<div class=\"elementor-widget-container\">\n\t\t\t<style>\/*! elementor - v3.6.4 - 13-04-2022 *\/\n.elementor-widget-image{text-align:center}.elementor-widget-image a{display:inline-block}.elementor-widget-image a img[src$=\".svg\"]{width:48px}.elementor-widget-image img{vertical-align:middle;display:inline-block}<\/style>\t\t\t\t\t\t\t\t\t\t\t\t<img loading=\"lazy\" decoding=\"async\" width=\"620\" height=\"322\" src=\"https:\/\/www.elabra.cl\/informegestion2021\/wp-content\/uploads\/2022\/04\/cabecera_poli.jpg\" class=\"attachment-large size-large\" alt=\"\" srcset=\"https:\/\/www.elabra.cl\/informegestion2021\/wp-content\/uploads\/2022\/04\/cabecera_poli.jpg 692w, https:\/\/www.elabra.cl\/informegestion2021\/wp-content\/uploads\/2022\/04\/cabecera_poli-300x156.jpg 300w, https:\/\/www.elabra.cl\/informegestion2021\/wp-content\/uploads\/2022\/04\/cabecera_poli-500x259.jpg 500w\" sizes=\"auto, (max-width: 620px) 100vw, 620px\" \/>\t\t\t\t\t\t\t\t\t\t\t\t\t\t\t<\/div>\n\t\t\t\t<\/div>\n\t\t\t\t\t<\/div>\n\t\t<\/div>\n\t\t\t\t\t\t\t<\/div>\n\t\t<\/section>\n\t\t\t\t<section class=\"elementor-section elementor-top-section elementor-element elementor-element-9aa0ff3 elementor-section-boxed elementor-section-height-default elementor-section-height-default\" data-id=\"9aa0ff3\" data-element_type=\"section\">\n\t\t\t\t\t\t<div class=\"elementor-container elementor-column-gap-default\">\n\t\t\t\t\t<div class=\"elementor-column elementor-col-100 elementor-top-column elementor-element elementor-element-9dbf49b\" data-id=\"9dbf49b\" data-element_type=\"column\">\n\t\t\t<div class=\"elementor-widget-wrap elementor-element-populated\">\n\t\t\t\t\t\t\t\t<div class=\"elementor-element elementor-element-e12565c elementor-widget elementor-widget-text-editor\" data-id=\"e12565c\" data-element_type=\"widget\" data-widget_type=\"text-editor.default\">\n\t\t\t\t<div class=\"elementor-widget-container\">\n\t\t\t<style>\/*! elementor - v3.6.4 - 13-04-2022 *\/\n.elementor-widget-text-editor.elementor-drop-cap-view-stacked .elementor-drop-cap{background-color:#818a91;color:#fff}.elementor-widget-text-editor.elementor-drop-cap-view-framed .elementor-drop-cap{color:#818a91;border:3px solid;background-color:transparent}.elementor-widget-text-editor:not(.elementor-drop-cap-view-default) .elementor-drop-cap{margin-top:8px}.elementor-widget-text-editor:not(.elementor-drop-cap-view-default) .elementor-drop-cap-letter{width:1em;height:1em}.elementor-widget-text-editor .elementor-drop-cap{float:left;text-align:center;line-height:1;font-size:50px}.elementor-widget-text-editor .elementor-drop-cap-letter{display:inline-block}<\/style>\t\t\t\t<p class=\"p1\"><span class=\"s1\">Nuestro objetivo es que cada trabajador, trabajadora, contratista y proveedor integren en su quehacer cotidiano nuestras pol\u00edticas, raz\u00f3n por la que ponemos especial atenci\u00f3n en su monitoreo y seguimiento, dentro de un marco de cercan\u00eda y di\u00e1logo y en armon\u00eda con las necesidades locales.<\/span><\/p>\t\t\t\t\t\t<\/div>\n\t\t\t\t<\/div>\n\t\t\t\t\t<\/div>\n\t\t<\/div>\n\t\t\t\t\t\t\t<\/div>\n\t\t<\/section>\n\t\t\t\t<section class=\"elementor-section elementor-top-section elementor-element elementor-element-0335010 elementor-section-boxed elementor-section-height-default elementor-section-height-default\" data-id=\"0335010\" data-element_type=\"section\">\n\t\t\t\t\t\t<div class=\"elementor-container elementor-column-gap-default\">\n\t\t\t\t\t<div class=\"elementor-column elementor-col-100 elementor-top-column elementor-element elementor-element-619569d\" data-id=\"619569d\" data-element_type=\"column\">\n\t\t\t<div class=\"elementor-widget-wrap elementor-element-populated\">\n\t\t\t\t\t\t\t\t<div class=\"elementor-element elementor-element-9494a9e elementor-widget elementor-widget-text-editor\" data-id=\"9494a9e\" data-element_type=\"widget\" data-widget_type=\"text-editor.default\">\n\t\t\t\t<div class=\"elementor-widget-container\">\n\t\t\t\t\t\t\t<p class=\"p1\"><span class=\"s1\">Las pol\u00edticas de Minera El Abra se aplican a lo largo de todo el ciclo de vida de los proyectos de la operaci\u00f3n. \u00c9stas se enmarcan en los Principios de Desarrollo Sostenible, Negocios y Derechos Humanos de la Organizaci\u00f3n de Naciones Unidas (ONU), como tambi\u00e9n en los 10 Principios de Desarrollo Sustentable del Consejo Internacional de Miner\u00eda y Metales (ICMM) y en los Est\u00e1ndares de Producci\u00f3n Responsable de The Copper Mark.<span class=\"Apple-converted-space\">\u00a0<\/span><\/span><\/p>\t\t\t\t\t\t<\/div>\n\t\t\t\t<\/div>\n\t\t\t\t\t<\/div>\n\t\t<\/div>\n\t\t\t\t\t\t\t<\/div>\n\t\t<\/section>\n\t\t\t\t<section class=\"elementor-section elementor-top-section elementor-element elementor-element-2cb91d8 elementor-section-boxed elementor-section-height-default elementor-section-height-default\" data-id=\"2cb91d8\" data-element_type=\"section\">\n\t\t\t\t\t\t<div class=\"elementor-container elementor-column-gap-default\">\n\t\t\t\t\t<div class=\"elementor-column elementor-col-100 elementor-top-column elementor-element elementor-element-4782ebb\" data-id=\"4782ebb\" data-element_type=\"column\">\n\t\t\t<div class=\"elementor-widget-wrap elementor-element-populated\">\n\t\t\t\t\t\t\t\t<div class=\"elementor-element elementor-element-079992d elementor-widget elementor-widget-heading\" data-id=\"079992d\" data-element_type=\"widget\" data-widget_type=\"heading.default\">\n\t\t\t\t<div class=\"elementor-widget-container\">\n\t\t\t<style>\/*! elementor - v3.6.4 - 13-04-2022 *\/\n.elementor-heading-title{padding:0;margin:0;line-height:1}.elementor-widget-heading .elementor-heading-title[class*=elementor-size-]>a{color:inherit;font-size:inherit;line-height:inherit}.elementor-widget-heading .elementor-heading-title.elementor-size-small{font-size:15px}.elementor-widget-heading .elementor-heading-title.elementor-size-medium{font-size:19px}.elementor-widget-heading .elementor-heading-title.elementor-size-large{font-size:29px}.elementor-widget-heading .elementor-heading-title.elementor-size-xl{font-size:39px}.elementor-widget-heading .elementor-heading-title.elementor-size-xxl{font-size:59px}<\/style><h2 class=\"elementor-heading-title elementor-size-default\">Pol\u00edtica de Desempe\u00f1o Social <\/h2>\t\t<\/div>\n\t\t\t\t<\/div>\n\t\t\t\t<div class=\"elementor-element elementor-element-30c1b8e elementor-widget elementor-widget-text-editor\" data-id=\"30c1b8e\" data-element_type=\"widget\" data-widget_type=\"text-editor.default\">\n\t\t\t\t<div class=\"elementor-widget-container\">\n\t\t\t\t\t\t\t<p class=\"p1\"><span class=\"s1\">Orientamos nuestra operaci\u00f3n hacia la construcci\u00f3n de relaciones proactivas, transparentes, cercanas y de largo plazo, a fin de potenciar un compromiso colaborativo con las comunidades aleda\u00f1as a El Abra, autoridades y grupos de inter\u00e9s.<span class=\"Apple-converted-space\">\u00a0<\/span><\/span><\/p><p class=\"p1\"><span class=\"s2\">A lo largo del ciclo de vida de un proyecto, asumimos el compromiso de mitigar los posibles riesgos y\/o impactos asociados a su implementaci\u00f3n. Adem\u00e1s, desarrollamos programas estrat\u00e9gicos de inversi\u00f3n social, con un enfoque inclusivo de los pueblos originarios y grupos vulnerables, buscando resultados basados en la creaci\u00f3n de valor compartido.<\/span><\/p><p class=\"p1\"><span class=\"s2\">Nuestro objetivo es, asimismo, maximizar los beneficios para la comunidad, teniendo presentes sus derechos, intereses y preocupaciones. Adem\u00e1s, impulsamos el desarrollo econ\u00f3mico local mediante la adquisici\u00f3n de bienes y servicios del territorio donde tienen lugar nuestras operaciones y la contrataci\u00f3n y capacitaci\u00f3n de las comunidades aleda\u00f1as, lo que nos permite fortalecer su capacidad y resiliencia para incentivar la inclusi\u00f3n<\/span><\/p>\t\t\t\t\t\t<\/div>\n\t\t\t\t<\/div>\n\t\t\t\t\t<\/div>\n\t\t<\/div>\n\t\t\t\t\t\t\t<\/div>\n\t\t<\/section>\n\t\t\t\t<section class=\"elementor-section elementor-top-section elementor-element elementor-element-7d1181f elementor-section-boxed elementor-section-height-default elementor-section-height-default\" data-id=\"7d1181f\" data-element_type=\"section\">\n\t\t\t\t\t\t<div class=\"elementor-container elementor-column-gap-default\">\n\t\t\t\t\t<div class=\"elementor-column elementor-col-100 elementor-top-column elementor-element elementor-element-280b96b\" data-id=\"280b96b\" data-element_type=\"column\">\n\t\t\t<div class=\"elementor-widget-wrap elementor-element-populated\">\n\t\t\t\t\t\t\t\t<div class=\"elementor-element elementor-element-e97e257 elementor-widget elementor-widget-heading\" data-id=\"e97e257\" data-element_type=\"widget\" data-widget_type=\"heading.default\">\n\t\t\t\t<div class=\"elementor-widget-container\">\n\t\t\t<h2 class=\"elementor-heading-title elementor-size-default\">Pol\u00edtica Ambiental<\/h2>\t\t<\/div>\n\t\t\t\t<\/div>\n\t\t\t\t<div class=\"elementor-element elementor-element-ff9d5c7 elementor-widget elementor-widget-text-editor\" data-id=\"ff9d5c7\" data-element_type=\"widget\" data-widget_type=\"text-editor.default\">\n\t\t\t\t<div class=\"elementor-widget-container\">\n\t\t\t\t\t\t\t<p class=\"p1\"><span class=\"s1\">En Freeport reconocemos que la miner\u00eda tiene consecuencias en el entorno natural, de ah\u00ed que planificamos y operamos con el m\u00ednimo impacto adverso sobre el medioambiente, al tiempo de optimizar el uso econ\u00f3mico de los recursos. Ello, con una revisi\u00f3n y evaluaci\u00f3n de nuestro desempe\u00f1o ambiental a lo largo de la vida de la miner\u00eda y el procesamiento.<span class=\"Apple-converted-space\">\u00a0<\/span><\/span><\/p><p class=\"p1\"><span class=\"s1\">Aplicamos de manera irrestricta las leyes y normas ambientales, y mejoramos continuamente el desempe\u00f1o en estas materias mediante la implementaci\u00f3n de sistemas de gesti\u00f3n ISO 14001. Nuestro compromiso se centra en: la protecci\u00f3n del clima; el uso eficiente del agua; la protecci\u00f3n de la biodiversidad y las \u00e1reas protegidas; la prevenci\u00f3n de la contaminaci\u00f3n del aire y los recursos naturales; la gesti\u00f3n de forma segura y responsable nuestros residuos relacionados y no relacionados con relaves; y la remediaci\u00f3n de pasivos ambientales en el cierre de minas y la recuperaci\u00f3n.<span class=\"Apple-converted-space\">\u00a0<\/span><\/span><\/p><p class=\"p1\"><span class=\"s1\">Nuestra Pol\u00edtica Medioambiental est\u00e1 integrada a las Pol\u00edticas de Relaves, Derechos Humanos y Desempe\u00f1o Social. En consecuencia, respetamos y protegemos la cultura y el patrimonio de nuestras comunidades anfitrionas y de los Pueblos Ind\u00edgenas, adem\u00e1s de promover la participaci\u00f3n efectiva con nuestros grupos de inter\u00e9s y contratistas en la protecci\u00f3n del medioambiente, independiente de la raza, el color, el pa\u00eds de origen o los ingresos.<\/span><\/p>\t\t\t\t\t\t<\/div>\n\t\t\t\t<\/div>\n\t\t\t\t\t<\/div>\n\t\t<\/div>\n\t\t\t\t\t\t\t<\/div>\n\t\t<\/section>\n\t\t\t\t<section class=\"elementor-section elementor-top-section elementor-element elementor-element-2b14871 elementor-section-boxed elementor-section-height-default elementor-section-height-default\" data-id=\"2b14871\" data-element_type=\"section\">\n\t\t\t\t\t\t<div class=\"elementor-container elementor-column-gap-default\">\n\t\t\t\t\t<div class=\"elementor-column elementor-col-100 elementor-top-column elementor-element elementor-element-f327310\" data-id=\"f327310\" data-element_type=\"column\">\n\t\t\t<div class=\"elementor-widget-wrap elementor-element-populated\">\n\t\t\t\t\t\t\t\t<div class=\"elementor-element elementor-element-c913b42 elementor-widget elementor-widget-heading\" data-id=\"c913b42\" data-element_type=\"widget\" data-widget_type=\"heading.default\">\n\t\t\t\t<div class=\"elementor-widget-container\">\n\t\t\t<h2 class=\"elementor-heading-title elementor-size-default\">Pol\u00edtica de Seguridad y Salud <\/h2>\t\t<\/div>\n\t\t\t\t<\/div>\n\t\t\t\t<div class=\"elementor-element elementor-element-b5fed11 elementor-widget elementor-widget-text-editor\" data-id=\"b5fed11\" data-element_type=\"widget\" data-widget_type=\"text-editor.default\">\n\t\t\t\t<div class=\"elementor-widget-container\">\n\t\t\t\t\t\t\t<p class=\"p1\"><span class=\"s1\">La seguridad y salud de trabajadoras y trabajadores son nuestra m\u00e1xima prioridad y un valor fundamental de la empresa. La producci\u00f3n segura est\u00e1 en el n\u00facleo de nuestra cultura; es el por qu\u00e9 hacemos lo que hacemos y c\u00f3mo lo hacemos.<span class=\"Apple-converted-space\">\u00a0<\/span><\/span><\/p><p class=\"p1\"><span class=\"s1\">Tenemos el f\u00e9rreo compromiso de que las personas que trabajan en nuestras operaciones regresen a sus hogares de manera segura todos los d\u00edas, y esto lo hacemos a trav\u00e9s del incentivo al cuidado individual y del entorno, para lograr nuestro objetivo de cero lesiones y enfermedades.<\/span><\/p><p class=\"p1\"><span class=\"s1\">Asimismo, nuestro foco est\u00e1 puesto en reforzar y mantener una s\u00f3lida cultura de salud y seguridad, a trav\u00e9s de la optimizaci\u00f3n de los recursos que tenemos a nuestra disposici\u00f3n en los programas de capacitaci\u00f3n, incentivos de seguridad y de salud ocupacional, para lograr un liderazgo reconocido en esta materia. Esto representa la inversi\u00f3n que hacemos en nuestro recurso m\u00e1s valioso: las personas.<span class=\"Apple-converted-space\">\u00a0<\/span><\/span><\/p><p class=\"p1\"><span class=\"s1\">Como aspecto central de nuestra filosof\u00eda, buscamos que los y las contratistas que se desempe\u00f1an en nuestras instalaciones asuman id\u00e9ntica responsabilidad en mantener los niveles de seguridad que aplicamos internamente. Por eso, todos los contratos incluyen cl\u00e1usulas de seguridad espec\u00edficas dise\u00f1adas para lograr este resultado.<\/span><\/p><p class=\"p1\"><span class=\"s1\">Asimismo, realizaremos auditor\u00edas de seguridad integrales y de salud industrial de manera regular en nuestras operaciones para evaluar el estado de cumplimiento de nuestros programas de seguridad y salud, y comunicaremos dicha informaci\u00f3n a todos los niveles de gesti\u00f3n.<\/span><\/p>\t\t\t\t\t\t<\/div>\n\t\t\t\t<\/div>\n\t\t\t\t\t<\/div>\n\t\t<\/div>\n\t\t\t\t\t\t\t<\/div>\n\t\t<\/section>\n\t\t\t\t<section class=\"elementor-section elementor-top-section elementor-element elementor-element-74f030b elementor-section-boxed elementor-section-height-default elementor-section-height-default\" data-id=\"74f030b\" data-element_type=\"section\">\n\t\t\t\t\t\t<div class=\"elementor-container elementor-column-gap-default\">\n\t\t\t\t\t<div class=\"elementor-column elementor-col-100 elementor-top-column elementor-element elementor-element-05164dd\" data-id=\"05164dd\" data-element_type=\"column\">\n\t\t\t<div class=\"elementor-widget-wrap elementor-element-populated\">\n\t\t\t\t\t\t\t\t<div class=\"elementor-element elementor-element-2f0c54b elementor-widget elementor-widget-heading\" data-id=\"2f0c54b\" data-element_type=\"widget\" data-widget_type=\"heading.default\">\n\t\t\t\t<div class=\"elementor-widget-container\">\n\t\t\t<h2 class=\"elementor-heading-title elementor-size-default\">Pol\u00edtica de Derechos Humanos<\/h2>\t\t<\/div>\n\t\t\t\t<\/div>\n\t\t\t\t<div class=\"elementor-element elementor-element-bfb0b92 elementor-widget elementor-widget-text-editor\" data-id=\"bfb0b92\" data-element_type=\"widget\" data-widget_type=\"text-editor.default\">\n\t\t\t\t<div class=\"elementor-widget-container\">\n\t\t\t\t\t\t\t<p class=\"p1\"><span class=\"s1\">Estamos comprometidos con el reconocimiento, respeto y promoci\u00f3n de los Derechos Humanos, reflejados en los Principios de Conducta Empresarial y otras pol\u00edticas de Freeport, los que se rigen tanto por la Declaraci\u00f3n Universal de Derechos Humanos de Naciones Unidas, como por las leyes y reglamentos de los pa\u00edses donde operamos.<span class=\"Apple-converted-space\">\u00a0<\/span><\/span><\/p><p class=\"p1\"><span class=\"s1\">Esta pol\u00edtica se aplica a todo el ciclo de vida de nuestros proyectos y operaciones, y tiene como base los Principios Voluntarios sobre Seguridad y Derechos Humanos, que involucra a todas las personas relacionadas con nuestra empresa: empleados, empleadas, proveedores, miembros de la comunidad, pueblos originarios y otros grupos vulnerables, as\u00ed como a los grupos de inter\u00e9s de la empresa.<span class=\"Apple-converted-space\">\u00a0<\/span><\/span><\/p><p class=\"p1\"><span class=\"s1\">Abogamos por un trato digno y condiciones de trabajo justas, creemos en la libertad de asociaci\u00f3n y negociaci\u00f3n colectiva y propiciamos el acceso a mecanismos de reclamaci\u00f3n y denuncias judiciales y no judiciales.<span class=\"Apple-converted-space\">\u00a0<\/span><\/span><\/p><p class=\"p1\"><span class=\"s1\">Condenamos cualquier forma de amenaza, intimidaci\u00f3n o violencia contra quienes promueven y defienden pac\u00edficamente los derechos humanos y prohibimos manifiestamente la trata de personas, el acoso y discriminaci\u00f3n, el trabajo forzoso, obligatorio y\/o infantil.<\/span><\/p><p class=\"p1\"><span class=\"s1\">No toleramos los abusos contra los derechos humanos en nuestros proyectos y operaciones y estamos comprometidos con llevar a cabo procesos de debida diligencia en esta materia en nuestra cadena de valor.<span class=\"Apple-converted-space\">\u00a0<\/span><\/span><\/p>\t\t\t\t\t\t<\/div>\n\t\t\t\t<\/div>\n\t\t\t\t\t<\/div>\n\t\t<\/div>\n\t\t\t\t\t\t\t<\/div>\n\t\t<\/section>\n\t\t\t\t<section class=\"elementor-section elementor-top-section elementor-element elementor-element-8c144e2 elementor-section-boxed elementor-section-height-default elementor-section-height-default\" data-id=\"8c144e2\" data-element_type=\"section\">\n\t\t\t\t\t\t<div class=\"elementor-container elementor-column-gap-default\">\n\t\t\t\t\t<div class=\"elementor-column elementor-col-100 elementor-top-column elementor-element elementor-element-21a1f31\" data-id=\"21a1f31\" data-element_type=\"column\">\n\t\t\t<div class=\"elementor-widget-wrap elementor-element-populated\">\n\t\t\t\t\t\t\t\t<div class=\"elementor-element elementor-element-5c453de elementor-widget elementor-widget-heading\" data-id=\"5c453de\" data-element_type=\"widget\" data-widget_type=\"heading.default\">\n\t\t\t\t<div class=\"elementor-widget-container\">\n\t\t\t<h2 class=\"elementor-heading-title elementor-size-default\">Pol\u00edtica de Diversidad, Inclusi\u00f3n, Igualdad de G\u00e9nero y Conciliaci\u00f3n de la Vida Laboral, Familiar y Personal<\/h2>\t\t<\/div>\n\t\t\t\t<\/div>\n\t\t\t\t<div class=\"elementor-element elementor-element-cff3255 elementor-widget elementor-widget-image\" data-id=\"cff3255\" data-element_type=\"widget\" data-widget_type=\"image.default\">\n\t\t\t\t<div class=\"elementor-widget-container\">\n\t\t\t\t\t\t\t\t\t\t\t\t\t\t\t<img loading=\"lazy\" decoding=\"async\" width=\"620\" height=\"264\" src=\"https:\/\/www.elabra.cl\/informegestion2021\/wp-content\/uploads\/2022\/04\/poli1.jpg\" class=\"attachment-large size-large\" alt=\"\" srcset=\"https:\/\/www.elabra.cl\/informegestion2021\/wp-content\/uploads\/2022\/04\/poli1.jpg 704w, https:\/\/www.elabra.cl\/informegestion2021\/wp-content\/uploads\/2022\/04\/poli1-300x128.jpg 300w, https:\/\/www.elabra.cl\/informegestion2021\/wp-content\/uploads\/2022\/04\/poli1-500x213.jpg 500w\" sizes=\"auto, (max-width: 620px) 100vw, 620px\" \/>\t\t\t\t\t\t\t\t\t\t\t\t\t\t\t<\/div>\n\t\t\t\t<\/div>\n\t\t\t\t<div class=\"elementor-element elementor-element-2dca82a elementor-widget elementor-widget-text-editor\" data-id=\"2dca82a\" data-element_type=\"widget\" data-widget_type=\"text-editor.default\">\n\t\t\t\t<div class=\"elementor-widget-container\">\n\t\t\t\t\t\t\t<p class=\"p1\"><span class=\"s1\">En El Abra damos cumplimiento a todos los aspectos normativos y legales sobre igualdad de g\u00e9nero y conciliaci\u00f3n de la vida laboral y personal -incluidos los derechos parentales-, contemplados en la Norma Chilena 3262 (NCh3262).<\/span><\/p><p class=\"p1\"><span class=\"s1\">Garantizamos y promovemos la igualdad de oportunidades sin distinciones f\u00edsicas, sexuales, \u00e9tnicas, de nacionalidad o de g\u00e9nero, al tiempo de asegurar ambientes libres de violencia, acoso, lenguaje inapropiado o acciones de menoscabo entre las personas.<span class=\"Apple-converted-space\">\u00a0<\/span><\/span><\/p><p class=\"p1\"><span class=\"s1\">Estamos comprometidos con fortalecer y favorecer el respeto mutuo y la igualdad de oportunidades, mediante la realizaci\u00f3n de campa\u00f1as de concientizaci\u00f3n en diversidad y g\u00e9nero, esfuerzos por reducir las brechas de g\u00e9nero en reclutamiento y salarios, y en ofrecer un espacio con infraestructura adecuada, tanto para la mano de obra masculina como femenina.<\/span><\/p>\t\t\t\t\t\t<\/div>\n\t\t\t\t<\/div>\n\t\t\t\t\t<\/div>\n\t\t<\/div>\n\t\t\t\t\t\t\t<\/div>\n\t\t<\/section>\n\t\t\t\t<section class=\"elementor-section elementor-top-section elementor-element elementor-element-3b7eb88 elementor-section-boxed elementor-section-height-default elementor-section-height-default\" data-id=\"3b7eb88\" data-element_type=\"section\">\n\t\t\t\t\t\t<div class=\"elementor-container elementor-column-gap-default\">\n\t\t\t\t\t<div class=\"elementor-column elementor-col-100 elementor-top-column elementor-element elementor-element-7901fea\" data-id=\"7901fea\" data-element_type=\"column\">\n\t\t\t<div class=\"elementor-widget-wrap elementor-element-populated\">\n\t\t\t\t\t\t\t\t<div class=\"elementor-element elementor-element-c9774b1 elementor-widget elementor-widget-heading\" data-id=\"c9774b1\" data-element_type=\"widget\" data-widget_type=\"heading.default\">\n\t\t\t\t<div class=\"elementor-widget-container\">\n\t\t\t<h2 class=\"elementor-heading-title elementor-size-default\">Pol\u00edtica de Calidad de Producci\u00f3n de C\u00e1todos de Cobre por Electro-Obtenci\u00f3n<\/h2>\t\t<\/div>\n\t\t\t\t<\/div>\n\t\t\t\t<div class=\"elementor-element elementor-element-0839050 elementor-widget elementor-widget-image\" data-id=\"0839050\" data-element_type=\"widget\" data-widget_type=\"image.default\">\n\t\t\t\t<div class=\"elementor-widget-container\">\n\t\t\t\t\t\t\t\t\t\t\t\t\t\t\t<img loading=\"lazy\" decoding=\"async\" width=\"620\" height=\"264\" src=\"https:\/\/www.elabra.cl\/informegestion2021\/wp-content\/uploads\/2022\/04\/poli2.jpg\" class=\"attachment-large size-large\" alt=\"\" srcset=\"https:\/\/www.elabra.cl\/informegestion2021\/wp-content\/uploads\/2022\/04\/poli2.jpg 704w, https:\/\/www.elabra.cl\/informegestion2021\/wp-content\/uploads\/2022\/04\/poli2-300x128.jpg 300w, https:\/\/www.elabra.cl\/informegestion2021\/wp-content\/uploads\/2022\/04\/poli2-500x213.jpg 500w\" sizes=\"auto, (max-width: 620px) 100vw, 620px\" \/>\t\t\t\t\t\t\t\t\t\t\t\t\t\t\t<\/div>\n\t\t\t\t<\/div>\n\t\t\t\t<div class=\"elementor-element elementor-element-3d162f1 elementor-widget elementor-widget-text-editor\" data-id=\"3d162f1\" data-element_type=\"widget\" data-widget_type=\"text-editor.default\">\n\t\t\t\t<div class=\"elementor-widget-container\">\n\t\t\t\t\t\t\t<p class=\"p1\"><span class=\"s1\">Nuestra Planta de Electro-Obtenci\u00f3n, inspirada en la filosof\u00eda de \u201cmejoramiento continuo\u201d, est\u00e1 comprometida a identificar y cumplir los requisitos de nuestros clientes, junto al mejoramiento continuo de su Sistema de Gesti\u00f3n de Calidad.<span class=\"Apple-converted-space\">\u00a0<\/span><\/span><\/p><p class=\"p1\"><span class=\"s1\">De este modo, capacitamos a nuestros trabajadores, trabajadoras y contratistas, aprovechando sus potencialidades para consolidar su aporte al sistema. Asimismo, transferimos las mejores pr\u00e1cticas para estandarizar la calidad de los procesos y el desarrollo de ventajas competitivas, con la finalidad de asegurar la mejor calidad posible de nuestro producto, contribuyendo a la sustentabilidad del negocio.<\/span><\/p>\t\t\t\t\t\t<\/div>\n\t\t\t\t<\/div>\n\t\t\t\t\t<\/div>\n\t\t<\/div>\n\t\t\t\t\t\t\t<\/div>\n\t\t<\/section>\n\t\t\t\t\t\t\t<\/div>\n\t\t","protected":false},"excerpt":{"rendered":"<p>Nuestro objetivo es que cada trabajador, trabajadora, contratista y proveedor integren en su quehacer cotidiano nuestras pol\u00edticas, raz\u00f3n por la que ponemos especial atenci\u00f3n en su monitoreo y seguimiento, dentro de un marco de cercan\u00eda y di\u00e1logo y en armon\u00eda con las necesidades locales. Las pol\u00edticas de Minera El Abra&#8230;<\/p>\n","protected":false},"author":1,"featured_media":0,"parent":0,"menu_order":0,"comment_status":"closed","ping_status":"closed","template":"","meta":{"footnotes":""},"class_list":["post-34","page","type-page","status-publish","hentry"],"_links":{"self":[{"href":"https:\/\/www.elabra.cl\/informegestion2021\/wp-json\/wp\/v2\/pages\/34","targetHints":{"allow":["GET"]}}],"collection":[{"href":"https:\/\/www.elabra.cl\/informegestion2021\/wp-json\/wp\/v2\/pages"}],"about":[{"href":"https:\/\/www.elabra.cl\/informegestion2021\/wp-json\/wp\/v2\/types\/page"}],"author":[{"embeddable":true,"href":"https:\/\/www.elabra.cl\/informegestion2021\/wp-json\/wp\/v2\/users\/1"}],"replies":[{"embeddable":true,"href":"https:\/\/www.elabra.cl\/informegestion2021\/wp-json\/wp\/v2\/comments?post=34"}],"version-history":[{"count":13,"href":"https:\/\/www.elabra.cl\/informegestion2021\/wp-json\/wp\/v2\/pages\/34\/revisions"}],"predecessor-version":[{"id":186,"href":"https:\/\/www.elabra.cl\/informegestion2021\/wp-json\/wp\/v2\/pages\/34\/revisions\/186"}],"wp:attachment":[{"href":"https:\/\/www.elabra.cl\/informegestion2021\/wp-json\/wp\/v2\/media?parent=34"}],"curies":[{"name":"wp","href":"https:\/\/api.w.org\/{rel}","templated":true}]}}