{"id":30,"date":"2022-04-20T21:06:50","date_gmt":"2022-04-20T21:06:50","guid":{"rendered":"https:\/\/www.elabra.cl\/informegestion2021\/?page_id=30"},"modified":"2022-05-05T17:17:36","modified_gmt":"2022-05-05T17:17:36","slug":"fundacion-freeport-mcmoran-chile","status":"publish","type":"page","link":"https:\/\/www.elabra.cl\/informegestion2021\/nuestro-entorno\/fundacion-freeport-mcmoran-chile\/","title":{"rendered":"Fundaci\u00f3n Freeport McMoRan Chile"},"content":{"rendered":"\t\t<div data-elementor-type=\"wp-page\" data-elementor-id=\"30\" class=\"elementor elementor-30\">\n\t\t\t\t\t\t\t\t\t<section class=\"elementor-section elementor-top-section elementor-element elementor-element-f31a780 elementor-section-boxed elementor-section-height-default elementor-section-height-default\" data-id=\"f31a780\" data-element_type=\"section\" data-settings=\"{&quot;background_background&quot;:&quot;classic&quot;}\">\n\t\t\t\t\t\t<div class=\"elementor-container elementor-column-gap-default\">\n\t\t\t\t\t<div class=\"elementor-column elementor-col-100 elementor-top-column elementor-element elementor-element-75c6072\" data-id=\"75c6072\" data-element_type=\"column\">\n\t\t\t<div class=\"elementor-widget-wrap elementor-element-populated\">\n\t\t\t\t\t\t\t\t<div class=\"elementor-element elementor-element-4c14e39 elementor-widget elementor-widget-heading\" data-id=\"4c14e39\" data-element_type=\"widget\" data-widget_type=\"heading.default\">\n\t\t\t\t<div class=\"elementor-widget-container\">\n\t\t\t<style>\/*! elementor - v3.6.4 - 13-04-2022 *\/\n.elementor-heading-title{padding:0;margin:0;line-height:1}.elementor-widget-heading .elementor-heading-title[class*=elementor-size-]>a{color:inherit;font-size:inherit;line-height:inherit}.elementor-widget-heading .elementor-heading-title.elementor-size-small{font-size:15px}.elementor-widget-heading .elementor-heading-title.elementor-size-medium{font-size:19px}.elementor-widget-heading .elementor-heading-title.elementor-size-large{font-size:29px}.elementor-widget-heading .elementor-heading-title.elementor-size-xl{font-size:39px}.elementor-widget-heading .elementor-heading-title.elementor-size-xxl{font-size:59px}<\/style><h2 class=\"elementor-heading-title elementor-size-default\">NUESTRO ENTORNO<\/h2>\t\t<\/div>\n\t\t\t\t<\/div>\n\t\t\t\t<div class=\"elementor-element elementor-element-956a095 elementor-widget elementor-widget-heading\" data-id=\"956a095\" data-element_type=\"widget\" data-widget_type=\"heading.default\">\n\t\t\t\t<div class=\"elementor-widget-container\">\n\t\t\t<h2 class=\"elementor-heading-title elementor-size-default\">Fundaci\u00f3n Freeport McMoRan Chile<\/h2>\t\t<\/div>\n\t\t\t\t<\/div>\n\t\t\t\t\t<\/div>\n\t\t<\/div>\n\t\t\t\t\t\t\t<\/div>\n\t\t<\/section>\n\t\t\t\t<section class=\"elementor-section elementor-top-section elementor-element elementor-element-e653c17 elementor-section-boxed elementor-section-height-default elementor-section-height-default\" data-id=\"e653c17\" data-element_type=\"section\">\n\t\t\t\t\t\t<div class=\"elementor-container elementor-column-gap-default\">\n\t\t\t\t\t<div class=\"elementor-column elementor-col-100 elementor-top-column elementor-element elementor-element-9308dc3\" data-id=\"9308dc3\" data-element_type=\"column\">\n\t\t\t<div class=\"elementor-widget-wrap elementor-element-populated\">\n\t\t\t\t\t\t\t\t<div class=\"elementor-element elementor-element-11e9ecc elementor-widget elementor-widget-text-editor\" data-id=\"11e9ecc\" data-element_type=\"widget\" data-widget_type=\"text-editor.default\">\n\t\t\t\t<div class=\"elementor-widget-container\">\n\t\t\t<style>\/*! elementor - v3.6.4 - 13-04-2022 *\/\n.elementor-widget-text-editor.elementor-drop-cap-view-stacked .elementor-drop-cap{background-color:#818a91;color:#fff}.elementor-widget-text-editor.elementor-drop-cap-view-framed .elementor-drop-cap{color:#818a91;border:3px solid;background-color:transparent}.elementor-widget-text-editor:not(.elementor-drop-cap-view-default) .elementor-drop-cap{margin-top:8px}.elementor-widget-text-editor:not(.elementor-drop-cap-view-default) .elementor-drop-cap-letter{width:1em;height:1em}.elementor-widget-text-editor .elementor-drop-cap{float:left;text-align:center;line-height:1;font-size:50px}.elementor-widget-text-editor .elementor-drop-cap-letter{display:inline-block}<\/style>\t\t\t\t<p class=\"p1\"><span class=\"s1\">Durante 2021 y tras la continuidad de la pandemia que se desencaden\u00f3 a inicios de 2020, nuestro foco estuvo en proteger la salud tanto de nuestro personal propio y externo como de la comunidad, adem\u00e1s de contribuir a la reactivaci\u00f3n econ\u00f3mica. Desarrollamos iniciativas para apoyar a las y los emprendedores y sus negocios, y promovimos la empleabilidad de las personas de Alto El Loa.<\/span><\/p><p class=\"p1\"><span class=\"s1\">Adem\u00e1s, fortalecimos nuestros programas de educaci\u00f3n como el apoyo al colegio Don Bosco a trav\u00e9s de infraestructura, pr\u00e1cticas profesionales, y entrenamiento a docentes, mejorando sus habilidades para liderar clases virtuales, al tiempo de iniciar el programa de educadores interculturales. Por otro lado, continuamos el trabajo de la plataforma Impulsa El Loa para generar desarrollo econ\u00f3mico en nuestra \u00e1rea de influencia, expandimos los programas DreamBuilder, Impulsa tu Negocio y Fondo Empr\u00e9ndete.<span class=\"Apple-converted-space\">\u00a0<\/span><\/span><\/p><p class=\"p1\"><span class=\"s1\">As\u00ed, a pesar de la complejidad y los desaf\u00edos que plante\u00f3 esta pandemia y de que la virtualidad y su lejan\u00eda fue la norma, fuimos capaces de crear oportunidades y colaborar estrechamente con las comunidades.<\/span><\/p>\t\t\t\t\t\t<\/div>\n\t\t\t\t<\/div>\n\t\t\t\t\t<\/div>\n\t\t<\/div>\n\t\t\t\t\t\t\t<\/div>\n\t\t<\/section>\n\t\t\t\t<section class=\"elementor-section elementor-top-section elementor-element elementor-element-be39c4a elementor-section-boxed elementor-section-height-default elementor-section-height-default\" data-id=\"be39c4a\" data-element_type=\"section\">\n\t\t\t\t\t\t<div class=\"elementor-container elementor-column-gap-default\">\n\t\t\t\t\t<div class=\"elementor-column elementor-col-100 elementor-top-column elementor-element elementor-element-abccce1\" data-id=\"abccce1\" data-element_type=\"column\">\n\t\t\t<div class=\"elementor-widget-wrap elementor-element-populated\">\n\t\t\t\t\t\t\t\t<div class=\"elementor-element elementor-element-b5a1a14 elementor-widget elementor-widget-image\" data-id=\"b5a1a14\" data-element_type=\"widget\" data-widget_type=\"image.default\">\n\t\t\t\t<div class=\"elementor-widget-container\">\n\t\t\t<style>\/*! elementor - v3.6.4 - 13-04-2022 *\/\n.elementor-widget-image{text-align:center}.elementor-widget-image a{display:inline-block}.elementor-widget-image a img[src$=\".svg\"]{width:48px}.elementor-widget-image img{vertical-align:middle;display:inline-block}<\/style>\t\t\t\t\t\t\t\t\t\t\t\t<img loading=\"lazy\" decoding=\"async\" width=\"620\" height=\"264\" src=\"https:\/\/www.elabra.cl\/informegestion2021\/wp-content\/uploads\/2022\/05\/2d2.jpg\" class=\"attachment-large size-large\" alt=\"\" srcset=\"https:\/\/www.elabra.cl\/informegestion2021\/wp-content\/uploads\/2022\/05\/2d2.jpg 704w, https:\/\/www.elabra.cl\/informegestion2021\/wp-content\/uploads\/2022\/05\/2d2-300x128.jpg 300w, https:\/\/www.elabra.cl\/informegestion2021\/wp-content\/uploads\/2022\/05\/2d2-500x213.jpg 500w\" sizes=\"auto, (max-width: 620px) 100vw, 620px\" \/>\t\t\t\t\t\t\t\t\t\t\t\t\t\t\t<\/div>\n\t\t\t\t<\/div>\n\t\t\t\t\t<\/div>\n\t\t<\/div>\n\t\t\t\t\t\t\t<\/div>\n\t\t<\/section>\n\t\t\t\t<section class=\"elementor-section elementor-top-section elementor-element elementor-element-49d0fe6 elementor-section-boxed elementor-section-height-default elementor-section-height-default\" data-id=\"49d0fe6\" data-element_type=\"section\">\n\t\t\t\t\t\t<div class=\"elementor-container elementor-column-gap-default\">\n\t\t\t\t\t<div class=\"elementor-column elementor-col-100 elementor-top-column elementor-element elementor-element-5300d9e\" data-id=\"5300d9e\" data-element_type=\"column\">\n\t\t\t<div class=\"elementor-widget-wrap elementor-element-populated\">\n\t\t\t\t\t\t\t\t<div class=\"elementor-element elementor-element-cac319a elementor-widget elementor-widget-heading\" data-id=\"cac319a\" data-element_type=\"widget\" data-widget_type=\"heading.default\">\n\t\t\t\t<div class=\"elementor-widget-container\">\n\t\t\t<h2 class=\"elementor-heading-title elementor-size-default\">DreamBuilder<\/h2>\t\t<\/div>\n\t\t\t\t<\/div>\n\t\t\t\t<div class=\"elementor-element elementor-element-7dab1bc elementor-widget elementor-widget-text-editor\" data-id=\"7dab1bc\" data-element_type=\"widget\" data-widget_type=\"text-editor.default\">\n\t\t\t\t<div class=\"elementor-widget-container\">\n\t\t\t\t\t\t\t<p class=\"p1\"><span class=\"s1\">DreamBuilder comenz\u00f3 en Chile en 2013 con el objetivo de fomentar el desarrollo laboral de las mujeres a trav\u00e9s de la entrega de herramientas que les permitan consolidar sus emprendimientos o iniciar un nuevo negocio. Actualmente cuenta con diversos convenios y alianzas estrat\u00e9gicas con varias instituciones, como el Ministerio de la Mujer y la Equidad de G\u00e9nero y el Servicio Nacional de la Mujer y la Equidad de G\u00e9nero (SernamEG), la Fundaci\u00f3n Prodemu y el Servicio de Cooperaci\u00f3n T\u00e9cnica (SERCOTEC), entre otras entidades. En la Regi\u00f3n de Antofagasta se trabaja, adem\u00e1s, con las municipalidades de Calama, Tocopilla y Mar\u00eda Elena, y el INACAP, entre otras organizaciones.<\/span><\/p>\t\t\t\t\t\t<\/div>\n\t\t\t\t<\/div>\n\t\t\t\t\t<\/div>\n\t\t<\/div>\n\t\t\t\t\t\t\t<\/div>\n\t\t<\/section>\n\t\t\t\t<section class=\"elementor-section elementor-top-section elementor-element elementor-element-94b45ae elementor-section-boxed elementor-section-height-default elementor-section-height-default\" data-id=\"94b45ae\" data-element_type=\"section\">\n\t\t\t\t\t\t<div class=\"elementor-container elementor-column-gap-default\">\n\t\t\t\t\t<div class=\"elementor-column elementor-col-100 elementor-top-column elementor-element elementor-element-45422a9\" data-id=\"45422a9\" data-element_type=\"column\">\n\t\t\t<div class=\"elementor-widget-wrap elementor-element-populated\">\n\t\t\t\t\t\t\t\t<div class=\"elementor-element elementor-element-af4c3ef elementor-widget elementor-widget-heading\" data-id=\"af4c3ef\" data-element_type=\"widget\" data-widget_type=\"heading.default\">\n\t\t\t\t<div class=\"elementor-widget-container\">\n\t\t\t<h2 class=\"elementor-heading-title elementor-size-default\">Graduadas DreamBuilder El Abra \n<\/h2>\t\t<\/div>\n\t\t\t\t<\/div>\n\t\t\t\t<div class=\"elementor-element elementor-element-ee10966 elementor-widget elementor-widget-image\" data-id=\"ee10966\" data-element_type=\"widget\" data-widget_type=\"image.default\">\n\t\t\t\t<div class=\"elementor-widget-container\">\n\t\t\t\t\t\t\t\t\t\t\t\t\t\t\t<img loading=\"lazy\" decoding=\"async\" width=\"620\" height=\"309\" src=\"https:\/\/www.elabra.cl\/informegestion2021\/wp-content\/uploads\/2022\/05\/2d1.jpg\" class=\"attachment-large size-large\" alt=\"\" srcset=\"https:\/\/www.elabra.cl\/informegestion2021\/wp-content\/uploads\/2022\/05\/2d1.jpg 700w, https:\/\/www.elabra.cl\/informegestion2021\/wp-content\/uploads\/2022\/05\/2d1-300x150.jpg 300w, https:\/\/www.elabra.cl\/informegestion2021\/wp-content\/uploads\/2022\/05\/2d1-500x249.jpg 500w\" sizes=\"auto, (max-width: 620px) 100vw, 620px\" \/>\t\t\t\t\t\t\t\t\t\t\t\t\t\t\t<\/div>\n\t\t\t\t<\/div>\n\t\t\t\t<div class=\"elementor-element elementor-element-f0f8c83 elementor-widget elementor-widget-text-editor\" data-id=\"f0f8c83\" data-element_type=\"widget\" data-widget_type=\"text-editor.default\">\n\t\t\t\t<div class=\"elementor-widget-container\">\n\t\t\t\t\t\t\t<p class=\"p1\"><span class=\"s1\">Durante 2021 se graduaron casi 2.000 mujeres a nivel nacional. En la Regi\u00f3n de Antofagasta fueron 289 las graduadas, un 26% m\u00e1s que en 2020.<span class=\"Apple-converted-space\">\u00a0<\/span><\/span><\/p><p class=\"p1\"><span class=\"s1\">Durante el primer semestre de 2021 no se realizaron actividades presenciales dado el contexto complejo de crisis sanitaria, por lo que el desaf\u00edo consisti\u00f3 en fortalecer las actividades virtuales con capacitaci\u00f3n online, apoyo t\u00e9cnico, asesor\u00edas y talleres complementarios.<\/span><\/p>\t\t\t\t\t\t<\/div>\n\t\t\t\t<\/div>\n\t\t\t\t\t<\/div>\n\t\t<\/div>\n\t\t\t\t\t\t\t<\/div>\n\t\t<\/section>\n\t\t\t\t<section class=\"elementor-section elementor-top-section elementor-element elementor-element-1619411 elementor-section-boxed elementor-section-height-default elementor-section-height-default\" data-id=\"1619411\" data-element_type=\"section\" data-settings=\"{&quot;background_background&quot;:&quot;classic&quot;}\">\n\t\t\t\t\t\t<div class=\"elementor-container elementor-column-gap-default\">\n\t\t\t\t\t<div class=\"elementor-column elementor-col-100 elementor-top-column elementor-element elementor-element-2a63e11\" data-id=\"2a63e11\" data-element_type=\"column\">\n\t\t\t<div class=\"elementor-widget-wrap elementor-element-populated\">\n\t\t\t\t\t\t\t\t<div class=\"elementor-element elementor-element-d0bd1bd elementor-widget elementor-widget-text-editor\" data-id=\"d0bd1bd\" data-element_type=\"widget\" data-widget_type=\"text-editor.default\">\n\t\t\t\t<div class=\"elementor-widget-container\">\n\t\t\t\t\t\t\t<p class=\"p1\"><span class=\"s1\">\u201cEl programa DreamBuilder me ha servido much\u00edsimo para ordenar las ideas de mi negocio. La verdad que es un programa totalmente recomendable, buscamos en conjunto el crecimiento y he podido hacer muchas alianzas y relaciones a largo plazo con las distintas emprendedoras.\u201d<span class=\"Apple-converted-space\">\u00a0<\/span><\/span><\/p><p class=\"p1\"><span class=\"s1\"><b>Carla P\u00e9rez,<span class=\"Apple-converted-space\">\u00a0<\/span><\/b><\/span><span class=\"s1\">fundadora de @soycarla_mbo.<\/span><\/p>\t\t\t\t\t\t<\/div>\n\t\t\t\t<\/div>\n\t\t\t\t\t<\/div>\n\t\t<\/div>\n\t\t\t\t\t\t\t<\/div>\n\t\t<\/section>\n\t\t\t\t<section class=\"elementor-section elementor-top-section elementor-element elementor-element-61f8d70 elementor-section-boxed elementor-section-height-default elementor-section-height-default\" data-id=\"61f8d70\" data-element_type=\"section\">\n\t\t\t\t\t\t<div class=\"elementor-container elementor-column-gap-default\">\n\t\t\t\t\t<div class=\"elementor-column elementor-col-100 elementor-top-column elementor-element elementor-element-0517d9b\" data-id=\"0517d9b\" data-element_type=\"column\">\n\t\t\t<div class=\"elementor-widget-wrap elementor-element-populated\">\n\t\t\t\t\t\t\t\t<div class=\"elementor-element elementor-element-2da44b5 elementor-widget elementor-widget-text-editor\" data-id=\"2da44b5\" data-element_type=\"widget\" data-widget_type=\"text-editor.default\">\n\t\t\t\t<div class=\"elementor-widget-container\">\n\t\t\t\t\t\t\t<p class=\"p1\"><span class=\"s1\">Emprendedores y emprendedoras graduados del programa Dreambuilder participaron con sus productos en diciembre en la Feria Costumbrista de Mar\u00eda Elena, que tuvo m\u00e1s de mil visitantes, y en la cuarta versi\u00f3n de la Feria Andina en la localidad de Chiu Chiu. Adicionalmente, a trav\u00e9s de la plataforma de Facebook, se realiz\u00f3 una tienda virtual para apoyar el emprendimiento en \u00e9poca navide\u00f1a con 130 emprendedoras y m\u00e1s de 1.000 visitas.<\/span><\/p><p><img loading=\"lazy\" decoding=\"async\" class=\"alignnone size-full wp-image-96\" src=\"http:\/\/elabra.cl\/informegestion2021\/wp-content\/uploads\/2022\/04\/01.gif\" alt=\"\" width=\"60\" height=\"60\" srcset=\"https:\/\/www.elabra.cl\/informegestion2021\/wp-content\/uploads\/2022\/04\/01.gif 60w, https:\/\/www.elabra.cl\/informegestion2021\/wp-content\/uploads\/2022\/04\/01-50x50.gif 50w\" sizes=\"auto, (max-width: 60px) 100vw, 60px\" \/><img loading=\"lazy\" decoding=\"async\" class=\"alignnone size-full wp-image-99\" src=\"http:\/\/elabra.cl\/informegestion2021\/wp-content\/uploads\/2022\/04\/04.gif\" alt=\"\" width=\"60\" height=\"60\" srcset=\"https:\/\/www.elabra.cl\/informegestion2021\/wp-content\/uploads\/2022\/04\/04.gif 60w, https:\/\/www.elabra.cl\/informegestion2021\/wp-content\/uploads\/2022\/04\/04-50x50.gif 50w\" sizes=\"auto, (max-width: 60px) 100vw, 60px\" \/><img loading=\"lazy\" decoding=\"async\" class=\"alignnone size-full wp-image-100\" src=\"http:\/\/elabra.cl\/informegestion2021\/wp-content\/uploads\/2022\/04\/05.gif\" alt=\"\" width=\"60\" height=\"60\" srcset=\"https:\/\/www.elabra.cl\/informegestion2021\/wp-content\/uploads\/2022\/04\/05.gif 60w, https:\/\/www.elabra.cl\/informegestion2021\/wp-content\/uploads\/2022\/04\/05-50x50.gif 50w\" sizes=\"auto, (max-width: 60px) 100vw, 60px\" \/><img loading=\"lazy\" decoding=\"async\" class=\"alignnone size-full wp-image-103\" src=\"http:\/\/elabra.cl\/informegestion2021\/wp-content\/uploads\/2022\/04\/08.gif\" alt=\"\" width=\"60\" height=\"60\" srcset=\"https:\/\/www.elabra.cl\/informegestion2021\/wp-content\/uploads\/2022\/04\/08.gif 60w, https:\/\/www.elabra.cl\/informegestion2021\/wp-content\/uploads\/2022\/04\/08-50x50.gif 50w\" sizes=\"auto, (max-width: 60px) 100vw, 60px\" \/><\/p>\t\t\t\t\t\t<\/div>\n\t\t\t\t<\/div>\n\t\t\t\t\t<\/div>\n\t\t<\/div>\n\t\t\t\t\t\t\t<\/div>\n\t\t<\/section>\n\t\t\t\t<section class=\"elementor-section elementor-top-section elementor-element elementor-element-de3bb46 elementor-section-boxed elementor-section-height-default elementor-section-height-default\" data-id=\"de3bb46\" data-element_type=\"section\">\n\t\t\t\t\t\t<div class=\"elementor-container elementor-column-gap-default\">\n\t\t\t\t\t<div class=\"elementor-column elementor-col-100 elementor-top-column elementor-element elementor-element-292b289\" data-id=\"292b289\" data-element_type=\"column\">\n\t\t\t<div class=\"elementor-widget-wrap elementor-element-populated\">\n\t\t\t\t\t\t\t\t<div class=\"elementor-element elementor-element-c624bdb elementor-widget elementor-widget-image\" data-id=\"c624bdb\" data-element_type=\"widget\" data-widget_type=\"image.default\">\n\t\t\t\t<div class=\"elementor-widget-container\">\n\t\t\t\t\t\t\t\t\t\t\t\t\t\t\t<img loading=\"lazy\" decoding=\"async\" width=\"620\" height=\"264\" src=\"https:\/\/www.elabra.cl\/informegestion2021\/wp-content\/uploads\/2022\/05\/2d3.jpg\" class=\"attachment-large size-large\" alt=\"\" srcset=\"https:\/\/www.elabra.cl\/informegestion2021\/wp-content\/uploads\/2022\/05\/2d3.jpg 704w, https:\/\/www.elabra.cl\/informegestion2021\/wp-content\/uploads\/2022\/05\/2d3-300x128.jpg 300w, https:\/\/www.elabra.cl\/informegestion2021\/wp-content\/uploads\/2022\/05\/2d3-500x213.jpg 500w\" sizes=\"auto, (max-width: 620px) 100vw, 620px\" \/>\t\t\t\t\t\t\t\t\t\t\t\t\t\t\t<\/div>\n\t\t\t\t<\/div>\n\t\t\t\t\t<\/div>\n\t\t<\/div>\n\t\t\t\t\t\t\t<\/div>\n\t\t<\/section>\n\t\t\t\t<section class=\"elementor-section elementor-top-section elementor-element elementor-element-4d5eb05 elementor-section-boxed elementor-section-height-default elementor-section-height-default\" data-id=\"4d5eb05\" data-element_type=\"section\">\n\t\t\t\t\t\t<div class=\"elementor-container elementor-column-gap-default\">\n\t\t\t\t\t<div class=\"elementor-column elementor-col-100 elementor-top-column elementor-element elementor-element-42f1d9e\" data-id=\"42f1d9e\" data-element_type=\"column\">\n\t\t\t<div class=\"elementor-widget-wrap elementor-element-populated\">\n\t\t\t\t\t\t\t\t<div class=\"elementor-element elementor-element-b90ad56 elementor-widget elementor-widget-heading\" data-id=\"b90ad56\" data-element_type=\"widget\" data-widget_type=\"heading.default\">\n\t\t\t\t<div class=\"elementor-widget-container\">\n\t\t\t<h2 class=\"elementor-heading-title elementor-size-default\">Sembrando Saberes <\/h2>\t\t<\/div>\n\t\t\t\t<\/div>\n\t\t\t\t<div class=\"elementor-element elementor-element-52ef015 elementor-widget elementor-widget-text-editor\" data-id=\"52ef015\" data-element_type=\"widget\" data-widget_type=\"text-editor.default\">\n\t\t\t\t<div class=\"elementor-widget-container\">\n\t\t\t\t\t\t\t<p class=\"p1\"><span class=\"s1\">En 2021 se realiz\u00f3 la segunda versi\u00f3n del Diplomado Saberes Integrales para el fortalecimiento comunitario, bajo el alero del programa Sembrando Saberes. Esta iniciativa es el resultado de un proceso colaborativo liderado por el Centro de Pol\u00edticas P\u00fablicas de la Pontificia Universidad Cat\u00f3lica de Chile y Minera El Abra.<\/span><\/p><p class=\"p1\"><span class=\"s1\">En esta oportunidad, la iniciativa cont\u00f3 con la participaci\u00f3n de 40 personas de comunidades ind\u00edgenas, quienes est\u00e1n en v\u00edas de graduarse. Sumadas a las 75 personas de 19 comunidades y asociaciones ind\u00edgenas que recibieron su certificaci\u00f3n del per\u00edodo 2020-21, el Diplomado totaliza 115 estudiantes.<\/span><\/p><p class=\"p1\"><span class=\"s1\">El objetivo del programa ha sido construir una plataforma virtual de formaci\u00f3n continua como espacio de aprendizaje que permita compartir experiencias y conocimientos. Asimismo, se ha buscado desarrollar, en las dos versiones dirigidas a l\u00edderes, lideresas y miembros de comunidades ind\u00edgenas de Alto El Loa, Calama y Ollag\u00fce, el fortalecimiento de conocimientos, habilidades y competencias en diversas tem\u00e1ticas de inter\u00e9s de los participantes.<\/span><\/p>\t\t\t\t\t\t<\/div>\n\t\t\t\t<\/div>\n\t\t\t\t\t<\/div>\n\t\t<\/div>\n\t\t\t\t\t\t\t<\/div>\n\t\t<\/section>\n\t\t\t\t<section class=\"elementor-section elementor-top-section elementor-element elementor-element-f8ca3c2 elementor-section-boxed elementor-section-height-default elementor-section-height-default\" data-id=\"f8ca3c2\" data-element_type=\"section\" data-settings=\"{&quot;background_background&quot;:&quot;classic&quot;}\">\n\t\t\t\t\t\t<div class=\"elementor-container elementor-column-gap-default\">\n\t\t\t\t\t<div class=\"elementor-column elementor-col-100 elementor-top-column elementor-element elementor-element-dcba4e5\" data-id=\"dcba4e5\" data-element_type=\"column\">\n\t\t\t<div class=\"elementor-widget-wrap elementor-element-populated\">\n\t\t\t\t\t\t\t\t<div class=\"elementor-element elementor-element-013ee24 elementor-widget elementor-widget-text-editor\" data-id=\"013ee24\" data-element_type=\"widget\" data-widget_type=\"text-editor.default\">\n\t\t\t\t<div class=\"elementor-widget-container\">\n\t\t\t\t\t\t\t<p class=\"p1\"><span class=\"s1\">\u201cEl programa DreamBuilder me ha servido much\u00edsimo para ordenar las ideas de mi negocio. La verdad que es un programa totalmente recomendable, buscamos en conjunto el crecimiento y he podido hacer muchas alianzas y relaciones a largo plazo con las distintas emprendedoras.\u201d<span class=\"Apple-converted-space\">\u00a0<\/span><\/span><\/p><p class=\"p1\"><span class=\"s1\"><b>Carla P\u00e9rez,<span class=\"Apple-converted-space\">\u00a0<\/span><\/b><\/span><span class=\"s1\">fundadora de @soycarla_mbo.<\/span><\/p>\t\t\t\t\t\t<\/div>\n\t\t\t\t<\/div>\n\t\t\t\t\t<\/div>\n\t\t<\/div>\n\t\t\t\t\t\t\t<\/div>\n\t\t<\/section>\n\t\t\t\t<section class=\"elementor-section elementor-top-section elementor-element elementor-element-cb10449 elementor-section-boxed elementor-section-height-default elementor-section-height-default\" data-id=\"cb10449\" data-element_type=\"section\">\n\t\t\t\t\t\t<div class=\"elementor-container elementor-column-gap-default\">\n\t\t\t\t\t<div class=\"elementor-column elementor-col-100 elementor-top-column elementor-element elementor-element-7448a61\" data-id=\"7448a61\" data-element_type=\"column\">\n\t\t\t<div class=\"elementor-widget-wrap elementor-element-populated\">\n\t\t\t\t\t\t\t\t<div class=\"elementor-element elementor-element-b475a12 elementor-widget elementor-widget-text-editor\" data-id=\"b475a12\" data-element_type=\"widget\" data-widget_type=\"text-editor.default\">\n\t\t\t\t<div class=\"elementor-widget-container\">\n\t\t\t\t\t\t\t<p><img loading=\"lazy\" decoding=\"async\" class=\"alignnone size-full wp-image-99\" src=\"http:\/\/elabra.cl\/informegestion2021\/wp-content\/uploads\/2022\/04\/04.gif\" alt=\"\" width=\"60\" height=\"60\" srcset=\"https:\/\/www.elabra.cl\/informegestion2021\/wp-content\/uploads\/2022\/04\/04.gif 60w, https:\/\/www.elabra.cl\/informegestion2021\/wp-content\/uploads\/2022\/04\/04-50x50.gif 50w\" sizes=\"auto, (max-width: 60px) 100vw, 60px\" \/><img loading=\"lazy\" decoding=\"async\" class=\"alignnone size-full wp-image-100\" src=\"http:\/\/elabra.cl\/informegestion2021\/wp-content\/uploads\/2022\/04\/05.gif\" alt=\"\" width=\"60\" height=\"60\" srcset=\"https:\/\/www.elabra.cl\/informegestion2021\/wp-content\/uploads\/2022\/04\/05.gif 60w, https:\/\/www.elabra.cl\/informegestion2021\/wp-content\/uploads\/2022\/04\/05-50x50.gif 50w\" sizes=\"auto, (max-width: 60px) 100vw, 60px\" \/><img loading=\"lazy\" decoding=\"async\" class=\"alignnone size-full wp-image-103\" src=\"http:\/\/elabra.cl\/informegestion2021\/wp-content\/uploads\/2022\/04\/08.gif\" alt=\"\" width=\"60\" height=\"60\" srcset=\"https:\/\/www.elabra.cl\/informegestion2021\/wp-content\/uploads\/2022\/04\/08.gif 60w, https:\/\/www.elabra.cl\/informegestion2021\/wp-content\/uploads\/2022\/04\/08-50x50.gif 50w\" sizes=\"auto, (max-width: 60px) 100vw, 60px\" \/><img loading=\"lazy\" decoding=\"async\" class=\"alignnone size-full wp-image-105\" src=\"http:\/\/elabra.cl\/informegestion2021\/wp-content\/uploads\/2022\/04\/10.gif\" alt=\"\" width=\"60\" height=\"60\" srcset=\"https:\/\/www.elabra.cl\/informegestion2021\/wp-content\/uploads\/2022\/04\/10.gif 60w, https:\/\/www.elabra.cl\/informegestion2021\/wp-content\/uploads\/2022\/04\/10-50x50.gif 50w\" sizes=\"auto, (max-width: 60px) 100vw, 60px\" \/><img loading=\"lazy\" decoding=\"async\" class=\"alignnone size-full wp-image-106\" src=\"http:\/\/elabra.cl\/informegestion2021\/wp-content\/uploads\/2022\/04\/11.gif\" alt=\"\" width=\"60\" height=\"60\" srcset=\"https:\/\/www.elabra.cl\/informegestion2021\/wp-content\/uploads\/2022\/04\/11.gif 60w, https:\/\/www.elabra.cl\/informegestion2021\/wp-content\/uploads\/2022\/04\/11-50x50.gif 50w\" sizes=\"auto, (max-width: 60px) 100vw, 60px\" \/><img loading=\"lazy\" decoding=\"async\" class=\"alignnone size-full wp-image-112\" src=\"http:\/\/elabra.cl\/informegestion2021\/wp-content\/uploads\/2022\/04\/17.gif\" alt=\"\" width=\"60\" height=\"60\" srcset=\"https:\/\/www.elabra.cl\/informegestion2021\/wp-content\/uploads\/2022\/04\/17.gif 60w, https:\/\/www.elabra.cl\/informegestion2021\/wp-content\/uploads\/2022\/04\/17-50x50.gif 50w\" sizes=\"auto, (max-width: 60px) 100vw, 60px\" \/><\/p>\t\t\t\t\t\t<\/div>\n\t\t\t\t<\/div>\n\t\t\t\t\t<\/div>\n\t\t<\/div>\n\t\t\t\t\t\t\t<\/div>\n\t\t<\/section>\n\t\t\t\t<section class=\"elementor-section elementor-top-section elementor-element elementor-element-511286a elementor-section-boxed elementor-section-height-default elementor-section-height-default\" data-id=\"511286a\" data-element_type=\"section\">\n\t\t\t\t\t\t<div class=\"elementor-container elementor-column-gap-default\">\n\t\t\t\t\t<div class=\"elementor-column elementor-col-100 elementor-top-column elementor-element elementor-element-00bdd21\" data-id=\"00bdd21\" data-element_type=\"column\">\n\t\t\t<div class=\"elementor-widget-wrap elementor-element-populated\">\n\t\t\t\t\t\t\t\t<div class=\"elementor-element elementor-element-50e57e0 elementor-widget elementor-widget-image\" data-id=\"50e57e0\" data-element_type=\"widget\" data-widget_type=\"image.default\">\n\t\t\t\t<div class=\"elementor-widget-container\">\n\t\t\t\t\t\t\t\t\t\t\t\t\t\t\t<img loading=\"lazy\" decoding=\"async\" width=\"620\" height=\"264\" src=\"https:\/\/www.elabra.cl\/informegestion2021\/wp-content\/uploads\/2022\/05\/2d4.jpg\" class=\"attachment-large size-large\" alt=\"\" srcset=\"https:\/\/www.elabra.cl\/informegestion2021\/wp-content\/uploads\/2022\/05\/2d4.jpg 704w, https:\/\/www.elabra.cl\/informegestion2021\/wp-content\/uploads\/2022\/05\/2d4-300x128.jpg 300w, https:\/\/www.elabra.cl\/informegestion2021\/wp-content\/uploads\/2022\/05\/2d4-500x213.jpg 500w\" sizes=\"auto, (max-width: 620px) 100vw, 620px\" \/>\t\t\t\t\t\t\t\t\t\t\t\t\t\t\t<\/div>\n\t\t\t\t<\/div>\n\t\t\t\t\t<\/div>\n\t\t<\/div>\n\t\t\t\t\t\t\t<\/div>\n\t\t<\/section>\n\t\t\t\t<section class=\"elementor-section elementor-top-section elementor-element elementor-element-73f78d5 elementor-section-boxed elementor-section-height-default elementor-section-height-default\" data-id=\"73f78d5\" data-element_type=\"section\">\n\t\t\t\t\t\t<div class=\"elementor-container elementor-column-gap-default\">\n\t\t\t\t\t<div class=\"elementor-column elementor-col-100 elementor-top-column elementor-element elementor-element-efa1295\" data-id=\"efa1295\" data-element_type=\"column\">\n\t\t\t<div class=\"elementor-widget-wrap elementor-element-populated\">\n\t\t\t\t\t\t\t\t<div class=\"elementor-element elementor-element-f412ced elementor-widget elementor-widget-heading\" data-id=\"f412ced\" data-element_type=\"widget\" data-widget_type=\"heading.default\">\n\t\t\t\t<div class=\"elementor-widget-container\">\n\t\t\t<h2 class=\"elementor-heading-title elementor-size-default\">Fondo Empr\u00e9ndete<\/h2>\t\t<\/div>\n\t\t\t\t<\/div>\n\t\t\t\t<div class=\"elementor-element elementor-element-2270cc7 elementor-widget elementor-widget-text-editor\" data-id=\"2270cc7\" data-element_type=\"widget\" data-widget_type=\"text-editor.default\">\n\t\t\t\t<div class=\"elementor-widget-container\">\n\t\t\t\t\t\t\t<p class=\"p1\"><span class=\"s1\">Con el objetivo de ser un mecanismo de apoyo integral, a trav\u00e9s de capacitaciones, acompa\u00f1amiento y financiamiento de recursos vinculados al emprendimiento, creamos el Fondo Empr\u00e9ndete, destinado a mujeres emprendedoras que completaron el programa DreamBuilder. Este fondo, que en 2021 se entreg\u00f3 por cuarto a\u00f1o consecutivo, son recursos concursables cuya administraci\u00f3n est\u00e1 a cargo de la Corporaci\u00f3n de Desarrollo de la Provincia de El Loa (Proloa), y que en su \u00faltima edici\u00f3n cont\u00f3 con 33 emprendimientos seleccionados.<\/span><\/p><p class=\"p1\"><span class=\"s1\">Esta iniciativa busca fortalecer el desarrollo econ\u00f3mico local y beneficia a emprendedoras de Calama, Tocopilla, Mar\u00eda Elena, Quillagua, Chiu Chiu, Toconce, Ollag\u00fce, entre otras localidades de Alto El Loa.<\/span><\/p><p class=\"p1\"><span class=\"s1\">Las 33 personas seleccionadas en la cuarta versi\u00f3n trabajaron en la ejecuci\u00f3n de los planes de trabajo de su negocio y asistieron a distintas charlas para el desarrollo de sus competencias como emprendedoras, entre otras, el valor de la seguridad en los negocios y la manera que incide el comportamiento de las personas.<span class=\"Apple-converted-space\">\u00a0<\/span><\/span><\/p>\t\t\t\t\t\t<\/div>\n\t\t\t\t<\/div>\n\t\t\t\t\t<\/div>\n\t\t<\/div>\n\t\t\t\t\t\t\t<\/div>\n\t\t<\/section>\n\t\t\t\t<section class=\"elementor-section elementor-top-section elementor-element elementor-element-29cd1b3 elementor-section-boxed elementor-section-height-default elementor-section-height-default\" data-id=\"29cd1b3\" data-element_type=\"section\" data-settings=\"{&quot;background_background&quot;:&quot;classic&quot;}\">\n\t\t\t\t\t\t<div class=\"elementor-container elementor-column-gap-default\">\n\t\t\t\t\t<div class=\"elementor-column elementor-col-100 elementor-top-column elementor-element elementor-element-75b56f8\" data-id=\"75b56f8\" data-element_type=\"column\">\n\t\t\t<div class=\"elementor-widget-wrap elementor-element-populated\">\n\t\t\t\t\t\t\t\t<div class=\"elementor-element elementor-element-9e8da18 elementor-widget elementor-widget-text-editor\" data-id=\"9e8da18\" data-element_type=\"widget\" data-widget_type=\"text-editor.default\">\n\t\t\t\t<div class=\"elementor-widget-container\">\n\t\t\t\t\t\t\t<p class=\"p1\"><span class=\"s1\">\u00abNos permiten, a trav\u00e9s de proyectos, adquirir algunos implementos que nos ayudan a hacer la producci\u00f3n en forma m\u00e1s r\u00e1pida. Mi producto es cer\u00e1mica, trabajo con un producto milenario que es la arcilla, trabajo mucho con iconograf\u00eda de la zona y es una forma de dar a conocer el patrimonio que se encuentra aqu\u00ed en Alto El Loa\u201d.<\/span><\/p><p class=\"p1\"><span class=\"s1\"><b>Mar\u00eda Elena R\u00edos,<span class=\"Apple-converted-space\">\u00a0<\/span><\/b><\/span><span class=\"s1\">quien mejor\u00f3 la producci\u00f3n de su negocio \u201cCeramikame\u201d, postulando a la compra de maquinarias.<\/span><\/p>\t\t\t\t\t\t<\/div>\n\t\t\t\t<\/div>\n\t\t\t\t\t<\/div>\n\t\t<\/div>\n\t\t\t\t\t\t\t<\/div>\n\t\t<\/section>\n\t\t\t\t<section class=\"elementor-section elementor-top-section elementor-element elementor-element-378cdff elementor-section-boxed elementor-section-height-default elementor-section-height-default\" data-id=\"378cdff\" data-element_type=\"section\">\n\t\t\t\t\t\t<div class=\"elementor-container elementor-column-gap-default\">\n\t\t\t\t\t<div class=\"elementor-column elementor-col-100 elementor-top-column elementor-element elementor-element-a8cf4e5\" data-id=\"a8cf4e5\" data-element_type=\"column\">\n\t\t\t<div class=\"elementor-widget-wrap elementor-element-populated\">\n\t\t\t\t\t\t\t\t<div class=\"elementor-element elementor-element-84da703 elementor-widget elementor-widget-text-editor\" data-id=\"84da703\" data-element_type=\"widget\" data-widget_type=\"text-editor.default\">\n\t\t\t\t<div class=\"elementor-widget-container\">\n\t\t\t\t\t\t\t<p><img loading=\"lazy\" decoding=\"async\" class=\"alignnone size-full wp-image-99\" src=\"http:\/\/elabra.cl\/informegestion2021\/wp-content\/uploads\/2022\/04\/04.gif\" alt=\"\" width=\"60\" height=\"60\" srcset=\"https:\/\/www.elabra.cl\/informegestion2021\/wp-content\/uploads\/2022\/04\/04.gif 60w, https:\/\/www.elabra.cl\/informegestion2021\/wp-content\/uploads\/2022\/04\/04-50x50.gif 50w\" sizes=\"auto, (max-width: 60px) 100vw, 60px\" \/><img loading=\"lazy\" decoding=\"async\" class=\"alignnone size-full wp-image-103\" src=\"http:\/\/elabra.cl\/informegestion2021\/wp-content\/uploads\/2022\/04\/08.gif\" alt=\"\" width=\"60\" height=\"60\" srcset=\"https:\/\/www.elabra.cl\/informegestion2021\/wp-content\/uploads\/2022\/04\/08.gif 60w, https:\/\/www.elabra.cl\/informegestion2021\/wp-content\/uploads\/2022\/04\/08-50x50.gif 50w\" sizes=\"auto, (max-width: 60px) 100vw, 60px\" \/><img loading=\"lazy\" decoding=\"async\" class=\"alignnone size-full wp-image-104\" src=\"http:\/\/elabra.cl\/informegestion2021\/wp-content\/uploads\/2022\/04\/09.gif\" alt=\"\" width=\"60\" height=\"60\" srcset=\"https:\/\/www.elabra.cl\/informegestion2021\/wp-content\/uploads\/2022\/04\/09.gif 60w, https:\/\/www.elabra.cl\/informegestion2021\/wp-content\/uploads\/2022\/04\/09-50x50.gif 50w\" sizes=\"auto, (max-width: 60px) 100vw, 60px\" \/><img loading=\"lazy\" decoding=\"async\" class=\"alignnone size-full wp-image-105\" src=\"http:\/\/elabra.cl\/informegestion2021\/wp-content\/uploads\/2022\/04\/10.gif\" alt=\"\" width=\"60\" height=\"60\" srcset=\"https:\/\/www.elabra.cl\/informegestion2021\/wp-content\/uploads\/2022\/04\/10.gif 60w, https:\/\/www.elabra.cl\/informegestion2021\/wp-content\/uploads\/2022\/04\/10-50x50.gif 50w\" sizes=\"auto, (max-width: 60px) 100vw, 60px\" \/><img loading=\"lazy\" decoding=\"async\" class=\"alignnone size-full wp-image-106\" src=\"http:\/\/elabra.cl\/informegestion2021\/wp-content\/uploads\/2022\/04\/11.gif\" alt=\"\" width=\"60\" height=\"60\" srcset=\"https:\/\/www.elabra.cl\/informegestion2021\/wp-content\/uploads\/2022\/04\/11.gif 60w, https:\/\/www.elabra.cl\/informegestion2021\/wp-content\/uploads\/2022\/04\/11-50x50.gif 50w\" sizes=\"auto, (max-width: 60px) 100vw, 60px\" \/><\/p>\t\t\t\t\t\t<\/div>\n\t\t\t\t<\/div>\n\t\t\t\t\t<\/div>\n\t\t<\/div>\n\t\t\t\t\t\t\t<\/div>\n\t\t<\/section>\n\t\t\t\t<section class=\"elementor-section elementor-top-section elementor-element elementor-element-1e17d60 elementor-section-boxed elementor-section-height-default elementor-section-height-default\" data-id=\"1e17d60\" data-element_type=\"section\">\n\t\t\t\t\t\t<div class=\"elementor-container elementor-column-gap-default\">\n\t\t\t\t\t<div class=\"elementor-column elementor-col-100 elementor-top-column elementor-element elementor-element-a671996\" data-id=\"a671996\" data-element_type=\"column\">\n\t\t\t<div class=\"elementor-widget-wrap elementor-element-populated\">\n\t\t\t\t\t\t\t\t<div class=\"elementor-element elementor-element-9960544 elementor-widget elementor-widget-image\" data-id=\"9960544\" data-element_type=\"widget\" data-widget_type=\"image.default\">\n\t\t\t\t<div class=\"elementor-widget-container\">\n\t\t\t\t\t\t\t\t\t\t\t\t\t\t\t<img loading=\"lazy\" decoding=\"async\" width=\"620\" height=\"264\" src=\"https:\/\/www.elabra.cl\/informegestion2021\/wp-content\/uploads\/2022\/05\/2d5.jpg\" class=\"attachment-large size-large\" alt=\"\" srcset=\"https:\/\/www.elabra.cl\/informegestion2021\/wp-content\/uploads\/2022\/05\/2d5.jpg 704w, https:\/\/www.elabra.cl\/informegestion2021\/wp-content\/uploads\/2022\/05\/2d5-300x128.jpg 300w, https:\/\/www.elabra.cl\/informegestion2021\/wp-content\/uploads\/2022\/05\/2d5-500x213.jpg 500w\" sizes=\"auto, (max-width: 620px) 100vw, 620px\" \/>\t\t\t\t\t\t\t\t\t\t\t\t\t\t\t<\/div>\n\t\t\t\t<\/div>\n\t\t\t\t\t<\/div>\n\t\t<\/div>\n\t\t\t\t\t\t\t<\/div>\n\t\t<\/section>\n\t\t\t\t<section class=\"elementor-section elementor-top-section elementor-element elementor-element-722f3fa elementor-section-boxed elementor-section-height-default elementor-section-height-default\" data-id=\"722f3fa\" data-element_type=\"section\">\n\t\t\t\t\t\t<div class=\"elementor-container elementor-column-gap-default\">\n\t\t\t\t\t<div class=\"elementor-column elementor-col-100 elementor-top-column elementor-element elementor-element-8326571\" data-id=\"8326571\" data-element_type=\"column\">\n\t\t\t<div class=\"elementor-widget-wrap elementor-element-populated\">\n\t\t\t\t\t\t\t\t<div class=\"elementor-element elementor-element-2cabdfb elementor-widget elementor-widget-heading\" data-id=\"2cabdfb\" data-element_type=\"widget\" data-widget_type=\"heading.default\">\n\t\t\t\t<div class=\"elementor-widget-container\">\n\t\t\t<h2 class=\"elementor-heading-title elementor-size-default\">Fondo Patrimonial<\/h2>\t\t<\/div>\n\t\t\t\t<\/div>\n\t\t\t\t<div class=\"elementor-element elementor-element-c83848c elementor-widget elementor-widget-text-editor\" data-id=\"c83848c\" data-element_type=\"widget\" data-widget_type=\"text-editor.default\">\n\t\t\t\t<div class=\"elementor-widget-container\">\n\t\t\t\t\t\t\t<p class=\"p1\"><span class=\"s1\">Como parte de su compromiso permanente con el desarrollo de las personas y las comunidades aleda\u00f1as a sus faenas, nuestra compa\u00f1\u00eda lanz\u00f3 la segunda versi\u00f3n del Fondo Patrimonial, iniciativa que se realiz\u00f3 la primera vez en 2017 y que persigue la protecci\u00f3n y conservaci\u00f3n del patrimonio cultural, arqueol\u00f3gico e hist\u00f3rico de la Provincia de El Loa y Tocopilla, a trav\u00e9s de la entrega de financiamiento para la ejecuci\u00f3n de distintas iniciativas.<span class=\"Apple-converted-space\">\u00a0<\/span><\/span><\/p><p class=\"p1\"><span class=\"s1\">El Fondo es ejecutado por la Corporaci\u00f3n Sim\u00f3n de Cirene y busca financiar a instituciones acad\u00e9micas, organizaciones ind\u00edgenas, corporaciones y fundaciones sin fines de lucro, para que desarrollen procesos de investigaci\u00f3n, documentaci\u00f3n, preservaci\u00f3n y difusi\u00f3n del patrimonio hist\u00f3rico cultural de las comunas de Ollag\u00fce, Mar\u00eda Elena, Tocopilla y Calama, incluidas las comunidades ind\u00edgenas de Alto El Loa.<\/span><\/p><p class=\"p1\"><span class=\"s1\">Para esta segunda versi\u00f3n fueron seleccionados siete proyectos que tendr\u00e1n ocho meses a partir de la firma del convenio, para concretar sus propuestas:<\/span><\/p>\t\t\t\t\t\t<\/div>\n\t\t\t\t<\/div>\n\t\t\t\t\t<\/div>\n\t\t<\/div>\n\t\t\t\t\t\t\t<\/div>\n\t\t<\/section>\n\t\t\t\t<section class=\"elementor-section elementor-top-section elementor-element elementor-element-22899a4 elementor-section-boxed elementor-section-height-default elementor-section-height-default\" data-id=\"22899a4\" data-element_type=\"section\" data-settings=\"{&quot;background_background&quot;:&quot;classic&quot;}\">\n\t\t\t\t\t\t<div class=\"elementor-container elementor-column-gap-default\">\n\t\t\t\t\t<div class=\"elementor-column elementor-col-100 elementor-top-column elementor-element elementor-element-6b02967\" data-id=\"6b02967\" data-element_type=\"column\">\n\t\t\t<div class=\"elementor-widget-wrap elementor-element-populated\">\n\t\t\t\t\t\t\t\t<div class=\"elementor-element elementor-element-6f609a4 elementor-widget elementor-widget-heading\" data-id=\"6f609a4\" data-element_type=\"widget\" data-widget_type=\"heading.default\">\n\t\t\t\t<div class=\"elementor-widget-container\">\n\t\t\t<h2 class=\"elementor-heading-title elementor-size-default\">PROYECTO:<\/h2>\t\t<\/div>\n\t\t\t\t<\/div>\n\t\t\t\t<div class=\"elementor-element elementor-element-f108035 elementor-widget elementor-widget-text-editor\" data-id=\"f108035\" data-element_type=\"widget\" data-widget_type=\"text-editor.default\">\n\t\t\t\t<div class=\"elementor-widget-container\">\n\t\t\t\t\t\t\t<p class=\"p1\"><span class=\"s1\"><b>Archivo fotogr\u00e1fico colecci\u00f3n Reinaldo Lagos: restauraci\u00f3n de la memoria fotogr\u00e1fica patrimonial en la Provincia de El Loa<\/b><\/span><\/p><p class=\"p2\"><span class=\"s2\"><b>Descripci\u00f3n:<\/b><\/span><span class=\"s1\"> Puesta en valor de la colecci\u00f3n fotogr\u00e1fica Reinaldo Lagos del Museo de Historia Natural y Cultural del Desierto de Atacama, a trav\u00e9s de su conservaci\u00f3n preventiva, digitalizaci\u00f3n, almacenaje y difusi\u00f3n.<\/span><\/p>\t\t\t\t\t\t<\/div>\n\t\t\t\t<\/div>\n\t\t\t\t\t<\/div>\n\t\t<\/div>\n\t\t\t\t\t\t\t<\/div>\n\t\t<\/section>\n\t\t\t\t<section class=\"elementor-section elementor-top-section elementor-element elementor-element-e306643 elementor-section-boxed elementor-section-height-default elementor-section-height-default\" data-id=\"e306643\" data-element_type=\"section\" data-settings=\"{&quot;background_background&quot;:&quot;classic&quot;}\">\n\t\t\t\t\t\t<div class=\"elementor-container elementor-column-gap-default\">\n\t\t\t\t\t<div class=\"elementor-column elementor-col-100 elementor-top-column elementor-element elementor-element-4149f5f\" data-id=\"4149f5f\" data-element_type=\"column\">\n\t\t\t<div class=\"elementor-widget-wrap elementor-element-populated\">\n\t\t\t\t\t\t\t\t<div class=\"elementor-element elementor-element-be63203 elementor-widget elementor-widget-heading\" data-id=\"be63203\" data-element_type=\"widget\" data-widget_type=\"heading.default\">\n\t\t\t\t<div class=\"elementor-widget-container\">\n\t\t\t<h2 class=\"elementor-heading-title elementor-size-default\">PROYECTO:<\/h2>\t\t<\/div>\n\t\t\t\t<\/div>\n\t\t\t\t<div class=\"elementor-element elementor-element-fdfcfc0 elementor-widget elementor-widget-text-editor\" data-id=\"fdfcfc0\" data-element_type=\"widget\" data-widget_type=\"text-editor.default\">\n\t\t\t\t<div class=\"elementor-widget-container\">\n\t\t\t\t\t\t\t<p class=\"p1\"><span class=\"s1\"><b>Criar la vida en el Loa Superior: difusi\u00f3n y puesta en valor del patrimonio hist\u00f3rico y arqueol\u00f3gico en la quebrada de San Pedro<span class=\"Apple-converted-space\">\u00a0<\/span><\/b><\/span><\/p><p class=\"p2\"><span class=\"s2\"><b>Descripci\u00f3n:<\/b><\/span><span class=\"s1\"> Dise\u00f1o e implementaci\u00f3n de una estrategia educacional y comunicacional patrimonial dirigida a j\u00f3venes y ni\u00f1os de la comunidad, a trav\u00e9s de la producci\u00f3n de un documental y libro digital de las pr\u00e1cticas culturales de \u00abAyllu\u00bb Ojos de San Pedro.<\/span><\/p>\t\t\t\t\t\t<\/div>\n\t\t\t\t<\/div>\n\t\t\t\t\t<\/div>\n\t\t<\/div>\n\t\t\t\t\t\t\t<\/div>\n\t\t<\/section>\n\t\t\t\t<section class=\"elementor-section elementor-top-section elementor-element elementor-element-0aaf173 elementor-section-boxed elementor-section-height-default elementor-section-height-default\" data-id=\"0aaf173\" data-element_type=\"section\" data-settings=\"{&quot;background_background&quot;:&quot;classic&quot;}\">\n\t\t\t\t\t\t<div class=\"elementor-container elementor-column-gap-default\">\n\t\t\t\t\t<div class=\"elementor-column elementor-col-100 elementor-top-column elementor-element elementor-element-b444ec5\" data-id=\"b444ec5\" data-element_type=\"column\">\n\t\t\t<div class=\"elementor-widget-wrap elementor-element-populated\">\n\t\t\t\t\t\t\t\t<div class=\"elementor-element elementor-element-6471c1b elementor-widget elementor-widget-text-editor\" data-id=\"6471c1b\" data-element_type=\"widget\" data-widget_type=\"text-editor.default\">\n\t\t\t\t<div class=\"elementor-widget-container\">\n\t\t\t\t\t\t\t<p class=\"p1\"><span class=\"s1\">\u00abNos permiten, a trav\u00e9s de proyectos, adquirir algunos implementos que nos ayudan a hacer la producci\u00f3n en forma m\u00e1s r\u00e1pida. Mi producto es cer\u00e1mica, trabajo con un producto milenario que es la arcilla, trabajo mucho con iconograf\u00eda de la zona y es una forma de dar a conocer el patrimonio que se encuentra aqu\u00ed en Alto El Loa\u201d.<\/span><\/p><p class=\"p1\"><span class=\"s1\"><b>Mar\u00eda Elena R\u00edos,<span class=\"Apple-converted-space\">\u00a0<\/span><\/b><\/span><span class=\"s1\">quien mejor\u00f3 la producci\u00f3n de su negocio \u201cCeramikame\u201d, postulando a la compra de maquinarias.<\/span><\/p>\t\t\t\t\t\t<\/div>\n\t\t\t\t<\/div>\n\t\t\t\t\t<\/div>\n\t\t<\/div>\n\t\t\t\t\t\t\t<\/div>\n\t\t<\/section>\n\t\t\t\t<section class=\"elementor-section elementor-top-section elementor-element elementor-element-dce4b56 elementor-section-boxed elementor-section-height-default elementor-section-height-default\" data-id=\"dce4b56\" data-element_type=\"section\" data-settings=\"{&quot;background_background&quot;:&quot;classic&quot;}\">\n\t\t\t\t\t\t<div class=\"elementor-container elementor-column-gap-default\">\n\t\t\t\t\t<div class=\"elementor-column elementor-col-100 elementor-top-column elementor-element elementor-element-2b1286c\" data-id=\"2b1286c\" data-element_type=\"column\">\n\t\t\t<div class=\"elementor-widget-wrap elementor-element-populated\">\n\t\t\t\t\t\t\t\t<div class=\"elementor-element elementor-element-1c0325d elementor-widget elementor-widget-heading\" data-id=\"1c0325d\" data-element_type=\"widget\" data-widget_type=\"heading.default\">\n\t\t\t\t<div class=\"elementor-widget-container\">\n\t\t\t<h2 class=\"elementor-heading-title elementor-size-default\">PROYECTO:<\/h2>\t\t<\/div>\n\t\t\t\t<\/div>\n\t\t\t\t<div class=\"elementor-element elementor-element-38ee661 elementor-widget elementor-widget-text-editor\" data-id=\"38ee661\" data-element_type=\"widget\" data-widget_type=\"text-editor.default\">\n\t\t\t\t<div class=\"elementor-widget-container\">\n\t\t\t\t\t\t\t<p class=\"p1\"><span class=\"s1\"><b>Museo a cielo abierto \u201cCerro Arte\u201d, mosaicos y murales, rescatando el patrimonio local de la poblaci\u00f3n Huella Tres Puntas<\/b><\/span><\/p><p class=\"p2\"><span class=\"s2\"><b>Descripci\u00f3n:<\/b><\/span><span class=\"s1\"> Desarrollo de murales y mosaicos enfocados en promover la cultura e historia local en la poblaci\u00f3n Huella Tres Puntas, barrio c\u00e9ntrico del puerto salitrero en la comuna de Tocopilla.<\/span><\/p>\t\t\t\t\t\t<\/div>\n\t\t\t\t<\/div>\n\t\t\t\t\t<\/div>\n\t\t<\/div>\n\t\t\t\t\t\t\t<\/div>\n\t\t<\/section>\n\t\t\t\t<section class=\"elementor-section elementor-top-section elementor-element elementor-element-a2af1a1 elementor-section-boxed elementor-section-height-default elementor-section-height-default\" data-id=\"a2af1a1\" data-element_type=\"section\" data-settings=\"{&quot;background_background&quot;:&quot;classic&quot;}\">\n\t\t\t\t\t\t<div class=\"elementor-container elementor-column-gap-default\">\n\t\t\t\t\t<div class=\"elementor-column elementor-col-100 elementor-top-column elementor-element elementor-element-ee72c03\" data-id=\"ee72c03\" data-element_type=\"column\">\n\t\t\t<div class=\"elementor-widget-wrap elementor-element-populated\">\n\t\t\t\t\t\t\t\t<div class=\"elementor-element elementor-element-4088bc1 elementor-widget elementor-widget-heading\" data-id=\"4088bc1\" data-element_type=\"widget\" data-widget_type=\"heading.default\">\n\t\t\t\t<div class=\"elementor-widget-container\">\n\t\t\t<h2 class=\"elementor-heading-title elementor-size-default\">PROYECTO:<\/h2>\t\t<\/div>\n\t\t\t\t<\/div>\n\t\t\t\t<div class=\"elementor-element elementor-element-2ef16b0 elementor-widget elementor-widget-text-editor\" data-id=\"2ef16b0\" data-element_type=\"widget\" data-widget_type=\"text-editor.default\">\n\t\t\t\t<div class=\"elementor-widget-container\">\n\t\t\t\t\t\t\t<p class=\"p1\"><span class=\"s1\"><b>Dinosaurios en la Provincia de El Loa<span class=\"Apple-converted-space\">\u00a0<\/span><\/b><\/span><\/p><p class=\"p2\"><span class=\"s2\"><b>Descripci\u00f3n:<\/b><\/span><span class=\"s1\"> Difusi\u00f3n del patrimonio natural de la Provincia de El Loa a trav\u00e9s de la instalaci\u00f3n de la obra escult\u00f3rica alusiva al dinosaurio Atacamatitan, en el parque El Loa de la comuna de Calama.<\/span><\/p>\t\t\t\t\t\t<\/div>\n\t\t\t\t<\/div>\n\t\t\t\t\t<\/div>\n\t\t<\/div>\n\t\t\t\t\t\t\t<\/div>\n\t\t<\/section>\n\t\t\t\t<section class=\"elementor-section elementor-top-section elementor-element elementor-element-795d48e elementor-section-boxed elementor-section-height-default elementor-section-height-default\" data-id=\"795d48e\" data-element_type=\"section\" data-settings=\"{&quot;background_background&quot;:&quot;classic&quot;}\">\n\t\t\t\t\t\t<div class=\"elementor-container elementor-column-gap-default\">\n\t\t\t\t\t<div class=\"elementor-column elementor-col-100 elementor-top-column elementor-element elementor-element-1fbf708\" data-id=\"1fbf708\" data-element_type=\"column\">\n\t\t\t<div class=\"elementor-widget-wrap elementor-element-populated\">\n\t\t\t\t\t\t\t\t<div class=\"elementor-element elementor-element-4c7ad05 elementor-widget elementor-widget-heading\" data-id=\"4c7ad05\" data-element_type=\"widget\" data-widget_type=\"heading.default\">\n\t\t\t\t<div class=\"elementor-widget-container\">\n\t\t\t<h2 class=\"elementor-heading-title elementor-size-default\">PROYECTO:<\/h2>\t\t<\/div>\n\t\t\t\t<\/div>\n\t\t\t\t<div class=\"elementor-element elementor-element-6010106 elementor-widget elementor-widget-text-editor\" data-id=\"6010106\" data-element_type=\"widget\" data-widget_type=\"text-editor.default\">\n\t\t\t\t<div class=\"elementor-widget-container\">\n\t\t\t\t\t\t\t<p class=\"p1\"><span class=\"s1\"><b>Recuperaci\u00f3n de sistemas constructivos tradicionales de la r\u00e9plica del templo de Chiu Chiu en el parque El Loa<span class=\"Apple-converted-space\">\u00a0<\/span><\/b><\/span><\/p><p class=\"p2\"><span class=\"s2\"><b>Descripci\u00f3n:<\/b><\/span><span class=\"s1\"> Restauraci\u00f3n de la portada principal de la r\u00e9plica del templo de Chiu Chiu y conservaci\u00f3n preventiva de las partes significativas del inmueble.<\/span><\/p>\t\t\t\t\t\t<\/div>\n\t\t\t\t<\/div>\n\t\t\t\t\t<\/div>\n\t\t<\/div>\n\t\t\t\t\t\t\t<\/div>\n\t\t<\/section>\n\t\t\t\t<section class=\"elementor-section elementor-top-section elementor-element elementor-element-1e6d9d4 elementor-section-boxed elementor-section-height-default elementor-section-height-default\" data-id=\"1e6d9d4\" data-element_type=\"section\" data-settings=\"{&quot;background_background&quot;:&quot;classic&quot;}\">\n\t\t\t\t\t\t<div class=\"elementor-container elementor-column-gap-default\">\n\t\t\t\t\t<div class=\"elementor-column elementor-col-100 elementor-top-column elementor-element elementor-element-c134260\" data-id=\"c134260\" data-element_type=\"column\">\n\t\t\t<div class=\"elementor-widget-wrap elementor-element-populated\">\n\t\t\t\t\t\t\t\t<div class=\"elementor-element elementor-element-bac5eec elementor-widget elementor-widget-heading\" data-id=\"bac5eec\" data-element_type=\"widget\" data-widget_type=\"heading.default\">\n\t\t\t\t<div class=\"elementor-widget-container\">\n\t\t\t<h2 class=\"elementor-heading-title elementor-size-default\">PROYECTO:<\/h2>\t\t<\/div>\n\t\t\t\t<\/div>\n\t\t\t\t<div class=\"elementor-element elementor-element-a1b37fb elementor-widget elementor-widget-text-editor\" data-id=\"a1b37fb\" data-element_type=\"widget\" data-widget_type=\"text-editor.default\">\n\t\t\t\t<div class=\"elementor-widget-container\">\n\t\t\t\t\t\t\t<p class=\"p1\"><span class=\"s1\"><b>Restauraci\u00f3n de espacio cultural patrimonial comunitario, Casa de la Cultura Hugo Vidal Zamorano<span class=\"Apple-converted-space\">\u00a0<\/span><\/b><\/span><\/p><p class=\"p2\"><span class=\"s2\"><b>Descripci\u00f3n:<\/b><\/span><span class=\"s1\"> Restauraci\u00f3n de la infraestructura de la Casa de la Cultura de Tocopilla para proteger el patrimonio cultural inmueble que se encuentra en abandono con carencia de mantenci\u00f3n.<\/span><\/p>\t\t\t\t\t\t<\/div>\n\t\t\t\t<\/div>\n\t\t\t\t\t<\/div>\n\t\t<\/div>\n\t\t\t\t\t\t\t<\/div>\n\t\t<\/section>\n\t\t\t\t<section class=\"elementor-section elementor-top-section elementor-element elementor-element-77da651 elementor-section-boxed elementor-section-height-default elementor-section-height-default\" data-id=\"77da651\" data-element_type=\"section\" data-settings=\"{&quot;background_background&quot;:&quot;classic&quot;}\">\n\t\t\t\t\t\t<div class=\"elementor-container elementor-column-gap-default\">\n\t\t\t\t\t<div class=\"elementor-column elementor-col-100 elementor-top-column elementor-element elementor-element-de2009e\" data-id=\"de2009e\" data-element_type=\"column\">\n\t\t\t<div class=\"elementor-widget-wrap elementor-element-populated\">\n\t\t\t\t\t\t\t\t<div class=\"elementor-element elementor-element-e436994 elementor-widget elementor-widget-heading\" data-id=\"e436994\" data-element_type=\"widget\" data-widget_type=\"heading.default\">\n\t\t\t\t<div class=\"elementor-widget-container\">\n\t\t\t<h2 class=\"elementor-heading-title elementor-size-default\">PROYECTO:<\/h2>\t\t<\/div>\n\t\t\t\t<\/div>\n\t\t\t\t<div class=\"elementor-element elementor-element-624224b elementor-widget elementor-widget-text-editor\" data-id=\"624224b\" data-element_type=\"widget\" data-widget_type=\"text-editor.default\">\n\t\t\t\t<div class=\"elementor-widget-container\">\n\t\t\t\t\t\t\t<p class=\"p1\"><span class=\"s1\"><b>Registro y descripci\u00f3n de la colecci\u00f3n arqueol\u00f3gica e hist\u00f3rica del museo escolar Juan Collao C. y reposici\u00f3n de su exhibici\u00f3n: un aporte a la educaci\u00f3n patrimonial de la comuna<span class=\"Apple-converted-space\">\u00a0<\/span><\/b><\/span><\/p><p class=\"p2\"><span class=\"s2\"><b>Descripci\u00f3n:<\/b><\/span><span class=\"s1\"> Rescatar el Patrimonio Cultural del Museo Escolar \u201cJuan Collao\u201d mediante la habilitaci\u00f3n de espacio museal, montaje museogr\u00e1fico, registro de su colecci\u00f3n y vinculaci\u00f3n con la comunidad para su reapertura a la comunidad en 2022.<\/span><\/p>\t\t\t\t\t\t<\/div>\n\t\t\t\t<\/div>\n\t\t\t\t\t<\/div>\n\t\t<\/div>\n\t\t\t\t\t\t\t<\/div>\n\t\t<\/section>\n\t\t\t\t<section class=\"elementor-section elementor-top-section elementor-element elementor-element-191a6f2 elementor-section-boxed elementor-section-height-default elementor-section-height-default\" data-id=\"191a6f2\" data-element_type=\"section\">\n\t\t\t\t\t\t<div class=\"elementor-container elementor-column-gap-default\">\n\t\t\t\t\t<div class=\"elementor-column elementor-col-100 elementor-top-column elementor-element elementor-element-adff636\" data-id=\"adff636\" data-element_type=\"column\">\n\t\t\t<div class=\"elementor-widget-wrap elementor-element-populated\">\n\t\t\t\t\t\t\t\t<div class=\"elementor-element elementor-element-e39075c elementor-widget elementor-widget-text-editor\" data-id=\"e39075c\" data-element_type=\"widget\" data-widget_type=\"text-editor.default\">\n\t\t\t\t<div class=\"elementor-widget-container\">\n\t\t\t\t\t\t\t<p><img loading=\"lazy\" decoding=\"async\" class=\"alignnone size-full wp-image-99\" src=\"http:\/\/elabra.cl\/informegestion2021\/wp-content\/uploads\/2022\/04\/04.gif\" alt=\"\" width=\"60\" height=\"60\" srcset=\"https:\/\/www.elabra.cl\/informegestion2021\/wp-content\/uploads\/2022\/04\/04.gif 60w, https:\/\/www.elabra.cl\/informegestion2021\/wp-content\/uploads\/2022\/04\/04-50x50.gif 50w\" sizes=\"auto, (max-width: 60px) 100vw, 60px\" \/><img loading=\"lazy\" decoding=\"async\" class=\"alignnone size-full wp-image-103\" src=\"http:\/\/elabra.cl\/informegestion2021\/wp-content\/uploads\/2022\/04\/08.gif\" alt=\"\" width=\"60\" height=\"60\" srcset=\"https:\/\/www.elabra.cl\/informegestion2021\/wp-content\/uploads\/2022\/04\/08.gif 60w, https:\/\/www.elabra.cl\/informegestion2021\/wp-content\/uploads\/2022\/04\/08-50x50.gif 50w\" sizes=\"auto, (max-width: 60px) 100vw, 60px\" \/><img loading=\"lazy\" decoding=\"async\" class=\"alignnone size-full wp-image-104\" src=\"http:\/\/elabra.cl\/informegestion2021\/wp-content\/uploads\/2022\/04\/09.gif\" alt=\"\" width=\"60\" height=\"60\" srcset=\"https:\/\/www.elabra.cl\/informegestion2021\/wp-content\/uploads\/2022\/04\/09.gif 60w, https:\/\/www.elabra.cl\/informegestion2021\/wp-content\/uploads\/2022\/04\/09-50x50.gif 50w\" sizes=\"auto, (max-width: 60px) 100vw, 60px\" \/><\/p>\t\t\t\t\t\t<\/div>\n\t\t\t\t<\/div>\n\t\t\t\t\t<\/div>\n\t\t<\/div>\n\t\t\t\t\t\t\t<\/div>\n\t\t<\/section>\n\t\t\t\t<section class=\"elementor-section elementor-top-section elementor-element elementor-element-ba73138 elementor-section-boxed elementor-section-height-default elementor-section-height-default\" data-id=\"ba73138\" data-element_type=\"section\">\n\t\t\t\t\t\t<div class=\"elementor-container elementor-column-gap-default\">\n\t\t\t\t\t<div class=\"elementor-column elementor-col-100 elementor-top-column elementor-element elementor-element-505abbc\" data-id=\"505abbc\" data-element_type=\"column\">\n\t\t\t<div class=\"elementor-widget-wrap elementor-element-populated\">\n\t\t\t\t\t\t\t\t<div class=\"elementor-element elementor-element-6d2e090 elementor-widget elementor-widget-spacer\" data-id=\"6d2e090\" data-element_type=\"widget\" data-widget_type=\"spacer.default\">\n\t\t\t\t<div class=\"elementor-widget-container\">\n\t\t\t<style>\/*! elementor - v3.6.4 - 13-04-2022 *\/\n.e-container.e-container--row .elementor-spacer-inner{width:var(--spacer-size)}.e-container.e-container--column .elementor-spacer-inner,.elementor-column .elementor-spacer-inner{height:var(--spacer-size)}<\/style>\t\t<div class=\"elementor-spacer\">\n\t\t\t<div class=\"elementor-spacer-inner\"><\/div>\n\t\t<\/div>\n\t\t\t\t<\/div>\n\t\t\t\t<\/div>\n\t\t\t\t\t<\/div>\n\t\t<\/div>\n\t\t\t\t\t\t\t<\/div>\n\t\t<\/section>\n\t\t\t\t<section class=\"elementor-section elementor-top-section elementor-element elementor-element-7327ab4 elementor-section-boxed elementor-section-height-default elementor-section-height-default\" data-id=\"7327ab4\" data-element_type=\"section\">\n\t\t\t\t\t\t<div class=\"elementor-container elementor-column-gap-default\">\n\t\t\t\t\t<div class=\"elementor-column elementor-col-100 elementor-top-column elementor-element elementor-element-7c2dffd\" data-id=\"7c2dffd\" data-element_type=\"column\">\n\t\t\t<div class=\"elementor-widget-wrap elementor-element-populated\">\n\t\t\t\t\t\t\t\t<div class=\"elementor-element elementor-element-909b933 elementor-widget elementor-widget-image\" data-id=\"909b933\" data-element_type=\"widget\" data-widget_type=\"image.default\">\n\t\t\t\t<div class=\"elementor-widget-container\">\n\t\t\t\t\t\t\t\t\t\t\t\t\t\t\t<img loading=\"lazy\" decoding=\"async\" width=\"620\" height=\"264\" src=\"https:\/\/www.elabra.cl\/informegestion2021\/wp-content\/uploads\/2022\/05\/2d6.jpg\" class=\"attachment-large size-large\" alt=\"\" srcset=\"https:\/\/www.elabra.cl\/informegestion2021\/wp-content\/uploads\/2022\/05\/2d6.jpg 704w, https:\/\/www.elabra.cl\/informegestion2021\/wp-content\/uploads\/2022\/05\/2d6-300x128.jpg 300w, https:\/\/www.elabra.cl\/informegestion2021\/wp-content\/uploads\/2022\/05\/2d6-500x213.jpg 500w\" sizes=\"auto, (max-width: 620px) 100vw, 620px\" \/>\t\t\t\t\t\t\t\t\t\t\t\t\t\t\t<\/div>\n\t\t\t\t<\/div>\n\t\t\t\t\t<\/div>\n\t\t<\/div>\n\t\t\t\t\t\t\t<\/div>\n\t\t<\/section>\n\t\t\t\t<section class=\"elementor-section elementor-top-section elementor-element elementor-element-adee78a elementor-section-boxed elementor-section-height-default elementor-section-height-default\" data-id=\"adee78a\" data-element_type=\"section\">\n\t\t\t\t\t\t<div class=\"elementor-container elementor-column-gap-default\">\n\t\t\t\t\t<div class=\"elementor-column elementor-col-100 elementor-top-column elementor-element elementor-element-70dcf48\" data-id=\"70dcf48\" data-element_type=\"column\">\n\t\t\t<div class=\"elementor-widget-wrap elementor-element-populated\">\n\t\t\t\t\t\t\t\t<div class=\"elementor-element elementor-element-3fd323c elementor-widget elementor-widget-heading\" data-id=\"3fd323c\" data-element_type=\"widget\" data-widget_type=\"heading.default\">\n\t\t\t\t<div class=\"elementor-widget-container\">\n\t\t\t<h2 class=\"elementor-heading-title elementor-size-default\">Fondo Ambiental<\/h2>\t\t<\/div>\n\t\t\t\t<\/div>\n\t\t\t\t<div class=\"elementor-element elementor-element-35d59ef elementor-widget elementor-widget-text-editor\" data-id=\"35d59ef\" data-element_type=\"widget\" data-widget_type=\"text-editor.default\">\n\t\t\t\t<div class=\"elementor-widget-container\">\n\t\t\t\t\t\t\t<p class=\"p1\"><span class=\"s1\">En l\u00ednea con su compromiso de fomentar la producci\u00f3n responsable y buscar iniciativas para enfrentar el cambio clim\u00e1tico, nuestra compa\u00f1\u00eda lanz\u00f3 a fines de 2021 la segunda versi\u00f3n del Fondo Ambiental.<span class=\"Apple-converted-space\">\u00a0<\/span><\/span><\/p><p class=\"p1\"><span class=\"s1\">El Fondo financiar\u00e1 13 proyectos en las comunas de Tocopilla, Mar\u00eda Elena, Calama y las localidades de Alto El Loa, por un monto m\u00e1ximo de $6.000.000 cada uno, que se enfoquen en el mejoramiento de la eficiencia en el uso de los recursos naturales y los mecanismos de adaptaci\u00f3n al cambio clim\u00e1tico.<\/span><\/p><p><img loading=\"lazy\" decoding=\"async\" class=\"alignnone size-full wp-image-99\" src=\"http:\/\/elabra.cl\/informegestion2021\/wp-content\/uploads\/2022\/04\/04.gif\" alt=\"\" width=\"60\" height=\"60\" srcset=\"https:\/\/www.elabra.cl\/informegestion2021\/wp-content\/uploads\/2022\/04\/04.gif 60w, https:\/\/www.elabra.cl\/informegestion2021\/wp-content\/uploads\/2022\/04\/04-50x50.gif 50w\" sizes=\"auto, (max-width: 60px) 100vw, 60px\" \/><img loading=\"lazy\" decoding=\"async\" class=\"alignnone size-full wp-image-106\" src=\"http:\/\/elabra.cl\/informegestion2021\/wp-content\/uploads\/2022\/04\/11.gif\" alt=\"\" width=\"60\" height=\"60\" srcset=\"https:\/\/www.elabra.cl\/informegestion2021\/wp-content\/uploads\/2022\/04\/11.gif 60w, https:\/\/www.elabra.cl\/informegestion2021\/wp-content\/uploads\/2022\/04\/11-50x50.gif 50w\" sizes=\"auto, (max-width: 60px) 100vw, 60px\" \/><img loading=\"lazy\" decoding=\"async\" class=\"alignnone size-full wp-image-107\" src=\"http:\/\/elabra.cl\/informegestion2021\/wp-content\/uploads\/2022\/04\/12.gif\" alt=\"\" width=\"60\" height=\"60\" srcset=\"https:\/\/www.elabra.cl\/informegestion2021\/wp-content\/uploads\/2022\/04\/12.gif 60w, https:\/\/www.elabra.cl\/informegestion2021\/wp-content\/uploads\/2022\/04\/12-50x50.gif 50w\" sizes=\"auto, (max-width: 60px) 100vw, 60px\" \/><img loading=\"lazy\" decoding=\"async\" class=\"alignnone size-full wp-image-108\" src=\"http:\/\/elabra.cl\/informegestion2021\/wp-content\/uploads\/2022\/04\/13.gif\" alt=\"\" width=\"60\" height=\"60\" srcset=\"https:\/\/www.elabra.cl\/informegestion2021\/wp-content\/uploads\/2022\/04\/13.gif 60w, https:\/\/www.elabra.cl\/informegestion2021\/wp-content\/uploads\/2022\/04\/13-50x50.gif 50w\" sizes=\"auto, (max-width: 60px) 100vw, 60px\" \/><img loading=\"lazy\" decoding=\"async\" class=\"alignnone size-full wp-image-110\" src=\"http:\/\/elabra.cl\/informegestion2021\/wp-content\/uploads\/2022\/04\/15.gif\" alt=\"\" width=\"60\" height=\"60\" srcset=\"https:\/\/www.elabra.cl\/informegestion2021\/wp-content\/uploads\/2022\/04\/15.gif 60w, https:\/\/www.elabra.cl\/informegestion2021\/wp-content\/uploads\/2022\/04\/15-50x50.gif 50w\" sizes=\"auto, (max-width: 60px) 100vw, 60px\" \/><\/p>\t\t\t\t\t\t<\/div>\n\t\t\t\t<\/div>\n\t\t\t\t\t<\/div>\n\t\t<\/div>\n\t\t\t\t\t\t\t<\/div>\n\t\t<\/section>\n\t\t\t\t<section class=\"elementor-section elementor-top-section elementor-element elementor-element-f2111cb elementor-section-boxed elementor-section-height-default elementor-section-height-default\" data-id=\"f2111cb\" data-element_type=\"section\" data-settings=\"{&quot;background_background&quot;:&quot;classic&quot;}\">\n\t\t\t\t\t\t<div class=\"elementor-container elementor-column-gap-default\">\n\t\t\t\t\t<div class=\"elementor-column elementor-col-100 elementor-top-column elementor-element elementor-element-7351dee\" data-id=\"7351dee\" data-element_type=\"column\">\n\t\t\t<div class=\"elementor-widget-wrap elementor-element-populated\">\n\t\t\t\t\t\t\t\t<div class=\"elementor-element elementor-element-44fc9f8 elementor-widget elementor-widget-heading\" data-id=\"44fc9f8\" data-element_type=\"widget\" data-widget_type=\"heading.default\">\n\t\t\t\t<div class=\"elementor-widget-container\">\n\t\t\t<h2 class=\"elementor-heading-title elementor-size-default\">PROYECTO:<\/h2>\t\t<\/div>\n\t\t\t\t<\/div>\n\t\t\t\t<div class=\"elementor-element elementor-element-53d4d0c elementor-widget elementor-widget-text-editor\" data-id=\"53d4d0c\" data-element_type=\"widget\" data-widget_type=\"text-editor.default\">\n\t\t\t\t<div class=\"elementor-widget-container\">\n\t\t\t\t\t\t\t<p class=\"p1\"><span class=\"s1\"><b>Vivero en Ascot\u00e1n<\/b><\/span><\/p><p class=\"p2\"><span class=\"s2\"><b>Descripci\u00f3n:<\/b><\/span><span class=\"s1\"> Habilitaci\u00f3n del vivero de Ascot\u00e1n para el desarrollo de cultivos agr\u00edcolas de autoconsumo de los habitantes de Ascot\u00e1n.<\/span><\/p>\t\t\t\t\t\t<\/div>\n\t\t\t\t<\/div>\n\t\t\t\t\t<\/div>\n\t\t<\/div>\n\t\t\t\t\t\t\t<\/div>\n\t\t<\/section>\n\t\t\t\t<section class=\"elementor-section elementor-top-section elementor-element elementor-element-9f44bad elementor-section-boxed elementor-section-height-default elementor-section-height-default\" data-id=\"9f44bad\" data-element_type=\"section\" data-settings=\"{&quot;background_background&quot;:&quot;classic&quot;}\">\n\t\t\t\t\t\t<div class=\"elementor-container elementor-column-gap-default\">\n\t\t\t\t\t<div class=\"elementor-column elementor-col-100 elementor-top-column elementor-element elementor-element-9b7f294\" data-id=\"9b7f294\" data-element_type=\"column\">\n\t\t\t<div class=\"elementor-widget-wrap elementor-element-populated\">\n\t\t\t\t\t\t\t\t<div class=\"elementor-element elementor-element-94f4c72 elementor-widget elementor-widget-heading\" data-id=\"94f4c72\" data-element_type=\"widget\" data-widget_type=\"heading.default\">\n\t\t\t\t<div class=\"elementor-widget-container\">\n\t\t\t<h2 class=\"elementor-heading-title elementor-size-default\">PROYECTO:<\/h2>\t\t<\/div>\n\t\t\t\t<\/div>\n\t\t\t\t<div class=\"elementor-element elementor-element-63c25ad elementor-widget elementor-widget-text-editor\" data-id=\"63c25ad\" data-element_type=\"widget\" data-widget_type=\"text-editor.default\">\n\t\t\t\t<div class=\"elementor-widget-container\">\n\t\t\t\t\t\t\t<p class=\"p1\"><span class=\"s1\"><b>Llajtaypaq k&#8217;ancha<\/b><\/span><\/p><p class=\"p2\"><span class=\"s2\"><b>Descripci\u00f3n:<\/b><\/span><span class=\"s1\"> Instalaci\u00f3n de paneles solares para obtenci\u00f3n de energ\u00eda el\u00e9ctrica para alumbrado en la localidad de Puquios.<\/span><\/p>\t\t\t\t\t\t<\/div>\n\t\t\t\t<\/div>\n\t\t\t\t\t<\/div>\n\t\t<\/div>\n\t\t\t\t\t\t\t<\/div>\n\t\t<\/section>\n\t\t\t\t<section class=\"elementor-section elementor-top-section elementor-element elementor-element-7484e19 elementor-section-boxed elementor-section-height-default elementor-section-height-default\" data-id=\"7484e19\" data-element_type=\"section\" data-settings=\"{&quot;background_background&quot;:&quot;classic&quot;}\">\n\t\t\t\t\t\t<div class=\"elementor-container elementor-column-gap-default\">\n\t\t\t\t\t<div class=\"elementor-column elementor-col-100 elementor-top-column elementor-element elementor-element-6945578\" data-id=\"6945578\" data-element_type=\"column\">\n\t\t\t<div class=\"elementor-widget-wrap elementor-element-populated\">\n\t\t\t\t\t\t\t\t<div class=\"elementor-element elementor-element-8d006f2 elementor-widget elementor-widget-heading\" data-id=\"8d006f2\" data-element_type=\"widget\" data-widget_type=\"heading.default\">\n\t\t\t\t<div class=\"elementor-widget-container\">\n\t\t\t<h2 class=\"elementor-heading-title elementor-size-default\">PROYECTO:<\/h2>\t\t<\/div>\n\t\t\t\t<\/div>\n\t\t\t\t<div class=\"elementor-element elementor-element-d2074c6 elementor-widget elementor-widget-text-editor\" data-id=\"d2074c6\" data-element_type=\"widget\" data-widget_type=\"text-editor.default\">\n\t\t\t\t<div class=\"elementor-widget-container\">\n\t\t\t\t\t\t\t<p class=\"p1\"><span class=\"s1\"><b>Generando impactos geod\u00e9sicos<span class=\"Apple-converted-space\">\u00a0<\/span><\/b><\/span><\/p><p class=\"p2\"><span class=\"s2\"><b>Descripci\u00f3n:<\/b><\/span><span class=\"s1\"> Construcci\u00f3n de domos con materiales reciclados para habilitar un espacio de recreaci\u00f3n en el sector de La Isla, Conchi Viejo.<\/span><\/p>\t\t\t\t\t\t<\/div>\n\t\t\t\t<\/div>\n\t\t\t\t\t<\/div>\n\t\t<\/div>\n\t\t\t\t\t\t\t<\/div>\n\t\t<\/section>\n\t\t\t\t<section class=\"elementor-section elementor-top-section elementor-element elementor-element-b6b7f28 elementor-section-boxed elementor-section-height-default elementor-section-height-default\" data-id=\"b6b7f28\" data-element_type=\"section\" data-settings=\"{&quot;background_background&quot;:&quot;classic&quot;}\">\n\t\t\t\t\t\t<div class=\"elementor-container elementor-column-gap-default\">\n\t\t\t\t\t<div class=\"elementor-column elementor-col-100 elementor-top-column elementor-element elementor-element-e3fcc4e\" data-id=\"e3fcc4e\" data-element_type=\"column\">\n\t\t\t<div class=\"elementor-widget-wrap elementor-element-populated\">\n\t\t\t\t\t\t\t\t<div class=\"elementor-element elementor-element-cb8dc13 elementor-widget elementor-widget-heading\" data-id=\"cb8dc13\" data-element_type=\"widget\" data-widget_type=\"heading.default\">\n\t\t\t\t<div class=\"elementor-widget-container\">\n\t\t\t<h2 class=\"elementor-heading-title elementor-size-default\">PROYECTO:<\/h2>\t\t<\/div>\n\t\t\t\t<\/div>\n\t\t\t\t<div class=\"elementor-element elementor-element-6f4bf48 elementor-widget elementor-widget-text-editor\" data-id=\"6f4bf48\" data-element_type=\"widget\" data-widget_type=\"text-editor.default\">\n\t\t\t\t<div class=\"elementor-widget-container\">\n\t\t\t\t\t\t\t<p class=\"p1\"><span class=\"s1\"><b>Las familias cultivan para cuidar la naturaleza<\/b><\/span><\/p><p class=\"p2\"><span class=\"s2\"><b>Descripci\u00f3n:<\/b><\/span><span class=\"s1\"> Instalaci\u00f3n de un invernadero donde j\u00f3venes, ni\u00f1os y adultos podr\u00e1n capacitarse en temas de germinaci\u00f3n de plantas, protecci\u00f3n de la flora y sembrad\u00edo, y as\u00ed propiciar mayores espacios verdes en Calama.<\/span><\/p>\t\t\t\t\t\t<\/div>\n\t\t\t\t<\/div>\n\t\t\t\t\t<\/div>\n\t\t<\/div>\n\t\t\t\t\t\t\t<\/div>\n\t\t<\/section>\n\t\t\t\t<section class=\"elementor-section elementor-top-section elementor-element elementor-element-ef36db4 elementor-section-boxed elementor-section-height-default elementor-section-height-default\" data-id=\"ef36db4\" data-element_type=\"section\" data-settings=\"{&quot;background_background&quot;:&quot;classic&quot;}\">\n\t\t\t\t\t\t<div class=\"elementor-container elementor-column-gap-default\">\n\t\t\t\t\t<div class=\"elementor-column elementor-col-100 elementor-top-column elementor-element elementor-element-6e63334\" data-id=\"6e63334\" data-element_type=\"column\">\n\t\t\t<div class=\"elementor-widget-wrap elementor-element-populated\">\n\t\t\t\t\t\t\t\t<div class=\"elementor-element elementor-element-6f0065d elementor-widget elementor-widget-heading\" data-id=\"6f0065d\" data-element_type=\"widget\" data-widget_type=\"heading.default\">\n\t\t\t\t<div class=\"elementor-widget-container\">\n\t\t\t<h2 class=\"elementor-heading-title elementor-size-default\">PROYECTO:<\/h2>\t\t<\/div>\n\t\t\t\t<\/div>\n\t\t\t\t<div class=\"elementor-element elementor-element-2990c65 elementor-widget elementor-widget-text-editor\" data-id=\"2990c65\" data-element_type=\"widget\" data-widget_type=\"text-editor.default\">\n\t\t\t\t<div class=\"elementor-widget-container\">\n\t\t\t\t\t\t\t<p class=\"p1\"><span class=\"s1\"><b>Repoblamiento de huiro negro en el \u00e1rea de manejo del sindicato de Caleta Punta Atala<\/b><\/span><\/p><p class=\"p2\"><span class=\"s2\"><b>Descripci\u00f3n:<\/b><\/span><span class=\"s1\"> Repoblar en el \u00e1rea de manejo del Sindicato de Mariscadores y Buzos de Caleta Punta Atala con pl\u00e1ntulas de alga parda o \u201chuiro negro\u201d para recuperar y conservar este recurso sobreexplotado.<\/span><\/p>\t\t\t\t\t\t<\/div>\n\t\t\t\t<\/div>\n\t\t\t\t\t<\/div>\n\t\t<\/div>\n\t\t\t\t\t\t\t<\/div>\n\t\t<\/section>\n\t\t\t\t<section class=\"elementor-section elementor-top-section elementor-element elementor-element-2a7a8e5 elementor-section-boxed elementor-section-height-default elementor-section-height-default\" data-id=\"2a7a8e5\" data-element_type=\"section\" data-settings=\"{&quot;background_background&quot;:&quot;classic&quot;}\">\n\t\t\t\t\t\t<div class=\"elementor-container elementor-column-gap-default\">\n\t\t\t\t\t<div class=\"elementor-column elementor-col-100 elementor-top-column elementor-element elementor-element-36d5da6\" data-id=\"36d5da6\" data-element_type=\"column\">\n\t\t\t<div class=\"elementor-widget-wrap elementor-element-populated\">\n\t\t\t\t\t\t\t\t<div class=\"elementor-element elementor-element-f81765c elementor-widget elementor-widget-heading\" data-id=\"f81765c\" data-element_type=\"widget\" data-widget_type=\"heading.default\">\n\t\t\t\t<div class=\"elementor-widget-container\">\n\t\t\t<h2 class=\"elementor-heading-title elementor-size-default\">PROYECTO:<\/h2>\t\t<\/div>\n\t\t\t\t<\/div>\n\t\t\t\t<div class=\"elementor-element elementor-element-39d097e elementor-widget elementor-widget-text-editor\" data-id=\"39d097e\" data-element_type=\"widget\" data-widget_type=\"text-editor.default\">\n\t\t\t\t<div class=\"elementor-widget-container\">\n\t\t\t\t\t\t\t<p class=\"p1\"><span class=\"s1\"><b>Caletas y borde costero libre de pl\u00e1sticos<\/b><\/span><\/p><p class=\"p2\"><span class=\"s2\"><b>Descripci\u00f3n:<\/b><\/span><span class=\"s1\"> Implementaci\u00f3n de un sistema de recolecci\u00f3n de botellas de pl\u00e1stico para descontaminar el borde costero de Tocopilla.<\/span><\/p>\t\t\t\t\t\t<\/div>\n\t\t\t\t<\/div>\n\t\t\t\t\t<\/div>\n\t\t<\/div>\n\t\t\t\t\t\t\t<\/div>\n\t\t<\/section>\n\t\t\t\t<section class=\"elementor-section elementor-top-section elementor-element elementor-element-11506be elementor-section-boxed elementor-section-height-default elementor-section-height-default\" data-id=\"11506be\" data-element_type=\"section\" data-settings=\"{&quot;background_background&quot;:&quot;classic&quot;}\">\n\t\t\t\t\t\t<div class=\"elementor-container elementor-column-gap-default\">\n\t\t\t\t\t<div class=\"elementor-column elementor-col-100 elementor-top-column elementor-element elementor-element-ee4ef04\" data-id=\"ee4ef04\" data-element_type=\"column\">\n\t\t\t<div class=\"elementor-widget-wrap elementor-element-populated\">\n\t\t\t\t\t\t\t\t<div class=\"elementor-element elementor-element-612acf3 elementor-widget elementor-widget-heading\" data-id=\"612acf3\" data-element_type=\"widget\" data-widget_type=\"heading.default\">\n\t\t\t\t<div class=\"elementor-widget-container\">\n\t\t\t<h2 class=\"elementor-heading-title elementor-size-default\">PROYECTO:<\/h2>\t\t<\/div>\n\t\t\t\t<\/div>\n\t\t\t\t<div class=\"elementor-element elementor-element-1f77812 elementor-widget elementor-widget-text-editor\" data-id=\"1f77812\" data-element_type=\"widget\" data-widget_type=\"text-editor.default\">\n\t\t\t\t<div class=\"elementor-widget-container\">\n\t\t\t\t\t\t\t<p class=\"p1\"><span class=\"s1\"><b>Acondicionamiento de viveros<span class=\"Apple-converted-space\">\u00a0<\/span><\/b><\/span><\/p><p class=\"p2\"><span class=\"s2\"><b>Descripci\u00f3n:<\/b><\/span><span class=\"s3\"> Acondicionamiento de viveros para actividades de reforestaci\u00f3n, producci\u00f3n de cultivos y compostaje de residuos vegetales, promoviendo una vida centrada en los valores propios de las comunidades ind\u00edgenas del interior de Calama.<\/span><\/p>\t\t\t\t\t\t<\/div>\n\t\t\t\t<\/div>\n\t\t\t\t\t<\/div>\n\t\t<\/div>\n\t\t\t\t\t\t\t<\/div>\n\t\t<\/section>\n\t\t\t\t<section class=\"elementor-section elementor-top-section elementor-element elementor-element-a6ca6f0 elementor-section-boxed elementor-section-height-default elementor-section-height-default\" data-id=\"a6ca6f0\" data-element_type=\"section\" data-settings=\"{&quot;background_background&quot;:&quot;classic&quot;}\">\n\t\t\t\t\t\t<div class=\"elementor-container elementor-column-gap-default\">\n\t\t\t\t\t<div class=\"elementor-column elementor-col-100 elementor-top-column elementor-element elementor-element-5701f79\" data-id=\"5701f79\" data-element_type=\"column\">\n\t\t\t<div class=\"elementor-widget-wrap elementor-element-populated\">\n\t\t\t\t\t\t\t\t<div class=\"elementor-element elementor-element-87b42ce elementor-widget elementor-widget-heading\" data-id=\"87b42ce\" data-element_type=\"widget\" data-widget_type=\"heading.default\">\n\t\t\t\t<div class=\"elementor-widget-container\">\n\t\t\t<h2 class=\"elementor-heading-title elementor-size-default\">PROYECTO:<\/h2>\t\t<\/div>\n\t\t\t\t<\/div>\n\t\t\t\t<div class=\"elementor-element elementor-element-f9a8325 elementor-widget elementor-widget-text-editor\" data-id=\"f9a8325\" data-element_type=\"widget\" data-widget_type=\"text-editor.default\">\n\t\t\t\t<div class=\"elementor-widget-container\">\n\t\t\t\t\t\t\t<p class=\"p1\"><span class=\"s1\"><b>Reciclaje domiciliario: una relaci\u00f3n sostenible entre el cuidado del medioambiente y la participaci\u00f3n territorial<span class=\"Apple-converted-space\">\u00a0<\/span><\/b><\/span><\/p><p class=\"p2\"><span class=\"s2\"><b>Descripci\u00f3n:<\/b><\/span><span class=\"s1\"> Ejecutar un plan piloto de educaci\u00f3n, sensibilizaci\u00f3n y desarrollo de un sistema de reciclaje domiciliario con un servicio gratuito de retiro de residuos org\u00e1nicos e inorg\u00e1nicos para los hogares de la Junta de Vecinos Alexsander Kurtovic, a trav\u00e9s de acciones colaborativas entre la Municipalidad de Tocopilla, Fundaci\u00f3n Mr. Barber y la Universidad de Chile.<\/span><\/p>\t\t\t\t\t\t<\/div>\n\t\t\t\t<\/div>\n\t\t\t\t\t<\/div>\n\t\t<\/div>\n\t\t\t\t\t\t\t<\/div>\n\t\t<\/section>\n\t\t\t\t<section class=\"elementor-section elementor-top-section elementor-element elementor-element-247915a elementor-section-boxed elementor-section-height-default elementor-section-height-default\" data-id=\"247915a\" data-element_type=\"section\" data-settings=\"{&quot;background_background&quot;:&quot;classic&quot;}\">\n\t\t\t\t\t\t<div class=\"elementor-container elementor-column-gap-default\">\n\t\t\t\t\t<div class=\"elementor-column elementor-col-100 elementor-top-column elementor-element elementor-element-bdc14a8\" data-id=\"bdc14a8\" data-element_type=\"column\">\n\t\t\t<div class=\"elementor-widget-wrap elementor-element-populated\">\n\t\t\t\t\t\t\t\t<div class=\"elementor-element elementor-element-2ea4476 elementor-widget elementor-widget-heading\" data-id=\"2ea4476\" data-element_type=\"widget\" data-widget_type=\"heading.default\">\n\t\t\t\t<div class=\"elementor-widget-container\">\n\t\t\t<h2 class=\"elementor-heading-title elementor-size-default\">PROYECTO:<\/h2>\t\t<\/div>\n\t\t\t\t<\/div>\n\t\t\t\t<div class=\"elementor-element elementor-element-efae56f elementor-widget elementor-widget-text-editor\" data-id=\"efae56f\" data-element_type=\"widget\" data-widget_type=\"text-editor.default\">\n\t\t\t\t<div class=\"elementor-widget-container\">\n\t\t\t\t\t\t\t<p class=\"p1\"><span class=\"s1\"><b>Inti Pachi (Gracias Sol)<span class=\"Apple-converted-space\">\u00a0<\/span><\/b><\/span><\/p><p class=\"p2\"><span class=\"s2\"><b>Descripci\u00f3n:<\/b><\/span><span class=\"s1\"> Mejorar la producci\u00f3n agr\u00edcola con riego tecnificado en el sector de Puntas Negras, Toconce, utilizando energ\u00edas limpias y renovables con paneles solares.<\/span><\/p>\t\t\t\t\t\t<\/div>\n\t\t\t\t<\/div>\n\t\t\t\t\t<\/div>\n\t\t<\/div>\n\t\t\t\t\t\t\t<\/div>\n\t\t<\/section>\n\t\t\t\t<section class=\"elementor-section elementor-top-section elementor-element elementor-element-778933b elementor-section-boxed elementor-section-height-default elementor-section-height-default\" data-id=\"778933b\" data-element_type=\"section\" data-settings=\"{&quot;background_background&quot;:&quot;classic&quot;}\">\n\t\t\t\t\t\t<div class=\"elementor-container elementor-column-gap-default\">\n\t\t\t\t\t<div class=\"elementor-column elementor-col-100 elementor-top-column elementor-element elementor-element-1174cc5\" data-id=\"1174cc5\" data-element_type=\"column\">\n\t\t\t<div class=\"elementor-widget-wrap elementor-element-populated\">\n\t\t\t\t\t\t\t\t<div class=\"elementor-element elementor-element-b8b6b3b elementor-widget elementor-widget-heading\" data-id=\"b8b6b3b\" data-element_type=\"widget\" data-widget_type=\"heading.default\">\n\t\t\t\t<div class=\"elementor-widget-container\">\n\t\t\t<h2 class=\"elementor-heading-title elementor-size-default\">PROYECTO:<\/h2>\t\t<\/div>\n\t\t\t\t<\/div>\n\t\t\t\t<div class=\"elementor-element elementor-element-9bcf5e6 elementor-widget elementor-widget-text-editor\" data-id=\"9bcf5e6\" data-element_type=\"widget\" data-widget_type=\"text-editor.default\">\n\t\t\t\t<div class=\"elementor-widget-container\">\n\t\t\t\t\t\t\t<p class=\"p1\"><span class=\"s1\"><b>Huerta escolar<\/b><\/span><\/p><p class=\"p2\"><span class=\"s2\"><b>Descripci\u00f3n:<\/b><\/span><span class=\"s1\"> Entregar los conocimientos para el desarrollo de una huerta org\u00e1nica a trav\u00e9s de contenidos te\u00f3rico-pr\u00e1cticos con jornadas de trabajo capacitando a ni\u00f1os, ni\u00f1as, adolescentes y sus familias.<\/span><\/p>\t\t\t\t\t\t<\/div>\n\t\t\t\t<\/div>\n\t\t\t\t\t<\/div>\n\t\t<\/div>\n\t\t\t\t\t\t\t<\/div>\n\t\t<\/section>\n\t\t\t\t<section class=\"elementor-section elementor-top-section elementor-element elementor-element-8fb32d2 elementor-section-boxed elementor-section-height-default elementor-section-height-default\" data-id=\"8fb32d2\" data-element_type=\"section\" data-settings=\"{&quot;background_background&quot;:&quot;classic&quot;}\">\n\t\t\t\t\t\t<div class=\"elementor-container elementor-column-gap-default\">\n\t\t\t\t\t<div class=\"elementor-column elementor-col-100 elementor-top-column elementor-element elementor-element-4d6b8a8\" data-id=\"4d6b8a8\" data-element_type=\"column\">\n\t\t\t<div class=\"elementor-widget-wrap elementor-element-populated\">\n\t\t\t\t\t\t\t\t<div class=\"elementor-element elementor-element-22fbddc elementor-widget elementor-widget-heading\" data-id=\"22fbddc\" data-element_type=\"widget\" data-widget_type=\"heading.default\">\n\t\t\t\t<div class=\"elementor-widget-container\">\n\t\t\t<h2 class=\"elementor-heading-title elementor-size-default\">PROYECTO:<\/h2>\t\t<\/div>\n\t\t\t\t<\/div>\n\t\t\t\t<div class=\"elementor-element elementor-element-5fea4c6 elementor-widget elementor-widget-text-editor\" data-id=\"5fea4c6\" data-element_type=\"widget\" data-widget_type=\"text-editor.default\">\n\t\t\t\t<div class=\"elementor-widget-container\">\n\t\t\t\t\t\t\t<p class=\"p1\"><b>Taller comunitario de educaci\u00f3n ambiental en el Loa Superior<\/b><\/p><p class=\"p2\"><span class=\"s1\"><b>Descripci\u00f3n:<\/b><\/span> Contribuir al desarrollo de la conciencia ambiental comunitaria en la comunidad ind\u00edgena Ayllu Ojos de San Pedro con una escuela taller de educaci\u00f3n medioambiental.<\/p>\t\t\t\t\t\t<\/div>\n\t\t\t\t<\/div>\n\t\t\t\t\t<\/div>\n\t\t<\/div>\n\t\t\t\t\t\t\t<\/div>\n\t\t<\/section>\n\t\t\t\t<section class=\"elementor-section elementor-top-section elementor-element elementor-element-97c7b1c elementor-section-boxed elementor-section-height-default elementor-section-height-default\" data-id=\"97c7b1c\" data-element_type=\"section\" data-settings=\"{&quot;background_background&quot;:&quot;classic&quot;}\">\n\t\t\t\t\t\t<div class=\"elementor-container elementor-column-gap-default\">\n\t\t\t\t\t<div class=\"elementor-column elementor-col-100 elementor-top-column elementor-element elementor-element-77f9b79\" data-id=\"77f9b79\" data-element_type=\"column\">\n\t\t\t<div class=\"elementor-widget-wrap elementor-element-populated\">\n\t\t\t\t\t\t\t\t<div class=\"elementor-element elementor-element-0d46cbd elementor-widget elementor-widget-heading\" data-id=\"0d46cbd\" data-element_type=\"widget\" data-widget_type=\"heading.default\">\n\t\t\t\t<div class=\"elementor-widget-container\">\n\t\t\t<h2 class=\"elementor-heading-title elementor-size-default\">PROYECTO:<\/h2>\t\t<\/div>\n\t\t\t\t<\/div>\n\t\t\t\t<div class=\"elementor-element elementor-element-d9b8674 elementor-widget elementor-widget-text-editor\" data-id=\"d9b8674\" data-element_type=\"widget\" data-widget_type=\"text-editor.default\">\n\t\t\t\t<div class=\"elementor-widget-container\">\n\t\t\t\t\t\t\t<p class=\"p1\"><span class=\"s1\"><b>Impulsando el buen uso de las energ\u00edas renovables<\/b><\/span><\/p><p class=\"p2\"><span class=\"s2\"><b>Descripci\u00f3n:<\/b><\/span><span class=\"s1\"> Instalaci\u00f3n de luminarias solares para ofrecer espacios m\u00e1s seguros en la Junta de Vecinos Vista Hermosa Sur, Calama, y ense\u00f1ar a la comunidad sobre el buen uso de estos artefactos para inducirlos en el \u00e1mbito de la sustentabilidad.<\/span><\/p>\t\t\t\t\t\t<\/div>\n\t\t\t\t<\/div>\n\t\t\t\t\t<\/div>\n\t\t<\/div>\n\t\t\t\t\t\t\t<\/div>\n\t\t<\/section>\n\t\t\t\t<section class=\"elementor-section elementor-top-section elementor-element elementor-element-48ad0a1 elementor-section-boxed elementor-section-height-default elementor-section-height-default\" data-id=\"48ad0a1\" data-element_type=\"section\" data-settings=\"{&quot;background_background&quot;:&quot;classic&quot;}\">\n\t\t\t\t\t\t<div class=\"elementor-container elementor-column-gap-default\">\n\t\t\t\t\t<div class=\"elementor-column elementor-col-100 elementor-top-column elementor-element elementor-element-08192fb\" data-id=\"08192fb\" data-element_type=\"column\">\n\t\t\t<div class=\"elementor-widget-wrap elementor-element-populated\">\n\t\t\t\t\t\t\t\t<div class=\"elementor-element elementor-element-0fbc1e9 elementor-widget elementor-widget-heading\" data-id=\"0fbc1e9\" data-element_type=\"widget\" data-widget_type=\"heading.default\">\n\t\t\t\t<div class=\"elementor-widget-container\">\n\t\t\t<h2 class=\"elementor-heading-title elementor-size-default\">PROYECTO:<\/h2>\t\t<\/div>\n\t\t\t\t<\/div>\n\t\t\t\t<div class=\"elementor-element elementor-element-5d20fcb elementor-widget elementor-widget-text-editor\" data-id=\"5d20fcb\" data-element_type=\"widget\" data-widget_type=\"text-editor.default\">\n\t\t\t\t<div class=\"elementor-widget-container\">\n\t\t\t\t\t\t\t<p class=\"p1\"><span class=\"s1\"><b>Crece sustentable, crece con prop\u00f3sito<span class=\"Apple-converted-space\">\u00a0<\/span><\/b><\/span><\/p><p class=\"p2\"><span class=\"s2\"><b>Descripci\u00f3n:<\/b><\/span><span class=\"s1\"> Proyecto de compostera domiciliaria familiar en Calama, educando a trav\u00e9s de un taller de compostaje, reduciendo la basura funcional y reutilizando los desechos org\u00e1nicos que se usan a diario.<\/span><\/p>\t\t\t\t\t\t<\/div>\n\t\t\t\t<\/div>\n\t\t\t\t\t<\/div>\n\t\t<\/div>\n\t\t\t\t\t\t\t<\/div>\n\t\t<\/section>\n\t\t\t\t<section class=\"elementor-section elementor-top-section elementor-element elementor-element-ca52531 elementor-section-boxed elementor-section-height-default elementor-section-height-default\" data-id=\"ca52531\" data-element_type=\"section\">\n\t\t\t\t\t\t<div class=\"elementor-container elementor-column-gap-default\">\n\t\t\t\t\t<div class=\"elementor-column elementor-col-100 elementor-top-column elementor-element elementor-element-9288e06\" data-id=\"9288e06\" data-element_type=\"column\">\n\t\t\t<div class=\"elementor-widget-wrap elementor-element-populated\">\n\t\t\t\t\t\t\t\t<div class=\"elementor-element elementor-element-5b57680 elementor-widget elementor-widget-spacer\" data-id=\"5b57680\" data-element_type=\"widget\" data-widget_type=\"spacer.default\">\n\t\t\t\t<div class=\"elementor-widget-container\">\n\t\t\t\t\t<div class=\"elementor-spacer\">\n\t\t\t<div class=\"elementor-spacer-inner\"><\/div>\n\t\t<\/div>\n\t\t\t\t<\/div>\n\t\t\t\t<\/div>\n\t\t\t\t\t<\/div>\n\t\t<\/div>\n\t\t\t\t\t\t\t<\/div>\n\t\t<\/section>\n\t\t\t\t<section class=\"elementor-section elementor-top-section elementor-element elementor-element-b8935c2 elementor-section-boxed elementor-section-height-default elementor-section-height-default\" data-id=\"b8935c2\" data-element_type=\"section\">\n\t\t\t\t\t\t<div class=\"elementor-container elementor-column-gap-default\">\n\t\t\t\t\t<div class=\"elementor-column elementor-col-100 elementor-top-column elementor-element elementor-element-6fe1a64\" data-id=\"6fe1a64\" data-element_type=\"column\">\n\t\t\t<div class=\"elementor-widget-wrap elementor-element-populated\">\n\t\t\t\t\t\t\t\t<div class=\"elementor-element elementor-element-aaf0bcf elementor-widget elementor-widget-heading\" data-id=\"aaf0bcf\" data-element_type=\"widget\" data-widget_type=\"heading.default\">\n\t\t\t\t<div class=\"elementor-widget-container\">\n\t\t\t<h2 class=\"elementor-heading-title elementor-size-default\">Impulsa tu Negocio<\/h2>\t\t<\/div>\n\t\t\t\t<\/div>\n\t\t\t\t<div class=\"elementor-element elementor-element-ed46543 elementor-widget elementor-widget-image\" data-id=\"ed46543\" data-element_type=\"widget\" data-widget_type=\"image.default\">\n\t\t\t\t<div class=\"elementor-widget-container\">\n\t\t\t\t\t\t\t\t\t\t\t\t\t\t\t<img loading=\"lazy\" decoding=\"async\" width=\"620\" height=\"264\" src=\"https:\/\/www.elabra.cl\/informegestion2021\/wp-content\/uploads\/2022\/05\/2d7.jpg\" class=\"attachment-large size-large\" alt=\"\" srcset=\"https:\/\/www.elabra.cl\/informegestion2021\/wp-content\/uploads\/2022\/05\/2d7.jpg 704w, https:\/\/www.elabra.cl\/informegestion2021\/wp-content\/uploads\/2022\/05\/2d7-300x128.jpg 300w, https:\/\/www.elabra.cl\/informegestion2021\/wp-content\/uploads\/2022\/05\/2d7-500x213.jpg 500w\" sizes=\"auto, (max-width: 620px) 100vw, 620px\" \/>\t\t\t\t\t\t\t\t\t\t\t\t\t\t\t<\/div>\n\t\t\t\t<\/div>\n\t\t\t\t<div class=\"elementor-element elementor-element-c0e3c40 elementor-widget elementor-widget-text-editor\" data-id=\"c0e3c40\" data-element_type=\"widget\" data-widget_type=\"text-editor.default\">\n\t\t\t\t<div class=\"elementor-widget-container\">\n\t\t\t\t\t\t\t<p class=\"p1\"><span class=\"s1\">En 2021 se dio inicio a la tercera versi\u00f3n del programa Impulsa Tu Negocio, iniciativa ejecutada por la organizaci\u00f3n Mujeres del Pac\u00edfico, que busca fortalecer las competencias de mujeres emprendedoras con miras a desarrollar negocios m\u00e1s rentables y sostenibles.<\/span><\/p><p class=\"p1\"><span class=\"s1\">El programa dispone de clases y talleres con <\/span><span class=\"s2\"><i>e-learning<\/i><\/span><span class=\"s1\">, adem\u00e1s de contar con mentor\u00edas, adem\u00e1s de contar con mentor\u00edas personalizadas por expertos y expertas en negocios, y un seguimiento prolongado de su proceso emprendedor.<span class=\"Apple-converted-space\">\u00a0<\/span><\/span><\/p><p class=\"p1\"><span class=\"s1\">La segunda versi\u00f3n de Impulsa Tu Negocio, finalizada en 2021, convoc\u00f3 a 56 mujeres provenientes en su mayor\u00eda de diferentes comunas de la Regi\u00f3n de Antofagasta, como Calama, Tocopilla y Mar\u00eda Elena, extendi\u00e9ndose en esta ocasi\u00f3n a las regiones de Tarapac\u00e1, y Arica y Parinacota.<span class=\"Apple-converted-space\">\u00a0<\/span><\/span><\/p><p class=\"p1\"><span class=\"s1\">Durante la primera versi\u00f3n de este programa, realizado en 2020, el 100% de las participantes afirmaron ver mejoras en la gesti\u00f3n de su negocio durante el periodo de desarrollo del programa y posterior a este; de hecho, todas las participantes afirmaron conocer a su cliente objetivo. Adem\u00e1s, despu\u00e9s de la capacitaci\u00f3n recibida, un 95% de las participantes ya reconoce y maneja una importante cantidad de conceptos de finanzas. <\/span><\/p><p class=\"p1\"><span class=\"s1\">Todas las mujeres que participan en Impulsa Tu Negocio tienen como requisito estar certificadas en el programa de capacitaci\u00f3n <\/span><span class=\"s2\"><i>online<\/i><\/span><span class=\"s1\"> DreamBuilder, el cual busca ense\u00f1ar a mujeres emprendedoras los conocimientos b\u00e1sicos necesarios para iniciar o fortalecer su propio negocio.<\/span><\/p>\t\t\t\t\t\t<\/div>\n\t\t\t\t<\/div>\n\t\t\t\t\t<\/div>\n\t\t<\/div>\n\t\t\t\t\t\t\t<\/div>\n\t\t<\/section>\n\t\t\t\t<section class=\"elementor-section elementor-top-section elementor-element elementor-element-82a50d4 elementor-section-boxed elementor-section-height-default elementor-section-height-default\" data-id=\"82a50d4\" data-element_type=\"section\" data-settings=\"{&quot;background_background&quot;:&quot;classic&quot;}\">\n\t\t\t\t\t\t<div class=\"elementor-container elementor-column-gap-default\">\n\t\t\t\t\t<div class=\"elementor-column elementor-col-100 elementor-top-column elementor-element elementor-element-5c59fbc\" data-id=\"5c59fbc\" data-element_type=\"column\">\n\t\t\t<div class=\"elementor-widget-wrap elementor-element-populated\">\n\t\t\t\t\t\t\t\t<div class=\"elementor-element elementor-element-cb320c2 elementor-widget elementor-widget-text-editor\" data-id=\"cb320c2\" data-element_type=\"widget\" data-widget_type=\"text-editor.default\">\n\t\t\t\t<div class=\"elementor-widget-container\">\n\t\t\t\t\t\t\t<p class=\"p1\"><span class=\"s1\">\u201cNo ten\u00edamos claro c\u00f3mo se usaban las redes sociales, entonces nos ense\u00f1aron qu\u00e9 era lo que vend\u00eda, c\u00f3mo llegar al cliente y buscar nuestro cliente objetivo. Aprender eso cambia las cosas ya que con la pandemia a muchas se les dificult\u00f3 vender en forma presencial, entonces las redes sociales son una alternativa\u201d.<span class=\"Apple-converted-space\">\u00a0<\/span><\/span><\/p><p class=\"p1\"><span class=\"s1\"><b>B\u00e1rbara Guerrero,<span class=\"Apple-converted-space\">\u00a0<\/span><\/b><\/span><span class=\"s1\">emprendedora de Calama, dedicada a la venta de joyas de plata con su negocio \u201cKedicik\u201d.<\/span><\/p>\t\t\t\t\t\t<\/div>\n\t\t\t\t<\/div>\n\t\t\t\t\t<\/div>\n\t\t<\/div>\n\t\t\t\t\t\t\t<\/div>\n\t\t<\/section>\n\t\t\t\t<section class=\"elementor-section elementor-top-section elementor-element elementor-element-2006d67 elementor-section-boxed elementor-section-height-default elementor-section-height-default\" data-id=\"2006d67\" data-element_type=\"section\">\n\t\t\t\t\t\t<div class=\"elementor-container elementor-column-gap-default\">\n\t\t\t\t\t<div class=\"elementor-column elementor-col-100 elementor-top-column elementor-element elementor-element-7808028\" data-id=\"7808028\" data-element_type=\"column\">\n\t\t\t<div class=\"elementor-widget-wrap elementor-element-populated\">\n\t\t\t\t\t\t\t\t<div class=\"elementor-element elementor-element-3a35ca1 elementor-widget elementor-widget-text-editor\" data-id=\"3a35ca1\" data-element_type=\"widget\" data-widget_type=\"text-editor.default\">\n\t\t\t\t<div class=\"elementor-widget-container\">\n\t\t\t\t\t\t\t<p><img loading=\"lazy\" decoding=\"async\" class=\"alignnone size-full wp-image-103\" src=\"http:\/\/elabra.cl\/informegestion2021\/wp-content\/uploads\/2022\/04\/08.gif\" alt=\"\" width=\"60\" height=\"60\" srcset=\"https:\/\/www.elabra.cl\/informegestion2021\/wp-content\/uploads\/2022\/04\/08.gif 60w, https:\/\/www.elabra.cl\/informegestion2021\/wp-content\/uploads\/2022\/04\/08-50x50.gif 50w\" sizes=\"auto, (max-width: 60px) 100vw, 60px\" \/><img loading=\"lazy\" decoding=\"async\" class=\"alignnone size-full wp-image-105\" src=\"http:\/\/elabra.cl\/informegestion2021\/wp-content\/uploads\/2022\/04\/10.gif\" alt=\"\" width=\"60\" height=\"60\" srcset=\"https:\/\/www.elabra.cl\/informegestion2021\/wp-content\/uploads\/2022\/04\/10.gif 60w, https:\/\/www.elabra.cl\/informegestion2021\/wp-content\/uploads\/2022\/04\/10-50x50.gif 50w\" sizes=\"auto, (max-width: 60px) 100vw, 60px\" \/><img loading=\"lazy\" decoding=\"async\" class=\"alignnone size-full wp-image-106\" src=\"http:\/\/elabra.cl\/informegestion2021\/wp-content\/uploads\/2022\/04\/11.gif\" alt=\"\" width=\"60\" height=\"60\" srcset=\"https:\/\/www.elabra.cl\/informegestion2021\/wp-content\/uploads\/2022\/04\/11.gif 60w, https:\/\/www.elabra.cl\/informegestion2021\/wp-content\/uploads\/2022\/04\/11-50x50.gif 50w\" sizes=\"auto, (max-width: 60px) 100vw, 60px\" \/><\/p>\t\t\t\t\t\t<\/div>\n\t\t\t\t<\/div>\n\t\t\t\t\t<\/div>\n\t\t<\/div>\n\t\t\t\t\t\t\t<\/div>\n\t\t<\/section>\n\t\t\t\t<section class=\"elementor-section elementor-top-section elementor-element elementor-element-c38d0ea elementor-section-boxed elementor-section-height-default elementor-section-height-default\" data-id=\"c38d0ea\" data-element_type=\"section\">\n\t\t\t\t\t\t<div class=\"elementor-container elementor-column-gap-default\">\n\t\t\t\t\t<div class=\"elementor-column elementor-col-100 elementor-top-column elementor-element elementor-element-158247e\" data-id=\"158247e\" data-element_type=\"column\">\n\t\t\t<div class=\"elementor-widget-wrap elementor-element-populated\">\n\t\t\t\t\t\t\t\t<div class=\"elementor-element elementor-element-b567cdf elementor-widget elementor-widget-spacer\" data-id=\"b567cdf\" data-element_type=\"widget\" data-widget_type=\"spacer.default\">\n\t\t\t\t<div class=\"elementor-widget-container\">\n\t\t\t\t\t<div class=\"elementor-spacer\">\n\t\t\t<div class=\"elementor-spacer-inner\"><\/div>\n\t\t<\/div>\n\t\t\t\t<\/div>\n\t\t\t\t<\/div>\n\t\t\t\t\t<\/div>\n\t\t<\/div>\n\t\t\t\t\t\t\t<\/div>\n\t\t<\/section>\n\t\t\t\t<section class=\"elementor-section elementor-top-section elementor-element elementor-element-8220c57 elementor-section-boxed elementor-section-height-default elementor-section-height-default\" data-id=\"8220c57\" data-element_type=\"section\">\n\t\t\t\t\t\t<div class=\"elementor-container elementor-column-gap-default\">\n\t\t\t\t\t<div class=\"elementor-column elementor-col-100 elementor-top-column elementor-element elementor-element-71cbe97\" data-id=\"71cbe97\" data-element_type=\"column\">\n\t\t\t<div class=\"elementor-widget-wrap elementor-element-populated\">\n\t\t\t\t\t\t\t\t<div class=\"elementor-element elementor-element-929c426 elementor-widget elementor-widget-image\" data-id=\"929c426\" data-element_type=\"widget\" data-widget_type=\"image.default\">\n\t\t\t\t<div class=\"elementor-widget-container\">\n\t\t\t\t\t\t\t\t\t\t\t\t\t\t\t<img loading=\"lazy\" decoding=\"async\" width=\"620\" height=\"264\" src=\"https:\/\/www.elabra.cl\/informegestion2021\/wp-content\/uploads\/2022\/05\/2d8.jpg\" class=\"attachment-large size-large\" alt=\"\" srcset=\"https:\/\/www.elabra.cl\/informegestion2021\/wp-content\/uploads\/2022\/05\/2d8.jpg 704w, https:\/\/www.elabra.cl\/informegestion2021\/wp-content\/uploads\/2022\/05\/2d8-300x128.jpg 300w, https:\/\/www.elabra.cl\/informegestion2021\/wp-content\/uploads\/2022\/05\/2d8-500x213.jpg 500w\" sizes=\"auto, (max-width: 620px) 100vw, 620px\" \/>\t\t\t\t\t\t\t\t\t\t\t\t\t\t\t<\/div>\n\t\t\t\t<\/div>\n\t\t\t\t\t<\/div>\n\t\t<\/div>\n\t\t\t\t\t\t\t<\/div>\n\t\t<\/section>\n\t\t\t\t<section class=\"elementor-section elementor-top-section elementor-element elementor-element-8babf51 elementor-section-boxed elementor-section-height-default elementor-section-height-default\" data-id=\"8babf51\" data-element_type=\"section\">\n\t\t\t\t\t\t<div class=\"elementor-container elementor-column-gap-default\">\n\t\t\t\t\t<div class=\"elementor-column elementor-col-100 elementor-top-column elementor-element elementor-element-b7eab2c\" data-id=\"b7eab2c\" data-element_type=\"column\">\n\t\t\t<div class=\"elementor-widget-wrap elementor-element-populated\">\n\t\t\t\t\t\t\t\t<div class=\"elementor-element elementor-element-9eefb94 elementor-widget elementor-widget-heading\" data-id=\"9eefb94\" data-element_type=\"widget\" data-widget_type=\"heading.default\">\n\t\t\t\t<div class=\"elementor-widget-container\">\n\t\t\t<h2 class=\"elementor-heading-title elementor-size-default\">Colegio Don Bosco<\/h2>\t\t<\/div>\n\t\t\t\t<\/div>\n\t\t\t\t<div class=\"elementor-element elementor-element-3e3b791 elementor-widget elementor-widget-text-editor\" data-id=\"3e3b791\" data-element_type=\"widget\" data-widget_type=\"text-editor.default\">\n\t\t\t\t<div class=\"elementor-widget-container\">\n\t\t\t\t\t\t\t<p class=\"p1\"><span class=\"s1\">La educaci\u00f3n ha sido un pilar fundamental para el desarrollo y ejecuci\u00f3n de proyectos impulsados por El Abra, los que se han enfocado no solo en estudiantes, sino tambi\u00e9n en la comunidad docente y la infraestructura de los recintos educacionales.<\/span><\/p><p class=\"p1\"><span class=\"s1\">Uno de los aportes emblem\u00e1ticos es el trabajo realizado con el Colegio T\u00e9cnico Industrial Don Bosco de Calama. Nuestra compa\u00f1\u00eda ha estado presente en la construcci\u00f3n y ampliaci\u00f3n de infraestructura del establecimiento desde su inauguraci\u00f3n en 2016, otorgando apoyo econ\u00f3mico y aportes formativos a trav\u00e9s de programas de capacitaciones, charlas formativas y apoyo en los talleres pr\u00e1cticos del establecimiento.<span class=\"Apple-converted-space\">\u00a0<\/span><\/span><\/p><p class=\"p1\"><span class=\"s2\">En 2021 se titul\u00f3 la primera generaci\u00f3n de 45 estudiantes del Colegio Don Bosco, entre quienes nueve realizaron su primera experiencia laboral en El Abra, con 370 horas de pr\u00e1ctica profesional.<\/span><\/p><p class=\"p1\"><span class=\"s1\">En agosto, El Abra recibi\u00f3 a la segunda generaci\u00f3n de diez egresados y egresadas para realizar su pr\u00e1ctica profesional en sus \u00e1reas de mina, procesos, ingenier\u00eda y geolog\u00eda, ingenier\u00eda y servicios, y planta de beneficio.<span class=\"Apple-converted-space\">\u00a0<\/span><\/span><\/p><p class=\"p1\"><span class=\"s1\">Otra de las contribuciones de nuestra empresa fue la donaci\u00f3n de materiales para facilitar el aprendizaje de estudiantes que se desempe\u00f1an en las distintas especialidades. Tal fue el caso de la entrega de un motor di\u00e9sel destinado a potenciar el taller mec\u00e1nico del colegio.<span class=\"Apple-converted-space\">\u00a0<\/span><\/span><\/p><p class=\"p1\"><span class=\"s1\">Para el inicio de la quinta etapa de construcci\u00f3n del establecimiento, la compa\u00f1\u00eda don\u00f3 USD 500 mil, con los que se financiar\u00e1 la construcci\u00f3n del segundo y tercer piso, correspondientes al equipo de administraci\u00f3n, lo que permitir\u00e1 la descongesti\u00f3n del establecimiento.<span class=\"Apple-converted-space\">\u00a0<\/span><\/span><\/p><p class=\"p1\"><span class=\"s1\">Todos estos avances en infraestructura buscan aportar a la oferta y calidad de la educaci\u00f3n t\u00e9cnico-profesional, fundamentalmente para j\u00f3venes en situaci\u00f3n socioecon\u00f3mica vulnerable, para que as\u00ed puedan tener mejores oportunidades de desarrollo laboral.<span class=\"Apple-converted-space\">\u00a0<\/span><\/span><\/p>\t\t\t\t\t\t<\/div>\n\t\t\t\t<\/div>\n\t\t\t\t\t<\/div>\n\t\t<\/div>\n\t\t\t\t\t\t\t<\/div>\n\t\t<\/section>\n\t\t\t\t<section class=\"elementor-section elementor-top-section elementor-element elementor-element-15761c7 elementor-section-boxed elementor-section-height-default elementor-section-height-default\" data-id=\"15761c7\" data-element_type=\"section\" data-settings=\"{&quot;background_background&quot;:&quot;classic&quot;}\">\n\t\t\t\t\t\t<div class=\"elementor-container elementor-column-gap-default\">\n\t\t\t\t\t<div class=\"elementor-column elementor-col-100 elementor-top-column elementor-element elementor-element-0585663\" data-id=\"0585663\" data-element_type=\"column\">\n\t\t\t<div class=\"elementor-widget-wrap elementor-element-populated\">\n\t\t\t\t\t\t\t\t<div class=\"elementor-element elementor-element-8710cd2 elementor-widget elementor-widget-text-editor\" data-id=\"8710cd2\" data-element_type=\"widget\" data-widget_type=\"text-editor.default\">\n\t\t\t\t<div class=\"elementor-widget-container\">\n\t\t\t\t\t\t\t<p class=\"p1\"><span class=\"s1\">\u201cMi experiencia en El Abra fue muy buena ya que pude aplicar todo lo que aprend\u00ed en el colegio Don Bosco. Gracias por esta oportunidad que El Abra brinda a alumnos en pr\u00e1ctica como yo, gracias a las personas que me ense\u00f1aron y tuvieron toda la disposici\u00f3n para ayudarme en este proceso. Quiero seguir estudiando. Mi proyecto a futuro es terminar mi carrera, poder dedicarme a la miner\u00eda y ganar experiencia como esta que me sirvi\u00f3 demasiado\u201d.<span class=\"Apple-converted-space\">\u00a0<\/span><\/span><\/p><p class=\"p1\"><span class=\"s1\"><b>Danitza Ib\u00e1\u00f1ez,<span class=\"Apple-converted-space\">\u00a0<\/span><\/b><\/span><span class=\"s1\">egresada del Don Bosco en 2019 con la especialidad de explotaci\u00f3n minera.<\/span><\/p>\t\t\t\t\t\t<\/div>\n\t\t\t\t<\/div>\n\t\t\t\t\t<\/div>\n\t\t<\/div>\n\t\t\t\t\t\t\t<\/div>\n\t\t<\/section>\n\t\t\t\t<section class=\"elementor-section elementor-top-section elementor-element elementor-element-f06987c elementor-section-boxed elementor-section-height-default elementor-section-height-default\" data-id=\"f06987c\" data-element_type=\"section\">\n\t\t\t\t\t\t<div class=\"elementor-container elementor-column-gap-default\">\n\t\t\t\t\t<div class=\"elementor-column elementor-col-100 elementor-top-column elementor-element elementor-element-ed389a0\" data-id=\"ed389a0\" data-element_type=\"column\">\n\t\t\t<div class=\"elementor-widget-wrap elementor-element-populated\">\n\t\t\t\t\t\t\t\t<div class=\"elementor-element elementor-element-8dd2852 elementor-widget elementor-widget-text-editor\" data-id=\"8dd2852\" data-element_type=\"widget\" data-widget_type=\"text-editor.default\">\n\t\t\t\t<div class=\"elementor-widget-container\">\n\t\t\t\t\t\t\t<p><img loading=\"lazy\" decoding=\"async\" class=\"alignnone size-full wp-image-99\" src=\"http:\/\/elabra.cl\/informegestion2021\/wp-content\/uploads\/2022\/04\/04.gif\" alt=\"\" width=\"60\" height=\"60\" srcset=\"https:\/\/www.elabra.cl\/informegestion2021\/wp-content\/uploads\/2022\/04\/04.gif 60w, https:\/\/www.elabra.cl\/informegestion2021\/wp-content\/uploads\/2022\/04\/04-50x50.gif 50w\" sizes=\"auto, (max-width: 60px) 100vw, 60px\" \/><img loading=\"lazy\" decoding=\"async\" class=\"alignnone size-full wp-image-103\" src=\"http:\/\/elabra.cl\/informegestion2021\/wp-content\/uploads\/2022\/04\/08.gif\" alt=\"\" width=\"60\" height=\"60\" srcset=\"https:\/\/www.elabra.cl\/informegestion2021\/wp-content\/uploads\/2022\/04\/08.gif 60w, https:\/\/www.elabra.cl\/informegestion2021\/wp-content\/uploads\/2022\/04\/08-50x50.gif 50w\" sizes=\"auto, (max-width: 60px) 100vw, 60px\" \/><img loading=\"lazy\" decoding=\"async\" class=\"alignnone size-full wp-image-104\" src=\"http:\/\/elabra.cl\/informegestion2021\/wp-content\/uploads\/2022\/04\/09.gif\" alt=\"\" width=\"60\" height=\"60\" srcset=\"https:\/\/www.elabra.cl\/informegestion2021\/wp-content\/uploads\/2022\/04\/09.gif 60w, https:\/\/www.elabra.cl\/informegestion2021\/wp-content\/uploads\/2022\/04\/09-50x50.gif 50w\" sizes=\"auto, (max-width: 60px) 100vw, 60px\" \/><img loading=\"lazy\" decoding=\"async\" class=\"alignnone size-full wp-image-105\" src=\"http:\/\/elabra.cl\/informegestion2021\/wp-content\/uploads\/2022\/04\/10.gif\" alt=\"\" width=\"60\" height=\"60\" srcset=\"https:\/\/www.elabra.cl\/informegestion2021\/wp-content\/uploads\/2022\/04\/10.gif 60w, https:\/\/www.elabra.cl\/informegestion2021\/wp-content\/uploads\/2022\/04\/10-50x50.gif 50w\" sizes=\"auto, (max-width: 60px) 100vw, 60px\" \/><img loading=\"lazy\" decoding=\"async\" class=\"alignnone size-full wp-image-106\" src=\"http:\/\/elabra.cl\/informegestion2021\/wp-content\/uploads\/2022\/04\/11.gif\" alt=\"\" width=\"60\" height=\"60\" srcset=\"https:\/\/www.elabra.cl\/informegestion2021\/wp-content\/uploads\/2022\/04\/11.gif 60w, https:\/\/www.elabra.cl\/informegestion2021\/wp-content\/uploads\/2022\/04\/11-50x50.gif 50w\" sizes=\"auto, (max-width: 60px) 100vw, 60px\" \/><\/p>\t\t\t\t\t\t<\/div>\n\t\t\t\t<\/div>\n\t\t\t\t\t<\/div>\n\t\t<\/div>\n\t\t\t\t\t\t\t<\/div>\n\t\t<\/section>\n\t\t\t\t<section class=\"elementor-section elementor-top-section elementor-element elementor-element-7c095af elementor-section-boxed elementor-section-height-default elementor-section-height-default\" data-id=\"7c095af\" data-element_type=\"section\">\n\t\t\t\t\t\t<div class=\"elementor-container elementor-column-gap-default\">\n\t\t\t\t\t<div class=\"elementor-column elementor-col-100 elementor-top-column elementor-element elementor-element-a48db70\" data-id=\"a48db70\" data-element_type=\"column\">\n\t\t\t<div class=\"elementor-widget-wrap elementor-element-populated\">\n\t\t\t\t\t\t\t\t<div class=\"elementor-element elementor-element-2cd29fe elementor-widget elementor-widget-image\" data-id=\"2cd29fe\" data-element_type=\"widget\" data-widget_type=\"image.default\">\n\t\t\t\t<div class=\"elementor-widget-container\">\n\t\t\t\t\t\t\t\t\t\t\t\t\t\t\t<img loading=\"lazy\" decoding=\"async\" width=\"620\" height=\"264\" src=\"https:\/\/www.elabra.cl\/informegestion2021\/wp-content\/uploads\/2022\/05\/2d9.jpg\" class=\"attachment-large size-large\" alt=\"\" srcset=\"https:\/\/www.elabra.cl\/informegestion2021\/wp-content\/uploads\/2022\/05\/2d9.jpg 704w, https:\/\/www.elabra.cl\/informegestion2021\/wp-content\/uploads\/2022\/05\/2d9-300x128.jpg 300w, https:\/\/www.elabra.cl\/informegestion2021\/wp-content\/uploads\/2022\/05\/2d9-500x213.jpg 500w\" sizes=\"auto, (max-width: 620px) 100vw, 620px\" \/>\t\t\t\t\t\t\t\t\t\t\t\t\t\t\t<\/div>\n\t\t\t\t<\/div>\n\t\t\t\t\t<\/div>\n\t\t<\/div>\n\t\t\t\t\t\t\t<\/div>\n\t\t<\/section>\n\t\t\t\t<section class=\"elementor-section elementor-top-section elementor-element elementor-element-f125b3b elementor-section-boxed elementor-section-height-default elementor-section-height-default\" data-id=\"f125b3b\" data-element_type=\"section\">\n\t\t\t\t\t\t<div class=\"elementor-container elementor-column-gap-default\">\n\t\t\t\t\t<div class=\"elementor-column elementor-col-100 elementor-top-column elementor-element elementor-element-232b321\" data-id=\"232b321\" data-element_type=\"column\">\n\t\t\t<div class=\"elementor-widget-wrap elementor-element-populated\">\n\t\t\t\t\t\t\t\t<div class=\"elementor-element elementor-element-7e8b935 elementor-widget elementor-widget-heading\" data-id=\"7e8b935\" data-element_type=\"widget\" data-widget_type=\"heading.default\">\n\t\t\t\t<div class=\"elementor-widget-container\">\n\t\t\t<h2 class=\"elementor-heading-title elementor-size-default\">Programa Techo Quetena<\/h2>\t\t<\/div>\n\t\t\t\t<\/div>\n\t\t\t\t<div class=\"elementor-element elementor-element-a79b0df elementor-widget elementor-widget-text-editor\" data-id=\"a79b0df\" data-element_type=\"widget\" data-widget_type=\"text-editor.default\">\n\t\t\t\t<div class=\"elementor-widget-container\">\n\t\t\t\t\t\t\t<p class=\"p1\"><span class=\"s1\">Con el apoyo de Techo Chile, durante 2021 nuestra compa\u00f1\u00eda concret\u00f3 la instalaci\u00f3n de dos estanques de agua, 36 luminarias solares y la implementaci\u00f3n de un comedor solidario para los vecinos y vecinas de la Comunidad Ecol\u00f3gica de Quetena, ubicado en el sector poniente de Calama.<\/span><\/p><p class=\"p1\"><span class=\"s1\">Esta iniciativa surge a ra\u00edz del proyecto impulsado por El Abra llamado \u201cAgua y luz para el barrio\u201d, cuyo objetivo es mejorar la habitabilidad m\u00ednima de m\u00e1s de 72 familias del sector, en especial durante la emergencia sanitaria de COVID-19.<\/span><\/p><p class=\"p1\"><span class=\"s1\">La intervenci\u00f3n social, que benefici\u00f3 a m\u00e1s de 250 personas, implic\u00f3 el trabajo conjunto de voluntarios y profesionales de Techo y la comunidad, al alero de la alianza entre nuestra compa\u00f1\u00eda y Techo, que data del 2018 y que ha permitido contribuir al desarrollo local de las comunidades y potenciar la autogesti\u00f3n a trav\u00e9s de iniciativas sustentables.<\/span><\/p><p><img loading=\"lazy\" decoding=\"async\" class=\"alignnone size-full wp-image-96\" src=\"http:\/\/elabra.cl\/informegestion2021\/wp-content\/uploads\/2022\/04\/01.gif\" alt=\"\" width=\"60\" height=\"60\" srcset=\"https:\/\/www.elabra.cl\/informegestion2021\/wp-content\/uploads\/2022\/04\/01.gif 60w, https:\/\/www.elabra.cl\/informegestion2021\/wp-content\/uploads\/2022\/04\/01-50x50.gif 50w\" sizes=\"auto, (max-width: 60px) 100vw, 60px\" \/><img loading=\"lazy\" decoding=\"async\" class=\"alignnone size-full wp-image-105\" src=\"http:\/\/elabra.cl\/informegestion2021\/wp-content\/uploads\/2022\/04\/10.gif\" alt=\"\" width=\"60\" height=\"60\" srcset=\"https:\/\/www.elabra.cl\/informegestion2021\/wp-content\/uploads\/2022\/04\/10.gif 60w, https:\/\/www.elabra.cl\/informegestion2021\/wp-content\/uploads\/2022\/04\/10-50x50.gif 50w\" sizes=\"auto, (max-width: 60px) 100vw, 60px\" \/><img loading=\"lazy\" decoding=\"async\" class=\"alignnone size-full wp-image-106\" src=\"http:\/\/elabra.cl\/informegestion2021\/wp-content\/uploads\/2022\/04\/11.gif\" alt=\"\" width=\"60\" height=\"60\" srcset=\"https:\/\/www.elabra.cl\/informegestion2021\/wp-content\/uploads\/2022\/04\/11.gif 60w, https:\/\/www.elabra.cl\/informegestion2021\/wp-content\/uploads\/2022\/04\/11-50x50.gif 50w\" sizes=\"auto, (max-width: 60px) 100vw, 60px\" \/><\/p>\t\t\t\t\t\t<\/div>\n\t\t\t\t<\/div>\n\t\t\t\t\t<\/div>\n\t\t<\/div>\n\t\t\t\t\t\t\t<\/div>\n\t\t<\/section>\n\t\t\t\t<section class=\"elementor-section elementor-top-section elementor-element elementor-element-0d1e43a elementor-section-boxed elementor-section-height-default elementor-section-height-default\" data-id=\"0d1e43a\" data-element_type=\"section\">\n\t\t\t\t\t\t<div class=\"elementor-container elementor-column-gap-default\">\n\t\t\t\t\t<div class=\"elementor-column elementor-col-100 elementor-top-column elementor-element elementor-element-622f6c3\" data-id=\"622f6c3\" data-element_type=\"column\">\n\t\t\t<div class=\"elementor-widget-wrap elementor-element-populated\">\n\t\t\t\t\t\t\t\t<div class=\"elementor-element elementor-element-cccdd34 elementor-widget elementor-widget-image\" data-id=\"cccdd34\" data-element_type=\"widget\" data-widget_type=\"image.default\">\n\t\t\t\t<div class=\"elementor-widget-container\">\n\t\t\t\t\t\t\t\t\t\t\t\t\t\t\t<img loading=\"lazy\" decoding=\"async\" width=\"620\" height=\"264\" src=\"https:\/\/www.elabra.cl\/informegestion2021\/wp-content\/uploads\/2022\/05\/2d10.jpg\" class=\"attachment-large size-large\" alt=\"\" srcset=\"https:\/\/www.elabra.cl\/informegestion2021\/wp-content\/uploads\/2022\/05\/2d10.jpg 704w, https:\/\/www.elabra.cl\/informegestion2021\/wp-content\/uploads\/2022\/05\/2d10-300x128.jpg 300w, https:\/\/www.elabra.cl\/informegestion2021\/wp-content\/uploads\/2022\/05\/2d10-500x213.jpg 500w\" sizes=\"auto, (max-width: 620px) 100vw, 620px\" \/>\t\t\t\t\t\t\t\t\t\t\t\t\t\t\t<\/div>\n\t\t\t\t<\/div>\n\t\t\t\t\t<\/div>\n\t\t<\/div>\n\t\t\t\t\t\t\t<\/div>\n\t\t<\/section>\n\t\t\t\t<section class=\"elementor-section elementor-top-section elementor-element elementor-element-1ff1b39 elementor-section-boxed elementor-section-height-default elementor-section-height-default\" data-id=\"1ff1b39\" data-element_type=\"section\">\n\t\t\t\t\t\t<div class=\"elementor-container elementor-column-gap-default\">\n\t\t\t\t\t<div class=\"elementor-column elementor-col-100 elementor-top-column elementor-element elementor-element-f97af89\" data-id=\"f97af89\" data-element_type=\"column\">\n\t\t\t<div class=\"elementor-widget-wrap elementor-element-populated\">\n\t\t\t\t\t\t\t\t<div class=\"elementor-element elementor-element-5dc9d57 elementor-widget elementor-widget-heading\" data-id=\"5dc9d57\" data-element_type=\"widget\" data-widget_type=\"heading.default\">\n\t\t\t\t<div class=\"elementor-widget-container\">\n\t\t\t<h2 class=\"elementor-heading-title elementor-size-default\">F\u00fatbol M\u00e1s<\/h2>\t\t<\/div>\n\t\t\t\t<\/div>\n\t\t\t\t<div class=\"elementor-element elementor-element-78ee85b elementor-widget elementor-widget-text-editor\" data-id=\"78ee85b\" data-element_type=\"widget\" data-widget_type=\"text-editor.default\">\n\t\t\t\t<div class=\"elementor-widget-container\">\n\t\t\t\t\t\t\t<p class=\"p1\"><span class=\"s1\">Desde hace ocho a\u00f1os, la Fundaci\u00f3n F\u00fatbol M\u00e1s, apoyada por El Abra, ha utilizado el f\u00fatbol y otros deportes como herramienta para el desarrollo de habilidades para la vida de ni\u00f1os, ni\u00f1as y j\u00f3venes, junto con promover la cohesi\u00f3n social de los barrios en familias con altos \u00edndices de vulnerabilidad de Calama, Chiu Chiu y Tocopilla.<\/span><\/p><p class=\"p1\"><span class=\"s1\">En noviembre de 2021 y bajo el lema \u201cLa felicidad tambi\u00e9n se entrena\u201d, culmin\u00f3 el trabajo de cinco a\u00f1os de la Fundaci\u00f3n en Calama y Alto El Loa. El cierre convoc\u00f3 a m\u00e1s de 60 personas que participaron de la entrega de diplomas y distinciones.<span class=\"Apple-converted-space\">\u00a0<\/span><\/span><\/p><p class=\"p1\"><span class=\"s1\">Dentro de las actividades que se realizaron en 2021, destac\u00f3 el ritual de \u201cchallamiento\u201d en la comunidad de Chiu Chiu, un rito del Alto Loa que entrega una se\u00f1al de buenas intenciones, agradecimiento y reciprocidad a la Madre Tierra para el bienestar de la naturaleza y las personas.<\/span><\/p><p class=\"p1\"><span class=\"s1\">Esta actividad tuvo lugar en el marco de entrega de vestimenta deportiva a ni\u00f1os y ni\u00f1as para la pr\u00e1ctica de actividad f\u00edsica y recreaci\u00f3n. Durante el rito, donde participaron 40 personas, se aplic\u00f3 humo de incienso por toda la indumentaria deportiva, se esparci\u00f3 hoja de coca para significar el contacto con la Madre Tierra, y se lanz\u00f3 challa, que representa la alegr\u00eda y \u00e1nimo festivo que deben estar presentes en cada momento.<\/span><\/p><p class=\"p1\"><span class=\"s1\">La Fundaci\u00f3n lleg\u00f3 a m\u00e1s de 300 ni\u00f1os, ni\u00f1as y adolescentes de barrios expuestos a vulnerabilidad social, promoviendo la resiliencia y utilizando el juego y el deporte como herramienta de cambio social.<\/span><\/p><p><img loading=\"lazy\" decoding=\"async\" class=\"alignnone size-full wp-image-98\" src=\"http:\/\/elabra.cl\/informegestion2021\/wp-content\/uploads\/2022\/04\/03.gif\" alt=\"\" width=\"60\" height=\"60\" srcset=\"https:\/\/www.elabra.cl\/informegestion2021\/wp-content\/uploads\/2022\/04\/03.gif 60w, https:\/\/www.elabra.cl\/informegestion2021\/wp-content\/uploads\/2022\/04\/03-50x50.gif 50w\" sizes=\"auto, (max-width: 60px) 100vw, 60px\" \/><img loading=\"lazy\" decoding=\"async\" class=\"alignnone size-full wp-image-106\" src=\"http:\/\/elabra.cl\/informegestion2021\/wp-content\/uploads\/2022\/04\/11.gif\" alt=\"\" width=\"60\" height=\"60\" srcset=\"https:\/\/www.elabra.cl\/informegestion2021\/wp-content\/uploads\/2022\/04\/11.gif 60w, https:\/\/www.elabra.cl\/informegestion2021\/wp-content\/uploads\/2022\/04\/11-50x50.gif 50w\" sizes=\"auto, (max-width: 60px) 100vw, 60px\" \/><\/p>\t\t\t\t\t\t<\/div>\n\t\t\t\t<\/div>\n\t\t\t\t\t<\/div>\n\t\t<\/div>\n\t\t\t\t\t\t\t<\/div>\n\t\t<\/section>\n\t\t\t\t<section class=\"elementor-section elementor-top-section elementor-element elementor-element-1308981 elementor-section-boxed elementor-section-height-default elementor-section-height-default\" data-id=\"1308981\" data-element_type=\"section\">\n\t\t\t\t\t\t<div class=\"elementor-container elementor-column-gap-default\">\n\t\t\t\t\t<div class=\"elementor-column elementor-col-100 elementor-top-column elementor-element elementor-element-30bce59\" data-id=\"30bce59\" data-element_type=\"column\">\n\t\t\t<div class=\"elementor-widget-wrap elementor-element-populated\">\n\t\t\t\t\t\t\t\t<div class=\"elementor-element elementor-element-63241a8 elementor-widget elementor-widget-image\" data-id=\"63241a8\" data-element_type=\"widget\" data-widget_type=\"image.default\">\n\t\t\t\t<div class=\"elementor-widget-container\">\n\t\t\t\t\t\t\t\t\t\t\t\t\t\t\t<img loading=\"lazy\" decoding=\"async\" width=\"620\" height=\"264\" src=\"https:\/\/www.elabra.cl\/informegestion2021\/wp-content\/uploads\/2022\/05\/2d11.jpg\" class=\"attachment-large size-large\" alt=\"\" srcset=\"https:\/\/www.elabra.cl\/informegestion2021\/wp-content\/uploads\/2022\/05\/2d11.jpg 704w, https:\/\/www.elabra.cl\/informegestion2021\/wp-content\/uploads\/2022\/05\/2d11-300x128.jpg 300w, https:\/\/www.elabra.cl\/informegestion2021\/wp-content\/uploads\/2022\/05\/2d11-500x213.jpg 500w\" sizes=\"auto, (max-width: 620px) 100vw, 620px\" \/>\t\t\t\t\t\t\t\t\t\t\t\t\t\t\t<\/div>\n\t\t\t\t<\/div>\n\t\t\t\t\t<\/div>\n\t\t<\/div>\n\t\t\t\t\t\t\t<\/div>\n\t\t<\/section>\n\t\t\t\t<section class=\"elementor-section elementor-top-section elementor-element elementor-element-597ffb0 elementor-section-boxed elementor-section-height-default elementor-section-height-default\" data-id=\"597ffb0\" data-element_type=\"section\">\n\t\t\t\t\t\t<div class=\"elementor-container elementor-column-gap-default\">\n\t\t\t\t\t<div class=\"elementor-column elementor-col-100 elementor-top-column elementor-element elementor-element-e5dc263\" data-id=\"e5dc263\" data-element_type=\"column\">\n\t\t\t<div class=\"elementor-widget-wrap elementor-element-populated\">\n\t\t\t\t\t\t\t\t<div class=\"elementor-element elementor-element-9637e05 elementor-widget elementor-widget-heading\" data-id=\"9637e05\" data-element_type=\"widget\" data-widget_type=\"heading.default\">\n\t\t\t\t<div class=\"elementor-widget-container\">\n\t\t\t<h2 class=\"elementor-heading-title elementor-size-default\">Programa de Desarrollo Sustentable del Borde Costero de Tocopilla<\/h2>\t\t<\/div>\n\t\t\t\t<\/div>\n\t\t\t\t<div class=\"elementor-element elementor-element-e425bb2 elementor-widget elementor-widget-text-editor\" data-id=\"e425bb2\" data-element_type=\"widget\" data-widget_type=\"text-editor.default\">\n\t\t\t\t<div class=\"elementor-widget-container\">\n\t\t\t\t\t\t\t<p class=\"p1\"><span class=\"s1\">Por tercer a\u00f1o consecutivo y con el apoyo de la Corporaci\u00f3n de Desarrollo de la Provincia de El Loa (Proloa) y la alianza estrat\u00e9gica con 15 sindicatos de esta \u00e1rea, se llev\u00f3 a cabo el Programa de Desarrollo Sustentable para Organizaciones Gremiales del Borde Costero de Tocopilla, edici\u00f3n 2021-2022.<\/span><\/p><p class=\"p1\"><span class=\"s1\">Esta iniciativa se realiza con el objetivo de contribuir al desarrollo y diversificaci\u00f3n de los distintos actores que realizan actividades productivas en el territorio (pescadores, recolectores de orilla, buzos mariscadores, algueros, entre otros), a trav\u00e9s del financiamiento de iniciativas que refuercen su vocaci\u00f3n y la explotaci\u00f3n sustentable de los recursos del mar.<span class=\"Apple-converted-space\">\u00a0<\/span><\/span><\/p><p class=\"p1\"><span class=\"s1\">En esta oportunidad, cada uno de los proyectos contempla asesor\u00edas y acompa\u00f1amiento, adem\u00e1s de un fondo de $12.500.000 por proyecto. Los ejes de trabajo incluyen componentes ambientales, de reforestaci\u00f3n marina, cultivo de especies de valor comercial, mejora en los est\u00e1ndares sanitarios de los productos del mar o pasant\u00edas y estudios para mejorar las competencias de los actores y organizaciones participantes, entre otros.<\/span><\/p><p class=\"p1\"><span class=\"s1\">Debido a las dificultades generadas por el COVID-19 en 2020, algunas de las actividades del programa debieron ser retrasadas y se retomaron progresivamente durante 2021, gracias al esfuerzo colectivo y la colaboraci\u00f3n de los distintos sindicatos de pescadores, buzos mariscadores, recolectores de orilla de Tocopilla y organizaciones afines.<\/span><\/p>\t\t\t\t\t\t<\/div>\n\t\t\t\t<\/div>\n\t\t\t\t\t<\/div>\n\t\t<\/div>\n\t\t\t\t\t\t\t<\/div>\n\t\t<\/section>\n\t\t\t\t<section class=\"elementor-section elementor-top-section elementor-element elementor-element-c254a7d elementor-section-boxed elementor-section-height-default elementor-section-height-default\" data-id=\"c254a7d\" data-element_type=\"section\" data-settings=\"{&quot;background_background&quot;:&quot;classic&quot;}\">\n\t\t\t\t\t\t<div class=\"elementor-container elementor-column-gap-default\">\n\t\t\t\t\t<div class=\"elementor-column elementor-col-100 elementor-top-column elementor-element elementor-element-5759498\" data-id=\"5759498\" data-element_type=\"column\">\n\t\t\t<div class=\"elementor-widget-wrap elementor-element-populated\">\n\t\t\t\t\t\t\t\t<div class=\"elementor-element elementor-element-0314152 elementor-widget elementor-widget-text-editor\" data-id=\"0314152\" data-element_type=\"widget\" data-widget_type=\"text-editor.default\">\n\t\t\t\t<div class=\"elementor-widget-container\">\n\t\t\t\t\t\t\t<p class=\"p1\"><span class=\"s1\">\u201cEs importante desarrollar estas iniciativas que van directamente en beneficio de nuestra gente. El apoyo constante de El Abra y Proloa implic\u00f3 crear proyectos de alto impacto que benefician la calidad de vida de las personas y, m\u00e1s a\u00fan, mejorar las condiciones territoriales de nuestro sector\u201d.<span class=\"Apple-converted-space\">\u00a0<\/span><\/span><\/p><p class=\"p1\"><span class=\"s1\"><b>Patricia P\u00e1ez,<span class=\"Apple-converted-space\">\u00a0<\/span><\/b><\/span><span class=\"s1\">Presidenta del Sindicato Punta Paquica.<\/span><\/p>\t\t\t\t\t\t<\/div>\n\t\t\t\t<\/div>\n\t\t\t\t\t<\/div>\n\t\t<\/div>\n\t\t\t\t\t\t\t<\/div>\n\t\t<\/section>\n\t\t\t\t<section class=\"elementor-section elementor-top-section elementor-element elementor-element-86d27a9 elementor-section-boxed elementor-section-height-default elementor-section-height-default\" data-id=\"86d27a9\" data-element_type=\"section\">\n\t\t\t\t\t\t<div class=\"elementor-container elementor-column-gap-default\">\n\t\t\t\t\t<div class=\"elementor-column elementor-col-100 elementor-top-column elementor-element elementor-element-75c3a77\" data-id=\"75c3a77\" data-element_type=\"column\">\n\t\t\t<div class=\"elementor-widget-wrap elementor-element-populated\">\n\t\t\t\t\t\t\t\t<div class=\"elementor-element elementor-element-411e8cd elementor-widget elementor-widget-text-editor\" data-id=\"411e8cd\" data-element_type=\"widget\" data-widget_type=\"text-editor.default\">\n\t\t\t\t<div class=\"elementor-widget-container\">\n\t\t\t\t\t\t\t<p class=\"p1\"><span class=\"s1\">Los proyectos adjudicados en 2020 y que concluyeron su implementaci\u00f3n en 2021 fueron:<\/span><\/p><ul><li><span class=\"s3\"><b>Sindicato Cofimar:<\/b><\/span><span class=\"s1\"> sala para capacitaci\u00f3n y actividades sociales junto a implementaci\u00f3n de computadores, impresora y mobiliario.<\/span><\/li><li><span class=\"s3\"><b>Sindicato Buzomar:<\/b><\/span><span class=\"s1\"> adquisici\u00f3n de veh\u00edculo con frigor\u00edfico para comercializaci\u00f3n y traslado de productos marinos.<\/span><\/li><li><span class=\"s3\"><b>Sindicato Caleta Los Patos:<\/b><\/span><span class=\"s1\"> veh\u00edculo de carga para traslado de huiro, permitiendo mejorar la carga y aumentar su productividad.<span class=\"Apple-converted-space\">\u00a0<\/span><\/span><\/li><li><span class=\"s3\"><b>Sindicato Caleta Huach\u00e1n:<\/b><\/span><span class=\"s1\"> equipamiento para sala de capacitaci\u00f3n (instalaci\u00f3n el\u00e9ctrica, generador e implementaci\u00f3n de ba\u00f1os, cocina y terminaciones de fachada).<\/span><\/li><li><span class=\"s3\"><b>Sindicato Caleta Cobija:<\/b><\/span><span class=\"s1\"> implementaci\u00f3n de una sala para capacitaci\u00f3n con equipamiento y sala de primeros auxilios.<span class=\"Apple-converted-space\">\u00a0<\/span><\/span><\/li><\/ul><p class=\"p1\"><span class=\"s1\">Los proyectos adjudicados e iniciados en 2021 y que se espera concluyan en 2022 son los siguientes:<\/span><\/p><ul><li><span class=\"s3\"><b>Sindicato Caleta Cobija: <\/b><\/span><span class=\"s1\">mejoramiento y continuidad de instalaciones de sala de capacitaci\u00f3n y de primeros auxilios.<\/span><\/li><li><span class=\"s3\"><b>Sindicato Caleta Buena:<\/b><\/span><span class=\"s1\"> relleno estructural de la explanada de acceso a Caleta Buena.<\/span><\/li><li><span class=\"s3\"><b>Sindicato Caleta Los Patos:<\/b><\/span><span class=\"s1\"> adquisici\u00f3n de cami\u00f3n acondicionado para venta de comida al paso.<\/span><\/li><li><span class=\"s3\"><b>Sindicato Caleta Ind\u00edgena:<\/b><\/span><span class=\"s1\"> compra de motos, dron y trajes de buzo para mejorar el cuidado del \u00e1rea de manejo.<\/span><\/li><li><span class=\"s3\"><b>Sindicato Caleta Punta Atala:<\/b><\/span><span class=\"s1\"> construcci\u00f3n de oficina, sala de reuni\u00f3n y aporte de capital para comprar materia prima.<\/span><\/li><li><span class=\"s3\"><b>Sindicato de trabajadores pescadores independientes: <\/b><\/span><span class=\"s1\">reparaci\u00f3n y mejora de sala de venta de pescados y mariscos.<\/span><\/li><li><span class=\"s3\"><b>Sindicato Sinbuymar:<\/b><\/span><span class=\"s1\"> adquisici\u00f3n de molino para huiro para mejorar proceso de extracci\u00f3n.<\/span><\/li><li><span class=\"s3\"><b>Sindicato Punta Paquica:<\/b><\/span><span class=\"s1\"> construcci\u00f3n y habilitaci\u00f3n de sala de capacitaci\u00f3n.<\/span><\/li><li><span class=\"s3\"><b>Sindicato Pezmaral: <\/b><\/span><span class=\"s1\">compra de terreno en Tocopilla para almacenamiento y distribuci\u00f3n de pescados y mariscos.<\/span><\/li><li><span class=\"s3\"><b>Sindicato Gentemar:<\/b><\/span><span class=\"s1\"> construcci\u00f3n de sala de venta en Tocopilla para comercializaci\u00f3n de aperos mar\u00edtimos.<span class=\"Apple-converted-space\">\u00a0<\/span><\/span><\/li><li><span class=\"s3\"><b>Sindicato Caleta Urco: <\/b><\/span><span class=\"s1\">construcci\u00f3n e implementaci\u00f3n de sala de capacitaci\u00f3n.<\/span><\/li><li><span class=\"s3\"><b>Sindicato Punta Arenas:<\/b><\/span><span class=\"s1\"> implementaci\u00f3n de sala de capacitaci\u00f3n en Caleta Punta Arenas.<\/span><\/li><li><span class=\"s3\"><b>Sindicato Buzomar: <\/b><\/span><span class=\"s1\">compra de terreno en Tocopilla para distribuci\u00f3n de pescados y mariscos.<\/span><\/li><li><span class=\"s3\"><b>Sindicato Huach\u00e1n:<\/b><\/span><span class=\"s1\"> adquisici\u00f3n de \u00e1rea de manejo para el control y cuidado de la biodiversidad.<\/span><\/li><\/ul><p>\u00a0<\/p><p><img loading=\"lazy\" decoding=\"async\" class=\"alignnone size-full wp-image-96\" src=\"http:\/\/elabra.cl\/informegestion2021\/wp-content\/uploads\/2022\/04\/01.gif\" alt=\"\" width=\"60\" height=\"60\" srcset=\"https:\/\/www.elabra.cl\/informegestion2021\/wp-content\/uploads\/2022\/04\/01.gif 60w, https:\/\/www.elabra.cl\/informegestion2021\/wp-content\/uploads\/2022\/04\/01-50x50.gif 50w\" sizes=\"auto, (max-width: 60px) 100vw, 60px\" \/><img loading=\"lazy\" decoding=\"async\" class=\"alignnone size-full wp-image-103\" src=\"http:\/\/elabra.cl\/informegestion2021\/wp-content\/uploads\/2022\/04\/08.gif\" alt=\"\" width=\"60\" height=\"60\" srcset=\"https:\/\/www.elabra.cl\/informegestion2021\/wp-content\/uploads\/2022\/04\/08.gif 60w, https:\/\/www.elabra.cl\/informegestion2021\/wp-content\/uploads\/2022\/04\/08-50x50.gif 50w\" sizes=\"auto, (max-width: 60px) 100vw, 60px\" \/><img loading=\"lazy\" decoding=\"async\" class=\"alignnone size-full wp-image-104\" src=\"http:\/\/elabra.cl\/informegestion2021\/wp-content\/uploads\/2022\/04\/09.gif\" alt=\"\" width=\"60\" height=\"60\" srcset=\"https:\/\/www.elabra.cl\/informegestion2021\/wp-content\/uploads\/2022\/04\/09.gif 60w, https:\/\/www.elabra.cl\/informegestion2021\/wp-content\/uploads\/2022\/04\/09-50x50.gif 50w\" sizes=\"auto, (max-width: 60px) 100vw, 60px\" \/><img loading=\"lazy\" decoding=\"async\" class=\"alignnone size-full wp-image-105\" src=\"http:\/\/elabra.cl\/informegestion2021\/wp-content\/uploads\/2022\/04\/10.gif\" alt=\"\" width=\"60\" height=\"60\" srcset=\"https:\/\/www.elabra.cl\/informegestion2021\/wp-content\/uploads\/2022\/04\/10.gif 60w, https:\/\/www.elabra.cl\/informegestion2021\/wp-content\/uploads\/2022\/04\/10-50x50.gif 50w\" sizes=\"auto, (max-width: 60px) 100vw, 60px\" \/><img loading=\"lazy\" decoding=\"async\" class=\"alignnone size-full wp-image-106\" src=\"http:\/\/elabra.cl\/informegestion2021\/wp-content\/uploads\/2022\/04\/11.gif\" alt=\"\" width=\"60\" height=\"60\" srcset=\"https:\/\/www.elabra.cl\/informegestion2021\/wp-content\/uploads\/2022\/04\/11.gif 60w, https:\/\/www.elabra.cl\/informegestion2021\/wp-content\/uploads\/2022\/04\/11-50x50.gif 50w\" sizes=\"auto, (max-width: 60px) 100vw, 60px\" \/><img loading=\"lazy\" decoding=\"async\" class=\"alignnone size-full wp-image-109\" src=\"http:\/\/elabra.cl\/informegestion2021\/wp-content\/uploads\/2022\/04\/14.gif\" alt=\"\" width=\"60\" height=\"60\" srcset=\"https:\/\/www.elabra.cl\/informegestion2021\/wp-content\/uploads\/2022\/04\/14.gif 60w, https:\/\/www.elabra.cl\/informegestion2021\/wp-content\/uploads\/2022\/04\/14-50x50.gif 50w\" sizes=\"auto, (max-width: 60px) 100vw, 60px\" \/><\/p>\t\t\t\t\t\t<\/div>\n\t\t\t\t<\/div>\n\t\t\t\t\t<\/div>\n\t\t<\/div>\n\t\t\t\t\t\t\t<\/div>\n\t\t<\/section>\n\t\t\t\t<section class=\"elementor-section elementor-top-section elementor-element elementor-element-7b271f6 elementor-section-boxed elementor-section-height-default elementor-section-height-default\" data-id=\"7b271f6\" data-element_type=\"section\">\n\t\t\t\t\t\t<div class=\"elementor-container elementor-column-gap-default\">\n\t\t\t\t\t<div class=\"elementor-column elementor-col-100 elementor-top-column elementor-element elementor-element-ddc184a\" data-id=\"ddc184a\" data-element_type=\"column\">\n\t\t\t<div class=\"elementor-widget-wrap elementor-element-populated\">\n\t\t\t\t\t\t\t\t<div class=\"elementor-element elementor-element-603b4e2 elementor-widget elementor-widget-spacer\" data-id=\"603b4e2\" data-element_type=\"widget\" data-widget_type=\"spacer.default\">\n\t\t\t\t<div class=\"elementor-widget-container\">\n\t\t\t\t\t<div class=\"elementor-spacer\">\n\t\t\t<div class=\"elementor-spacer-inner\"><\/div>\n\t\t<\/div>\n\t\t\t\t<\/div>\n\t\t\t\t<\/div>\n\t\t\t\t\t<\/div>\n\t\t<\/div>\n\t\t\t\t\t\t\t<\/div>\n\t\t<\/section>\n\t\t\t\t<section class=\"elementor-section elementor-top-section elementor-element elementor-element-007d8b3 elementor-section-boxed elementor-section-height-default elementor-section-height-default\" data-id=\"007d8b3\" data-element_type=\"section\">\n\t\t\t\t\t\t<div class=\"elementor-container elementor-column-gap-default\">\n\t\t\t\t\t<div class=\"elementor-column elementor-col-100 elementor-top-column elementor-element elementor-element-92554fd\" data-id=\"92554fd\" data-element_type=\"column\">\n\t\t\t<div class=\"elementor-widget-wrap elementor-element-populated\">\n\t\t\t\t\t\t\t\t<div class=\"elementor-element elementor-element-645055e elementor-widget elementor-widget-heading\" data-id=\"645055e\" data-element_type=\"widget\" data-widget_type=\"heading.default\">\n\t\t\t\t<div class=\"elementor-widget-container\">\n\t\t\t<h2 class=\"elementor-heading-title elementor-size-default\">Dise\u00f1o Escuela Chiu Chiu<\/h2>\t\t<\/div>\n\t\t\t\t<\/div>\n\t\t\t\t<div class=\"elementor-element elementor-element-22b163a elementor-widget elementor-widget-text-editor\" data-id=\"22b163a\" data-element_type=\"widget\" data-widget_type=\"text-editor.default\">\n\t\t\t\t<div class=\"elementor-widget-container\">\n\t\t\t\t\t\t\t<p class=\"p1\"><span class=\"s1\">El proyecto para el \u201cServicio de Dise\u00f1o Arquitect\u00f3nico Reposici\u00f3n Escuela G-52 San Francisco de Chiu Chiu\u201d responde a un esfuerzo conjunto de la Comunidad Ind\u00edgena, la Corporaci\u00f3n de Desarrollo Social de Calama (COMDES) y el apoyo de El Abra, para emplazar la Escuela en un nuevo espacio. El actual establecimiento tiene aproximadamente 100 estudiantes, carece de espacios de recreaci\u00f3n y de talleres dentro de la escuela, motivo por el cual no puede aumentar su matr\u00edcula e incorporar a m\u00e1s estudiantes.<\/span><\/p><p class=\"p1\"><span class=\"s1\">Tras el an\u00e1lisis inicial, las tres instituciones firmaron un acuerdo de colaboraci\u00f3n, cuyo objetivo es realizar el dise\u00f1o arquitect\u00f3nico de la Escuela de Chiu Chiu para desarrollar un nuevo establecimiento educacional para ni\u00f1os y ni\u00f1as de educaci\u00f3n b\u00e1sica, que posteriormente sea presentado por el municipio al Gobierno Regional y, finalmente, solicitar financiamiento para su construcci\u00f3n.<\/span><\/p><p class=\"p1\"><span class=\"s1\">A la fecha, se han ejecutado las dos primeras etapas, de un total de cinco: generaci\u00f3n del anteproyecto y tramitaciones ante el Consejo de Monumentos Nacionales y el Servicio Agr\u00edcola y Ganadero.<\/span><\/p><p><img loading=\"lazy\" decoding=\"async\" class=\"alignnone size-full wp-image-99\" src=\"http:\/\/elabra.cl\/informegestion2021\/wp-content\/uploads\/2022\/04\/04.gif\" alt=\"\" width=\"60\" height=\"60\" srcset=\"https:\/\/www.elabra.cl\/informegestion2021\/wp-content\/uploads\/2022\/04\/04.gif 60w, https:\/\/www.elabra.cl\/informegestion2021\/wp-content\/uploads\/2022\/04\/04-50x50.gif 50w\" sizes=\"auto, (max-width: 60px) 100vw, 60px\" \/><img loading=\"lazy\" decoding=\"async\" class=\"alignnone size-full wp-image-104\" src=\"http:\/\/elabra.cl\/informegestion2021\/wp-content\/uploads\/2022\/04\/09.gif\" alt=\"\" width=\"60\" height=\"60\" srcset=\"https:\/\/www.elabra.cl\/informegestion2021\/wp-content\/uploads\/2022\/04\/09.gif 60w, https:\/\/www.elabra.cl\/informegestion2021\/wp-content\/uploads\/2022\/04\/09-50x50.gif 50w\" sizes=\"auto, (max-width: 60px) 100vw, 60px\" \/><img loading=\"lazy\" decoding=\"async\" class=\"alignnone size-full wp-image-105\" src=\"http:\/\/elabra.cl\/informegestion2021\/wp-content\/uploads\/2022\/04\/10.gif\" alt=\"\" width=\"60\" height=\"60\" srcset=\"https:\/\/www.elabra.cl\/informegestion2021\/wp-content\/uploads\/2022\/04\/10.gif 60w, https:\/\/www.elabra.cl\/informegestion2021\/wp-content\/uploads\/2022\/04\/10-50x50.gif 50w\" sizes=\"auto, (max-width: 60px) 100vw, 60px\" \/><\/p>\t\t\t\t\t\t<\/div>\n\t\t\t\t<\/div>\n\t\t\t\t\t<\/div>\n\t\t<\/div>\n\t\t\t\t\t\t\t<\/div>\n\t\t<\/section>\n\t\t\t\t<section class=\"elementor-section elementor-top-section elementor-element elementor-element-bb0275d elementor-section-boxed elementor-section-height-default elementor-section-height-default\" data-id=\"bb0275d\" data-element_type=\"section\">\n\t\t\t\t\t\t<div class=\"elementor-container elementor-column-gap-default\">\n\t\t\t\t\t<div class=\"elementor-column elementor-col-100 elementor-top-column elementor-element elementor-element-00d8813\" data-id=\"00d8813\" data-element_type=\"column\">\n\t\t\t<div class=\"elementor-widget-wrap elementor-element-populated\">\n\t\t\t\t\t\t\t\t<div class=\"elementor-element elementor-element-0a58d76 elementor-widget elementor-widget-heading\" data-id=\"0a58d76\" data-element_type=\"widget\" data-widget_type=\"heading.default\">\n\t\t\t\t<div class=\"elementor-widget-container\">\n\t\t\t<h2 class=\"elementor-heading-title elementor-size-default\">Fundaci\u00f3n Anastasia<\/h2>\t\t<\/div>\n\t\t\t\t<\/div>\n\t\t\t\t<div class=\"elementor-element elementor-element-730a68f elementor-widget elementor-widget-text-editor\" data-id=\"730a68f\" data-element_type=\"widget\" data-widget_type=\"text-editor.default\">\n\t\t\t\t<div class=\"elementor-widget-container\">\n\t\t\t\t\t\t\t<p class=\"p1\"><span class=\"s1\">Con el objetivo de contribuir a trabajar por el cuidado y la tenencia responsable de mascotas, as\u00ed como de reducir el n\u00famero de perros callejeros en la ciudad de Calama, la compa\u00f1\u00eda inici\u00f3 un programa con Fundaci\u00f3n Anastasia, organizaci\u00f3n que se encarga de las labores de rescate, mantenci\u00f3n y reinserci\u00f3n animal, con el apoyo de la Corporaci\u00f3n de Desarrollo de la Provincia de El Loa, Proloa.<\/span><\/p><p class=\"p1\"><span class=\"s1\">El proyecto contempla la adquisici\u00f3n de un veh\u00edculo para el traslado de los animales al refugio; la concreci\u00f3n de tres seminarios <\/span><span class=\"s2\"><i>online<\/i><\/span><span class=\"s1\"> enfocados en la comunidad, y el mejoramiento de las instalaciones del canil de la Fundaci\u00f3n para reforzar su infraestructura y con ello contribuir al rol clave que tienen en Calama, de cuidado y atenciones a los perros sin due\u00f1o.<\/span><\/p><p><img loading=\"lazy\" decoding=\"async\" class=\"alignnone size-full wp-image-98\" src=\"http:\/\/elabra.cl\/informegestion2021\/wp-content\/uploads\/2022\/04\/03.gif\" alt=\"\" width=\"60\" height=\"60\" srcset=\"https:\/\/www.elabra.cl\/informegestion2021\/wp-content\/uploads\/2022\/04\/03.gif 60w, https:\/\/www.elabra.cl\/informegestion2021\/wp-content\/uploads\/2022\/04\/03-50x50.gif 50w\" sizes=\"auto, (max-width: 60px) 100vw, 60px\" \/><\/p>\t\t\t\t\t\t<\/div>\n\t\t\t\t<\/div>\n\t\t\t\t\t<\/div>\n\t\t<\/div>\n\t\t\t\t\t\t\t<\/div>\n\t\t<\/section>\n\t\t\t\t<section class=\"elementor-section elementor-top-section elementor-element elementor-element-6728f20 elementor-section-boxed elementor-section-height-default elementor-section-height-default\" data-id=\"6728f20\" data-element_type=\"section\">\n\t\t\t\t\t\t<div class=\"elementor-container elementor-column-gap-default\">\n\t\t\t\t\t<div class=\"elementor-column elementor-col-100 elementor-top-column elementor-element elementor-element-f22e430\" data-id=\"f22e430\" data-element_type=\"column\">\n\t\t\t<div class=\"elementor-widget-wrap elementor-element-populated\">\n\t\t\t\t\t\t\t\t<div class=\"elementor-element elementor-element-3329bd4 elementor-widget elementor-widget-heading\" data-id=\"3329bd4\" data-element_type=\"widget\" data-widget_type=\"heading.default\">\n\t\t\t\t<div class=\"elementor-widget-container\">\n\t\t\t<h2 class=\"elementor-heading-title elementor-size-default\">EcoParque Ascot\u00e1n<\/h2>\t\t<\/div>\n\t\t\t\t<\/div>\n\t\t\t\t<div class=\"elementor-element elementor-element-0dea559 elementor-widget elementor-widget-text-editor\" data-id=\"0dea559\" data-element_type=\"widget\" data-widget_type=\"text-editor.default\">\n\t\t\t\t<div class=\"elementor-widget-container\">\n\t\t\t\t\t\t\t<p class=\"p1\"><span class=\"s1\">En conjunto con Fundaci\u00f3n Mi Parque, instituci\u00f3n dedicada a mejorar la calidad de vida en barrios vulnerables a trav\u00e9s de un proceso participativo de dise\u00f1o, construcci\u00f3n y activaci\u00f3n de \u00e1reas verdes para el encuentro, nuestra compa\u00f1\u00eda decidi\u00f3 comenzar el desarrollo del proyecto EcoParque Ascot\u00e1n.<\/span><\/p><p class=\"p1\"><span class=\"s1\">Esta iniciativa busca identificar y articular claramente los intereses, necesidades y visiones de los miembros de la comunidad de Ascot\u00e1n, para as\u00ed proponer un proyecto viable y coherente con la realidad de la comunidad y la perspectiva de sus integrantes. En una primera instancia, se ha propuesto iniciar el v\u00ednculo comunitario identificando y levantando informaci\u00f3n proveniente de actores claves, con el fin de generar, desde la visi\u00f3n social y comunitaria, el diagn\u00f3stico requerido para la primera etapa del proceso de dise\u00f1o.<\/span><\/p><p><img loading=\"lazy\" decoding=\"async\" class=\"alignnone size-full wp-image-106\" src=\"http:\/\/elabra.cl\/informegestion2021\/wp-content\/uploads\/2022\/04\/11.gif\" alt=\"\" width=\"60\" height=\"60\" srcset=\"https:\/\/www.elabra.cl\/informegestion2021\/wp-content\/uploads\/2022\/04\/11.gif 60w, https:\/\/www.elabra.cl\/informegestion2021\/wp-content\/uploads\/2022\/04\/11-50x50.gif 50w\" sizes=\"auto, (max-width: 60px) 100vw, 60px\" \/><img loading=\"lazy\" decoding=\"async\" class=\"alignnone size-full wp-image-108\" src=\"http:\/\/elabra.cl\/informegestion2021\/wp-content\/uploads\/2022\/04\/13.gif\" alt=\"\" width=\"60\" height=\"60\" srcset=\"https:\/\/www.elabra.cl\/informegestion2021\/wp-content\/uploads\/2022\/04\/13.gif 60w, https:\/\/www.elabra.cl\/informegestion2021\/wp-content\/uploads\/2022\/04\/13-50x50.gif 50w\" sizes=\"auto, (max-width: 60px) 100vw, 60px\" \/><img loading=\"lazy\" decoding=\"async\" class=\"alignnone size-full wp-image-110\" src=\"http:\/\/elabra.cl\/informegestion2021\/wp-content\/uploads\/2022\/04\/15.gif\" alt=\"\" width=\"60\" height=\"60\" srcset=\"https:\/\/www.elabra.cl\/informegestion2021\/wp-content\/uploads\/2022\/04\/15.gif 60w, https:\/\/www.elabra.cl\/informegestion2021\/wp-content\/uploads\/2022\/04\/15-50x50.gif 50w\" sizes=\"auto, (max-width: 60px) 100vw, 60px\" \/><\/p>\t\t\t\t\t\t<\/div>\n\t\t\t\t<\/div>\n\t\t\t\t\t<\/div>\n\t\t<\/div>\n\t\t\t\t\t\t\t<\/div>\n\t\t<\/section>\n\t\t\t\t<section class=\"elementor-section elementor-top-section elementor-element elementor-element-2dbac75 elementor-section-boxed elementor-section-height-default elementor-section-height-default\" data-id=\"2dbac75\" data-element_type=\"section\">\n\t\t\t\t\t\t<div class=\"elementor-container elementor-column-gap-default\">\n\t\t\t\t\t<div class=\"elementor-column elementor-col-100 elementor-top-column elementor-element elementor-element-03977b6\" data-id=\"03977b6\" data-element_type=\"column\">\n\t\t\t<div class=\"elementor-widget-wrap elementor-element-populated\">\n\t\t\t\t\t\t\t\t<div class=\"elementor-element elementor-element-5679060 elementor-widget elementor-widget-heading\" data-id=\"5679060\" data-element_type=\"widget\" data-widget_type=\"heading.default\">\n\t\t\t\t<div class=\"elementor-widget-container\">\n\t\t\t<h2 class=\"elementor-heading-title elementor-size-default\">Mesa de Convergencia de la comuna de Ollag\u00fce <\/h2>\t\t<\/div>\n\t\t\t\t<\/div>\n\t\t\t\t<div class=\"elementor-element elementor-element-7231304 elementor-widget elementor-widget-text-editor\" data-id=\"7231304\" data-element_type=\"widget\" data-widget_type=\"text-editor.default\">\n\t\t\t\t<div class=\"elementor-widget-container\">\n\t\t\t\t\t\t\t<p class=\"p1\"><span class=\"s1\">Durante septiembre de 2021 y en el marco del programa Peque\u00f1as Localidades del Ministerio de Vivienda y Urbanismo (MINVU), nuestra compa\u00f1\u00eda particip\u00f3 de la segunda sesi\u00f3n de la Mesa de Convergencia para el desarrollo local de Ollag\u00fce, instancia liderada por el MINVU, el Municipio y la Fundaci\u00f3n Huella Local, esta \u00faltima, organizaci\u00f3n sin fines de lucro que articula alianzas p\u00fablico-privadas para el desarrollo de proyectos de infraestructura y equipamiento p\u00fablico de alto impacto social en el pa\u00eds.<\/span><\/p><p class=\"p1\"><span class=\"s1\">En la sesi\u00f3n se presentaron avances de la cartera de proyectos que se han desarrollado a partir del convenio, los cuales buscan cambiar la realidad en la que hoy viven m\u00e1s de 350 habitantes del territorio y sus alrededores. El Abra ha financiado los estudios de ingenier\u00eda para el desarrollo de una planta de abatimiento de ars\u00e9nico y un estudio para revisar el estado de la planta h\u00edbrida de energ\u00eda de la comunidad.<\/span><\/p><p class=\"p1\"><span class=\"s1\">Con relaci\u00f3n al primer proyecto, se finaliz\u00f3 el dise\u00f1o y formulaci\u00f3n, por lo que el municipio de Ollag\u00fce lo ha ingresado para solicitar financiamiento p\u00fablico, a objeto de apalancar fondos por m\u00e1s de $1.000 millones.<\/span><\/p><p><img loading=\"lazy\" decoding=\"async\" class=\"alignnone size-full wp-image-103\" src=\"http:\/\/elabra.cl\/informegestion2021\/wp-content\/uploads\/2022\/04\/08.gif\" alt=\"\" width=\"60\" height=\"60\" srcset=\"https:\/\/www.elabra.cl\/informegestion2021\/wp-content\/uploads\/2022\/04\/08.gif 60w, https:\/\/www.elabra.cl\/informegestion2021\/wp-content\/uploads\/2022\/04\/08-50x50.gif 50w\" sizes=\"auto, (max-width: 60px) 100vw, 60px\" \/><img loading=\"lazy\" decoding=\"async\" class=\"alignnone size-full wp-image-104\" src=\"http:\/\/elabra.cl\/informegestion2021\/wp-content\/uploads\/2022\/04\/09.gif\" alt=\"\" width=\"60\" height=\"60\" srcset=\"https:\/\/www.elabra.cl\/informegestion2021\/wp-content\/uploads\/2022\/04\/09.gif 60w, https:\/\/www.elabra.cl\/informegestion2021\/wp-content\/uploads\/2022\/04\/09-50x50.gif 50w\" sizes=\"auto, (max-width: 60px) 100vw, 60px\" \/><\/p>\t\t\t\t\t\t<\/div>\n\t\t\t\t<\/div>\n\t\t\t\t\t<\/div>\n\t\t<\/div>\n\t\t\t\t\t\t\t<\/div>\n\t\t<\/section>\n\t\t\t\t<section class=\"elementor-section elementor-top-section elementor-element elementor-element-46045f4 elementor-section-boxed elementor-section-height-default elementor-section-height-default\" data-id=\"46045f4\" data-element_type=\"section\">\n\t\t\t\t\t\t<div class=\"elementor-container elementor-column-gap-default\">\n\t\t\t\t\t<div class=\"elementor-column elementor-col-100 elementor-top-column elementor-element elementor-element-61e66c5\" data-id=\"61e66c5\" data-element_type=\"column\">\n\t\t\t<div class=\"elementor-widget-wrap elementor-element-populated\">\n\t\t\t\t\t\t\t\t<div class=\"elementor-element elementor-element-6a12da9 elementor-widget elementor-widget-image\" data-id=\"6a12da9\" data-element_type=\"widget\" data-widget_type=\"image.default\">\n\t\t\t\t<div class=\"elementor-widget-container\">\n\t\t\t\t\t\t\t\t\t\t\t\t\t\t\t<img loading=\"lazy\" decoding=\"async\" width=\"620\" height=\"264\" src=\"https:\/\/www.elabra.cl\/informegestion2021\/wp-content\/uploads\/2022\/05\/2d12.jpg\" class=\"attachment-large size-large\" alt=\"\" srcset=\"https:\/\/www.elabra.cl\/informegestion2021\/wp-content\/uploads\/2022\/05\/2d12.jpg 704w, https:\/\/www.elabra.cl\/informegestion2021\/wp-content\/uploads\/2022\/05\/2d12-300x128.jpg 300w, https:\/\/www.elabra.cl\/informegestion2021\/wp-content\/uploads\/2022\/05\/2d12-500x213.jpg 500w\" sizes=\"auto, (max-width: 620px) 100vw, 620px\" \/>\t\t\t\t\t\t\t\t\t\t\t\t\t\t\t<\/div>\n\t\t\t\t<\/div>\n\t\t\t\t\t<\/div>\n\t\t<\/div>\n\t\t\t\t\t\t\t<\/div>\n\t\t<\/section>\n\t\t\t\t<section class=\"elementor-section elementor-top-section elementor-element elementor-element-b41c32d elementor-section-boxed elementor-section-height-default elementor-section-height-default\" data-id=\"b41c32d\" data-element_type=\"section\">\n\t\t\t\t\t\t<div class=\"elementor-container elementor-column-gap-default\">\n\t\t\t\t\t<div class=\"elementor-column elementor-col-100 elementor-top-column elementor-element elementor-element-4f5944a\" data-id=\"4f5944a\" data-element_type=\"column\">\n\t\t\t<div class=\"elementor-widget-wrap elementor-element-populated\">\n\t\t\t\t\t\t\t\t<div class=\"elementor-element elementor-element-deb7064 elementor-widget elementor-widget-heading\" data-id=\"deb7064\" data-element_type=\"widget\" data-widget_type=\"heading.default\">\n\t\t\t\t<div class=\"elementor-widget-container\">\n\t\t\t<h2 class=\"elementor-heading-title elementor-size-default\">Educadores tradicionales<\/h2>\t\t<\/div>\n\t\t\t\t<\/div>\n\t\t\t\t<div class=\"elementor-element elementor-element-3beb555 elementor-widget elementor-widget-text-editor\" data-id=\"3beb555\" data-element_type=\"widget\" data-widget_type=\"text-editor.default\">\n\t\t\t\t<div class=\"elementor-widget-container\">\n\t\t\t\t\t\t\t<p class=\"p1\"><span class=\"s1\">El rol de educadores tradicionales contin\u00faa vigente y es clave tanto para las comunidades ind\u00edgenas como para el sistema educativo en general, debido a que conocen y participan de las tradiciones, lengua y costumbres de distintos pueblos originarios. Son ellas las personas responsables de transmitir este legado ancestral y cultural a sus estudiantes.<\/span><\/p><p class=\"p1\"><span class=\"s1\">En esa l\u00ednea, y como parte de su compromiso por aportar al desarrollo econ\u00f3mico, social y cultural de las comunidades, nuestra compa\u00f1\u00eda implement\u00f3, junto a la Fundaci\u00f3n Centro de Educaci\u00f3n y Capacitaci\u00f3n de la Universidad Cat\u00f3lica del Norte (CEDUC), el \u201cPrograma de Capacitaci\u00f3n Docente para Educadores Tradicionales\u201d, que permite a educadores y educadoras de Ollag\u00fce, San Pedro de Atacama, Alto El Loa, Calama y Quillagua, obtener el t\u00edtulo de T\u00e9cnico de Nivel Superior en Educaci\u00f3n General.<\/span><\/p><p class=\"p1\"><span class=\"s1\">El Programa, que tiene una duraci\u00f3n prevista de dos a\u00f1os y se espera culmine durante el 2022, ha capacitado a 30 docentes, dot\u00e1ndolos de las herramientas necesarias que les permita profesionalizar sus conocimientos y seguir cumpliendo un rol activo en la comunidad educativa.<\/span><\/p><p class=\"p1\">La capacitaci\u00f3n estuvo orientada a docentes de la asignatura de lengua y cultura de los pueblos originarios ancestrales y les permiti\u00f3 convalidar y reconocer sus aprendizajes previos. Parte de los conocimientos que adquirieron a trav\u00e9s de esta capacitaci\u00f3n fueron: herramientas colaborativas en aula, cultura de buen trato, convivencia escolar, autocuidado y prevenci\u00f3n, y herramientas para incorporar la inclusi\u00f3n y diversidad en su labor docente, incluyendo un taller de lengua de se\u00f1as.<span class=\"Apple-converted-space\">\u00a0<\/span><\/p>\t\t\t\t\t\t<\/div>\n\t\t\t\t<\/div>\n\t\t\t\t\t<\/div>\n\t\t<\/div>\n\t\t\t\t\t\t\t<\/div>\n\t\t<\/section>\n\t\t\t\t<section class=\"elementor-section elementor-top-section elementor-element elementor-element-1cc5194 elementor-section-boxed elementor-section-height-default elementor-section-height-default\" data-id=\"1cc5194\" data-element_type=\"section\" data-settings=\"{&quot;background_background&quot;:&quot;classic&quot;}\">\n\t\t\t\t\t\t<div class=\"elementor-container elementor-column-gap-default\">\n\t\t\t\t\t<div class=\"elementor-column elementor-col-100 elementor-top-column elementor-element elementor-element-96a1196\" data-id=\"96a1196\" data-element_type=\"column\">\n\t\t\t<div class=\"elementor-widget-wrap elementor-element-populated\">\n\t\t\t\t\t\t\t\t<div class=\"elementor-element elementor-element-656adbd elementor-widget elementor-widget-text-editor\" data-id=\"656adbd\" data-element_type=\"widget\" data-widget_type=\"text-editor.default\">\n\t\t\t\t<div class=\"elementor-widget-container\">\n\t\t\t\t\t\t\t<p class=\"p1\"><span class=\"s1\">\u201cEste programa nos ha entregado las herramientas pedag\u00f3gicas que nos faltaban para formar a nuestros alumnos, porque el conocimiento ancestral ya lo tenemos por nuestra propia vivencia de la cultura en nuestra infancia, de las tradiciones y de las costumbres, pero nuestra misi\u00f3n pedag\u00f3gica es revitalizar la lengua ancestral\u201d.<span class=\"Apple-converted-space\">\u00a0<\/span><\/span><\/p><p class=\"p1\"><span class=\"s1\"><b>Maribel Rodr\u00edguez<\/b>,<span class=\"Apple-converted-space\">\u00a0<\/span><\/span><span class=\"s1\">educadora tradicional de la lengua ind\u00edgena kunza en el colegio Don Bosco de Calama.<span class=\"Apple-converted-space\">\u00a0<\/span><\/span><\/p>\t\t\t\t\t\t<\/div>\n\t\t\t\t<\/div>\n\t\t\t\t\t<\/div>\n\t\t<\/div>\n\t\t\t\t\t\t\t<\/div>\n\t\t<\/section>\n\t\t\t\t<section class=\"elementor-section elementor-top-section elementor-element elementor-element-a00f455 elementor-section-boxed elementor-section-height-default elementor-section-height-default\" data-id=\"a00f455\" data-element_type=\"section\">\n\t\t\t\t\t\t<div class=\"elementor-container elementor-column-gap-default\">\n\t\t\t\t\t<div class=\"elementor-column elementor-col-100 elementor-top-column elementor-element elementor-element-262dadc\" data-id=\"262dadc\" data-element_type=\"column\">\n\t\t\t<div class=\"elementor-widget-wrap elementor-element-populated\">\n\t\t\t\t\t\t\t\t<div class=\"elementor-element elementor-element-2dfad1c elementor-widget elementor-widget-text-editor\" data-id=\"2dfad1c\" data-element_type=\"widget\" data-widget_type=\"text-editor.default\">\n\t\t\t\t<div class=\"elementor-widget-container\">\n\t\t\t\t\t\t\t<p><img loading=\"lazy\" decoding=\"async\" class=\"alignnone size-full wp-image-99\" src=\"http:\/\/elabra.cl\/informegestion2021\/wp-content\/uploads\/2022\/04\/04.gif\" alt=\"\" width=\"60\" height=\"60\" srcset=\"https:\/\/www.elabra.cl\/informegestion2021\/wp-content\/uploads\/2022\/04\/04.gif 60w, https:\/\/www.elabra.cl\/informegestion2021\/wp-content\/uploads\/2022\/04\/04-50x50.gif 50w\" sizes=\"auto, (max-width: 60px) 100vw, 60px\" \/><img loading=\"lazy\" decoding=\"async\" class=\"alignnone size-full wp-image-105\" src=\"http:\/\/elabra.cl\/informegestion2021\/wp-content\/uploads\/2022\/04\/10.gif\" alt=\"\" width=\"60\" height=\"60\" srcset=\"https:\/\/www.elabra.cl\/informegestion2021\/wp-content\/uploads\/2022\/04\/10.gif 60w, https:\/\/www.elabra.cl\/informegestion2021\/wp-content\/uploads\/2022\/04\/10-50x50.gif 50w\" sizes=\"auto, (max-width: 60px) 100vw, 60px\" \/><\/p>\t\t\t\t\t\t<\/div>\n\t\t\t\t<\/div>\n\t\t\t\t\t<\/div>\n\t\t<\/div>\n\t\t\t\t\t\t\t<\/div>\n\t\t<\/section>\n\t\t\t\t<section class=\"elementor-section elementor-top-section elementor-element elementor-element-f82c84b elementor-section-boxed elementor-section-height-default elementor-section-height-default\" data-id=\"f82c84b\" data-element_type=\"section\">\n\t\t\t\t\t\t<div class=\"elementor-container elementor-column-gap-default\">\n\t\t\t\t\t<div class=\"elementor-column elementor-col-100 elementor-top-column elementor-element elementor-element-eade79f\" data-id=\"eade79f\" data-element_type=\"column\">\n\t\t\t<div class=\"elementor-widget-wrap elementor-element-populated\">\n\t\t\t\t\t\t\t\t<div class=\"elementor-element elementor-element-213bf26 elementor-widget elementor-widget-image\" data-id=\"213bf26\" data-element_type=\"widget\" data-widget_type=\"image.default\">\n\t\t\t\t<div class=\"elementor-widget-container\">\n\t\t\t\t\t\t\t\t\t\t\t\t\t\t\t<img loading=\"lazy\" decoding=\"async\" width=\"620\" height=\"264\" src=\"https:\/\/www.elabra.cl\/informegestion2021\/wp-content\/uploads\/2022\/05\/2d13.jpg\" class=\"attachment-large size-large\" alt=\"\" srcset=\"https:\/\/www.elabra.cl\/informegestion2021\/wp-content\/uploads\/2022\/05\/2d13.jpg 704w, https:\/\/www.elabra.cl\/informegestion2021\/wp-content\/uploads\/2022\/05\/2d13-300x128.jpg 300w, https:\/\/www.elabra.cl\/informegestion2021\/wp-content\/uploads\/2022\/05\/2d13-500x213.jpg 500w\" sizes=\"auto, (max-width: 620px) 100vw, 620px\" \/>\t\t\t\t\t\t\t\t\t\t\t\t\t\t\t<\/div>\n\t\t\t\t<\/div>\n\t\t\t\t\t<\/div>\n\t\t<\/div>\n\t\t\t\t\t\t\t<\/div>\n\t\t<\/section>\n\t\t\t\t<section class=\"elementor-section elementor-top-section elementor-element elementor-element-3891bbe elementor-section-boxed elementor-section-height-default elementor-section-height-default\" data-id=\"3891bbe\" data-element_type=\"section\">\n\t\t\t\t\t\t<div class=\"elementor-container elementor-column-gap-default\">\n\t\t\t\t\t<div class=\"elementor-column elementor-col-100 elementor-top-column elementor-element elementor-element-f61ea07\" data-id=\"f61ea07\" data-element_type=\"column\">\n\t\t\t<div class=\"elementor-widget-wrap elementor-element-populated\">\n\t\t\t\t\t\t\t\t<div class=\"elementor-element elementor-element-d565243 elementor-widget elementor-widget-heading\" data-id=\"d565243\" data-element_type=\"widget\" data-widget_type=\"heading.default\">\n\t\t\t\t<div class=\"elementor-widget-container\">\n\t\t\t<h2 class=\"elementor-heading-title elementor-size-default\">Proyecto Innovaci\u00f3n Educativa y Transformaci\u00f3n Digital<\/h2>\t\t<\/div>\n\t\t\t\t<\/div>\n\t\t\t\t<div class=\"elementor-element elementor-element-5ad910f elementor-widget elementor-widget-text-editor\" data-id=\"5ad910f\" data-element_type=\"widget\" data-widget_type=\"text-editor.default\">\n\t\t\t\t<div class=\"elementor-widget-container\">\n\t\t\t\t\t\t\t<p class=\"p1\"><span class=\"s1\">Cerca de 50 docentes de Calama, Alto El Loa, Tocopilla y Mar\u00eda Elena, finalizaron en septiembre de 2021 el \u201cPrograma de Especializaci\u00f3n en Innovaci\u00f3n Educativa y Transformaci\u00f3n Digital\u201d, impulsado por El Abra junto al Laboratorio de Educaci\u00f3n de la Universidad Cat\u00f3lica del Norte (UCN).<span class=\"Apple-converted-space\">\u00a0<\/span><\/span><\/p><p class=\"p1\"><span class=\"s1\">Dirigido a docentes de centros educativos escolares municipales y subvencionados, principalmente, el programa busc\u00f3 fomentar el conocimiento en torno a la innovaci\u00f3n y nuevas tecnolog\u00edas.<span class=\"Apple-converted-space\">\u00a0<\/span><\/span><\/p><p class=\"p1\"><span class=\"s1\">Esta iniciativa, cuya duraci\u00f3n fue de dos meses, permiti\u00f3 brindar espacios de apoyo y formaci\u00f3n a profesores y profesoras, quienes fueron certificados por la Universidad, dot\u00e1ndolos de herramientas pedag\u00f3gicas ante el escenario de transformaci\u00f3n digital por la pandemia, un eje fundamental para lograr la continuidad de los procesos formativos de ni\u00f1as, ni\u00f1os y j\u00f3venes.<\/span><\/p><p class=\"p1\"><span class=\"s1\">La especializaci\u00f3n consider\u00f3 cuatro m\u00f3dulos t\u00e9cnicos y metodol\u00f3gicos con tem\u00e1ticas desde la planificaci\u00f3n de la ense\u00f1anza mediada por tecnolog\u00eda, habilidades digitales docentes, gesti\u00f3n de las tecnolog\u00edas para el aprendizaje y conocimiento (TAC), hasta la gesti\u00f3n del bienestar docente en contextos de ense\u00f1anza digitalizada.<\/span><\/p>\t\t\t\t\t\t<\/div>\n\t\t\t\t<\/div>\n\t\t\t\t\t<\/div>\n\t\t<\/div>\n\t\t\t\t\t\t\t<\/div>\n\t\t<\/section>\n\t\t\t\t<section class=\"elementor-section elementor-top-section elementor-element elementor-element-a41a8b1 elementor-section-boxed elementor-section-height-default elementor-section-height-default\" data-id=\"a41a8b1\" data-element_type=\"section\" data-settings=\"{&quot;background_background&quot;:&quot;classic&quot;}\">\n\t\t\t\t\t\t<div class=\"elementor-container elementor-column-gap-default\">\n\t\t\t\t\t<div class=\"elementor-column elementor-col-100 elementor-top-column elementor-element elementor-element-3a759dd\" data-id=\"3a759dd\" data-element_type=\"column\">\n\t\t\t<div class=\"elementor-widget-wrap elementor-element-populated\">\n\t\t\t\t\t\t\t\t<div class=\"elementor-element elementor-element-8c5ca62 elementor-widget elementor-widget-text-editor\" data-id=\"8c5ca62\" data-element_type=\"widget\" data-widget_type=\"text-editor.default\">\n\t\t\t\t<div class=\"elementor-widget-container\">\n\t\t\t\t\t\t\t<p class=\"p1\"><span class=\"s1\">\u201cLos conocimientos que hemos adquirido en el programa nos han permitido ampliar nuestra base de herramientas, mejorar nuestro trabajo en el \u00e1mbito digital que, yo creo, se va a quedar acompa\u00f1\u00e1ndonos por un buen tiempo. Y si bien las herramientas digitales optimizan nuestro tiempo, lo que m\u00e1s me gusta es que permiten que nos podamos reunir varias personas al mismo tiempo\u201d.<span class=\"Apple-converted-space\">\u00a0<\/span><\/span><\/p><p class=\"p1\"><span class=\"s1\"><b>Margarita Jaque,<span class=\"Apple-converted-space\">\u00a0<\/span><\/b><\/span><span class=\"s1\">profesora de primero y segundo a\u00f1o b\u00e1sico generalista de la Escuela Pukara G-23 de Lasana.<\/span><\/p>\t\t\t\t\t\t<\/div>\n\t\t\t\t<\/div>\n\t\t\t\t\t<\/div>\n\t\t<\/div>\n\t\t\t\t\t\t\t<\/div>\n\t\t<\/section>\n\t\t\t\t<section class=\"elementor-section elementor-top-section elementor-element elementor-element-7a75c34 elementor-section-boxed elementor-section-height-default elementor-section-height-default\" data-id=\"7a75c34\" data-element_type=\"section\">\n\t\t\t\t\t\t<div class=\"elementor-container elementor-column-gap-default\">\n\t\t\t\t\t<div class=\"elementor-column elementor-col-100 elementor-top-column elementor-element elementor-element-ab3e91a\" data-id=\"ab3e91a\" data-element_type=\"column\">\n\t\t\t<div class=\"elementor-widget-wrap elementor-element-populated\">\n\t\t\t\t\t\t\t\t<div class=\"elementor-element elementor-element-554f310 elementor-widget elementor-widget-text-editor\" data-id=\"554f310\" data-element_type=\"widget\" data-widget_type=\"text-editor.default\">\n\t\t\t\t<div class=\"elementor-widget-container\">\n\t\t\t\t\t\t\t<p><img loading=\"lazy\" decoding=\"async\" class=\"alignnone size-full wp-image-99\" src=\"http:\/\/elabra.cl\/informegestion2021\/wp-content\/uploads\/2022\/04\/04.gif\" alt=\"\" width=\"60\" height=\"60\" srcset=\"https:\/\/www.elabra.cl\/informegestion2021\/wp-content\/uploads\/2022\/04\/04.gif 60w, https:\/\/www.elabra.cl\/informegestion2021\/wp-content\/uploads\/2022\/04\/04-50x50.gif 50w\" sizes=\"auto, (max-width: 60px) 100vw, 60px\" \/><img loading=\"lazy\" decoding=\"async\" class=\"alignnone size-full wp-image-105\" src=\"http:\/\/elabra.cl\/informegestion2021\/wp-content\/uploads\/2022\/04\/10.gif\" alt=\"\" width=\"60\" height=\"60\" srcset=\"https:\/\/www.elabra.cl\/informegestion2021\/wp-content\/uploads\/2022\/04\/10.gif 60w, https:\/\/www.elabra.cl\/informegestion2021\/wp-content\/uploads\/2022\/04\/10-50x50.gif 50w\" sizes=\"auto, (max-width: 60px) 100vw, 60px\" \/><\/p>\t\t\t\t\t\t<\/div>\n\t\t\t\t<\/div>\n\t\t\t\t\t<\/div>\n\t\t<\/div>\n\t\t\t\t\t\t\t<\/div>\n\t\t<\/section>\n\t\t\t\t<section class=\"elementor-section elementor-top-section elementor-element elementor-element-cf9f10b elementor-section-boxed elementor-section-height-default elementor-section-height-default\" data-id=\"cf9f10b\" data-element_type=\"section\">\n\t\t\t\t\t\t<div class=\"elementor-container elementor-column-gap-default\">\n\t\t\t\t\t<div class=\"elementor-column elementor-col-100 elementor-top-column elementor-element elementor-element-34bebcb\" data-id=\"34bebcb\" data-element_type=\"column\">\n\t\t\t<div class=\"elementor-widget-wrap elementor-element-populated\">\n\t\t\t\t\t\t\t\t<div class=\"elementor-element elementor-element-110593d elementor-widget elementor-widget-image\" data-id=\"110593d\" data-element_type=\"widget\" data-widget_type=\"image.default\">\n\t\t\t\t<div class=\"elementor-widget-container\">\n\t\t\t\t\t\t\t\t\t\t\t\t\t\t\t<img loading=\"lazy\" decoding=\"async\" width=\"620\" height=\"264\" src=\"https:\/\/www.elabra.cl\/informegestion2021\/wp-content\/uploads\/2022\/05\/2d14.jpg\" class=\"attachment-large size-large\" alt=\"\" srcset=\"https:\/\/www.elabra.cl\/informegestion2021\/wp-content\/uploads\/2022\/05\/2d14.jpg 704w, https:\/\/www.elabra.cl\/informegestion2021\/wp-content\/uploads\/2022\/05\/2d14-300x128.jpg 300w, https:\/\/www.elabra.cl\/informegestion2021\/wp-content\/uploads\/2022\/05\/2d14-500x213.jpg 500w\" sizes=\"auto, (max-width: 620px) 100vw, 620px\" \/>\t\t\t\t\t\t\t\t\t\t\t\t\t\t\t<\/div>\n\t\t\t\t<\/div>\n\t\t\t\t\t<\/div>\n\t\t<\/div>\n\t\t\t\t\t\t\t<\/div>\n\t\t<\/section>\n\t\t\t\t<section class=\"elementor-section elementor-top-section elementor-element elementor-element-b37ba53 elementor-section-boxed elementor-section-height-default elementor-section-height-default\" data-id=\"b37ba53\" data-element_type=\"section\">\n\t\t\t\t\t\t<div class=\"elementor-container elementor-column-gap-default\">\n\t\t\t\t\t<div class=\"elementor-column elementor-col-100 elementor-top-column elementor-element elementor-element-f744532\" data-id=\"f744532\" data-element_type=\"column\">\n\t\t\t<div class=\"elementor-widget-wrap elementor-element-populated\">\n\t\t\t\t\t\t\t\t<div class=\"elementor-element elementor-element-b59389e elementor-widget elementor-widget-heading\" data-id=\"b59389e\" data-element_type=\"widget\" data-widget_type=\"heading.default\">\n\t\t\t\t<div class=\"elementor-widget-container\">\n\t\t\t<h2 class=\"elementor-heading-title elementor-size-default\">Programa de Empleabilidad Alto El Loa<\/h2>\t\t<\/div>\n\t\t\t\t<\/div>\n\t\t\t\t<div class=\"elementor-element elementor-element-cd34a51 elementor-widget elementor-widget-text-editor\" data-id=\"cd34a51\" data-element_type=\"widget\" data-widget_type=\"text-editor.default\">\n\t\t\t\t<div class=\"elementor-widget-container\">\n\t\t\t\t\t\t\t<p class=\"p1\"><span class=\"s1\">Con el fin de contribuir al desarrollo econ\u00f3mico local a trav\u00e9s de la promoci\u00f3n del empleo de las personas pertenecientes a las comunidades de Alto El Loa y en colaboraci\u00f3n con la consultora Talent Solutions Right Management, de ManpowerGroup, se puso en marcha un programa para mejorar las posibilidades de contrataci\u00f3n de los beneficiados en las distintas empresas que operan en la zona.<\/span><\/p><p class=\"p1\"><span class=\"s1\">La iniciativa, que incluy\u00f3 a 26 personas, contempl\u00f3 la realizaci\u00f3n de talleres para mejorar la efectividad de la b\u00fasqueda de empleo y conocer procesos de selecci\u00f3n de diferentes empresas de la zona. Tambi\u00e9n incorpor\u00f3 orientaci\u00f3n en la preparaci\u00f3n de sus entrevistas laborales, como confeccionar un curr\u00edculum vitae, utilizar y crear un perfil en LinkedIn y herramientas de autoconocimiento y competencias laborales.<\/span><\/p><p class=\"p1\"><span class=\"s1\">En el Programa de Empleabilidad participaron miembros de las comunidades de Lasana, Chiu Chiu, Taira, Ayllu Ojos de San Pedro, Ascot\u00e1n, Conchi Viejo, Ollag\u00fce, Caspana, Cupo, Toconce, Ayquina, Estaci\u00f3n San Pedro, Kosca, Chunchuri y Quillagua.<\/span><\/p><p><img loading=\"lazy\" decoding=\"async\" class=\"alignnone size-full wp-image-103\" src=\"http:\/\/elabra.cl\/informegestion2021\/wp-content\/uploads\/2022\/04\/08.gif\" alt=\"\" width=\"60\" height=\"60\" srcset=\"https:\/\/www.elabra.cl\/informegestion2021\/wp-content\/uploads\/2022\/04\/08.gif 60w, https:\/\/www.elabra.cl\/informegestion2021\/wp-content\/uploads\/2022\/04\/08-50x50.gif 50w\" sizes=\"auto, (max-width: 60px) 100vw, 60px\" \/><img loading=\"lazy\" decoding=\"async\" class=\"alignnone size-full wp-image-105\" src=\"http:\/\/elabra.cl\/informegestion2021\/wp-content\/uploads\/2022\/04\/10.gif\" alt=\"\" width=\"60\" height=\"60\" srcset=\"https:\/\/www.elabra.cl\/informegestion2021\/wp-content\/uploads\/2022\/04\/10.gif 60w, https:\/\/www.elabra.cl\/informegestion2021\/wp-content\/uploads\/2022\/04\/10-50x50.gif 50w\" sizes=\"auto, (max-width: 60px) 100vw, 60px\" \/><\/p>\t\t\t\t\t\t<\/div>\n\t\t\t\t<\/div>\n\t\t\t\t\t<\/div>\n\t\t<\/div>\n\t\t\t\t\t\t\t<\/div>\n\t\t<\/section>\n\t\t\t\t<section class=\"elementor-section elementor-top-section elementor-element elementor-element-e7b047f elementor-section-boxed elementor-section-height-default elementor-section-height-default\" data-id=\"e7b047f\" data-element_type=\"section\">\n\t\t\t\t\t\t<div class=\"elementor-container elementor-column-gap-default\">\n\t\t\t\t\t<div class=\"elementor-column elementor-col-100 elementor-top-column elementor-element elementor-element-f9e5c98\" data-id=\"f9e5c98\" data-element_type=\"column\">\n\t\t\t<div class=\"elementor-widget-wrap elementor-element-populated\">\n\t\t\t\t\t\t\t\t<div class=\"elementor-element elementor-element-fb048fc elementor-widget elementor-widget-image\" data-id=\"fb048fc\" data-element_type=\"widget\" data-widget_type=\"image.default\">\n\t\t\t\t<div class=\"elementor-widget-container\">\n\t\t\t\t\t\t\t\t\t\t\t\t\t\t\t<img loading=\"lazy\" decoding=\"async\" width=\"620\" height=\"264\" src=\"https:\/\/www.elabra.cl\/informegestion2021\/wp-content\/uploads\/2022\/05\/2d15.jpg\" class=\"attachment-large size-large\" alt=\"\" srcset=\"https:\/\/www.elabra.cl\/informegestion2021\/wp-content\/uploads\/2022\/05\/2d15.jpg 704w, https:\/\/www.elabra.cl\/informegestion2021\/wp-content\/uploads\/2022\/05\/2d15-300x128.jpg 300w, https:\/\/www.elabra.cl\/informegestion2021\/wp-content\/uploads\/2022\/05\/2d15-500x213.jpg 500w\" sizes=\"auto, (max-width: 620px) 100vw, 620px\" \/>\t\t\t\t\t\t\t\t\t\t\t\t\t\t\t<\/div>\n\t\t\t\t<\/div>\n\t\t\t\t\t<\/div>\n\t\t<\/div>\n\t\t\t\t\t\t\t<\/div>\n\t\t<\/section>\n\t\t\t\t<section class=\"elementor-section elementor-top-section elementor-element elementor-element-f1c881c elementor-section-boxed elementor-section-height-default elementor-section-height-default\" data-id=\"f1c881c\" data-element_type=\"section\">\n\t\t\t\t\t\t<div class=\"elementor-container elementor-column-gap-default\">\n\t\t\t\t\t<div class=\"elementor-column elementor-col-100 elementor-top-column elementor-element elementor-element-9e79f06\" data-id=\"9e79f06\" data-element_type=\"column\">\n\t\t\t<div class=\"elementor-widget-wrap elementor-element-populated\">\n\t\t\t\t\t\t\t\t<div class=\"elementor-element elementor-element-5d5fe06 elementor-widget elementor-widget-heading\" data-id=\"5d5fe06\" data-element_type=\"widget\" data-widget_type=\"heading.default\">\n\t\t\t\t<div class=\"elementor-widget-container\">\n\t\t\t<h2 class=\"elementor-heading-title elementor-size-default\">Fondo El Abra en Acci\u00f3n<\/h2>\t\t<\/div>\n\t\t\t\t<\/div>\n\t\t\t\t<div class=\"elementor-element elementor-element-a5609ac elementor-widget elementor-widget-text-editor\" data-id=\"a5609ac\" data-element_type=\"widget\" data-widget_type=\"text-editor.default\">\n\t\t\t\t<div class=\"elementor-widget-container\">\n\t\t\t\t\t\t\t<p class=\"p1\"><span class=\"s1\">En agosto lanzamos el Fondo El Abra en Acci\u00f3n, iniciativa que promueve la cultura de ciudadan\u00eda y de labor social a trav\u00e9s del voluntariado corporativo y el liderazgo.<\/span><\/p><p class=\"p1\"><span class=\"s1\">Con este financiamiento concursable destinado a trabajadores y trabajadoras, tanto de nuestra compa\u00f1\u00eda como de las empresas colaboradoras, se han venido concretando, en alianza con la comunidad y otros actores, iniciativas sociales que generen un impacto positivo en el territorio.<\/span><\/p><p class=\"p1\"><span class=\"s1\">El Fondo tiene dos l\u00edneas: desarrollo sustentable (contribuci\u00f3n al deporte, medioambiente, salud, educaci\u00f3n, patrimonio y cultura, y la discapacidad), y recreativas y solidarias. Puede ser utilizado para financiar actividades de capacitaci\u00f3n, compra de equipamiento, insumos, construcci\u00f3n y\/o mejoras en infraestructura.<\/span><\/p><p><img loading=\"lazy\" decoding=\"async\" class=\"alignnone size-full wp-image-105\" src=\"http:\/\/elabra.cl\/informegestion2021\/wp-content\/uploads\/2022\/04\/10.gif\" alt=\"\" width=\"60\" height=\"60\" srcset=\"https:\/\/www.elabra.cl\/informegestion2021\/wp-content\/uploads\/2022\/04\/10.gif 60w, https:\/\/www.elabra.cl\/informegestion2021\/wp-content\/uploads\/2022\/04\/10-50x50.gif 50w\" sizes=\"auto, (max-width: 60px) 100vw, 60px\" \/><img loading=\"lazy\" decoding=\"async\" class=\"alignnone size-full wp-image-106\" src=\"http:\/\/elabra.cl\/informegestion2021\/wp-content\/uploads\/2022\/04\/11.gif\" alt=\"\" width=\"60\" height=\"60\" srcset=\"https:\/\/www.elabra.cl\/informegestion2021\/wp-content\/uploads\/2022\/04\/11.gif 60w, https:\/\/www.elabra.cl\/informegestion2021\/wp-content\/uploads\/2022\/04\/11-50x50.gif 50w\" sizes=\"auto, (max-width: 60px) 100vw, 60px\" \/><img loading=\"lazy\" decoding=\"async\" class=\"alignnone size-full wp-image-112\" src=\"http:\/\/elabra.cl\/informegestion2021\/wp-content\/uploads\/2022\/04\/17.gif\" alt=\"\" width=\"60\" height=\"60\" srcset=\"https:\/\/www.elabra.cl\/informegestion2021\/wp-content\/uploads\/2022\/04\/17.gif 60w, https:\/\/www.elabra.cl\/informegestion2021\/wp-content\/uploads\/2022\/04\/17-50x50.gif 50w\" sizes=\"auto, (max-width: 60px) 100vw, 60px\" \/><\/p>\t\t\t\t\t\t<\/div>\n\t\t\t\t<\/div>\n\t\t\t\t<div class=\"elementor-element elementor-element-bbeaf85 elementor-widget elementor-widget-text-editor\" data-id=\"bbeaf85\" data-element_type=\"widget\" data-widget_type=\"text-editor.default\">\n\t\t\t\t<div class=\"elementor-widget-container\">\n\t\t\t\t\t\t\t<p class=\"p1\"><span class=\"s1\">Los proyectos seleccionados el 2021 fueron:<span class=\"Apple-converted-space\">\u00a0<\/span><\/span><\/p>\t\t\t\t\t\t<\/div>\n\t\t\t\t<\/div>\n\t\t\t\t\t<\/div>\n\t\t<\/div>\n\t\t\t\t\t\t\t<\/div>\n\t\t<\/section>\n\t\t\t\t<section class=\"elementor-section elementor-top-section elementor-element elementor-element-f78d420 elementor-section-boxed elementor-section-height-default elementor-section-height-default\" data-id=\"f78d420\" data-element_type=\"section\" data-settings=\"{&quot;background_background&quot;:&quot;classic&quot;}\">\n\t\t\t\t\t\t<div class=\"elementor-container elementor-column-gap-default\">\n\t\t\t\t\t<div class=\"elementor-column elementor-col-100 elementor-top-column elementor-element elementor-element-67e3a78\" data-id=\"67e3a78\" data-element_type=\"column\">\n\t\t\t<div class=\"elementor-widget-wrap elementor-element-populated\">\n\t\t\t\t\t\t\t\t<div class=\"elementor-element elementor-element-446127a elementor-widget elementor-widget-heading\" data-id=\"446127a\" data-element_type=\"widget\" data-widget_type=\"heading.default\">\n\t\t\t\t<div class=\"elementor-widget-container\">\n\t\t\t<h2 class=\"elementor-heading-title elementor-size-default\">PROYECTO:<\/h2>\t\t<\/div>\n\t\t\t\t<\/div>\n\t\t\t\t<div class=\"elementor-element elementor-element-21c1480 elementor-widget elementor-widget-text-editor\" data-id=\"21c1480\" data-element_type=\"widget\" data-widget_type=\"text-editor.default\">\n\t\t\t\t<div class=\"elementor-widget-container\">\n\t\t\t\t\t\t\t<p class=\"p1\"><span class=\"s1\"><b>Ayni: Ayudemos a nuestros ni\u00f1os y ni\u00f1as de Antofagasta<\/b><\/span><\/p><p class=\"p2\"><span class=\"s2\"><b>Descripci\u00f3n:<\/b><\/span><span class=\"s1\"> Renovar el mobiliario de dormitorios de lactantes de 0 a 3 a\u00f1os en la residencia Fundaci\u00f3n Mi Casa en Antofagasta.<\/span><\/p>\t\t\t\t\t\t<\/div>\n\t\t\t\t<\/div>\n\t\t\t\t\t<\/div>\n\t\t<\/div>\n\t\t\t\t\t\t\t<\/div>\n\t\t<\/section>\n\t\t\t\t<section class=\"elementor-section elementor-top-section elementor-element elementor-element-5e97a10 elementor-section-boxed elementor-section-height-default elementor-section-height-default\" data-id=\"5e97a10\" data-element_type=\"section\" data-settings=\"{&quot;background_background&quot;:&quot;classic&quot;}\">\n\t\t\t\t\t\t<div class=\"elementor-container elementor-column-gap-default\">\n\t\t\t\t\t<div class=\"elementor-column elementor-col-100 elementor-top-column elementor-element elementor-element-b89eb30\" data-id=\"b89eb30\" data-element_type=\"column\">\n\t\t\t<div class=\"elementor-widget-wrap elementor-element-populated\">\n\t\t\t\t\t\t\t\t<div class=\"elementor-element elementor-element-3a0805b elementor-widget elementor-widget-heading\" data-id=\"3a0805b\" data-element_type=\"widget\" data-widget_type=\"heading.default\">\n\t\t\t\t<div class=\"elementor-widget-container\">\n\t\t\t<h2 class=\"elementor-heading-title elementor-size-default\">PROYECTO:<\/h2>\t\t<\/div>\n\t\t\t\t<\/div>\n\t\t\t\t<div class=\"elementor-element elementor-element-8bf9881 elementor-widget elementor-widget-text-editor\" data-id=\"8bf9881\" data-element_type=\"widget\" data-widget_type=\"text-editor.default\">\n\t\t\t\t<div class=\"elementor-widget-container\">\n\t\t\t\t\t\t\t<p class=\"p1\"><span class=\"s1\"><b>Los Con Sentidos<\/b><\/span><\/p><p class=\"p2\"><span class=\"s2\"><b>Descripci\u00f3n:<\/b><\/span><span class=\"s1\"> Reacondicionar dormitorio con 12 camas, colchones y ropa de cama para hospedar a personas en situaci\u00f3n de calle en la Hospeder\u00eda del Hogar de Cristo Antofagasta.<\/span><\/p>\t\t\t\t\t\t<\/div>\n\t\t\t\t<\/div>\n\t\t\t\t\t<\/div>\n\t\t<\/div>\n\t\t\t\t\t\t\t<\/div>\n\t\t<\/section>\n\t\t\t\t<section class=\"elementor-section elementor-top-section elementor-element elementor-element-3066072 elementor-section-boxed elementor-section-height-default elementor-section-height-default\" data-id=\"3066072\" data-element_type=\"section\" data-settings=\"{&quot;background_background&quot;:&quot;classic&quot;}\">\n\t\t\t\t\t\t<div class=\"elementor-container elementor-column-gap-default\">\n\t\t\t\t\t<div class=\"elementor-column elementor-col-100 elementor-top-column elementor-element elementor-element-1c06ec0\" data-id=\"1c06ec0\" data-element_type=\"column\">\n\t\t\t<div class=\"elementor-widget-wrap elementor-element-populated\">\n\t\t\t\t\t\t\t\t<div class=\"elementor-element elementor-element-9d5f1f6 elementor-widget elementor-widget-heading\" data-id=\"9d5f1f6\" data-element_type=\"widget\" data-widget_type=\"heading.default\">\n\t\t\t\t<div class=\"elementor-widget-container\">\n\t\t\t<h2 class=\"elementor-heading-title elementor-size-default\">PROYECTO:<\/h2>\t\t<\/div>\n\t\t\t\t<\/div>\n\t\t\t\t<div class=\"elementor-element elementor-element-8d1ece1 elementor-widget elementor-widget-text-editor\" data-id=\"8d1ece1\" data-element_type=\"widget\" data-widget_type=\"text-editor.default\">\n\t\t\t\t<div class=\"elementor-widget-container\">\n\t\t\t\t\t\t\t<p class=\"p1\"><span class=\"s1\"><b>El\u00e9ctricos Refiner\u00edas<\/b><\/span><\/p><p class=\"p2\"><span class=\"s2\"><b>Descripci\u00f3n:<\/b><\/span><span class=\"s1\"> Compra de equipamiento deportivo para j\u00f3venes del club deportivo El\u00e9ctricos Refiner\u00eda en Calama.<\/span><\/p>\t\t\t\t\t\t<\/div>\n\t\t\t\t<\/div>\n\t\t\t\t\t<\/div>\n\t\t<\/div>\n\t\t\t\t\t\t\t<\/div>\n\t\t<\/section>\n\t\t\t\t<section class=\"elementor-section elementor-top-section elementor-element elementor-element-324e7e3 elementor-section-boxed elementor-section-height-default elementor-section-height-default\" data-id=\"324e7e3\" data-element_type=\"section\" data-settings=\"{&quot;background_background&quot;:&quot;classic&quot;}\">\n\t\t\t\t\t\t<div class=\"elementor-container elementor-column-gap-default\">\n\t\t\t\t\t<div class=\"elementor-column elementor-col-100 elementor-top-column elementor-element elementor-element-e22beee\" data-id=\"e22beee\" data-element_type=\"column\">\n\t\t\t<div class=\"elementor-widget-wrap elementor-element-populated\">\n\t\t\t\t\t\t\t\t<div class=\"elementor-element elementor-element-6e140f7 elementor-widget elementor-widget-heading\" data-id=\"6e140f7\" data-element_type=\"widget\" data-widget_type=\"heading.default\">\n\t\t\t\t<div class=\"elementor-widget-container\">\n\t\t\t<h2 class=\"elementor-heading-title elementor-size-default\">PROYECTO:<\/h2>\t\t<\/div>\n\t\t\t\t<\/div>\n\t\t\t\t<div class=\"elementor-element elementor-element-26d3af5 elementor-widget elementor-widget-text-editor\" data-id=\"26d3af5\" data-element_type=\"widget\" data-widget_type=\"text-editor.default\">\n\t\t\t\t<div class=\"elementor-widget-container\">\n\t\t\t\t\t\t\t<p class=\"p1\"><span class=\"s1\"><b>Sindicato &#8211; Olla Com\u00fan<span class=\"Apple-converted-space\">\u00a0<\/span><\/b><\/span><\/p><p class=\"p2\"><span class=\"s2\"><b>Descripci\u00f3n:<\/b><\/span><span class=\"s1\"> Abastecer la Olla Com\u00fan en Calama con la compra de insumos para otorgar alimentos a familias en situaci\u00f3n de vulnerabilidad.<\/span><\/p>\t\t\t\t\t\t<\/div>\n\t\t\t\t<\/div>\n\t\t\t\t\t<\/div>\n\t\t<\/div>\n\t\t\t\t\t\t\t<\/div>\n\t\t<\/section>\n\t\t\t\t<section class=\"elementor-section elementor-top-section elementor-element elementor-element-cfa3df5 elementor-section-boxed elementor-section-height-default elementor-section-height-default\" data-id=\"cfa3df5\" data-element_type=\"section\" data-settings=\"{&quot;background_background&quot;:&quot;classic&quot;}\">\n\t\t\t\t\t\t<div class=\"elementor-container elementor-column-gap-default\">\n\t\t\t\t\t<div class=\"elementor-column elementor-col-100 elementor-top-column elementor-element elementor-element-1454813\" data-id=\"1454813\" data-element_type=\"column\">\n\t\t\t<div class=\"elementor-widget-wrap elementor-element-populated\">\n\t\t\t\t\t\t\t\t<div class=\"elementor-element elementor-element-0d751fa elementor-widget elementor-widget-heading\" data-id=\"0d751fa\" data-element_type=\"widget\" data-widget_type=\"heading.default\">\n\t\t\t\t<div class=\"elementor-widget-container\">\n\t\t\t<h2 class=\"elementor-heading-title elementor-size-default\">PROYECTO:<\/h2>\t\t<\/div>\n\t\t\t\t<\/div>\n\t\t\t\t<div class=\"elementor-element elementor-element-189ad80 elementor-widget elementor-widget-text-editor\" data-id=\"189ad80\" data-element_type=\"widget\" data-widget_type=\"text-editor.default\">\n\t\t\t\t<div class=\"elementor-widget-container\">\n\t\t\t\t\t\t\t<p class=\"p1\"><span class=\"s1\"><b>Grupo Ayni Calama. Di\u00e1logo Comunitario El Abra<span class=\"Apple-converted-space\">\u00a0<\/span><\/b><\/span><\/p><p class=\"p2\"><span class=\"s2\"><b>Descripci\u00f3n:<\/b><\/span><span class=\"s1\"> Habilitar un espacio terap\u00e9utico adaptado para la atenci\u00f3n psicosocial de ni\u00f1os y ni\u00f1as, integrando la terapia de juego al contexto terap\u00e9utico. Compra de equipos como tabletas y computadores para apoyar su proceso de aprendizaje.<\/span><\/p>\t\t\t\t\t\t<\/div>\n\t\t\t\t<\/div>\n\t\t\t\t\t<\/div>\n\t\t<\/div>\n\t\t\t\t\t\t\t<\/div>\n\t\t<\/section>\n\t\t\t\t<section class=\"elementor-section elementor-top-section elementor-element elementor-element-c1b61d7 elementor-section-boxed elementor-section-height-default elementor-section-height-default\" data-id=\"c1b61d7\" data-element_type=\"section\" data-settings=\"{&quot;background_background&quot;:&quot;classic&quot;}\">\n\t\t\t\t\t\t<div class=\"elementor-container elementor-column-gap-default\">\n\t\t\t\t\t<div class=\"elementor-column elementor-col-100 elementor-top-column elementor-element elementor-element-3c1964b\" data-id=\"3c1964b\" data-element_type=\"column\">\n\t\t\t<div class=\"elementor-widget-wrap elementor-element-populated\">\n\t\t\t\t\t\t\t\t<div class=\"elementor-element elementor-element-3c1bc38 elementor-widget elementor-widget-heading\" data-id=\"3c1bc38\" data-element_type=\"widget\" data-widget_type=\"heading.default\">\n\t\t\t\t<div class=\"elementor-widget-container\">\n\t\t\t<h2 class=\"elementor-heading-title elementor-size-default\">PROYECTO:<\/h2>\t\t<\/div>\n\t\t\t\t<\/div>\n\t\t\t\t<div class=\"elementor-element elementor-element-b1b5bd6 elementor-widget elementor-widget-text-editor\" data-id=\"b1b5bd6\" data-element_type=\"widget\" data-widget_type=\"text-editor.default\">\n\t\t\t\t<div class=\"elementor-widget-container\">\n\t\t\t\t\t\t\t<p class=\"p1\"><span class=\"s1\"><b>Paniri Ca\u00far<span class=\"Apple-converted-space\">\u00a0<\/span><\/b><\/span><\/p><p class=\"p2\"><span class=\"s2\"><b>Descripci\u00f3n:<\/b><\/span><span class=\"s1\"> Compra de material audiovisual para el aprendizaje de estudiantes del jard\u00edn infantil Granito de Esperanza en Antofagasta.<\/span><\/p>\t\t\t\t\t\t<\/div>\n\t\t\t\t<\/div>\n\t\t\t\t\t<\/div>\n\t\t<\/div>\n\t\t\t\t\t\t\t<\/div>\n\t\t<\/section>\n\t\t\t\t<section class=\"elementor-section elementor-top-section elementor-element elementor-element-19329be elementor-section-boxed elementor-section-height-default elementor-section-height-default\" data-id=\"19329be\" data-element_type=\"section\" data-settings=\"{&quot;background_background&quot;:&quot;classic&quot;}\">\n\t\t\t\t\t\t<div class=\"elementor-container elementor-column-gap-default\">\n\t\t\t\t\t<div class=\"elementor-column elementor-col-100 elementor-top-column elementor-element elementor-element-e66d734\" data-id=\"e66d734\" data-element_type=\"column\">\n\t\t\t<div class=\"elementor-widget-wrap elementor-element-populated\">\n\t\t\t\t\t\t\t\t<div class=\"elementor-element elementor-element-56f72d5 elementor-widget elementor-widget-heading\" data-id=\"56f72d5\" data-element_type=\"widget\" data-widget_type=\"heading.default\">\n\t\t\t\t<div class=\"elementor-widget-container\">\n\t\t\t<h2 class=\"elementor-heading-title elementor-size-default\">PROYECTO:<\/h2>\t\t<\/div>\n\t\t\t\t<\/div>\n\t\t\t\t<div class=\"elementor-element elementor-element-15a0974 elementor-widget elementor-widget-text-editor\" data-id=\"15a0974\" data-element_type=\"widget\" data-widget_type=\"text-editor.default\">\n\t\t\t\t<div class=\"elementor-widget-container\">\n\t\t\t\t\t\t\t<p class=\"p1\"><span class=\"s1\"><b>Acci\u00f3n Migrante<span class=\"Apple-converted-space\">\u00a0<\/span><\/b><\/span><\/p><p class=\"p2\"><span class=\"s2\"><b>Descripci\u00f3n:<\/b><\/span><span class=\"s1\"> Mejorar las condiciones de tr\u00e1nsito de migrantes en \u00e1reas de servicio de la ciudad de Antofagasta entreg\u00e1ndoles kits de emergencia con pa\u00f1ales, art\u00edculos de aseo y alimentaci\u00f3n b\u00e1sica.<\/span><\/p>\t\t\t\t\t\t<\/div>\n\t\t\t\t<\/div>\n\t\t\t\t\t<\/div>\n\t\t<\/div>\n\t\t\t\t\t\t\t<\/div>\n\t\t<\/section>\n\t\t\t\t<section class=\"elementor-section elementor-top-section elementor-element elementor-element-3bdf490 elementor-section-boxed elementor-section-height-default elementor-section-height-default\" data-id=\"3bdf490\" data-element_type=\"section\" data-settings=\"{&quot;background_background&quot;:&quot;classic&quot;}\">\n\t\t\t\t\t\t<div class=\"elementor-container elementor-column-gap-default\">\n\t\t\t\t\t<div class=\"elementor-column elementor-col-100 elementor-top-column elementor-element elementor-element-7319b9c\" data-id=\"7319b9c\" data-element_type=\"column\">\n\t\t\t<div class=\"elementor-widget-wrap elementor-element-populated\">\n\t\t\t\t\t\t\t\t<div class=\"elementor-element elementor-element-1a5cf6a elementor-widget elementor-widget-heading\" data-id=\"1a5cf6a\" data-element_type=\"widget\" data-widget_type=\"heading.default\">\n\t\t\t\t<div class=\"elementor-widget-container\">\n\t\t\t<h2 class=\"elementor-heading-title elementor-size-default\">PROYECTO:<\/h2>\t\t<\/div>\n\t\t\t\t<\/div>\n\t\t\t\t<div class=\"elementor-element elementor-element-878241d elementor-widget elementor-widget-text-editor\" data-id=\"878241d\" data-element_type=\"widget\" data-widget_type=\"text-editor.default\">\n\t\t\t\t<div class=\"elementor-widget-container\">\n\t\t\t\t\t\t\t<p class=\"p1\"><span class=\"s1\"><b>Club de Ancianos Paz y Amor Valle de Lasana<span class=\"Apple-converted-space\">\u00a0<\/span><\/b><\/span><\/p><p class=\"p2\"><span class=\"s2\"><b>Descripci\u00f3n:<\/b><\/span><span class=\"s1\"> Construcci\u00f3n de dos ba\u00f1os con las especificaciones t\u00e9cnicas necesarias para adultos mayores de Lasana.<span class=\"Apple-converted-space\">\u00a0<\/span><\/span><\/p>\t\t\t\t\t\t<\/div>\n\t\t\t\t<\/div>\n\t\t\t\t\t<\/div>\n\t\t<\/div>\n\t\t\t\t\t\t\t<\/div>\n\t\t<\/section>\n\t\t\t\t<section class=\"elementor-section elementor-top-section elementor-element elementor-element-943f371 elementor-section-boxed elementor-section-height-default elementor-section-height-default\" data-id=\"943f371\" data-element_type=\"section\" data-settings=\"{&quot;background_background&quot;:&quot;classic&quot;}\">\n\t\t\t\t\t\t<div class=\"elementor-container elementor-column-gap-default\">\n\t\t\t\t\t<div class=\"elementor-column elementor-col-100 elementor-top-column elementor-element elementor-element-7de6c4e\" data-id=\"7de6c4e\" data-element_type=\"column\">\n\t\t\t<div class=\"elementor-widget-wrap elementor-element-populated\">\n\t\t\t\t\t\t\t\t<div class=\"elementor-element elementor-element-bd09d2a elementor-widget elementor-widget-heading\" data-id=\"bd09d2a\" data-element_type=\"widget\" data-widget_type=\"heading.default\">\n\t\t\t\t<div class=\"elementor-widget-container\">\n\t\t\t<h2 class=\"elementor-heading-title elementor-size-default\">PROYECTO:<\/h2>\t\t<\/div>\n\t\t\t\t<\/div>\n\t\t\t\t<div class=\"elementor-element elementor-element-8bdf2c9 elementor-widget elementor-widget-text-editor\" data-id=\"8bdf2c9\" data-element_type=\"widget\" data-widget_type=\"text-editor.default\">\n\t\t\t\t<div class=\"elementor-widget-container\">\n\t\t\t\t\t\t\t<p class=\"p1\"><span class=\"s1\"><b>Unidos por los ni\u00f1os de Caspana<span class=\"Apple-converted-space\">\u00a0<\/span><\/b><\/span><\/p><p class=\"p2\"><span class=\"s2\"><b>Descripci\u00f3n:<\/b><\/span><span class=\"s1\"> Dotar de bicicletas a los estudiantes de la escuela Nuestra Se\u00f1ora de la Candelaria para facilitar el traslado a su jornada escolar, aportando tambi\u00e9n a una vida saludable y entretenida.<\/span><\/p>\t\t\t\t\t\t<\/div>\n\t\t\t\t<\/div>\n\t\t\t\t\t<\/div>\n\t\t<\/div>\n\t\t\t\t\t\t\t<\/div>\n\t\t<\/section>\n\t\t\t\t<section class=\"elementor-section elementor-top-section elementor-element elementor-element-a468246 elementor-section-boxed elementor-section-height-default elementor-section-height-default\" data-id=\"a468246\" data-element_type=\"section\" data-settings=\"{&quot;background_background&quot;:&quot;classic&quot;}\">\n\t\t\t\t\t\t<div class=\"elementor-container elementor-column-gap-default\">\n\t\t\t\t\t<div class=\"elementor-column elementor-col-100 elementor-top-column elementor-element elementor-element-07857f7\" data-id=\"07857f7\" data-element_type=\"column\">\n\t\t\t<div class=\"elementor-widget-wrap elementor-element-populated\">\n\t\t\t\t\t\t\t\t<div class=\"elementor-element elementor-element-d4191ae elementor-widget elementor-widget-heading\" data-id=\"d4191ae\" data-element_type=\"widget\" data-widget_type=\"heading.default\">\n\t\t\t\t<div class=\"elementor-widget-container\">\n\t\t\t<h2 class=\"elementor-heading-title elementor-size-default\">PROYECTO:<\/h2>\t\t<\/div>\n\t\t\t\t<\/div>\n\t\t\t\t<div class=\"elementor-element elementor-element-86b3b0a elementor-widget elementor-widget-text-editor\" data-id=\"86b3b0a\" data-element_type=\"widget\" data-widget_type=\"text-editor.default\">\n\t\t\t\t<div class=\"elementor-widget-container\">\n\t\t\t\t\t\t\t<p class=\"p1\"><span class=\"s1\"><b>Yo amo Calama Oasis<span class=\"Apple-converted-space\">\u00a0<\/span><\/b><\/span><\/p><p class=\"p2\"><span class=\"s2\"><b>Descripci\u00f3n:<\/b><\/span><span class=\"s1\"> Implementar puntos de reciclaje en el sector poniente cercano a los basurales y microbasurales del sector poniente de Calama.<\/span><\/p>\t\t\t\t\t\t<\/div>\n\t\t\t\t<\/div>\n\t\t\t\t\t<\/div>\n\t\t<\/div>\n\t\t\t\t\t\t\t<\/div>\n\t\t<\/section>\n\t\t\t\t<section class=\"elementor-section elementor-top-section elementor-element elementor-element-2c646e4 elementor-section-boxed elementor-section-height-default elementor-section-height-default\" data-id=\"2c646e4\" data-element_type=\"section\" data-settings=\"{&quot;background_background&quot;:&quot;classic&quot;}\">\n\t\t\t\t\t\t<div class=\"elementor-container elementor-column-gap-default\">\n\t\t\t\t\t<div class=\"elementor-column elementor-col-100 elementor-top-column elementor-element elementor-element-3c94993\" data-id=\"3c94993\" data-element_type=\"column\">\n\t\t\t<div class=\"elementor-widget-wrap elementor-element-populated\">\n\t\t\t\t\t\t\t\t<div class=\"elementor-element elementor-element-0cf1103 elementor-widget elementor-widget-heading\" data-id=\"0cf1103\" data-element_type=\"widget\" data-widget_type=\"heading.default\">\n\t\t\t\t<div class=\"elementor-widget-container\">\n\t\t\t<h2 class=\"elementor-heading-title elementor-size-default\">PROYECTO:<\/h2>\t\t<\/div>\n\t\t\t\t<\/div>\n\t\t\t\t<div class=\"elementor-element elementor-element-4ca2a2f elementor-widget elementor-widget-text-editor\" data-id=\"4ca2a2f\" data-element_type=\"widget\" data-widget_type=\"text-editor.default\">\n\t\t\t\t<div class=\"elementor-widget-container\">\n\t\t\t\t\t\t\t<p class=\"p1\"><span class=\"s1\"><b>Socaire<span class=\"Apple-converted-space\">\u00a0<\/span><\/b><\/span><\/p><p class=\"p2\"><span class=\"s2\"><b>Descripci\u00f3n:<\/b><\/span><span class=\"s1\"> Implementar una sala de computaci\u00f3n con impresora y fotocopiadora para apoyar a estudiantes y a la comunidad con tareas y tr\u00e1mites.<span class=\"Apple-converted-space\">\u00a0<\/span><\/span><\/p>\t\t\t\t\t\t<\/div>\n\t\t\t\t<\/div>\n\t\t\t\t\t<\/div>\n\t\t<\/div>\n\t\t\t\t\t\t\t<\/div>\n\t\t<\/section>\n\t\t\t\t<section class=\"elementor-section elementor-top-section elementor-element elementor-element-54fae03 elementor-section-boxed elementor-section-height-default elementor-section-height-default\" data-id=\"54fae03\" data-element_type=\"section\" data-settings=\"{&quot;background_background&quot;:&quot;classic&quot;}\">\n\t\t\t\t\t\t<div class=\"elementor-container elementor-column-gap-default\">\n\t\t\t\t\t<div class=\"elementor-column elementor-col-100 elementor-top-column elementor-element elementor-element-858831a\" data-id=\"858831a\" data-element_type=\"column\">\n\t\t\t<div class=\"elementor-widget-wrap elementor-element-populated\">\n\t\t\t\t\t\t\t\t<div class=\"elementor-element elementor-element-b03ea2c elementor-widget elementor-widget-heading\" data-id=\"b03ea2c\" data-element_type=\"widget\" data-widget_type=\"heading.default\">\n\t\t\t\t<div class=\"elementor-widget-container\">\n\t\t\t<h2 class=\"elementor-heading-title elementor-size-default\">PROYECTO:<\/h2>\t\t<\/div>\n\t\t\t\t<\/div>\n\t\t\t\t<div class=\"elementor-element elementor-element-6dfd7cb elementor-widget elementor-widget-text-editor\" data-id=\"6dfd7cb\" data-element_type=\"widget\" data-widget_type=\"text-editor.default\">\n\t\t\t\t<div class=\"elementor-widget-container\">\n\t\t\t\t\t\t\t<p class=\"p1\"><span class=\"s1\"><b>Primera respuesta ante emergencias b\u00e1sicas<span class=\"Apple-converted-space\">\u00a0<\/span><\/b><\/span><\/p><p class=\"p2\"><span class=\"s2\"><b>Descripci\u00f3n:<\/b><\/span><span class=\"s1\"> Implementar el cuartel de bomberos de Calama con equipos tecnol\u00f3gicos y equipar a voluntarios con ropa t\u00e9cnica.<\/span><\/p>\t\t\t\t\t\t<\/div>\n\t\t\t\t<\/div>\n\t\t\t\t\t<\/div>\n\t\t<\/div>\n\t\t\t\t\t\t\t<\/div>\n\t\t<\/section>\n\t\t\t\t<section class=\"elementor-section elementor-top-section elementor-element elementor-element-c5525d3 elementor-section-boxed elementor-section-height-default elementor-section-height-default\" data-id=\"c5525d3\" data-element_type=\"section\" data-settings=\"{&quot;background_background&quot;:&quot;classic&quot;}\">\n\t\t\t\t\t\t<div class=\"elementor-container elementor-column-gap-default\">\n\t\t\t\t\t<div class=\"elementor-column elementor-col-100 elementor-top-column elementor-element elementor-element-c4071a6\" data-id=\"c4071a6\" data-element_type=\"column\">\n\t\t\t<div class=\"elementor-widget-wrap elementor-element-populated\">\n\t\t\t\t\t\t\t\t<div class=\"elementor-element elementor-element-17c2a42 elementor-widget elementor-widget-heading\" data-id=\"17c2a42\" data-element_type=\"widget\" data-widget_type=\"heading.default\">\n\t\t\t\t<div class=\"elementor-widget-container\">\n\t\t\t<h2 class=\"elementor-heading-title elementor-size-default\">PROYECTO:<\/h2>\t\t<\/div>\n\t\t\t\t<\/div>\n\t\t\t\t<div class=\"elementor-element elementor-element-ac26e4f elementor-widget elementor-widget-text-editor\" data-id=\"ac26e4f\" data-element_type=\"widget\" data-widget_type=\"text-editor.default\">\n\t\t\t\t<div class=\"elementor-widget-container\">\n\t\t\t\t\t\t\t<p class=\"p1\"><span class=\"s1\"><b>OOSS Caleta Punta Paquica, La Cuchara<span class=\"Apple-converted-space\">\u00a0<\/span><\/b><\/span><\/p><p class=\"p2\"><span class=\"s2\"><b>Descripci\u00f3n:<\/b><\/span><span class=\"s1\"> Habilitar un espacio p\u00fablico y \u00e1reas verdes para la pr\u00e1ctica de deportes y actividades recreativas en Tocopilla.<\/span><\/p>\t\t\t\t\t\t<\/div>\n\t\t\t\t<\/div>\n\t\t\t\t\t<\/div>\n\t\t<\/div>\n\t\t\t\t\t\t\t<\/div>\n\t\t<\/section>\n\t\t\t\t<section class=\"elementor-section elementor-top-section elementor-element elementor-element-ca7d7b0 elementor-section-boxed elementor-section-height-default elementor-section-height-default\" data-id=\"ca7d7b0\" data-element_type=\"section\">\n\t\t\t\t\t\t<div class=\"elementor-container elementor-column-gap-default\">\n\t\t\t\t\t<div class=\"elementor-column elementor-col-100 elementor-top-column elementor-element elementor-element-b95ef5c\" data-id=\"b95ef5c\" data-element_type=\"column\">\n\t\t\t<div class=\"elementor-widget-wrap elementor-element-populated\">\n\t\t\t\t\t\t\t\t<div class=\"elementor-element elementor-element-3d0b2b3 elementor-widget elementor-widget-spacer\" data-id=\"3d0b2b3\" data-element_type=\"widget\" data-widget_type=\"spacer.default\">\n\t\t\t\t<div class=\"elementor-widget-container\">\n\t\t\t\t\t<div class=\"elementor-spacer\">\n\t\t\t<div class=\"elementor-spacer-inner\"><\/div>\n\t\t<\/div>\n\t\t\t\t<\/div>\n\t\t\t\t<\/div>\n\t\t\t\t\t<\/div>\n\t\t<\/div>\n\t\t\t\t\t\t\t<\/div>\n\t\t<\/section>\n\t\t\t\t<section class=\"elementor-section elementor-top-section elementor-element elementor-element-f3d3b61 elementor-section-boxed elementor-section-height-default elementor-section-height-default\" data-id=\"f3d3b61\" data-element_type=\"section\">\n\t\t\t\t\t\t<div class=\"elementor-container elementor-column-gap-default\">\n\t\t\t\t\t<div class=\"elementor-column elementor-col-100 elementor-top-column elementor-element elementor-element-2b50171\" data-id=\"2b50171\" data-element_type=\"column\">\n\t\t\t<div class=\"elementor-widget-wrap elementor-element-populated\">\n\t\t\t\t\t\t\t\t<div class=\"elementor-element elementor-element-a9c142e elementor-widget elementor-widget-heading\" data-id=\"a9c142e\" data-element_type=\"widget\" data-widget_type=\"heading.default\">\n\t\t\t\t<div class=\"elementor-widget-container\">\n\t\t\t<h2 class=\"elementor-heading-title elementor-size-default\">Implementaci\u00f3n de medidas sanitarias para la reapertura de emprendimientos de Alto El Loa<\/h2>\t\t<\/div>\n\t\t\t\t<\/div>\n\t\t\t\t<div class=\"elementor-element elementor-element-9ea5743 elementor-widget elementor-widget-text-editor\" data-id=\"9ea5743\" data-element_type=\"widget\" data-widget_type=\"text-editor.default\">\n\t\t\t\t<div class=\"elementor-widget-container\">\n\t\t\t\t\t\t\t<p class=\"p1\"><span class=\"s1\">Como parte del programa de implementaci\u00f3n de medidas para la reapertura de 60 emprendimientos, El Abra instal\u00f3 se\u00f1al\u00e9tica preventiva por riesgo de contagio de COVID-19 y entreg\u00f3 kits sanitarios en las distintas localidades de Alto El Loa. La iniciativa consider\u00f3 una fase de levantamiento de informaci\u00f3n y dise\u00f1o de la estrategia de intervenci\u00f3n, el que identific\u00f3 que m\u00e1s del 40% de los negocios en Alto El Loa permanec\u00edan cerrados debido a las restricciones sanitarias de la pandemia.<span class=\"Apple-converted-space\">\u00a0<\/span><\/span><\/p><p class=\"p1\"><span class=\"s1\">El programa incluy\u00f3 tambi\u00e9n asesor\u00edas personalizadas para orientar a los due\u00f1os de restaurantes, alojamientos, comercio, transporte, turismo y agricultura, en medidas sanitarias durante la pandemia. De esta forma, los emprendedores pudieron realizar el proceso de reapertura y funcionamiento entregando informaci\u00f3n a clientes sobre aforo m\u00e1ximo, distanciamiento f\u00edsico permitido, obligaciones y recomendaciones generales de autocuidado, entre otros.<\/span><\/p><p><img loading=\"lazy\" decoding=\"async\" class=\"alignnone size-full wp-image-98\" src=\"http:\/\/elabra.cl\/informegestion2021\/wp-content\/uploads\/2022\/04\/03.gif\" alt=\"\" width=\"60\" height=\"60\" srcset=\"https:\/\/www.elabra.cl\/informegestion2021\/wp-content\/uploads\/2022\/04\/03.gif 60w, https:\/\/www.elabra.cl\/informegestion2021\/wp-content\/uploads\/2022\/04\/03-50x50.gif 50w\" sizes=\"auto, (max-width: 60px) 100vw, 60px\" \/><img loading=\"lazy\" decoding=\"async\" class=\"alignnone size-full wp-image-106\" src=\"http:\/\/elabra.cl\/informegestion2021\/wp-content\/uploads\/2022\/04\/11.gif\" alt=\"\" width=\"60\" height=\"60\" srcset=\"https:\/\/www.elabra.cl\/informegestion2021\/wp-content\/uploads\/2022\/04\/11.gif 60w, https:\/\/www.elabra.cl\/informegestion2021\/wp-content\/uploads\/2022\/04\/11-50x50.gif 50w\" sizes=\"auto, (max-width: 60px) 100vw, 60px\" \/><\/p>\t\t\t\t\t\t<\/div>\n\t\t\t\t<\/div>\n\t\t\t\t\t<\/div>\n\t\t<\/div>\n\t\t\t\t\t\t\t<\/div>\n\t\t<\/section>\n\t\t\t\t<section class=\"elementor-section elementor-top-section elementor-element elementor-element-292c5ec elementor-section-boxed elementor-section-height-default elementor-section-height-default\" data-id=\"292c5ec\" data-element_type=\"section\">\n\t\t\t\t\t\t<div class=\"elementor-container elementor-column-gap-default\">\n\t\t\t\t\t<div class=\"elementor-column elementor-col-100 elementor-top-column elementor-element elementor-element-6491507\" data-id=\"6491507\" data-element_type=\"column\">\n\t\t\t<div class=\"elementor-widget-wrap elementor-element-populated\">\n\t\t\t\t\t\t\t\t<div class=\"elementor-element elementor-element-0e5b768 elementor-widget elementor-widget-image\" data-id=\"0e5b768\" data-element_type=\"widget\" data-widget_type=\"image.default\">\n\t\t\t\t<div class=\"elementor-widget-container\">\n\t\t\t\t\t\t\t\t\t\t\t\t\t\t\t<img loading=\"lazy\" decoding=\"async\" width=\"620\" height=\"264\" src=\"https:\/\/www.elabra.cl\/informegestion2021\/wp-content\/uploads\/2022\/05\/2d16.jpg\" class=\"attachment-large size-large\" alt=\"\" srcset=\"https:\/\/www.elabra.cl\/informegestion2021\/wp-content\/uploads\/2022\/05\/2d16.jpg 704w, https:\/\/www.elabra.cl\/informegestion2021\/wp-content\/uploads\/2022\/05\/2d16-300x128.jpg 300w, https:\/\/www.elabra.cl\/informegestion2021\/wp-content\/uploads\/2022\/05\/2d16-500x213.jpg 500w\" sizes=\"auto, (max-width: 620px) 100vw, 620px\" \/>\t\t\t\t\t\t\t\t\t\t\t\t\t\t\t<\/div>\n\t\t\t\t<\/div>\n\t\t\t\t\t<\/div>\n\t\t<\/div>\n\t\t\t\t\t\t\t<\/div>\n\t\t<\/section>\n\t\t\t\t\t\t\t<\/div>\n\t\t","protected":false},"excerpt":{"rendered":"<p>NUESTRO ENTORNO Fundaci\u00f3n Freeport McMoRan Chile Durante 2021 y tras la continuidad de la pandemia que se desencaden\u00f3 a inicios de 2020, nuestro foco estuvo en proteger la salud tanto de nuestro personal propio y externo como de la comunidad, adem\u00e1s de contribuir a la reactivaci\u00f3n econ\u00f3mica. Desarrollamos iniciativas para&#8230;<\/p>\n","protected":false},"author":1,"featured_media":0,"parent":22,"menu_order":0,"comment_status":"closed","ping_status":"closed","template":"","meta":{"footnotes":""},"class_list":["post-30","page","type-page","status-publish","hentry"],"_links":{"self":[{"href":"https:\/\/www.elabra.cl\/informegestion2021\/wp-json\/wp\/v2\/pages\/30","targetHints":{"allow":["GET"]}}],"collection":[{"href":"https:\/\/www.elabra.cl\/informegestion2021\/wp-json\/wp\/v2\/pages"}],"about":[{"href":"https:\/\/www.elabra.cl\/informegestion2021\/wp-json\/wp\/v2\/types\/page"}],"author":[{"embeddable":true,"href":"https:\/\/www.elabra.cl\/informegestion2021\/wp-json\/wp\/v2\/users\/1"}],"replies":[{"embeddable":true,"href":"https:\/\/www.elabra.cl\/informegestion2021\/wp-json\/wp\/v2\/comments?post=30"}],"version-history":[{"count":61,"href":"https:\/\/www.elabra.cl\/informegestion2021\/wp-json\/wp\/v2\/pages\/30\/revisions"}],"predecessor-version":[{"id":375,"href":"https:\/\/www.elabra.cl\/informegestion2021\/wp-json\/wp\/v2\/pages\/30\/revisions\/375"}],"up":[{"embeddable":true,"href":"https:\/\/www.elabra.cl\/informegestion2021\/wp-json\/wp\/v2\/pages\/22"}],"wp:attachment":[{"href":"https:\/\/www.elabra.cl\/informegestion2021\/wp-json\/wp\/v2\/media?parent=30"}],"curies":[{"name":"wp","href":"https:\/\/api.w.org\/{rel}","templated":true}]}}