{"id":28,"date":"2022-04-20T21:05:39","date_gmt":"2022-04-20T21:05:39","guid":{"rendered":"https:\/\/www.elabra.cl\/informegestion2021\/?page_id=28"},"modified":"2022-05-05T15:41:17","modified_gmt":"2022-05-05T15:41:17","slug":"desarrollo-social","status":"publish","type":"page","link":"https:\/\/www.elabra.cl\/informegestion2021\/nuestro-entorno\/desarrollo-social\/","title":{"rendered":"Desarrollo Social"},"content":{"rendered":"\t\t<div data-elementor-type=\"wp-page\" data-elementor-id=\"28\" class=\"elementor elementor-28\">\n\t\t\t\t\t\t\t\t\t<section class=\"elementor-section elementor-top-section elementor-element elementor-element-aba1abc elementor-section-boxed elementor-section-height-default elementor-section-height-default\" data-id=\"aba1abc\" data-element_type=\"section\" data-settings=\"{&quot;background_background&quot;:&quot;classic&quot;}\">\n\t\t\t\t\t\t<div class=\"elementor-container elementor-column-gap-default\">\n\t\t\t\t\t<div class=\"elementor-column elementor-col-100 elementor-top-column elementor-element elementor-element-965686c\" data-id=\"965686c\" data-element_type=\"column\">\n\t\t\t<div class=\"elementor-widget-wrap elementor-element-populated\">\n\t\t\t\t\t\t\t\t<div class=\"elementor-element elementor-element-439630f elementor-widget elementor-widget-heading\" data-id=\"439630f\" data-element_type=\"widget\" data-widget_type=\"heading.default\">\n\t\t\t\t<div class=\"elementor-widget-container\">\n\t\t\t<style>\/*! elementor - v3.6.4 - 13-04-2022 *\/\n.elementor-heading-title{padding:0;margin:0;line-height:1}.elementor-widget-heading .elementor-heading-title[class*=elementor-size-]>a{color:inherit;font-size:inherit;line-height:inherit}.elementor-widget-heading .elementor-heading-title.elementor-size-small{font-size:15px}.elementor-widget-heading .elementor-heading-title.elementor-size-medium{font-size:19px}.elementor-widget-heading .elementor-heading-title.elementor-size-large{font-size:29px}.elementor-widget-heading .elementor-heading-title.elementor-size-xl{font-size:39px}.elementor-widget-heading .elementor-heading-title.elementor-size-xxl{font-size:59px}<\/style><h2 class=\"elementor-heading-title elementor-size-default\">NUESTRO ENTORNO<\/h2>\t\t<\/div>\n\t\t\t\t<\/div>\n\t\t\t\t<div class=\"elementor-element elementor-element-d79b5e0 elementor-widget elementor-widget-heading\" data-id=\"d79b5e0\" data-element_type=\"widget\" data-widget_type=\"heading.default\">\n\t\t\t\t<div class=\"elementor-widget-container\">\n\t\t\t<h2 class=\"elementor-heading-title elementor-size-default\">Desarrollo social<\/h2>\t\t<\/div>\n\t\t\t\t<\/div>\n\t\t\t\t\t<\/div>\n\t\t<\/div>\n\t\t\t\t\t\t\t<\/div>\n\t\t<\/section>\n\t\t\t\t<section class=\"elementor-section elementor-top-section elementor-element elementor-element-752b024 elementor-section-boxed elementor-section-height-default elementor-section-height-default\" data-id=\"752b024\" data-element_type=\"section\">\n\t\t\t\t\t\t<div class=\"elementor-container elementor-column-gap-default\">\n\t\t\t\t\t<div class=\"elementor-column elementor-col-100 elementor-top-column elementor-element elementor-element-7c0ca47\" data-id=\"7c0ca47\" data-element_type=\"column\">\n\t\t\t<div class=\"elementor-widget-wrap elementor-element-populated\">\n\t\t\t\t\t\t\t\t<div class=\"elementor-element elementor-element-0cbb140 elementor-widget elementor-widget-text-editor\" data-id=\"0cbb140\" data-element_type=\"widget\" data-widget_type=\"text-editor.default\">\n\t\t\t\t<div class=\"elementor-widget-container\">\n\t\t\t<style>\/*! elementor - v3.6.4 - 13-04-2022 *\/\n.elementor-widget-text-editor.elementor-drop-cap-view-stacked .elementor-drop-cap{background-color:#818a91;color:#fff}.elementor-widget-text-editor.elementor-drop-cap-view-framed .elementor-drop-cap{color:#818a91;border:3px solid;background-color:transparent}.elementor-widget-text-editor:not(.elementor-drop-cap-view-default) .elementor-drop-cap{margin-top:8px}.elementor-widget-text-editor:not(.elementor-drop-cap-view-default) .elementor-drop-cap-letter{width:1em;height:1em}.elementor-widget-text-editor .elementor-drop-cap{float:left;text-align:center;line-height:1;font-size:50px}.elementor-widget-text-editor .elementor-drop-cap-letter{display:inline-block}<\/style>\t\t\t\t<p class=\"p1\"><span class=\"s1\">En el marco de sus pol\u00edticas de sustentabilidad, Minera El Abra define como uno de sus ejes estrat\u00e9gicos la contribuci\u00f3n al desarrollo de las comunidades aleda\u00f1as a su operaci\u00f3n. El objetivo de este compromiso es fomentar el di\u00e1logo, la confianza, estrechar v\u00ednculos y generar iniciativas conjuntas para mejorar y ser un aporte significativo al desarrollo econ\u00f3mico, cultural y social de las comunidades.<\/span><\/p>\t\t\t\t\t\t<\/div>\n\t\t\t\t<\/div>\n\t\t\t\t\t<\/div>\n\t\t<\/div>\n\t\t\t\t\t\t\t<\/div>\n\t\t<\/section>\n\t\t\t\t<section class=\"elementor-section elementor-top-section elementor-element elementor-element-35f17b1 elementor-section-boxed elementor-section-height-default elementor-section-height-default\" data-id=\"35f17b1\" data-element_type=\"section\">\n\t\t\t\t\t\t<div class=\"elementor-container elementor-column-gap-default\">\n\t\t\t\t\t<div class=\"elementor-column elementor-col-100 elementor-top-column elementor-element elementor-element-f45f9e0\" data-id=\"f45f9e0\" data-element_type=\"column\">\n\t\t\t<div class=\"elementor-widget-wrap elementor-element-populated\">\n\t\t\t\t\t\t\t\t<div class=\"elementor-element elementor-element-467b850 elementor-widget elementor-widget-image\" data-id=\"467b850\" data-element_type=\"widget\" data-widget_type=\"image.default\">\n\t\t\t\t<div class=\"elementor-widget-container\">\n\t\t\t<style>\/*! elementor - v3.6.4 - 13-04-2022 *\/\n.elementor-widget-image{text-align:center}.elementor-widget-image a{display:inline-block}.elementor-widget-image a img[src$=\".svg\"]{width:48px}.elementor-widget-image img{vertical-align:middle;display:inline-block}<\/style>\t\t\t\t\t\t\t\t\t\t\t\t<img loading=\"lazy\" decoding=\"async\" width=\"620\" height=\"455\" src=\"https:\/\/www.elabra.cl\/informegestion2021\/wp-content\/uploads\/2022\/05\/2c1.jpg\" class=\"attachment-large size-large\" alt=\"\" srcset=\"https:\/\/www.elabra.cl\/informegestion2021\/wp-content\/uploads\/2022\/05\/2c1.jpg 700w, https:\/\/www.elabra.cl\/informegestion2021\/wp-content\/uploads\/2022\/05\/2c1-300x220.jpg 300w, https:\/\/www.elabra.cl\/informegestion2021\/wp-content\/uploads\/2022\/05\/2c1-500x367.jpg 500w\" sizes=\"auto, (max-width: 620px) 100vw, 620px\" \/>\t\t\t\t\t\t\t\t\t\t\t\t\t\t\t<\/div>\n\t\t\t\t<\/div>\n\t\t\t\t\t<\/div>\n\t\t<\/div>\n\t\t\t\t\t\t\t<\/div>\n\t\t<\/section>\n\t\t\t\t<section class=\"elementor-section elementor-top-section elementor-element elementor-element-f7ae454 elementor-section-boxed elementor-section-height-default elementor-section-height-default\" data-id=\"f7ae454\" data-element_type=\"section\">\n\t\t\t\t\t\t<div class=\"elementor-container elementor-column-gap-default\">\n\t\t\t\t\t<div class=\"elementor-column elementor-col-100 elementor-top-column elementor-element elementor-element-db5be8f\" data-id=\"db5be8f\" data-element_type=\"column\">\n\t\t\t<div class=\"elementor-widget-wrap elementor-element-populated\">\n\t\t\t\t\t\t\t\t<div class=\"elementor-element elementor-element-d17799f elementor-widget elementor-widget-text-editor\" data-id=\"d17799f\" data-element_type=\"widget\" data-widget_type=\"text-editor.default\">\n\t\t\t\t<div class=\"elementor-widget-container\">\n\t\t\t\t\t\t\t<p class=\"p1\"><span class=\"s1\">Para ello, existen diversas iniciativas a trav\u00e9s de las cuales se ejecutan proyectos colaborativos, en su mayor\u00eda priorizados por las propias comunidades, como el Fondo Comunitario. Hay tambi\u00e9n un programa de becas para apoyar a j\u00f3venes de comunidades ind\u00edgenas en su proceso formativo, capacitaciones laborales y acuerdos de colaboraci\u00f3n que se van renovando de acuerdo con las necesidades de las comunidades vecinas a la faena.<\/span><\/p>\t\t\t\t\t\t<\/div>\n\t\t\t\t<\/div>\n\t\t\t\t\t<\/div>\n\t\t<\/div>\n\t\t\t\t\t\t\t<\/div>\n\t\t<\/section>\n\t\t\t\t<section class=\"elementor-section elementor-top-section elementor-element elementor-element-976e400 elementor-section-boxed elementor-section-height-default elementor-section-height-default\" data-id=\"976e400\" data-element_type=\"section\">\n\t\t\t\t\t\t<div class=\"elementor-container elementor-column-gap-default\">\n\t\t\t\t\t<div class=\"elementor-column elementor-col-100 elementor-top-column elementor-element elementor-element-380c926\" data-id=\"380c926\" data-element_type=\"column\">\n\t\t\t<div class=\"elementor-widget-wrap elementor-element-populated\">\n\t\t\t\t\t\t\t\t<div class=\"elementor-element elementor-element-60ace99 elementor-widget elementor-widget-heading\" data-id=\"60ace99\" data-element_type=\"widget\" data-widget_type=\"heading.default\">\n\t\t\t\t<div class=\"elementor-widget-container\">\n\t\t\t<h2 class=\"elementor-heading-title elementor-size-default\">Programa de desarrollo econ\u00f3mico local Impulsa El Loa <\/h2>\t\t<\/div>\n\t\t\t\t<\/div>\n\t\t\t\t<div class=\"elementor-element elementor-element-0762f2b elementor-widget elementor-widget-text-editor\" data-id=\"0762f2b\" data-element_type=\"widget\" data-widget_type=\"text-editor.default\">\n\t\t\t\t<div class=\"elementor-widget-container\">\n\t\t\t\t\t\t\t<p class=\"p1\"><span class=\"s1\">Este Programa busca generar un c\u00edrculo virtuoso, al promover no solo el progreso de las personas mediante nuevas oportunidades laborales, sino tambi\u00e9n mediante la generaci\u00f3n de alianzas de largo plazo con las comunidades.<span class=\"Apple-converted-space\">\u00a0<\/span><\/span><\/p><p class=\"p1\"><span class=\"s1\">Impulsa El Loa promueve la sostenibilidad de los negocios locales, al incentivar a que los actuales proveedores de El Abra privilegien la oferta existente en la Provincia de El Loa, y as\u00ed fomentar su crecimiento. <span class=\"Apple-converted-space\">\u00a0<\/span><\/span><\/p><p class=\"p1\"><span class=\"s1\">Por medio de este programa, que requiri\u00f3 el trabajo conjunto de las gerencias de Abastecimiento, de Di\u00e1logo Comunitario y de Recursos Humanos, se han impulsado convocatorias exclusivas hacia miembros de las comunidades vecinas, para disponer de empleos directos y ofrecer bolsas de trabajo.<\/span><\/p><p class=\"p1\"><span class=\"s1\">Los proyectos que fueron adjudicados durante 2021 y que est\u00e1n en diferentes etapas de desarrollo son:<\/span><\/p><ul><li><span class=\"s1\">Servicio de descarga de \u00e1cido sulf\u00farico en la faena de Minera El Abra, adjudicado a una empresa de la comunidad ind\u00edgena Quechua Cebollar Ascot\u00e1n.<\/span><\/li><li><span class=\"s1\">Servicio de liberaci\u00f3n y monitoreo ambiental, componente flora, adjudicado a una empresa de la comunidad de Conchi Viejo.<\/span><\/li><li><span class=\"s1\">Transporte de insumos m\u00e9dicos desde Minera El Abra a la comunidad de Ollag\u00fce, adjudicado a una empresa de la comunidad de Ascot\u00e1n.<\/span><\/li><li><span class=\"s1\">Retiro de estructuras y residuos en vertientes del salar de Ascot\u00e1n, adjudicado a una empresa de la comunidad de Ascot\u00e1n.<\/span><\/li><li><span class=\"s1\">Mantenci\u00f3n del Complejo Deportivo El Abra ubicado en Calama, adjudicado a la comunidad ind\u00edgena de Cebollar Ascot\u00e1n.<span class=\"Apple-converted-space\">\u00a0<\/span><\/span><\/li><li><span class=\"s1\">Servicio de mantenci\u00f3n \u00e1reas verdes, adjudicado a una empresa de la comunidad ind\u00edgena de Ollag\u00fce.<\/span><\/li><\/ul><p class=\"p1\"><span class=\"s1\">Adicionalmente, por medio de la misma plataforma, se ofertaron 24 puestos de trabajo en empresas colaboradoras de Minera El Abra.<\/span><\/p><p class=\"p1\"><span class=\"s1\">A trav\u00e9s de la plataforma dispuesta para el registro de empresas proveedoras locales y\/o contratistas de la zona de Alto El Loa, existen 32 usuarios, 10 de ellos de empresas colaboradoras y 22 de empresas pertenecientes a alguna de las comunidades del sector.<\/span><\/p><p><img loading=\"lazy\" decoding=\"async\" class=\"alignnone size-full wp-image-103\" src=\"http:\/\/elabra.cl\/informegestion2021\/wp-content\/uploads\/2022\/04\/08.gif\" alt=\"\" width=\"60\" height=\"60\" srcset=\"https:\/\/www.elabra.cl\/informegestion2021\/wp-content\/uploads\/2022\/04\/08.gif 60w, https:\/\/www.elabra.cl\/informegestion2021\/wp-content\/uploads\/2022\/04\/08-50x50.gif 50w\" sizes=\"auto, (max-width: 60px) 100vw, 60px\" \/><img loading=\"lazy\" decoding=\"async\" class=\"alignnone size-full wp-image-106\" src=\"http:\/\/elabra.cl\/informegestion2021\/wp-content\/uploads\/2022\/04\/11.gif\" alt=\"\" width=\"60\" height=\"60\" srcset=\"https:\/\/www.elabra.cl\/informegestion2021\/wp-content\/uploads\/2022\/04\/11.gif 60w, https:\/\/www.elabra.cl\/informegestion2021\/wp-content\/uploads\/2022\/04\/11-50x50.gif 50w\" sizes=\"auto, (max-width: 60px) 100vw, 60px\" \/><img loading=\"lazy\" decoding=\"async\" class=\"alignnone size-full wp-image-112\" src=\"http:\/\/elabra.cl\/informegestion2021\/wp-content\/uploads\/2022\/04\/17.gif\" alt=\"\" width=\"60\" height=\"60\" srcset=\"https:\/\/www.elabra.cl\/informegestion2021\/wp-content\/uploads\/2022\/04\/17.gif 60w, https:\/\/www.elabra.cl\/informegestion2021\/wp-content\/uploads\/2022\/04\/17-50x50.gif 50w\" sizes=\"auto, (max-width: 60px) 100vw, 60px\" \/><\/p>\t\t\t\t\t\t<\/div>\n\t\t\t\t<\/div>\n\t\t\t\t\t<\/div>\n\t\t<\/div>\n\t\t\t\t\t\t\t<\/div>\n\t\t<\/section>\n\t\t\t\t<section class=\"elementor-section elementor-top-section elementor-element elementor-element-a3bf572 elementor-section-boxed elementor-section-height-default elementor-section-height-default\" data-id=\"a3bf572\" data-element_type=\"section\">\n\t\t\t\t\t\t<div class=\"elementor-container elementor-column-gap-default\">\n\t\t\t\t\t<div class=\"elementor-column elementor-col-100 elementor-top-column elementor-element elementor-element-4a94400\" data-id=\"4a94400\" data-element_type=\"column\">\n\t\t\t<div class=\"elementor-widget-wrap elementor-element-populated\">\n\t\t\t\t\t\t\t\t<div class=\"elementor-element elementor-element-5594c97 elementor-widget elementor-widget-image\" data-id=\"5594c97\" data-element_type=\"widget\" data-widget_type=\"image.default\">\n\t\t\t\t<div class=\"elementor-widget-container\">\n\t\t\t\t\t\t\t\t\t\t\t\t\t\t\t<img loading=\"lazy\" decoding=\"async\" width=\"620\" height=\"264\" src=\"https:\/\/www.elabra.cl\/informegestion2021\/wp-content\/uploads\/2022\/05\/2c2.jpg\" class=\"attachment-large size-large\" alt=\"\" srcset=\"https:\/\/www.elabra.cl\/informegestion2021\/wp-content\/uploads\/2022\/05\/2c2.jpg 704w, https:\/\/www.elabra.cl\/informegestion2021\/wp-content\/uploads\/2022\/05\/2c2-300x128.jpg 300w, https:\/\/www.elabra.cl\/informegestion2021\/wp-content\/uploads\/2022\/05\/2c2-500x213.jpg 500w\" sizes=\"auto, (max-width: 620px) 100vw, 620px\" \/>\t\t\t\t\t\t\t\t\t\t\t\t\t\t\t<\/div>\n\t\t\t\t<\/div>\n\t\t\t\t\t<\/div>\n\t\t<\/div>\n\t\t\t\t\t\t\t<\/div>\n\t\t<\/section>\n\t\t\t\t<section class=\"elementor-section elementor-top-section elementor-element elementor-element-f91059f elementor-section-boxed elementor-section-height-default elementor-section-height-default\" data-id=\"f91059f\" data-element_type=\"section\">\n\t\t\t\t\t\t<div class=\"elementor-container elementor-column-gap-default\">\n\t\t\t\t\t<div class=\"elementor-column elementor-col-100 elementor-top-column elementor-element elementor-element-06e2edc\" data-id=\"06e2edc\" data-element_type=\"column\">\n\t\t\t<div class=\"elementor-widget-wrap elementor-element-populated\">\n\t\t\t\t\t\t\t\t<div class=\"elementor-element elementor-element-c1ea167 elementor-widget elementor-widget-heading\" data-id=\"c1ea167\" data-element_type=\"widget\" data-widget_type=\"heading.default\">\n\t\t\t\t<div class=\"elementor-widget-container\">\n\t\t\t<h2 class=\"elementor-heading-title elementor-size-default\">Fondos Comunitarios <\/h2>\t\t<\/div>\n\t\t\t\t<\/div>\n\t\t\t\t<div class=\"elementor-element elementor-element-134459a elementor-widget elementor-widget-text-editor\" data-id=\"134459a\" data-element_type=\"widget\" data-widget_type=\"text-editor.default\">\n\t\t\t\t<div class=\"elementor-widget-container\">\n\t\t\t\t\t\t\t<p class=\"p1\">Con el objetivo de contribuir al desarrollo local de las comunidades ind\u00edgenas a trav\u00e9s del financiamiento de iniciativas sustentables que refuercen su identidad y desarrollo social, la compa\u00f1\u00eda impulsa esta l\u00ednea de financiamiento desde hace seis a\u00f1os, a trav\u00e9s de fondos concursables enfocados en las comunidades de Lasana, Estaci\u00f3n San Pedro, Ayllu Ojos de San Pedro, Ayquina, Caspana, Cupo, Toconce, Cebollar-Ascot\u00e1n, Ollag\u00fce, Chiu Chiu y Koska.<\/p><p class=\"p1\"><span class=\"s1\">En agosto de 2021 se realiz\u00f3 el lanzamiento de la sexta versi\u00f3n de los Fondos Comunitarios, con cinco l\u00edneas de financiamiento: patrimonio cultural, desarrollo social, emprendimiento social, medioambiente, salud y seguridad. En esta versi\u00f3n, cada comunidad recibi\u00f3 por asignaci\u00f3n directa el fondo, que es administrado por los beneficiados y beneficiadas.<span class=\"Apple-converted-space\">\u00a0<\/span><\/span><\/p><p class=\"p1\"><span class=\"s1\">Los proyectos de esta nueva versi\u00f3n, que se ejecutan desde septiembre de 2021 y hasta abril de 2022: <span class=\"Apple-converted-space\">\u00a0<\/span><\/span><\/p><p class=\"p2\"><span class=\"s3\"><b>Comunidad atacame\u00f1a de Lasana:<\/b><\/span><span class=\"s1\"> \u201cOptimizaci\u00f3n Sistema Agua Potable Rural (APR) Lasana \u201d: mantenci\u00f3n general de la planta de agua mediante recambio de los equipos y una mejora del sistema de tratamiento.<\/span><span style=\"font-size: 15px; color: var( --e-global-color-text );\">\u00a0<\/span><\/p><ul><li><span class=\"s3\"><b>Comunidad Ind\u00edgena Quechua Cebollar Ascot\u00e1n: <\/b><\/span><span class=\"s1\">construcci\u00f3n de un parque de juegos infantiles.<\/span><\/li><li><b>Comunidad de Ayquina-Turi-Paniri:<\/b><span class=\"s1\" style=\"font-size: 15px; color: var( --e-global-color-text );\"> segunda etapa de la sede social del poblado de Turi.<\/span><\/li><li><b>Comunidad Ind\u00edgena Atacame\u00f1a de Caspana: <\/b><span class=\"s1\" style=\"font-size: 15px; color: var( --e-global-color-text );\">plan de mejoramiento de servicios b\u00e1sicos para resolver el problema de contaminaci\u00f3n en la filtraci\u00f3n de aguas servidas de los pozos con un sistema de alcantarillado.<\/span><\/li><li><b>Comunidad Atacame\u00f1a de Toconce:<\/b><span style=\"font-size: 15px; color: var( --e-global-color-text );\"> reforzamiento del entorno al canal de regad\u00edo de Toconce para mayor seguridad y para asegurar el abastecimiento de los lugare\u00f1os.<\/span><\/li><li><b>Comunidad Ind\u00edgena Ayllu Ojos de San Pedro: <\/b><span class=\"s1\" style=\"font-size: 15px; color: var( --e-global-color-text );\">emprendimiento comunitario con pertinencia territorial dirigido al desarrollo tur\u00edstico.<\/span><\/li><li><b>Junta de Vecinos N\u00b024, Pueblo de Cupo: <\/b><span class=\"s6\" style=\"font-size: 15px; color: var( --e-global-color-text );\">remodelaci\u00f3n de la Iglesia del pueblo<\/span><\/li><\/ul><p class=\"p4\"><span class=\"s1\">Las comunidades de Chiu Chiu, Ollag\u00fce, Estaci\u00f3n San Pedro y Kosca har\u00e1n la entrega de sus proyectos a inicios del a\u00f1o 2022. <span class=\"Apple-converted-space\">\u00a0<\/span><\/span><\/p><p class=\"p4\"><span class=\"s7\">Durante 2021 tambi\u00e9n se finalizaron algunos proyectos rezagados:<\/span><\/p><ul><li><span class=\"s3\"><b>Comunidad Ascot\u00e1n: <\/b><\/span><span class=\"s1\">La comunidad de la fronteriza localidad de Cebollar en la comuna de Ollag\u00fce, restaur\u00f3 y ampli\u00f3 el hist\u00f3rico cementerio que data de inicios del siglo pasado y donde reposan ancestros de pastores y mineros que habitaron la zona. Este trabajo contribuye a la conservaci\u00f3n del patrimonio cultural.\u00a0\u00a0<\/span>Las obras consistieron en la construcci\u00f3n del cierre perimetral, la ampliaci\u00f3n en 20 metros del cementerio y la restauraci\u00f3n del mausoleo o capilla, cuyo edificio se remonta a la primera d\u00e9cada del siglo pasado, intervenci\u00f3n que procur\u00f3 mantener el mismo tipo de materiales de la arquitectura hist\u00f3rica.<\/li><li><span class=\"s3\"><b>Comunidad Ollag\u00fce:<\/b><\/span><span class=\"s1\"> En 2021 se capacitaron como monitores ambientales a m\u00e1s de 20 estudiantes de esta comunidad, quienes mejoraron sus conocimientos en flora, fauna e hidrolog\u00eda de la zona. Adem\u00e1s, se capacitaron como operadores de camiones CAEX, lo que les permitir\u00e1 contar con capital humano especializado para acceder a nuevas herramientas y oportunidades laborales que apunten a mejorar la calidad de vida en esta apartada localidad.<\/span><\/li><\/ul><ul><li><span class=\"s3\"><b>Comunidad Ayquina-Turi: <\/b><\/span><span class=\"s1\">Se llev\u00f3 a cabo la primera de las tres etapas de construcci\u00f3n de la sede comunitaria que contar\u00e1 con una sala de eventos para la celebraci\u00f3n de actividades costumbristas y de esparcimiento. La futura sede resolver\u00e1 el problema del traslado al pueblo de Ayquina -en especial para los adultos mayores- donde hoy se realizan dichas actividades.<\/span><\/li><\/ul><p><img loading=\"lazy\" decoding=\"async\" class=\"alignnone size-full wp-image-103\" src=\"http:\/\/elabra.cl\/informegestion2021\/wp-content\/uploads\/2022\/04\/08.gif\" alt=\"\" width=\"60\" height=\"60\" srcset=\"https:\/\/www.elabra.cl\/informegestion2021\/wp-content\/uploads\/2022\/04\/08.gif 60w, https:\/\/www.elabra.cl\/informegestion2021\/wp-content\/uploads\/2022\/04\/08-50x50.gif 50w\" sizes=\"auto, (max-width: 60px) 100vw, 60px\" \/><img loading=\"lazy\" decoding=\"async\" class=\"alignnone size-full wp-image-105\" src=\"http:\/\/elabra.cl\/informegestion2021\/wp-content\/uploads\/2022\/04\/10.gif\" alt=\"\" width=\"60\" height=\"60\" srcset=\"https:\/\/www.elabra.cl\/informegestion2021\/wp-content\/uploads\/2022\/04\/10.gif 60w, https:\/\/www.elabra.cl\/informegestion2021\/wp-content\/uploads\/2022\/04\/10-50x50.gif 50w\" sizes=\"auto, (max-width: 60px) 100vw, 60px\" \/><img loading=\"lazy\" decoding=\"async\" class=\"alignnone size-full wp-image-106\" src=\"http:\/\/elabra.cl\/informegestion2021\/wp-content\/uploads\/2022\/04\/11.gif\" alt=\"\" width=\"60\" height=\"60\" srcset=\"https:\/\/www.elabra.cl\/informegestion2021\/wp-content\/uploads\/2022\/04\/11.gif 60w, https:\/\/www.elabra.cl\/informegestion2021\/wp-content\/uploads\/2022\/04\/11-50x50.gif 50w\" sizes=\"auto, (max-width: 60px) 100vw, 60px\" \/><\/p>\t\t\t\t\t\t<\/div>\n\t\t\t\t<\/div>\n\t\t\t\t\t<\/div>\n\t\t<\/div>\n\t\t\t\t\t\t\t<\/div>\n\t\t<\/section>\n\t\t\t\t<section class=\"elementor-section elementor-top-section elementor-element elementor-element-a7c9853 elementor-section-boxed elementor-section-height-default elementor-section-height-default\" data-id=\"a7c9853\" data-element_type=\"section\">\n\t\t\t\t\t\t<div class=\"elementor-container elementor-column-gap-default\">\n\t\t\t\t\t<div class=\"elementor-column elementor-col-100 elementor-top-column elementor-element elementor-element-bb24cd5\" data-id=\"bb24cd5\" data-element_type=\"column\">\n\t\t\t<div class=\"elementor-widget-wrap elementor-element-populated\">\n\t\t\t\t\t\t\t\t<div class=\"elementor-element elementor-element-fa1c7fc elementor-widget elementor-widget-image\" data-id=\"fa1c7fc\" data-element_type=\"widget\" data-widget_type=\"image.default\">\n\t\t\t\t<div class=\"elementor-widget-container\">\n\t\t\t\t\t\t\t\t\t\t\t\t\t\t\t<img loading=\"lazy\" decoding=\"async\" width=\"620\" height=\"264\" src=\"https:\/\/www.elabra.cl\/informegestion2021\/wp-content\/uploads\/2022\/05\/2c3.jpg\" class=\"attachment-large size-large\" alt=\"\" srcset=\"https:\/\/www.elabra.cl\/informegestion2021\/wp-content\/uploads\/2022\/05\/2c3.jpg 704w, https:\/\/www.elabra.cl\/informegestion2021\/wp-content\/uploads\/2022\/05\/2c3-300x128.jpg 300w, https:\/\/www.elabra.cl\/informegestion2021\/wp-content\/uploads\/2022\/05\/2c3-500x213.jpg 500w\" sizes=\"auto, (max-width: 620px) 100vw, 620px\" \/>\t\t\t\t\t\t\t\t\t\t\t\t\t\t\t<\/div>\n\t\t\t\t<\/div>\n\t\t\t\t\t<\/div>\n\t\t<\/div>\n\t\t\t\t\t\t\t<\/div>\n\t\t<\/section>\n\t\t\t\t<section class=\"elementor-section elementor-top-section elementor-element elementor-element-cf7c0a6 elementor-section-boxed elementor-section-height-default elementor-section-height-default\" data-id=\"cf7c0a6\" data-element_type=\"section\">\n\t\t\t\t\t\t<div class=\"elementor-container elementor-column-gap-default\">\n\t\t\t\t\t<div class=\"elementor-column elementor-col-100 elementor-top-column elementor-element elementor-element-008d0e4\" data-id=\"008d0e4\" data-element_type=\"column\">\n\t\t\t<div class=\"elementor-widget-wrap elementor-element-populated\">\n\t\t\t\t\t\t\t\t<div class=\"elementor-element elementor-element-da9a4c2 elementor-widget elementor-widget-heading\" data-id=\"da9a4c2\" data-element_type=\"widget\" data-widget_type=\"heading.default\">\n\t\t\t\t<div class=\"elementor-widget-container\">\n\t\t\t<h2 class=\"elementor-heading-title elementor-size-default\">Becas Ind\u00edgenas \n<\/h2>\t\t<\/div>\n\t\t\t\t<\/div>\n\t\t\t\t<div class=\"elementor-element elementor-element-a17458f elementor-widget elementor-widget-text-editor\" data-id=\"a17458f\" data-element_type=\"widget\" data-widget_type=\"text-editor.default\">\n\t\t\t\t<div class=\"elementor-widget-container\">\n\t\t\t\t\t\t\t<p class=\"p1\"><span class=\"s1\">La educaci\u00f3n es uno de los pilares fundamentales de la pol\u00edtica de desarrollo y aporte local de la empresa y, en esta l\u00ednea, El Abra entrega anualmente las Becas Ind\u00edgenas, para apoyar y financiar los estudios t\u00e9cnico-profesionales de j\u00f3venes de las comunidades ubicadas en Calama y Alto El Loa.<\/span><\/p><p class=\"p1\"><span class=\"s1\">Este beneficio, que es renovable, ccubre parte del costo del arancel de estudios universitarios o t\u00e9cnico-profesionales. Quienes reciben este aporte deben comprometerse a desarrollar, en su comunidad, una actividad asociada con lo que estudiaron.<\/span><\/p><p class=\"p1\"><span class=\"s1\">En el decenio 2010 &#8211; 2020 se han otorgado cerca de 480 becas para que estudiantes puedan formarse en universidades o institutos t\u00e9cnicos. En 2021, y con un r\u00e9cord hist\u00f3rico, postularon 228 j\u00f3venes y 74 fueron seleccionados para recibir este beneficio.<span class=\"Apple-converted-space\">\u00a0<\/span><\/span><\/p><p class=\"p1\"><span class=\"s1\">Con el objetivo de apuntar a lo que requieren los y las j\u00f3venes, en 2021 realizamos un estudio donde se entrevistaron a 121 personas que se beneficiaron con esta beca entre 2015 y 2019. Entre los resultados relevantes podemos destacar que el 64% de las becarias y becarios se encuentran actualmente titulados o egresados y tan solo 6% ha desertado o se ha retirado temporalmente de las instituciones educativas.<\/span><\/p><p class=\"p1\">tidad y desarrollo social, la compa\u00f1\u00eda impulsa esta l\u00ednea de financiamiento desde hace seis a\u00f1os, a trav\u00e9s de fondos concursables enfocados en las comunidades de Lasana, Estaci\u00f3n San Pedro, Ayllu Ojos de San Pedro, Ayquina, Caspana, Cupo, Toconce, Cebollar-Ascot\u00e1n, Ollag\u00fce, Chiu Chiu y Koska.<\/p><p class=\"p1\"><span class=\"s1\">En agosto de 2021 se realiz\u00f3 el lanzamiento de la sexta versi\u00f3n de los Fondos Comunitarios, con cinco l\u00edneas de financiamiento: patrimonio cultural, desarrollo social, emprendimiento social, medioambiente, salud y seguridad. En esta versi\u00f3n, cada comunidad recibi\u00f3 por asignaci\u00f3n directa el fondo, que es administrado por los beneficiados y beneficiadas.<span class=\"Apple-converted-space\">\u00a0<\/span><\/span><\/p>\t\t\t\t\t\t<\/div>\n\t\t\t\t<\/div>\n\t\t\t\t\t<\/div>\n\t\t<\/div>\n\t\t\t\t\t\t\t<\/div>\n\t\t<\/section>\n\t\t\t\t<section class=\"elementor-section elementor-top-section elementor-element elementor-element-087101b elementor-section-boxed elementor-section-height-default elementor-section-height-default\" data-id=\"087101b\" data-element_type=\"section\" data-settings=\"{&quot;background_background&quot;:&quot;classic&quot;}\">\n\t\t\t\t\t\t<div class=\"elementor-container elementor-column-gap-default\">\n\t\t\t\t\t<div class=\"elementor-column elementor-col-100 elementor-top-column elementor-element elementor-element-fd60de8\" data-id=\"fd60de8\" data-element_type=\"column\">\n\t\t\t<div class=\"elementor-widget-wrap elementor-element-populated\">\n\t\t\t\t\t\t\t\t<div class=\"elementor-element elementor-element-b2c3068 elementor-widget elementor-widget-text-editor\" data-id=\"b2c3068\" data-element_type=\"widget\" data-widget_type=\"text-editor.default\">\n\t\t\t\t<div class=\"elementor-widget-container\">\n\t\t\t\t\t\t\t<p class=\"p1\"><span class=\"s1\">\u201cMe encuentro en el \u00faltimo a\u00f1o de la beca de Minera El Abra, la que me ha sido otorgada por 4to a\u00f1o consecutivo. Para m\u00ed ha sido s\u00faper importante, ya que he podido estudiar tranquila me ha dado una estabilidad y me he enfocado solamente en estudiar\u201d.<span class=\"Apple-converted-space\">\u00a0<\/span><\/span><\/p><p class=\"p1\"><span class=\"s1\"><b>Yanina Cruz,<span class=\"Apple-converted-space\">\u00a0<\/span><\/b><\/span><span class=\"s1\">estudiante de Psicopedagog\u00eda.<\/span><\/p>\t\t\t\t\t\t<\/div>\n\t\t\t\t<\/div>\n\t\t\t\t\t<\/div>\n\t\t<\/div>\n\t\t\t\t\t\t\t<\/div>\n\t\t<\/section>\n\t\t\t\t<section class=\"elementor-section elementor-top-section elementor-element elementor-element-2ae3bc0 elementor-section-boxed elementor-section-height-default elementor-section-height-default\" data-id=\"2ae3bc0\" data-element_type=\"section\">\n\t\t\t\t\t\t<div class=\"elementor-container elementor-column-gap-default\">\n\t\t\t\t\t<div class=\"elementor-column elementor-col-100 elementor-top-column elementor-element elementor-element-df4593e\" data-id=\"df4593e\" data-element_type=\"column\">\n\t\t\t<div class=\"elementor-widget-wrap elementor-element-populated\">\n\t\t\t\t\t\t\t\t<div class=\"elementor-element elementor-element-b5ebdc8 elementor-widget elementor-widget-image\" data-id=\"b5ebdc8\" data-element_type=\"widget\" data-widget_type=\"image.default\">\n\t\t\t\t<div class=\"elementor-widget-container\">\n\t\t\t\t\t\t\t\t\t\t\t\t\t\t\t<img loading=\"lazy\" decoding=\"async\" width=\"620\" height=\"264\" src=\"https:\/\/www.elabra.cl\/informegestion2021\/wp-content\/uploads\/2022\/05\/2c4.jpg\" class=\"attachment-large size-large\" alt=\"\" srcset=\"https:\/\/www.elabra.cl\/informegestion2021\/wp-content\/uploads\/2022\/05\/2c4.jpg 704w, https:\/\/www.elabra.cl\/informegestion2021\/wp-content\/uploads\/2022\/05\/2c4-300x128.jpg 300w, https:\/\/www.elabra.cl\/informegestion2021\/wp-content\/uploads\/2022\/05\/2c4-500x213.jpg 500w\" sizes=\"auto, (max-width: 620px) 100vw, 620px\" \/>\t\t\t\t\t\t\t\t\t\t\t\t\t\t\t<\/div>\n\t\t\t\t<\/div>\n\t\t\t\t\t<\/div>\n\t\t<\/div>\n\t\t\t\t\t\t\t<\/div>\n\t\t<\/section>\n\t\t\t\t<section class=\"elementor-section elementor-top-section elementor-element elementor-element-d7e2736 elementor-section-boxed elementor-section-height-default elementor-section-height-default\" data-id=\"d7e2736\" data-element_type=\"section\">\n\t\t\t\t\t\t<div class=\"elementor-container elementor-column-gap-default\">\n\t\t\t\t\t<div class=\"elementor-column elementor-col-100 elementor-top-column elementor-element elementor-element-964599e\" data-id=\"964599e\" data-element_type=\"column\">\n\t\t\t<div class=\"elementor-widget-wrap elementor-element-populated\">\n\t\t\t\t\t\t\t\t<div class=\"elementor-element elementor-element-985e43b elementor-widget elementor-widget-text-editor\" data-id=\"985e43b\" data-element_type=\"widget\" data-widget_type=\"text-editor.default\">\n\t\t\t\t<div class=\"elementor-widget-container\">\n\t\t\t\t\t\t\t<p class=\"p1\"><span class=\"s1\">En relaci\u00f3n con las \u00e1reas de estudio, y tomando en cuenta que la Regi\u00f3n de Antofagasta es principalmente minera, los j\u00f3venes han elegido las carreras de ingenier\u00eda en metalurgia, en minas, automatizaci\u00f3n y control industrial, inform\u00e1tica, y civil de minas. Entre las carreras t\u00e9cnicas, prefieren estudiar t\u00e9cnico en miner\u00eda. Finalmente, en t\u00e9rminos de evaluaci\u00f3n general, un 75% de los encuestados se encuentra satisfecho o muy satisfecho con la ejecuci\u00f3n del programa y, con igual porcentaje, consideran que el programa les ha brindado oportunidades para el desarrollo de sus habilidades y conocimientos.<span class=\"Apple-converted-space\">\u00a0<\/span><\/span><\/p><p class=\"p1\"><span class=\"s1\">Dentro de los trabajos voluntarios realizados por quienes recibieron la beca de esta versi\u00f3n, destaca un grupo de estudiantes que trabaj\u00f3 en el rescate patrimonial, cultural y la protecci\u00f3n del medio ambiente en la comunidad quechua de Ollag\u00fce, donde confeccionaron coronas de papel para sus difuntos y plantaron \u00e1rboles nativos en su comunidad. Otros seis estudiantes desarrollaron trabajos voluntarios de preparaci\u00f3n para la fiesta del santo patrono de Estaci\u00f3n San Pedro, San Antonio de Padua.<span class=\"Apple-converted-space\">\u00a0<\/span><\/span><\/p><p class=\"p1\"><span class=\"s1\">Asimismo, una de las estudiantes becadas de Lasana, quien cursa enfermer\u00eda, imparti\u00f3 una charla preventiva a los adultos mayores de su comunidad, en el contexto de la pandemia. Durante la jornada las personas que participaron recibieron insumos de protecci\u00f3n y consejos de buenas pr\u00e1cticas preventivas frente al COVID-19.<\/span><\/p><p><img loading=\"lazy\" decoding=\"async\" class=\"alignnone size-full wp-image-99\" src=\"http:\/\/elabra.cl\/informegestion2021\/wp-content\/uploads\/2022\/04\/04.gif\" alt=\"\" width=\"60\" height=\"60\" srcset=\"https:\/\/www.elabra.cl\/informegestion2021\/wp-content\/uploads\/2022\/04\/04.gif 60w, https:\/\/www.elabra.cl\/informegestion2021\/wp-content\/uploads\/2022\/04\/04-50x50.gif 50w\" sizes=\"auto, (max-width: 60px) 100vw, 60px\" \/><img loading=\"lazy\" decoding=\"async\" class=\"alignnone size-full wp-image-103\" src=\"http:\/\/elabra.cl\/informegestion2021\/wp-content\/uploads\/2022\/04\/08.gif\" alt=\"\" width=\"60\" height=\"60\" srcset=\"https:\/\/www.elabra.cl\/informegestion2021\/wp-content\/uploads\/2022\/04\/08.gif 60w, https:\/\/www.elabra.cl\/informegestion2021\/wp-content\/uploads\/2022\/04\/08-50x50.gif 50w\" sizes=\"auto, (max-width: 60px) 100vw, 60px\" \/><img loading=\"lazy\" decoding=\"async\" class=\"alignnone size-full wp-image-104\" src=\"http:\/\/elabra.cl\/informegestion2021\/wp-content\/uploads\/2022\/04\/09.gif\" alt=\"\" width=\"60\" height=\"60\" srcset=\"https:\/\/www.elabra.cl\/informegestion2021\/wp-content\/uploads\/2022\/04\/09.gif 60w, https:\/\/www.elabra.cl\/informegestion2021\/wp-content\/uploads\/2022\/04\/09-50x50.gif 50w\" sizes=\"auto, (max-width: 60px) 100vw, 60px\" \/><\/p>\t\t\t\t\t\t<\/div>\n\t\t\t\t<\/div>\n\t\t\t\t\t<\/div>\n\t\t<\/div>\n\t\t\t\t\t\t\t<\/div>\n\t\t<\/section>\n\t\t\t\t<section class=\"elementor-section elementor-top-section elementor-element elementor-element-9f7b0d4 elementor-section-boxed elementor-section-height-default elementor-section-height-default\" data-id=\"9f7b0d4\" data-element_type=\"section\">\n\t\t\t\t\t\t<div class=\"elementor-container elementor-column-gap-default\">\n\t\t\t\t\t<div class=\"elementor-column elementor-col-100 elementor-top-column elementor-element elementor-element-1940139\" data-id=\"1940139\" data-element_type=\"column\">\n\t\t\t<div class=\"elementor-widget-wrap elementor-element-populated\">\n\t\t\t\t\t\t\t\t<div class=\"elementor-element elementor-element-6a40e1d elementor-widget elementor-widget-heading\" data-id=\"6a40e1d\" data-element_type=\"widget\" data-widget_type=\"heading.default\">\n\t\t\t\t<div class=\"elementor-widget-container\">\n\t\t\t<h2 class=\"elementor-heading-title elementor-size-default\">Lavander\u00eda de Chiu Chiu<\/h2>\t\t<\/div>\n\t\t\t\t<\/div>\n\t\t\t\t<div class=\"elementor-element elementor-element-98f541d elementor-widget elementor-widget-text-editor\" data-id=\"98f541d\" data-element_type=\"widget\" data-widget_type=\"text-editor.default\">\n\t\t\t\t<div class=\"elementor-widget-container\">\n\t\t\t\t\t\t\t<p class=\"p1\"><span class=\"s1\">Hace 15 a\u00f1os comenz\u00f3 este proyecto que permite desarrollar mano de obra local mediante una asociaci\u00f3n p\u00fablico \u2013 privada entre la Corporaci\u00f3n Nacional de Desarrollo Ind\u00edgena (CONADI), la Municipalidad de Calama y la comunidad ind\u00edgena que presta servicios de lavander\u00eda, planchado y entrega de ropa de trabajo en faena.<\/span><\/p><p class=\"p1\"><span class=\"s1\">A lo largo de la relaci\u00f3n entre las integrantes de la lavander\u00eda de Chiu Chiu se han realizado avances y perfeccionamientos en su negocio, con apoyo de El Abra, como asesor\u00edas, capacitaciones para las emprendedoras y desarrollo de su oferta de servicios.<span class=\"Apple-converted-space\">\u00a0<\/span><\/span><\/p><p class=\"p1\"><span class=\"s1\">En 2021, con miras a fortalecer este v\u00ednculo a largo plazo, se instal\u00f3 una planta recuperadora de agua en la lavander\u00eda de la comunidad atacame\u00f1a, lo que permitir\u00e1 mejorar la eficiencia del uso del agua por medio del ahorro de consumo y costo por el trabajo realizado a diario en la lavander\u00eda.<span class=\"Apple-converted-space\">\u00a0<\/span><\/span><\/p><p><img loading=\"lazy\" decoding=\"async\" class=\"alignnone size-full wp-image-103\" src=\"http:\/\/elabra.cl\/informegestion2021\/wp-content\/uploads\/2022\/04\/08.gif\" alt=\"\" width=\"60\" height=\"60\" srcset=\"https:\/\/www.elabra.cl\/informegestion2021\/wp-content\/uploads\/2022\/04\/08.gif 60w, https:\/\/www.elabra.cl\/informegestion2021\/wp-content\/uploads\/2022\/04\/08-50x50.gif 50w\" sizes=\"auto, (max-width: 60px) 100vw, 60px\" \/><img loading=\"lazy\" decoding=\"async\" class=\"alignnone size-full wp-image-106\" src=\"http:\/\/elabra.cl\/informegestion2021\/wp-content\/uploads\/2022\/04\/11.gif\" alt=\"\" width=\"60\" height=\"60\" srcset=\"https:\/\/www.elabra.cl\/informegestion2021\/wp-content\/uploads\/2022\/04\/11.gif 60w, https:\/\/www.elabra.cl\/informegestion2021\/wp-content\/uploads\/2022\/04\/11-50x50.gif 50w\" sizes=\"auto, (max-width: 60px) 100vw, 60px\" \/><img loading=\"lazy\" decoding=\"async\" class=\"alignnone size-full wp-image-112\" src=\"http:\/\/elabra.cl\/informegestion2021\/wp-content\/uploads\/2022\/04\/17.gif\" alt=\"\" width=\"60\" height=\"60\" srcset=\"https:\/\/www.elabra.cl\/informegestion2021\/wp-content\/uploads\/2022\/04\/17.gif 60w, https:\/\/www.elabra.cl\/informegestion2021\/wp-content\/uploads\/2022\/04\/17-50x50.gif 50w\" sizes=\"auto, (max-width: 60px) 100vw, 60px\" \/><\/p>\t\t\t\t\t\t<\/div>\n\t\t\t\t<\/div>\n\t\t\t\t\t<\/div>\n\t\t<\/div>\n\t\t\t\t\t\t\t<\/div>\n\t\t<\/section>\n\t\t\t\t<section class=\"elementor-section elementor-top-section elementor-element elementor-element-0439d04 elementor-section-boxed elementor-section-height-default elementor-section-height-default\" data-id=\"0439d04\" data-element_type=\"section\">\n\t\t\t\t\t\t<div class=\"elementor-container elementor-column-gap-default\">\n\t\t\t\t\t<div class=\"elementor-column elementor-col-100 elementor-top-column elementor-element elementor-element-7f76324\" data-id=\"7f76324\" data-element_type=\"column\">\n\t\t\t<div class=\"elementor-widget-wrap elementor-element-populated\">\n\t\t\t\t\t\t\t\t<div class=\"elementor-element elementor-element-4c4c006 elementor-widget elementor-widget-image\" data-id=\"4c4c006\" data-element_type=\"widget\" data-widget_type=\"image.default\">\n\t\t\t\t<div class=\"elementor-widget-container\">\n\t\t\t\t\t\t\t\t\t\t\t\t\t\t\t<img loading=\"lazy\" decoding=\"async\" width=\"620\" height=\"264\" src=\"https:\/\/www.elabra.cl\/informegestion2021\/wp-content\/uploads\/2022\/05\/2c5.jpg\" class=\"attachment-large size-large\" alt=\"\" srcset=\"https:\/\/www.elabra.cl\/informegestion2021\/wp-content\/uploads\/2022\/05\/2c5.jpg 704w, https:\/\/www.elabra.cl\/informegestion2021\/wp-content\/uploads\/2022\/05\/2c5-300x128.jpg 300w, https:\/\/www.elabra.cl\/informegestion2021\/wp-content\/uploads\/2022\/05\/2c5-500x213.jpg 500w\" sizes=\"auto, (max-width: 620px) 100vw, 620px\" \/>\t\t\t\t\t\t\t\t\t\t\t\t\t\t\t<\/div>\n\t\t\t\t<\/div>\n\t\t\t\t\t<\/div>\n\t\t<\/div>\n\t\t\t\t\t\t\t<\/div>\n\t\t<\/section>\n\t\t\t\t<section class=\"elementor-section elementor-top-section elementor-element elementor-element-cf84614 elementor-section-boxed elementor-section-height-default elementor-section-height-default\" data-id=\"cf84614\" data-element_type=\"section\" data-settings=\"{&quot;background_background&quot;:&quot;classic&quot;}\">\n\t\t\t\t\t\t<div class=\"elementor-container elementor-column-gap-default\">\n\t\t\t\t\t<div class=\"elementor-column elementor-col-100 elementor-top-column elementor-element elementor-element-fbfbe86\" data-id=\"fbfbe86\" data-element_type=\"column\">\n\t\t\t<div class=\"elementor-widget-wrap elementor-element-populated\">\n\t\t\t\t\t\t\t\t<div class=\"elementor-element elementor-element-77b6ee8 elementor-widget elementor-widget-text-editor\" data-id=\"77b6ee8\" data-element_type=\"widget\" data-widget_type=\"text-editor.default\">\n\t\t\t\t<div class=\"elementor-widget-container\">\n\t\t\t\t\t\t\t<p class=\"p1\"><span class=\"s1\">\u201cEntre los beneficios para la comunidad, la planta recuperadora de agua generar\u00e1 un impacto en toda la poblaci\u00f3n. Como lavander\u00eda siempre hemos estado enfocados en ese tema, en darle una mirada sustentable y ecol\u00f3gica, que es algo importante para nosotros\u201d.<span class=\"Apple-converted-space\">\u00a0<\/span><\/span><\/p><p class=\"p1\"><span class=\"s1\"><b>Robinson Galleguillos, <\/b>administrador de la lavander\u00eda.<\/span><\/p>\t\t\t\t\t\t<\/div>\n\t\t\t\t<\/div>\n\t\t\t\t\t<\/div>\n\t\t<\/div>\n\t\t\t\t\t\t\t<\/div>\n\t\t<\/section>\n\t\t\t\t<section class=\"elementor-section elementor-top-section elementor-element elementor-element-3d990fb elementor-section-boxed elementor-section-height-default elementor-section-height-default\" data-id=\"3d990fb\" data-element_type=\"section\">\n\t\t\t\t\t\t<div class=\"elementor-container elementor-column-gap-default\">\n\t\t\t\t\t<div class=\"elementor-column elementor-col-100 elementor-top-column elementor-element elementor-element-6e91f32\" data-id=\"6e91f32\" data-element_type=\"column\">\n\t\t\t<div class=\"elementor-widget-wrap elementor-element-populated\">\n\t\t\t\t\t\t\t\t<div class=\"elementor-element elementor-element-fb04015 elementor-widget elementor-widget-heading\" data-id=\"fb04015\" data-element_type=\"widget\" data-widget_type=\"heading.default\">\n\t\t\t\t<div class=\"elementor-widget-container\">\n\t\t\t<h2 class=\"elementor-heading-title elementor-size-default\">Programa de Desarrollo de Proveedores <\/h2>\t\t<\/div>\n\t\t\t\t<\/div>\n\t\t\t\t<div class=\"elementor-element elementor-element-16f4830 elementor-widget elementor-widget-text-editor\" data-id=\"16f4830\" data-element_type=\"widget\" data-widget_type=\"text-editor.default\">\n\t\t\t\t<div class=\"elementor-widget-container\">\n\t\t\t\t\t\t\t<p class=\"p1\"><span class=\"s1\">Desde 2019 la compa\u00f1\u00eda viene realizando el Programa de Desarrollo de Proveedores para Alto El Loa y Tocopilla.<\/span><\/p><p class=\"p1\"><span class=\"s1\">Esta iniciativa conjunta de Minera El Abra y la Asociaci\u00f3n de Industriales de Antofagasta (AIA), busca fortalecer las competencias empresariales, comerciales, de gesti\u00f3n y seguridad de micro y peque\u00f1as empresas, con foco en el sector industrial minero, para mejorar su competitividad y as\u00ed lograr su enrolamiento en el Sistema de Calificaci\u00f3n de Empresas Proveedoras de Bienes y Servicios (SICEP).<\/span><\/p><p class=\"p1\"><span class=\"s1\">Durante 2021, un total de 30 micro y peque\u00f1as empresas del sector minero fueron beneficiadas con una capacitaci\u00f3n de doce meses, permitiendo que su personal adquiera valiosos conocimientos a trav\u00e9s de una metodolog\u00eda innovadora.<span class=\"Apple-converted-space\">\u00a0<\/span><\/span><\/p><p class=\"p1\"><span class=\"s1\">Las empresas y Pymes que participaron en este programa provienen de Calama y de comunidades ind\u00edgenas de Chiu Chiu, Estaci\u00f3n San Pedro, Ascot\u00e1n, Ollag\u00fce, Ayquina y Toconce.<span class=\"Apple-converted-space\">\u00a0<\/span><\/span><\/p><p class=\"p1\"><span class=\"s1\">Como una forma de reconocimiento, a las 27 empresas participantes que superaron efectivamente el Programa, Minera El Abra les financi\u00f3 su inscripci\u00f3n como miembro de la AIA durante el periodo 2022, a fin de que puedan difundir sus bienes y servicios en esta importante red de negocios e incrementar sus clientes.<span class=\"Apple-converted-space\">\u00a0<\/span><\/span><\/p><p><img loading=\"lazy\" decoding=\"async\" class=\"alignnone size-full wp-image-103\" src=\"http:\/\/elabra.cl\/informegestion2021\/wp-content\/uploads\/2022\/04\/08.gif\" alt=\"\" width=\"60\" height=\"60\" srcset=\"https:\/\/www.elabra.cl\/informegestion2021\/wp-content\/uploads\/2022\/04\/08.gif 60w, https:\/\/www.elabra.cl\/informegestion2021\/wp-content\/uploads\/2022\/04\/08-50x50.gif 50w\" sizes=\"auto, (max-width: 60px) 100vw, 60px\" \/><img loading=\"lazy\" decoding=\"async\" class=\"alignnone size-full wp-image-106\" src=\"http:\/\/elabra.cl\/informegestion2021\/wp-content\/uploads\/2022\/04\/11.gif\" alt=\"\" width=\"60\" height=\"60\" srcset=\"https:\/\/www.elabra.cl\/informegestion2021\/wp-content\/uploads\/2022\/04\/11.gif 60w, https:\/\/www.elabra.cl\/informegestion2021\/wp-content\/uploads\/2022\/04\/11-50x50.gif 50w\" sizes=\"auto, (max-width: 60px) 100vw, 60px\" \/><img loading=\"lazy\" decoding=\"async\" class=\"alignnone size-full wp-image-112\" src=\"http:\/\/elabra.cl\/informegestion2021\/wp-content\/uploads\/2022\/04\/17.gif\" alt=\"\" width=\"60\" height=\"60\" srcset=\"https:\/\/www.elabra.cl\/informegestion2021\/wp-content\/uploads\/2022\/04\/17.gif 60w, https:\/\/www.elabra.cl\/informegestion2021\/wp-content\/uploads\/2022\/04\/17-50x50.gif 50w\" sizes=\"auto, (max-width: 60px) 100vw, 60px\" \/><\/p>\t\t\t\t\t\t<\/div>\n\t\t\t\t<\/div>\n\t\t\t\t\t<\/div>\n\t\t<\/div>\n\t\t\t\t\t\t\t<\/div>\n\t\t<\/section>\n\t\t\t\t<section class=\"elementor-section elementor-top-section elementor-element elementor-element-3231c2d elementor-section-boxed elementor-section-height-default elementor-section-height-default\" data-id=\"3231c2d\" data-element_type=\"section\">\n\t\t\t\t\t\t<div class=\"elementor-container elementor-column-gap-default\">\n\t\t\t\t\t<div class=\"elementor-column elementor-col-100 elementor-top-column elementor-element elementor-element-878191f\" data-id=\"878191f\" data-element_type=\"column\">\n\t\t\t<div class=\"elementor-widget-wrap elementor-element-populated\">\n\t\t\t\t\t\t\t\t<div class=\"elementor-element elementor-element-217f652 elementor-widget elementor-widget-image\" data-id=\"217f652\" data-element_type=\"widget\" data-widget_type=\"image.default\">\n\t\t\t\t<div class=\"elementor-widget-container\">\n\t\t\t\t\t\t\t\t\t\t\t\t\t\t\t<img loading=\"lazy\" decoding=\"async\" width=\"620\" height=\"264\" src=\"https:\/\/www.elabra.cl\/informegestion2021\/wp-content\/uploads\/2022\/05\/2c6.jpg\" class=\"attachment-large size-large\" alt=\"\" srcset=\"https:\/\/www.elabra.cl\/informegestion2021\/wp-content\/uploads\/2022\/05\/2c6.jpg 704w, https:\/\/www.elabra.cl\/informegestion2021\/wp-content\/uploads\/2022\/05\/2c6-300x128.jpg 300w, https:\/\/www.elabra.cl\/informegestion2021\/wp-content\/uploads\/2022\/05\/2c6-500x213.jpg 500w\" sizes=\"auto, (max-width: 620px) 100vw, 620px\" \/>\t\t\t\t\t\t\t\t\t\t\t\t\t\t\t<\/div>\n\t\t\t\t<\/div>\n\t\t\t\t\t<\/div>\n\t\t<\/div>\n\t\t\t\t\t\t\t<\/div>\n\t\t<\/section>\n\t\t\t\t<section class=\"elementor-section elementor-top-section elementor-element elementor-element-2c3bd4e elementor-section-boxed elementor-section-height-default elementor-section-height-default\" data-id=\"2c3bd4e\" data-element_type=\"section\">\n\t\t\t\t\t\t<div class=\"elementor-container elementor-column-gap-default\">\n\t\t\t\t\t<div class=\"elementor-column elementor-col-100 elementor-top-column elementor-element elementor-element-b6e5477\" data-id=\"b6e5477\" data-element_type=\"column\">\n\t\t\t<div class=\"elementor-widget-wrap elementor-element-populated\">\n\t\t\t\t\t\t\t\t<div class=\"elementor-element elementor-element-6ec26fe elementor-widget elementor-widget-heading\" data-id=\"6ec26fe\" data-element_type=\"widget\" data-widget_type=\"heading.default\">\n\t\t\t\t<div class=\"elementor-widget-container\">\n\t\t\t<h2 class=\"elementor-heading-title elementor-size-default\">Orquesta Juvenil del Altiplano <\/h2>\t\t<\/div>\n\t\t\t\t<\/div>\n\t\t\t\t<div class=\"elementor-element elementor-element-84a848b elementor-widget elementor-widget-text-editor\" data-id=\"84a848b\" data-element_type=\"widget\" data-widget_type=\"text-editor.default\">\n\t\t\t\t<div class=\"elementor-widget-container\">\n\t\t\t\t\t\t\t<p class=\"p1\"><span class=\"s1\">Este proyecto, con dos d\u00e9cadas de historia, se realiza bajo el alero del Centro de Desarrollo Social y Cultural: Orquesta de Ni\u00f1os del Altiplano, instituci\u00f3n sin fines de lucro que se enfoca en la atenci\u00f3n de estudiantes con descendencia de pueblos originarios, vulnerables y\/o con necesidades educativas especiales.<span class=\"Apple-converted-space\">\u00a0<\/span><\/span><\/p><p class=\"p1\"><span class=\"s2\">Este proyecto emblem\u00e1tico, apoyado por El Abra, otorga formaci\u00f3n musical a ni\u00f1os y ni\u00f1as, quienes reciben clases te\u00f3ricas y pr\u00e1cticas y un instrumento en comodato, abriendo las posibilidades de aprendizaje de valores propios de la formaci\u00f3n orquestal.<\/span><\/p><p class=\"p1\"><span class=\"s2\">Durante 2021, la orquesta inici\u00f3 un trabajo con las comunidades en la que se realizaron talleres de lenguaje musical dirigido a ni\u00f1os, ni\u00f1as y j\u00f3venes del Alto El Loa. Adem\u00e1s, se dio continuidad al trabajo con alumnos antiguos y de la comunidad Pata Hoiri y de la Escuela JFK de Calama, todos ellos estudiantes descendientes de pueblos originarios.<span class=\"Apple-converted-space\">\u00a0<\/span><\/span><\/p><p class=\"p1\"><span class=\"s2\">Los pioneros de la Orquesta fueron 17 alumnos y alumnas de la comunidad de Chiu Chiu, quienes recibieron clases de formaci\u00f3n musical durante los fines de semana por parte de los profesores de la Escuela G-52 San Francisco.<span class=\"Apple-converted-space\">\u00a0<\/span><\/span><\/p><p class=\"p1\"><span class=\"s2\">En enero de 2022 se realiz\u00f3 un concierto homenaje a estos alumnos y se reconoci\u00f3 a El Abra por su apoyo incondicional desde el inicio del proyecto, proporcionando un aporte invaluable a cientos de j\u00f3venes de pueblos originarios, que han sido parte fundamental en la trayectoria de la orquesta.<\/span><\/p><p><img loading=\"lazy\" decoding=\"async\" class=\"alignnone size-full wp-image-99\" src=\"http:\/\/elabra.cl\/informegestion2021\/wp-content\/uploads\/2022\/04\/04.gif\" alt=\"\" width=\"60\" height=\"60\" srcset=\"https:\/\/www.elabra.cl\/informegestion2021\/wp-content\/uploads\/2022\/04\/04.gif 60w, https:\/\/www.elabra.cl\/informegestion2021\/wp-content\/uploads\/2022\/04\/04-50x50.gif 50w\" sizes=\"auto, (max-width: 60px) 100vw, 60px\" \/><\/p>\t\t\t\t\t\t<\/div>\n\t\t\t\t<\/div>\n\t\t\t\t\t<\/div>\n\t\t<\/div>\n\t\t\t\t\t\t\t<\/div>\n\t\t<\/section>\n\t\t\t\t<section class=\"elementor-section elementor-top-section elementor-element elementor-element-028304b elementor-section-boxed elementor-section-height-default elementor-section-height-default\" data-id=\"028304b\" data-element_type=\"section\" data-settings=\"{&quot;background_background&quot;:&quot;classic&quot;}\">\n\t\t\t\t\t\t<div class=\"elementor-container elementor-column-gap-default\">\n\t\t\t\t\t<div class=\"elementor-column elementor-col-100 elementor-top-column elementor-element elementor-element-92b7346\" data-id=\"92b7346\" data-element_type=\"column\">\n\t\t\t<div class=\"elementor-widget-wrap elementor-element-populated\">\n\t\t\t\t\t\t\t\t<div class=\"elementor-element elementor-element-686785f elementor-widget elementor-widget-text-editor\" data-id=\"686785f\" data-element_type=\"widget\" data-widget_type=\"text-editor.default\">\n\t\t\t\t<div class=\"elementor-widget-container\">\n\t\t\t\t\t\t\t<p class=\"p1\">\u201cGracias a Minera El Abra hemos logrado cambiarles la vida a muchos estudiantes, haciendo que aprendan m\u00faltiples virtudes y valores a trav\u00e9s de la m\u00fasica, como ser solidarios y perseverantes. El aporte sostenido de fondos por estos 20 a\u00f1os nos ha permitido contar con una planta docente permanente para continuar las clases\u201d.<\/p><p class=\"p1\"><strong>Paola Canto<\/strong>, fundadora y directora de la orquesta.<\/p>\t\t\t\t\t\t<\/div>\n\t\t\t\t<\/div>\n\t\t\t\t\t<\/div>\n\t\t<\/div>\n\t\t\t\t\t\t\t<\/div>\n\t\t<\/section>\n\t\t\t\t<section class=\"elementor-section elementor-top-section elementor-element elementor-element-4567d46 elementor-section-boxed elementor-section-height-default elementor-section-height-default\" data-id=\"4567d46\" data-element_type=\"section\">\n\t\t\t\t\t\t<div class=\"elementor-container elementor-column-gap-default\">\n\t\t\t\t\t<div class=\"elementor-column elementor-col-100 elementor-top-column elementor-element elementor-element-16c5528\" data-id=\"16c5528\" data-element_type=\"column\">\n\t\t\t<div class=\"elementor-widget-wrap elementor-element-populated\">\n\t\t\t\t\t\t\t\t<div class=\"elementor-element elementor-element-3a7dd2d elementor-widget elementor-widget-image\" data-id=\"3a7dd2d\" data-element_type=\"widget\" data-widget_type=\"image.default\">\n\t\t\t\t<div class=\"elementor-widget-container\">\n\t\t\t\t\t\t\t\t\t\t\t\t\t\t\t<img loading=\"lazy\" decoding=\"async\" width=\"620\" height=\"264\" src=\"https:\/\/www.elabra.cl\/informegestion2021\/wp-content\/uploads\/2022\/05\/2c7.jpg\" class=\"attachment-large size-large\" alt=\"\" srcset=\"https:\/\/www.elabra.cl\/informegestion2021\/wp-content\/uploads\/2022\/05\/2c7.jpg 704w, https:\/\/www.elabra.cl\/informegestion2021\/wp-content\/uploads\/2022\/05\/2c7-300x128.jpg 300w, https:\/\/www.elabra.cl\/informegestion2021\/wp-content\/uploads\/2022\/05\/2c7-500x213.jpg 500w\" sizes=\"auto, (max-width: 620px) 100vw, 620px\" \/>\t\t\t\t\t\t\t\t\t\t\t\t\t\t\t<\/div>\n\t\t\t\t<\/div>\n\t\t\t\t\t<\/div>\n\t\t<\/div>\n\t\t\t\t\t\t\t<\/div>\n\t\t<\/section>\n\t\t\t\t<section class=\"elementor-section elementor-top-section elementor-element elementor-element-2bf5256 elementor-section-boxed elementor-section-height-default elementor-section-height-default\" data-id=\"2bf5256\" data-element_type=\"section\">\n\t\t\t\t\t\t<div class=\"elementor-container elementor-column-gap-default\">\n\t\t\t\t\t<div class=\"elementor-column elementor-col-100 elementor-top-column elementor-element elementor-element-b8e951d\" data-id=\"b8e951d\" data-element_type=\"column\">\n\t\t\t<div class=\"elementor-widget-wrap elementor-element-populated\">\n\t\t\t\t\t\t\t\t<div class=\"elementor-element elementor-element-771551c elementor-widget elementor-widget-heading\" data-id=\"771551c\" data-element_type=\"widget\" data-widget_type=\"heading.default\">\n\t\t\t\t<div class=\"elementor-widget-container\">\n\t\t\t<h2 class=\"elementor-heading-title elementor-size-default\">Programa de empleabilidad en Chiu Chiu<\/h2>\t\t<\/div>\n\t\t\t\t<\/div>\n\t\t\t\t<div class=\"elementor-element elementor-element-f906686 elementor-widget elementor-widget-text-editor\" data-id=\"f906686\" data-element_type=\"widget\" data-widget_type=\"text-editor.default\">\n\t\t\t\t<div class=\"elementor-widget-container\">\n\t\t\t\t\t\t\t<p class=\"p1\"><span class=\"s1\">En marzo de 2021 se iniciaron los trabajos de limpieza peri\u00f3dica de calles principales y el borde del r\u00edo en la comunidad ind\u00edgena Chiu Chiu y la Laguna Inca Colla, tras la adjudicaci\u00f3n, por un a\u00f1o, del servicio a Sociedad R&amp;M Ltda., empresa de Alto El Loa. Esta iniciativa se enmarca en el Programa de Absorci\u00f3n de Mano de Obra Comunitaria y forma parte de la visi\u00f3n estrat\u00e9gica de la compa\u00f1\u00eda para impulsar el desarrollo econ\u00f3mico local.<\/span><\/p><p class=\"p1\"><span class=\"s1\">El servicio incorpora el retiro de material de reciclaje desde los puntos limpios ubicados en la escuela de Lasana y de Chiu Chiu, para luego disponerlos en lugares de acopio en Calama.<\/span><\/p><p><img loading=\"lazy\" decoding=\"async\" class=\"alignnone size-full wp-image-103\" src=\"http:\/\/elabra.cl\/informegestion2021\/wp-content\/uploads\/2022\/04\/08.gif\" alt=\"\" width=\"60\" height=\"60\" srcset=\"https:\/\/www.elabra.cl\/informegestion2021\/wp-content\/uploads\/2022\/04\/08.gif 60w, https:\/\/www.elabra.cl\/informegestion2021\/wp-content\/uploads\/2022\/04\/08-50x50.gif 50w\" sizes=\"auto, (max-width: 60px) 100vw, 60px\" \/><img loading=\"lazy\" decoding=\"async\" class=\"alignnone size-full wp-image-106\" src=\"http:\/\/elabra.cl\/informegestion2021\/wp-content\/uploads\/2022\/04\/11.gif\" alt=\"\" width=\"60\" height=\"60\" srcset=\"https:\/\/www.elabra.cl\/informegestion2021\/wp-content\/uploads\/2022\/04\/11.gif 60w, https:\/\/www.elabra.cl\/informegestion2021\/wp-content\/uploads\/2022\/04\/11-50x50.gif 50w\" sizes=\"auto, (max-width: 60px) 100vw, 60px\" \/><img loading=\"lazy\" decoding=\"async\" class=\"alignnone size-full wp-image-112\" src=\"http:\/\/elabra.cl\/informegestion2021\/wp-content\/uploads\/2022\/04\/17.gif\" alt=\"\" width=\"60\" height=\"60\" srcset=\"https:\/\/www.elabra.cl\/informegestion2021\/wp-content\/uploads\/2022\/04\/17.gif 60w, https:\/\/www.elabra.cl\/informegestion2021\/wp-content\/uploads\/2022\/04\/17-50x50.gif 50w\" sizes=\"auto, (max-width: 60px) 100vw, 60px\" \/><\/p>\t\t\t\t\t\t<\/div>\n\t\t\t\t<\/div>\n\t\t\t\t\t<\/div>\n\t\t<\/div>\n\t\t\t\t\t\t\t<\/div>\n\t\t<\/section>\n\t\t\t\t<section class=\"elementor-section elementor-top-section elementor-element elementor-element-a065c7c elementor-section-boxed elementor-section-height-default elementor-section-height-default\" data-id=\"a065c7c\" data-element_type=\"section\">\n\t\t\t\t\t\t<div class=\"elementor-container elementor-column-gap-default\">\n\t\t\t\t\t<div class=\"elementor-column elementor-col-100 elementor-top-column elementor-element elementor-element-a1974d4\" data-id=\"a1974d4\" data-element_type=\"column\">\n\t\t\t<div class=\"elementor-widget-wrap elementor-element-populated\">\n\t\t\t\t\t\t\t\t<div class=\"elementor-element elementor-element-986a553 elementor-widget elementor-widget-heading\" data-id=\"986a553\" data-element_type=\"widget\" data-widget_type=\"heading.default\">\n\t\t\t\t<div class=\"elementor-widget-container\">\n\t\t\t<h2 class=\"elementor-heading-title elementor-size-default\">Capacitaciones laborales en Alto El Loa<\/h2>\t\t<\/div>\n\t\t\t\t<\/div>\n\t\t\t\t<div class=\"elementor-element elementor-element-85184d7 elementor-widget elementor-widget-text-editor\" data-id=\"85184d7\" data-element_type=\"widget\" data-widget_type=\"text-editor.default\">\n\t\t\t\t<div class=\"elementor-widget-container\">\n\t\t\t\t\t\t\t<p class=\"p1\"><span class=\"s1\">Este programa de capacitaciones busca entregarles herramientas a personas de las comunidades de Alto El Loa para aumentar sus oportunidades laborales. En 2021 se llevaron a cabo los siguientes cursos: operadoras en camiones de extracci\u00f3n, dirigido a mujeres de Calama y Alto El Loa, aportando en la incorporaci\u00f3n de trabajo femenino a la industria; capacitaci\u00f3n en t\u00e9cnicas de soldadura HDPE y sistema de riego, que busc\u00f3 desarrollar competencias para realizar labores de ayudante soldador y armado de sistema de riego en las pilas de lixiviaci\u00f3n de manera segura. En total, ambos cursos contemplaron la participaci\u00f3n de 47 personas. Finalmente, se realiz\u00f3 durante 2021 un curso de Soldadura, para la comuna de Tocopilla, con un total de 24 participantes.<\/span><\/p><p><img loading=\"lazy\" decoding=\"async\" class=\"alignnone size-full wp-image-99\" src=\"http:\/\/elabra.cl\/informegestion2021\/wp-content\/uploads\/2022\/04\/04.gif\" alt=\"\" width=\"60\" height=\"60\" srcset=\"https:\/\/www.elabra.cl\/informegestion2021\/wp-content\/uploads\/2022\/04\/04.gif 60w, https:\/\/www.elabra.cl\/informegestion2021\/wp-content\/uploads\/2022\/04\/04-50x50.gif 50w\" sizes=\"auto, (max-width: 60px) 100vw, 60px\" \/><img loading=\"lazy\" decoding=\"async\" class=\"alignnone size-full wp-image-103\" src=\"http:\/\/elabra.cl\/informegestion2021\/wp-content\/uploads\/2022\/04\/08.gif\" alt=\"\" width=\"60\" height=\"60\" srcset=\"https:\/\/www.elabra.cl\/informegestion2021\/wp-content\/uploads\/2022\/04\/08.gif 60w, https:\/\/www.elabra.cl\/informegestion2021\/wp-content\/uploads\/2022\/04\/08-50x50.gif 50w\" sizes=\"auto, (max-width: 60px) 100vw, 60px\" \/><img loading=\"lazy\" decoding=\"async\" class=\"alignnone size-full wp-image-106\" src=\"http:\/\/elabra.cl\/informegestion2021\/wp-content\/uploads\/2022\/04\/11.gif\" alt=\"\" width=\"60\" height=\"60\" srcset=\"https:\/\/www.elabra.cl\/informegestion2021\/wp-content\/uploads\/2022\/04\/11.gif 60w, https:\/\/www.elabra.cl\/informegestion2021\/wp-content\/uploads\/2022\/04\/11-50x50.gif 50w\" sizes=\"auto, (max-width: 60px) 100vw, 60px\" \/><\/p>\t\t\t\t\t\t<\/div>\n\t\t\t\t<\/div>\n\t\t\t\t\t<\/div>\n\t\t<\/div>\n\t\t\t\t\t\t\t<\/div>\n\t\t<\/section>\n\t\t\t\t<section class=\"elementor-section elementor-top-section elementor-element elementor-element-e81ed58 elementor-section-boxed elementor-section-height-default elementor-section-height-default\" data-id=\"e81ed58\" data-element_type=\"section\">\n\t\t\t\t\t\t<div class=\"elementor-container elementor-column-gap-default\">\n\t\t\t\t\t<div class=\"elementor-column elementor-col-100 elementor-top-column elementor-element elementor-element-64bbcc4\" data-id=\"64bbcc4\" data-element_type=\"column\">\n\t\t\t<div class=\"elementor-widget-wrap elementor-element-populated\">\n\t\t\t\t\t\t\t\t<div class=\"elementor-element elementor-element-42efb39 elementor-widget elementor-widget-heading\" data-id=\"42efb39\" data-element_type=\"widget\" data-widget_type=\"heading.default\">\n\t\t\t\t<div class=\"elementor-widget-container\">\n\t\t\t<h2 class=\"elementor-heading-title elementor-size-default\">Acuerdos de Colaboraci\u00f3n <\/h2>\t\t<\/div>\n\t\t\t\t<\/div>\n\t\t\t\t<div class=\"elementor-element elementor-element-c63409c elementor-widget elementor-widget-text-editor\" data-id=\"c63409c\" data-element_type=\"widget\" data-widget_type=\"text-editor.default\">\n\t\t\t\t<div class=\"elementor-widget-container\">\n\t\t\t\t\t\t\t<p class=\"p1\"><span class=\"s1\">Minera El Abra mantiene Acuerdos de Colaboraci\u00f3n con comunidades cercanas a su operaci\u00f3n, los que incluyen desde desarrollo comunitario, temas de protecci\u00f3n ambiental, resoluci\u00f3n de controversias, hasta el apoyo a soluciones espec\u00edficas de las y los vecinos para contribuir al mejoramiento de la calidad de vida de los habitantes de dichas comunidades. Estos convenios buscan fomentar el di\u00e1logo, estrechar v\u00ednculos y generar iniciativas conjuntas en el territorio.<\/span><\/p><p class=\"p1\"><span class=\"s1\">Actualmente tenemos vigentes los siguientes:<\/span><\/p><ul><li class=\"p2\"><span class=\"s1\">Convenio de Colaboraci\u00f3n para la protecci\u00f3n al Salar de Ascot\u00e1n con la Comunidad Ind\u00edgena de Cebollar Ascot\u00e1n.<span class=\"Apple-converted-space\">\u00a0<\/span><\/span><\/li><li class=\"p2\"><span class=\"s1\">Convenio de Colaboraci\u00f3n con la Comunidad Quechua de Ollag\u00fce.<\/span><\/li><li class=\"p2\"><span class=\"s1\">Acuerdo de Relacionamiento con la Comunidad Atacame\u00f1a de Taira.<\/span><\/li><li class=\"p2\"><span class=\"s1\">Convenio de Colaboraci\u00f3n con la Comunidad Ind\u00edgena de Conchi Viejo.<\/span><\/li><\/ul><p class=\"p1\"><span class=\"s1\">Durante 2021, luego de diversas conversaciones, se renov\u00f3 el Convenio de Colaboraci\u00f3n de Conchi Viejo por un per\u00edodo adicional de tiempo, lo que pone en evidencia la buena relaci\u00f3n de ambas partes.<\/span><\/p>\t\t\t\t\t\t<\/div>\n\t\t\t\t<\/div>\n\t\t\t\t\t<\/div>\n\t\t<\/div>\n\t\t\t\t\t\t\t<\/div>\n\t\t<\/section>\n\t\t\t\t<section class=\"elementor-section elementor-top-section elementor-element elementor-element-e150fa8 elementor-section-boxed elementor-section-height-default elementor-section-height-default\" data-id=\"e150fa8\" data-element_type=\"section\">\n\t\t\t\t\t\t<div class=\"elementor-container elementor-column-gap-default\">\n\t\t\t\t\t<div class=\"elementor-column elementor-col-100 elementor-top-column elementor-element elementor-element-d8793f9\" data-id=\"d8793f9\" data-element_type=\"column\">\n\t\t\t<div class=\"elementor-widget-wrap elementor-element-populated\">\n\t\t\t\t\t\t\t\t<div class=\"elementor-element elementor-element-5c3250c elementor-widget elementor-widget-image\" data-id=\"5c3250c\" data-element_type=\"widget\" data-widget_type=\"image.default\">\n\t\t\t\t<div class=\"elementor-widget-container\">\n\t\t\t\t\t\t\t\t\t\t\t\t\t\t\t<img loading=\"lazy\" decoding=\"async\" width=\"620\" height=\"264\" src=\"https:\/\/www.elabra.cl\/informegestion2021\/wp-content\/uploads\/2022\/05\/2c8.jpg\" class=\"attachment-large size-large\" alt=\"\" srcset=\"https:\/\/www.elabra.cl\/informegestion2021\/wp-content\/uploads\/2022\/05\/2c8.jpg 704w, https:\/\/www.elabra.cl\/informegestion2021\/wp-content\/uploads\/2022\/05\/2c8-300x128.jpg 300w, https:\/\/www.elabra.cl\/informegestion2021\/wp-content\/uploads\/2022\/05\/2c8-500x213.jpg 500w\" sizes=\"auto, (max-width: 620px) 100vw, 620px\" \/>\t\t\t\t\t\t\t\t\t\t\t\t\t\t\t<\/div>\n\t\t\t\t<\/div>\n\t\t\t\t\t<\/div>\n\t\t<\/div>\n\t\t\t\t\t\t\t<\/div>\n\t\t<\/section>\n\t\t\t\t<section class=\"elementor-section elementor-top-section elementor-element elementor-element-6309aa4 elementor-section-boxed elementor-section-height-default elementor-section-height-default\" data-id=\"6309aa4\" data-element_type=\"section\">\n\t\t\t\t\t\t<div class=\"elementor-container elementor-column-gap-default\">\n\t\t\t\t\t<div class=\"elementor-column elementor-col-100 elementor-top-column elementor-element elementor-element-9f4516f\" data-id=\"9f4516f\" data-element_type=\"column\">\n\t\t\t<div class=\"elementor-widget-wrap elementor-element-populated\">\n\t\t\t\t\t\t\t\t<div class=\"elementor-element elementor-element-6934012 elementor-widget elementor-widget-heading\" data-id=\"6934012\" data-element_type=\"widget\" data-widget_type=\"heading.default\">\n\t\t\t\t<div class=\"elementor-widget-container\">\n\t\t\t<h2 class=\"elementor-heading-title elementor-size-default\">Club de Deportes Cobreloa <\/h2>\t\t<\/div>\n\t\t\t\t<\/div>\n\t\t\t\t<div class=\"elementor-element elementor-element-d1976e4 elementor-widget elementor-widget-text-editor\" data-id=\"d1976e4\" data-element_type=\"widget\" data-widget_type=\"text-editor.default\">\n\t\t\t\t<div class=\"elementor-widget-container\">\n\t\t\t\t\t\t\t<p class=\"p1\"><span class=\"s1\">Durante el a\u00f1o 2021, la alianza entre el Club de Deportes Cobreloa y El Abra cumpli\u00f3 10 a\u00f1os, donde adem\u00e1s de respaldar al equipo profesional de f\u00fatbol, se ha fomentado el desarrollo de iniciativas conjuntas de trabajo social, comunitario y deportivo, como cl\u00ednicas deportivas, espacios recreativos y charlas de los jugadores del primer equipo. <span class=\"Apple-converted-space\">\u00a0<\/span><\/span><\/p><p class=\"p1\"><span class=\"s2\">Adem\u00e1s, se firm\u00f3 la extensi\u00f3n por dos a\u00f1os del convenio que mantiene a El Abra como auspiciadora oficial del Club, incluyendo un fuerte respaldo a la rama de f\u00fatbol femenina, creada en 2020 con la sub-16 y el primer equipo profesional de mujeres.<span class=\"Apple-converted-space\">\u00a0<\/span><\/span><\/p><p><img loading=\"lazy\" decoding=\"async\" class=\"alignnone size-full wp-image-98\" src=\"http:\/\/elabra.cl\/informegestion2021\/wp-content\/uploads\/2022\/04\/03.gif\" alt=\"\" width=\"60\" height=\"60\" srcset=\"https:\/\/www.elabra.cl\/informegestion2021\/wp-content\/uploads\/2022\/04\/03.gif 60w, https:\/\/www.elabra.cl\/informegestion2021\/wp-content\/uploads\/2022\/04\/03-50x50.gif 50w\" sizes=\"auto, (max-width: 60px) 100vw, 60px\" \/><\/p>\t\t\t\t\t\t<\/div>\n\t\t\t\t<\/div>\n\t\t\t\t\t<\/div>\n\t\t<\/div>\n\t\t\t\t\t\t\t<\/div>\n\t\t<\/section>\n\t\t\t\t\t\t\t<\/div>\n\t\t","protected":false},"excerpt":{"rendered":"<p>NUESTRO ENTORNO Desarrollo social En el marco de sus pol\u00edticas de sustentabilidad, Minera El Abra define como uno de sus ejes estrat\u00e9gicos la contribuci\u00f3n al desarrollo de las comunidades aleda\u00f1as a su operaci\u00f3n. El objetivo de este compromiso es fomentar el di\u00e1logo, la confianza, estrechar v\u00ednculos y generar iniciativas conjuntas&#8230;<\/p>\n","protected":false},"author":1,"featured_media":0,"parent":22,"menu_order":0,"comment_status":"closed","ping_status":"closed","template":"","meta":{"footnotes":""},"class_list":["post-28","page","type-page","status-publish","hentry"],"_links":{"self":[{"href":"https:\/\/www.elabra.cl\/informegestion2021\/wp-json\/wp\/v2\/pages\/28","targetHints":{"allow":["GET"]}}],"collection":[{"href":"https:\/\/www.elabra.cl\/informegestion2021\/wp-json\/wp\/v2\/pages"}],"about":[{"href":"https:\/\/www.elabra.cl\/informegestion2021\/wp-json\/wp\/v2\/types\/page"}],"author":[{"embeddable":true,"href":"https:\/\/www.elabra.cl\/informegestion2021\/wp-json\/wp\/v2\/users\/1"}],"replies":[{"embeddable":true,"href":"https:\/\/www.elabra.cl\/informegestion2021\/wp-json\/wp\/v2\/comments?post=28"}],"version-history":[{"count":16,"href":"https:\/\/www.elabra.cl\/informegestion2021\/wp-json\/wp\/v2\/pages\/28\/revisions"}],"predecessor-version":[{"id":296,"href":"https:\/\/www.elabra.cl\/informegestion2021\/wp-json\/wp\/v2\/pages\/28\/revisions\/296"}],"up":[{"embeddable":true,"href":"https:\/\/www.elabra.cl\/informegestion2021\/wp-json\/wp\/v2\/pages\/22"}],"wp:attachment":[{"href":"https:\/\/www.elabra.cl\/informegestion2021\/wp-json\/wp\/v2\/media?parent=28"}],"curies":[{"name":"wp","href":"https:\/\/api.w.org\/{rel}","templated":true}]}}