{"id":26,"date":"2022-04-20T21:05:08","date_gmt":"2022-04-20T21:05:08","guid":{"rendered":"https:\/\/www.elabra.cl\/informegestion2021\/?page_id=26"},"modified":"2022-05-05T03:13:28","modified_gmt":"2022-05-05T03:13:28","slug":"relacionamiento-comunitario","status":"publish","type":"page","link":"https:\/\/www.elabra.cl\/informegestion2021\/nuestro-entorno\/relacionamiento-comunitario\/","title":{"rendered":"Relacionamiento Comunitario"},"content":{"rendered":"\t\t<div data-elementor-type=\"wp-page\" data-elementor-id=\"26\" class=\"elementor elementor-26\">\n\t\t\t\t\t\t\t\t\t<section class=\"elementor-section elementor-top-section elementor-element elementor-element-5060c0f elementor-section-boxed elementor-section-height-default elementor-section-height-default\" data-id=\"5060c0f\" data-element_type=\"section\" data-settings=\"{&quot;background_background&quot;:&quot;classic&quot;}\">\n\t\t\t\t\t\t<div class=\"elementor-container elementor-column-gap-default\">\n\t\t\t\t\t<div class=\"elementor-column elementor-col-100 elementor-top-column elementor-element elementor-element-f7f9b76\" data-id=\"f7f9b76\" data-element_type=\"column\">\n\t\t\t<div class=\"elementor-widget-wrap elementor-element-populated\">\n\t\t\t\t\t\t\t\t<div class=\"elementor-element elementor-element-06570f4 elementor-widget elementor-widget-heading\" data-id=\"06570f4\" data-element_type=\"widget\" data-widget_type=\"heading.default\">\n\t\t\t\t<div class=\"elementor-widget-container\">\n\t\t\t<style>\/*! elementor - v3.6.4 - 13-04-2022 *\/\n.elementor-heading-title{padding:0;margin:0;line-height:1}.elementor-widget-heading .elementor-heading-title[class*=elementor-size-]>a{color:inherit;font-size:inherit;line-height:inherit}.elementor-widget-heading .elementor-heading-title.elementor-size-small{font-size:15px}.elementor-widget-heading .elementor-heading-title.elementor-size-medium{font-size:19px}.elementor-widget-heading .elementor-heading-title.elementor-size-large{font-size:29px}.elementor-widget-heading .elementor-heading-title.elementor-size-xl{font-size:39px}.elementor-widget-heading .elementor-heading-title.elementor-size-xxl{font-size:59px}<\/style><h2 class=\"elementor-heading-title elementor-size-default\">NUESTRO ENTORNO<\/h2>\t\t<\/div>\n\t\t\t\t<\/div>\n\t\t\t\t<div class=\"elementor-element elementor-element-5ec1995 elementor-widget elementor-widget-heading\" data-id=\"5ec1995\" data-element_type=\"widget\" data-widget_type=\"heading.default\">\n\t\t\t\t<div class=\"elementor-widget-container\">\n\t\t\t<h2 class=\"elementor-heading-title elementor-size-default\">Relacionamiento Comunitario<\/h2>\t\t<\/div>\n\t\t\t\t<\/div>\n\t\t\t\t\t<\/div>\n\t\t<\/div>\n\t\t\t\t\t\t\t<\/div>\n\t\t<\/section>\n\t\t\t\t<section class=\"elementor-section elementor-top-section elementor-element elementor-element-3a20814 elementor-section-boxed elementor-section-height-default elementor-section-height-default\" data-id=\"3a20814\" data-element_type=\"section\">\n\t\t\t\t\t\t<div class=\"elementor-container elementor-column-gap-default\">\n\t\t\t\t\t<div class=\"elementor-column elementor-col-100 elementor-top-column elementor-element elementor-element-e35cada\" data-id=\"e35cada\" data-element_type=\"column\">\n\t\t\t<div class=\"elementor-widget-wrap elementor-element-populated\">\n\t\t\t\t\t\t\t\t<div class=\"elementor-element elementor-element-587ce42 elementor-widget elementor-widget-text-editor\" data-id=\"587ce42\" data-element_type=\"widget\" data-widget_type=\"text-editor.default\">\n\t\t\t\t<div class=\"elementor-widget-container\">\n\t\t\t<style>\/*! elementor - v3.6.4 - 13-04-2022 *\/\n.elementor-widget-text-editor.elementor-drop-cap-view-stacked .elementor-drop-cap{background-color:#818a91;color:#fff}.elementor-widget-text-editor.elementor-drop-cap-view-framed .elementor-drop-cap{color:#818a91;border:3px solid;background-color:transparent}.elementor-widget-text-editor:not(.elementor-drop-cap-view-default) .elementor-drop-cap{margin-top:8px}.elementor-widget-text-editor:not(.elementor-drop-cap-view-default) .elementor-drop-cap-letter{width:1em;height:1em}.elementor-widget-text-editor .elementor-drop-cap{float:left;text-align:center;line-height:1;font-size:50px}.elementor-widget-text-editor .elementor-drop-cap-letter{display:inline-block}<\/style>\t\t\t\t<p class=\"p1\"><span class=\"s1\">Seguimos contribuyendo al desarrollo de las distintas comunidades con las que nos relacionamos, a trav\u00e9s de los fondos comunitarios, y se consolid\u00f3 el de Borde Costero Sustentable, que lanz\u00f3 su tercera versi\u00f3n en 2021.<span class=\"Apple-converted-space\">\u00a0<\/span><\/span><\/p><p class=\"p1\"><span class=\"s2\">Iniciamos el trabajo de la plataforma Impulsa El Loa, a fin de generar desarrollo econ\u00f3mico en nuestra \u00e1rea de influencia. Continuamos con el Fondo Empr\u00e9ndete y apoyamos el desarrollo de tres programas muy relevantes para nuestra empresa: DreamBuilder, Desarrollo de Proveedores en alianza con la Asociaci\u00f3n de Industriales de Antofagasta, e Impulsa tu Negocio.<span class=\"Apple-converted-space\">\u00a0<\/span><\/span><\/p><p class=\"p1\"><span class=\"s1\">Existieron proyectos importantes de educaci\u00f3n como las Becas Ind\u00edgenas, el apoyo al colegio Don Bosco a trav\u00e9s de infraestructura y pr\u00e1cticas profesionales, el entrenamiento a docentes para mejorar sus habilidades para liderar clases virtuales e iniciamos el programa de educadores interculturales.<\/span><\/p>\t\t\t\t\t\t<\/div>\n\t\t\t\t<\/div>\n\t\t\t\t\t<\/div>\n\t\t<\/div>\n\t\t\t\t\t\t\t<\/div>\n\t\t<\/section>\n\t\t\t\t<section class=\"elementor-section elementor-top-section elementor-element elementor-element-9e6942f elementor-section-boxed elementor-section-height-default elementor-section-height-default\" data-id=\"9e6942f\" data-element_type=\"section\">\n\t\t\t\t\t\t<div class=\"elementor-container elementor-column-gap-default\">\n\t\t\t\t\t<div class=\"elementor-column elementor-col-100 elementor-top-column elementor-element elementor-element-21c9955\" data-id=\"21c9955\" data-element_type=\"column\">\n\t\t\t<div class=\"elementor-widget-wrap elementor-element-populated\">\n\t\t\t\t\t\t\t\t<div class=\"elementor-element elementor-element-d3efbb8 elementor-widget elementor-widget-image\" data-id=\"d3efbb8\" data-element_type=\"widget\" data-widget_type=\"image.default\">\n\t\t\t\t<div class=\"elementor-widget-container\">\n\t\t\t<style>\/*! elementor - v3.6.4 - 13-04-2022 *\/\n.elementor-widget-image{text-align:center}.elementor-widget-image a{display:inline-block}.elementor-widget-image a img[src$=\".svg\"]{width:48px}.elementor-widget-image img{vertical-align:middle;display:inline-block}<\/style>\t\t\t\t\t\t\t\t\t\t\t\t<img loading=\"lazy\" decoding=\"async\" width=\"620\" height=\"264\" src=\"https:\/\/www.elabra.cl\/informegestion2021\/wp-content\/uploads\/2022\/05\/2b1.jpg\" class=\"attachment-large size-large\" alt=\"\" srcset=\"https:\/\/www.elabra.cl\/informegestion2021\/wp-content\/uploads\/2022\/05\/2b1.jpg 704w, https:\/\/www.elabra.cl\/informegestion2021\/wp-content\/uploads\/2022\/05\/2b1-300x128.jpg 300w, https:\/\/www.elabra.cl\/informegestion2021\/wp-content\/uploads\/2022\/05\/2b1-500x213.jpg 500w\" sizes=\"auto, (max-width: 620px) 100vw, 620px\" \/>\t\t\t\t\t\t\t\t\t\t\t\t\t\t\t<\/div>\n\t\t\t\t<\/div>\n\t\t\t\t\t<\/div>\n\t\t<\/div>\n\t\t\t\t\t\t\t<\/div>\n\t\t<\/section>\n\t\t\t\t<section class=\"elementor-section elementor-top-section elementor-element elementor-element-3396bab elementor-section-boxed elementor-section-height-default elementor-section-height-default\" data-id=\"3396bab\" data-element_type=\"section\">\n\t\t\t\t\t\t<div class=\"elementor-container elementor-column-gap-default\">\n\t\t\t\t\t<div class=\"elementor-column elementor-col-100 elementor-top-column elementor-element elementor-element-7a28f11\" data-id=\"7a28f11\" data-element_type=\"column\">\n\t\t\t<div class=\"elementor-widget-wrap elementor-element-populated\">\n\t\t\t\t\t\t\t\t<div class=\"elementor-element elementor-element-238272d elementor-widget elementor-widget-text-editor\" data-id=\"238272d\" data-element_type=\"widget\" data-widget_type=\"text-editor.default\">\n\t\t\t\t<div class=\"elementor-widget-container\">\n\t\t\t\t\t\t\t<p class=\"p1\"><span class=\"s1\">En 2021 nos enfocamos en estimular la reactivaci\u00f3n econ\u00f3mica producto del COVID-19. De este modo, desarrollamos una serie de acciones vinculadas a dar soporte a los emprendimientos locales, brindar capacitaci\u00f3n t\u00e9cnica, adem\u00e1s de apoyar a emprendedoras y emprendedores a cumplir los protocolos de bioseguridad.<span class=\"Apple-converted-space\">\u00a0<\/span><\/span><\/p><p class=\"p1\"><span class=\"s1\">Junto a ello, promovimos la empleabilidad de las personas de Alto El Loa, ofreci\u00e9ndoles la posibilidad de tener una asesor\u00eda personalizada en su b\u00fasqueda de trabajo, y mantuvimos una relaci\u00f3n fluida con las comunidades de esta zona, habiendo renovado convenios con Ascot\u00e1n y Conchi Viejo.<\/span><\/p>\t\t\t\t\t\t<\/div>\n\t\t\t\t<\/div>\n\t\t\t\t\t<\/div>\n\t\t<\/div>\n\t\t\t\t\t\t\t<\/div>\n\t\t<\/section>\n\t\t\t\t<section class=\"elementor-section elementor-top-section elementor-element elementor-element-ef1f71e elementor-section-boxed elementor-section-height-default elementor-section-height-default\" data-id=\"ef1f71e\" data-element_type=\"section\">\n\t\t\t\t\t\t<div class=\"elementor-container elementor-column-gap-default\">\n\t\t\t\t\t<div class=\"elementor-column elementor-col-100 elementor-top-column elementor-element elementor-element-b8205c2\" data-id=\"b8205c2\" data-element_type=\"column\">\n\t\t\t<div class=\"elementor-widget-wrap elementor-element-populated\">\n\t\t\t\t\t\t\t\t<div class=\"elementor-element elementor-element-4454b22 elementor-widget elementor-widget-heading\" data-id=\"4454b22\" data-element_type=\"widget\" data-widget_type=\"heading.default\">\n\t\t\t\t<div class=\"elementor-widget-container\">\n\t\t\t<h2 class=\"elementor-heading-title elementor-size-default\">Modelo de vinculaci\u00f3n del Proyecto Concentradora<\/h2>\t\t<\/div>\n\t\t\t\t<\/div>\n\t\t\t\t<div class=\"elementor-element elementor-element-169dcbd elementor-widget elementor-widget-text-editor\" data-id=\"169dcbd\" data-element_type=\"widget\" data-widget_type=\"text-editor.default\">\n\t\t\t\t<div class=\"elementor-widget-container\">\n\t\t\t\t\t\t\t<p class=\"p1\"><span class=\"s1\">En el a\u00f1o 2021 logramos retomar el v\u00ednculo con los grupos de inter\u00e9s del Proyecto Concentradora, con reuniones de informaci\u00f3n y coordinaci\u00f3n. Relevante fue la incorporaci\u00f3n de la retroalimentaci\u00f3n en el proceso de sistematizaci\u00f3n del Estudio de Impacto Ambiental, lo que nos ha permitido tener reuniones m\u00e1s horizontales con nuestros grupos de inter\u00e9s (stakeholders).<span class=\"Apple-converted-space\">\u00a0<\/span><\/span><\/p><p class=\"p1\"><span class=\"s1\">Esto ha sido posible gracias al modelo de vinculaci\u00f3n, que en su etapa de relacionamiento temprano consiste en lo siguiente:<\/span><\/p><p class=\"p2\"><span class=\"s1\">1.Identificaci\u00f3n grupos humanos y organizaciones del territorio.<\/span><\/p><p class=\"p2\"><span class=\"s1\">2. Vinculaci\u00f3n temprana con actores relevantes:<\/span><\/p><ul><li class=\"p2\"><span class=\"s1\">Entrega de informaci\u00f3n del proyecto, presentaciones y reuniones 1:1.<\/span><\/li><li class=\"p2\">Invitaci\u00f3n a participar en la etapa de participaci\u00f3n temprana\/anticipada.<\/li><li class=\"p2\"><span class=\"s1\">Firma de acuerdo\/protocolo de participaci\u00f3n:<\/span><\/li><\/ul>\t\t\t\t\t\t<\/div>\n\t\t\t\t<\/div>\n\t\t\t\t<div class=\"elementor-element elementor-element-23ab7ce elementor-widget elementor-widget-text-editor\" data-id=\"23ab7ce\" data-element_type=\"widget\" data-widget_type=\"text-editor.default\">\n\t\t\t\t<div class=\"elementor-widget-container\">\n\t\t\t\t\t\t\t<ul><li class=\"p2\"><span class=\"s1\">Constituci\u00f3n y participaci\u00f3n en mesa t\u00e9cnica.<\/span><\/li><li class=\"p2\"><span class=\"s1\">Participaci\u00f3n en caracterizaci\u00f3n del grupo humano u organizaci\u00f3n.<\/span><\/li><li class=\"p2\"><span class=\"s1\">Apoyo con asesor\u00eda independiente de confianza del grupo humano, financiado por nuestra compa\u00f1\u00eda.<\/span><\/li><li class=\"p2\"><span class=\"s1\">Participaci\u00f3n de los grupos humanos u organizaciones relevantes en levantamiento de informaci\u00f3n con monitores comunitarios.<\/span><\/li><li class=\"p2\"><span class=\"s1\">B\u00fasqueda de acuerdos de beneficio mutuo.<span class=\"Apple-converted-space\">\u00a0<\/span><\/span><\/li><\/ul>\t\t\t\t\t\t<\/div>\n\t\t\t\t<\/div>\n\t\t\t\t\t<\/div>\n\t\t<\/div>\n\t\t\t\t\t\t\t<\/div>\n\t\t<\/section>\n\t\t\t\t<section class=\"elementor-section elementor-top-section elementor-element elementor-element-00309c4 elementor-section-boxed elementor-section-height-default elementor-section-height-default\" data-id=\"00309c4\" data-element_type=\"section\">\n\t\t\t\t\t\t<div class=\"elementor-container elementor-column-gap-default\">\n\t\t\t\t\t<div class=\"elementor-column elementor-col-100 elementor-top-column elementor-element elementor-element-1242aa4\" data-id=\"1242aa4\" data-element_type=\"column\">\n\t\t\t<div class=\"elementor-widget-wrap elementor-element-populated\">\n\t\t\t\t\t\t\t\t<div class=\"elementor-element elementor-element-c8abcdb elementor-widget elementor-widget-heading\" data-id=\"c8abcdb\" data-element_type=\"widget\" data-widget_type=\"heading.default\">\n\t\t\t\t<div class=\"elementor-widget-container\">\n\t\t\t<h2 class=\"elementor-heading-title elementor-size-default\">Mecanismo de retroalimentaci\u00f3n<\/h2>\t\t<\/div>\n\t\t\t\t<\/div>\n\t\t\t\t<div class=\"elementor-element elementor-element-8fbce0a elementor-widget elementor-widget-text-editor\" data-id=\"8fbce0a\" data-element_type=\"widget\" data-widget_type=\"text-editor.default\">\n\t\t\t\t<div class=\"elementor-widget-container\">\n\t\t\t\t\t\t\t<p class=\"p1\"><span class=\"s1\">Entendemos que un buen sistema de gesti\u00f3n y resoluci\u00f3n de quejas est\u00e1 al centro de una sana relaci\u00f3n con las comunidades y, por lo mismo, deben orientar el accionar de una empresa y ayudar en sus esfuerzos por lograr la confianza local, sin sustituir ni estar aislados de otros mecanismos como los procesos de consulta locales y los programas de inversi\u00f3n social.<\/span><\/p><p class=\"p1\"><span class=\"s1\">El Abra ejecuta un mecanismo de retroalimentaci\u00f3n conforme a los ocho criterios de eficacia de los sistemas de quejas que son parte del ICMM: legitimidad, tener la confianza de los grupos de partes interesadas; accesibilidad, asegurarse de que el mecanismo sea conocido y llegue a todos; previsibilidad, proporcionando un procedimiento claro y conocido, con plazos y claridad; equidad, asegurando que las partes perjudicadas tengan acceso a informaci\u00f3n, asesoramiento y conocimientos para que sus quejas sean justas; transparencia, manteniendo informadas a las partes sobre el progreso de sus quejas; compatibilidad con los derechos, es decir, que asegure que los resultados y los recursos est\u00e9n de acuerdo con los derechos humanos internacionalmente reconocidos; y finalmente, que este proceso sea una fuente de aprendizaje continuo y los mecanismos del nivel operacional se basen en el compromiso y el di\u00e1logo.<\/span><\/p><p class=\"p1\"><span class=\"s1\">Durante 2021 se gestionaron 10 quejas, de las cuales se cerraron satisfactoriamente 10, conforme a los tiempos establecidos por nuestro procedimiento de retroalimentaci\u00f3n.<\/span><\/p><p><img loading=\"lazy\" decoding=\"async\" class=\"alignnone size-full wp-image-111\" src=\"http:\/\/elabra.cl\/informegestion2021\/wp-content\/uploads\/2022\/04\/16.gif\" alt=\"\" width=\"60\" height=\"60\" srcset=\"https:\/\/www.elabra.cl\/informegestion2021\/wp-content\/uploads\/2022\/04\/16.gif 60w, https:\/\/www.elabra.cl\/informegestion2021\/wp-content\/uploads\/2022\/04\/16-50x50.gif 50w\" sizes=\"auto, (max-width: 60px) 100vw, 60px\" \/><\/p>\t\t\t\t\t\t<\/div>\n\t\t\t\t<\/div>\n\t\t\t\t\t<\/div>\n\t\t<\/div>\n\t\t\t\t\t\t\t<\/div>\n\t\t<\/section>\n\t\t\t\t<section class=\"elementor-section elementor-top-section elementor-element elementor-element-838d417 elementor-section-boxed elementor-section-height-default elementor-section-height-default\" data-id=\"838d417\" data-element_type=\"section\">\n\t\t\t\t\t\t<div class=\"elementor-container elementor-column-gap-default\">\n\t\t\t\t\t<div class=\"elementor-column elementor-col-100 elementor-top-column elementor-element elementor-element-3dd0181\" data-id=\"3dd0181\" data-element_type=\"column\">\n\t\t\t<div class=\"elementor-widget-wrap elementor-element-populated\">\n\t\t\t\t\t\t\t\t<div class=\"elementor-element elementor-element-e8d4aaa elementor-widget elementor-widget-heading\" data-id=\"e8d4aaa\" data-element_type=\"widget\" data-widget_type=\"heading.default\">\n\t\t\t\t<div class=\"elementor-widget-container\">\n\t\t\t<h2 class=\"elementor-heading-title elementor-size-default\">Mecanismo de retroalimentaci\u00f3n con comunidades<\/h2>\t\t<\/div>\n\t\t\t\t<\/div>\n\t\t\t\t<div class=\"elementor-element elementor-element-5cb9020 elementor-widget elementor-widget-image\" data-id=\"5cb9020\" data-element_type=\"widget\" data-widget_type=\"image.default\">\n\t\t\t\t<div class=\"elementor-widget-container\">\n\t\t\t\t\t\t\t\t\t\t\t\t\t\t\t<img loading=\"lazy\" decoding=\"async\" width=\"620\" height=\"546\" src=\"https:\/\/www.elabra.cl\/informegestion2021\/wp-content\/uploads\/2022\/05\/2bgrafico-1024x902.gif\" class=\"attachment-large size-large\" alt=\"\" srcset=\"https:\/\/www.elabra.cl\/informegestion2021\/wp-content\/uploads\/2022\/05\/2bgrafico-1024x902.gif 1024w, https:\/\/www.elabra.cl\/informegestion2021\/wp-content\/uploads\/2022\/05\/2bgrafico-300x264.gif 300w, https:\/\/www.elabra.cl\/informegestion2021\/wp-content\/uploads\/2022\/05\/2bgrafico-768x677.gif 768w, https:\/\/www.elabra.cl\/informegestion2021\/wp-content\/uploads\/2022\/05\/2bgrafico-500x441.gif 500w\" sizes=\"auto, (max-width: 620px) 100vw, 620px\" \/>\t\t\t\t\t\t\t\t\t\t\t\t\t\t\t<\/div>\n\t\t\t\t<\/div>\n\t\t\t\t<div class=\"elementor-element elementor-element-d5c0010 elementor-widget elementor-widget-spacer\" data-id=\"d5c0010\" data-element_type=\"widget\" data-widget_type=\"spacer.default\">\n\t\t\t\t<div class=\"elementor-widget-container\">\n\t\t\t<style>\/*! elementor - v3.6.4 - 13-04-2022 *\/\n.e-container.e-container--row .elementor-spacer-inner{width:var(--spacer-size)}.e-container.e-container--column .elementor-spacer-inner,.elementor-column .elementor-spacer-inner{height:var(--spacer-size)}<\/style>\t\t<div class=\"elementor-spacer\">\n\t\t\t<div class=\"elementor-spacer-inner\"><\/div>\n\t\t<\/div>\n\t\t\t\t<\/div>\n\t\t\t\t<\/div>\n\t\t\t\t\t<\/div>\n\t\t<\/div>\n\t\t\t\t\t\t\t<\/div>\n\t\t<\/section>\n\t\t\t\t<section class=\"elementor-section elementor-top-section elementor-element elementor-element-277b4e1 elementor-section-boxed elementor-section-height-default elementor-section-height-default\" data-id=\"277b4e1\" data-element_type=\"section\">\n\t\t\t\t\t\t<div class=\"elementor-container elementor-column-gap-default\">\n\t\t\t\t\t<div class=\"elementor-column elementor-col-100 elementor-top-column elementor-element elementor-element-8fee420\" data-id=\"8fee420\" data-element_type=\"column\">\n\t\t\t<div class=\"elementor-widget-wrap elementor-element-populated\">\n\t\t\t\t\t\t\t\t<div class=\"elementor-element elementor-element-fa15d8a elementor-widget elementor-widget-heading\" data-id=\"fa15d8a\" data-element_type=\"widget\" data-widget_type=\"heading.default\">\n\t\t\t\t<div class=\"elementor-widget-container\">\n\t\t\t<h2 class=\"elementor-heading-title elementor-size-default\">Di\u00e1logos comunitarios<\/h2>\t\t<\/div>\n\t\t\t\t<\/div>\n\t\t\t\t<div class=\"elementor-element elementor-element-586de65 elementor-widget elementor-widget-text-editor\" data-id=\"586de65\" data-element_type=\"widget\" data-widget_type=\"text-editor.default\">\n\t\t\t\t<div class=\"elementor-widget-container\">\n\t\t\t\t\t\t\t<p class=\"p1\"><span class=\"s1\">Durante 2021 se desarroll\u00f3 un di\u00e1logo con la participaci\u00f3n de 28 dirigentes de las comunidades de Alto El Loa y Calama, en el marco de las Becas Ind\u00edgenas. El objetivo era recibir retroalimentaci\u00f3n respecto al proceso de postulaci\u00f3n y selecci\u00f3n de candidatos y candidatas a dicho fondo. Esto refleja la voluntad de nuestra compa\u00f1\u00eda de mejorar sus procesos a trav\u00e9s de la opini\u00f3n de sus grupos de inter\u00e9s o stakeholders.<\/span><\/p>\t\t\t\t\t\t<\/div>\n\t\t\t\t<\/div>\n\t\t\t\t\t<\/div>\n\t\t<\/div>\n\t\t\t\t\t\t\t<\/div>\n\t\t<\/section>\n\t\t\t\t<section class=\"elementor-section elementor-top-section elementor-element elementor-element-6c57a70 elementor-section-boxed elementor-section-height-default elementor-section-height-default\" data-id=\"6c57a70\" data-element_type=\"section\">\n\t\t\t\t\t\t<div class=\"elementor-container elementor-column-gap-default\">\n\t\t\t\t\t<div class=\"elementor-column elementor-col-100 elementor-top-column elementor-element elementor-element-a6696be\" data-id=\"a6696be\" data-element_type=\"column\">\n\t\t\t<div class=\"elementor-widget-wrap elementor-element-populated\">\n\t\t\t\t\t\t\t\t<div class=\"elementor-element elementor-element-b26b46f elementor-widget elementor-widget-heading\" data-id=\"b26b46f\" data-element_type=\"widget\" data-widget_type=\"heading.default\">\n\t\t\t\t<div class=\"elementor-widget-container\">\n\t\t\t<h2 class=\"elementor-heading-title elementor-size-default\">Monto de inversi\u00f3n comunitaria<\/h2>\t\t<\/div>\n\t\t\t\t<\/div>\n\t\t\t\t<div class=\"elementor-element elementor-element-58d0249 elementor-widget elementor-widget-text-editor\" data-id=\"58d0249\" data-element_type=\"widget\" data-widget_type=\"text-editor.default\">\n\t\t\t\t<div class=\"elementor-widget-container\">\n\t\t\t\t\t\t\t<p class=\"p1\"><span class=\"s1\">La inversi\u00f3n comunitaria total en 2021 alcanz\u00f3 los <br \/>USD<\/span> <span class=\"s1\">3.658.548 monto que en un 60% se destin\u00f3 al desarrollo econ\u00f3mico local y comunitario, seguido por un 27% para educaci\u00f3n y capacitaci\u00f3n. Los valores desglosados se muestran a continuaci\u00f3n:<span class=\"Apple-converted-space\">\u00a0<\/span><\/span><\/p>\t\t\t\t\t\t<\/div>\n\t\t\t\t<\/div>\n\t\t\t\t\t<\/div>\n\t\t<\/div>\n\t\t\t\t\t\t\t<\/div>\n\t\t<\/section>\n\t\t\t\t<section class=\"elementor-section elementor-top-section elementor-element elementor-element-03009cf elementor-section-boxed elementor-section-height-default elementor-section-height-default\" data-id=\"03009cf\" data-element_type=\"section\">\n\t\t\t\t\t\t<div class=\"elementor-container elementor-column-gap-default\">\n\t\t\t\t\t<div class=\"elementor-column elementor-col-100 elementor-top-column elementor-element elementor-element-e2438f8\" data-id=\"e2438f8\" data-element_type=\"column\">\n\t\t\t<div class=\"elementor-widget-wrap elementor-element-populated\">\n\t\t\t\t\t\t\t\t<div class=\"elementor-element elementor-element-12156fe elementor-widget elementor-widget-heading\" data-id=\"12156fe\" data-element_type=\"widget\" data-widget_type=\"heading.default\">\n\t\t\t\t<div class=\"elementor-widget-container\">\n\t\t\t<h2 class=\"elementor-heading-title elementor-size-default\">Inversi\u00f3n social 2021<\/h2>\t\t<\/div>\n\t\t\t\t<\/div>\n\t\t\t\t<div class=\"elementor-element elementor-element-e29f5e2 elementor-widget elementor-widget-image\" data-id=\"e29f5e2\" data-element_type=\"widget\" data-widget_type=\"image.default\">\n\t\t\t\t<div class=\"elementor-widget-container\">\n\t\t\t\t\t\t\t\t\t\t\t\t\t\t\t<img loading=\"lazy\" decoding=\"async\" width=\"620\" height=\"476\" src=\"https:\/\/www.elabra.cl\/informegestion2021\/wp-content\/uploads\/2022\/05\/2bgrafico2.gif\" class=\"attachment-large size-large\" alt=\"\" \/>\t\t\t\t\t\t\t\t\t\t\t\t\t\t\t<\/div>\n\t\t\t\t<\/div>\n\t\t\t\t\t<\/div>\n\t\t<\/div>\n\t\t\t\t\t\t\t<\/div>\n\t\t<\/section>\n\t\t\t\t<section class=\"elementor-section elementor-top-section elementor-element elementor-element-f8cf69c elementor-section-boxed elementor-section-height-default elementor-section-height-default\" data-id=\"f8cf69c\" data-element_type=\"section\">\n\t\t\t\t\t\t<div class=\"elementor-container elementor-column-gap-default\">\n\t\t\t\t\t<div class=\"elementor-column elementor-col-100 elementor-top-column elementor-element elementor-element-42c2875\" data-id=\"42c2875\" data-element_type=\"column\">\n\t\t\t<div class=\"elementor-widget-wrap elementor-element-populated\">\n\t\t\t\t\t\t\t\t<div class=\"elementor-element elementor-element-57ac0dd elementor-widget elementor-widget-heading\" data-id=\"57ac0dd\" data-element_type=\"widget\" data-widget_type=\"heading.default\">\n\t\t\t\t<div class=\"elementor-widget-container\">\n\t\t\t<h2 class=\"elementor-heading-title elementor-size-default\">Inversi\u00f3n social 2011 - 2021\n<\/h2>\t\t<\/div>\n\t\t\t\t<\/div>\n\t\t\t\t<div class=\"elementor-element elementor-element-567aba8 elementor-widget elementor-widget-image\" data-id=\"567aba8\" data-element_type=\"widget\" data-widget_type=\"image.default\">\n\t\t\t\t<div class=\"elementor-widget-container\">\n\t\t\t\t\t\t\t\t\t\t\t\t\t\t\t<img loading=\"lazy\" decoding=\"async\" width=\"620\" height=\"278\" src=\"https:\/\/www.elabra.cl\/informegestion2021\/wp-content\/uploads\/2022\/05\/2bgrafico3.gif\" class=\"attachment-large size-large\" alt=\"\" \/>\t\t\t\t\t\t\t\t\t\t\t\t\t\t\t<\/div>\n\t\t\t\t<\/div>\n\t\t\t\t<div class=\"elementor-element elementor-element-72124ce elementor-widget elementor-widget-spacer\" data-id=\"72124ce\" data-element_type=\"widget\" data-widget_type=\"spacer.default\">\n\t\t\t\t<div class=\"elementor-widget-container\">\n\t\t\t\t\t<div class=\"elementor-spacer\">\n\t\t\t<div class=\"elementor-spacer-inner\"><\/div>\n\t\t<\/div>\n\t\t\t\t<\/div>\n\t\t\t\t<\/div>\n\t\t\t\t\t<\/div>\n\t\t<\/div>\n\t\t\t\t\t\t\t<\/div>\n\t\t<\/section>\n\t\t\t\t<section class=\"elementor-section elementor-top-section elementor-element elementor-element-18a73be elementor-section-boxed elementor-section-height-default elementor-section-height-default\" data-id=\"18a73be\" data-element_type=\"section\">\n\t\t\t\t\t\t<div class=\"elementor-container elementor-column-gap-default\">\n\t\t\t\t\t<div class=\"elementor-column elementor-col-100 elementor-top-column elementor-element elementor-element-c665d9a\" data-id=\"c665d9a\" data-element_type=\"column\">\n\t\t\t<div class=\"elementor-widget-wrap elementor-element-populated\">\n\t\t\t\t\t\t\t\t<div class=\"elementor-element elementor-element-e595a47 elementor-widget elementor-widget-heading\" data-id=\"e595a47\" data-element_type=\"widget\" data-widget_type=\"heading.default\">\n\t\t\t\t<div class=\"elementor-widget-container\">\n\t\t\t<h2 class=\"elementor-heading-title elementor-size-default\">Comit\u00e9 de evaluaci\u00f3n de donaciones y auspicios <\/h2>\t\t<\/div>\n\t\t\t\t<\/div>\n\t\t\t\t<div class=\"elementor-element elementor-element-52325ce elementor-widget elementor-widget-text-editor\" data-id=\"52325ce\" data-element_type=\"widget\" data-widget_type=\"text-editor.default\">\n\t\t\t\t<div class=\"elementor-widget-container\">\n\t\t\t\t\t\t\t<p class=\"p1\"><span class=\"s1\">La Gerencia de Di\u00e1logo Comunitario de Minera El Abra, dentro de sus funciones, promueve el relacionamiento con distintos grupos de inter\u00e9s en su \u00e1rea de influencia. Lo anterior, faculta a diversos actores para que soliciten donaciones o auspicios de manera permanente y con diferentes fines, que son priorizados y definidos por un Comit\u00e9 de Donaciones, fortaleciendo la transparencia y seguimiento del proceso.<span class=\"Apple-converted-space\">\u00a0<\/span><\/span><\/p><p class=\"p1\"><span class=\"s1\">Las \u00e1reas de prioridad para la destinaci\u00f3n de donaciones y auspicios son Calama-Alto El Loa, y regional, cuyos proyectos deben ajustarse a las l\u00edneas estrat\u00e9gicas de Minera El Abra: medioambiente, patrimonio, desarrollo econ\u00f3mico local, educaci\u00f3n y capacitaci\u00f3n.<span class=\"Apple-converted-space\">\u00a0<\/span><\/span><\/p><p class=\"p1\"><span class=\"s1\">El Comit\u00e9 est\u00e1 compuesto por las siguientes personas de El Abra: Presidente, gerente de Recursos Humanos, gerente de Di\u00e1logo Comunitario, abogado, y gerente de Asuntos P\u00fablicos.<\/span><\/p>\t\t\t\t\t\t<\/div>\n\t\t\t\t<\/div>\n\t\t\t\t\t<\/div>\n\t\t<\/div>\n\t\t\t\t\t\t\t<\/div>\n\t\t<\/section>\n\t\t\t\t\t\t\t<\/div>\n\t\t","protected":false},"excerpt":{"rendered":"<p>NUESTRO ENTORNO Relacionamiento Comunitario Seguimos contribuyendo al desarrollo de las distintas comunidades con las que nos relacionamos, a trav\u00e9s de los fondos comunitarios, y se consolid\u00f3 el de Borde Costero Sustentable, que lanz\u00f3 su tercera versi\u00f3n en 2021.\u00a0 Iniciamos el trabajo de la plataforma Impulsa El Loa, a fin de&#8230;<\/p>\n","protected":false},"author":1,"featured_media":0,"parent":22,"menu_order":0,"comment_status":"closed","ping_status":"closed","template":"","meta":{"footnotes":""},"class_list":["post-26","page","type-page","status-publish","hentry"],"_links":{"self":[{"href":"https:\/\/www.elabra.cl\/informegestion2021\/wp-json\/wp\/v2\/pages\/26","targetHints":{"allow":["GET"]}}],"collection":[{"href":"https:\/\/www.elabra.cl\/informegestion2021\/wp-json\/wp\/v2\/pages"}],"about":[{"href":"https:\/\/www.elabra.cl\/informegestion2021\/wp-json\/wp\/v2\/types\/page"}],"author":[{"embeddable":true,"href":"https:\/\/www.elabra.cl\/informegestion2021\/wp-json\/wp\/v2\/users\/1"}],"replies":[{"embeddable":true,"href":"https:\/\/www.elabra.cl\/informegestion2021\/wp-json\/wp\/v2\/comments?post=26"}],"version-history":[{"count":10,"href":"https:\/\/www.elabra.cl\/informegestion2021\/wp-json\/wp\/v2\/pages\/26\/revisions"}],"predecessor-version":[{"id":273,"href":"https:\/\/www.elabra.cl\/informegestion2021\/wp-json\/wp\/v2\/pages\/26\/revisions\/273"}],"up":[{"embeddable":true,"href":"https:\/\/www.elabra.cl\/informegestion2021\/wp-json\/wp\/v2\/pages\/22"}],"wp:attachment":[{"href":"https:\/\/www.elabra.cl\/informegestion2021\/wp-json\/wp\/v2\/media?parent=26"}],"curies":[{"name":"wp","href":"https:\/\/api.w.org\/{rel}","templated":true}]}}