{"id":24,"date":"2022-04-20T21:04:46","date_gmt":"2022-04-20T21:04:46","guid":{"rendered":"https:\/\/www.elabra.cl\/informegestion2021\/?page_id=24"},"modified":"2022-04-29T18:54:36","modified_gmt":"2022-04-29T18:54:36","slug":"medioambiente","status":"publish","type":"page","link":"https:\/\/www.elabra.cl\/informegestion2021\/nuestro-entorno\/medioambiente\/","title":{"rendered":"Medioambiente"},"content":{"rendered":"\t\t<div data-elementor-type=\"wp-page\" data-elementor-id=\"24\" class=\"elementor elementor-24\">\n\t\t\t\t\t\t\t\t\t<section class=\"elementor-section elementor-top-section elementor-element elementor-element-93e3417 elementor-section-boxed elementor-section-height-default elementor-section-height-default\" data-id=\"93e3417\" data-element_type=\"section\" data-settings=\"{&quot;background_background&quot;:&quot;classic&quot;}\">\n\t\t\t\t\t\t<div class=\"elementor-container elementor-column-gap-default\">\n\t\t\t\t\t<div class=\"elementor-column elementor-col-100 elementor-top-column elementor-element elementor-element-4327f3c\" data-id=\"4327f3c\" data-element_type=\"column\">\n\t\t\t<div class=\"elementor-widget-wrap elementor-element-populated\">\n\t\t\t\t\t\t\t\t<div class=\"elementor-element elementor-element-e0c2886 elementor-widget elementor-widget-heading\" data-id=\"e0c2886\" data-element_type=\"widget\" data-widget_type=\"heading.default\">\n\t\t\t\t<div class=\"elementor-widget-container\">\n\t\t\t<style>\/*! elementor - v3.6.4 - 13-04-2022 *\/\n.elementor-heading-title{padding:0;margin:0;line-height:1}.elementor-widget-heading .elementor-heading-title[class*=elementor-size-]>a{color:inherit;font-size:inherit;line-height:inherit}.elementor-widget-heading .elementor-heading-title.elementor-size-small{font-size:15px}.elementor-widget-heading .elementor-heading-title.elementor-size-medium{font-size:19px}.elementor-widget-heading .elementor-heading-title.elementor-size-large{font-size:29px}.elementor-widget-heading .elementor-heading-title.elementor-size-xl{font-size:39px}.elementor-widget-heading .elementor-heading-title.elementor-size-xxl{font-size:59px}<\/style><h2 class=\"elementor-heading-title elementor-size-default\">NUESTRO ENTORNO<\/h2>\t\t<\/div>\n\t\t\t\t<\/div>\n\t\t\t\t<div class=\"elementor-element elementor-element-a8839e1 elementor-widget elementor-widget-heading\" data-id=\"a8839e1\" data-element_type=\"widget\" data-widget_type=\"heading.default\">\n\t\t\t\t<div class=\"elementor-widget-container\">\n\t\t\t<h2 class=\"elementor-heading-title elementor-size-default\">Medioambiente<\/h2>\t\t<\/div>\n\t\t\t\t<\/div>\n\t\t\t\t\t<\/div>\n\t\t<\/div>\n\t\t\t\t\t\t\t<\/div>\n\t\t<\/section>\n\t\t\t\t<section class=\"elementor-section elementor-top-section elementor-element elementor-element-87addd4 elementor-section-boxed elementor-section-height-default elementor-section-height-default\" data-id=\"87addd4\" data-element_type=\"section\">\n\t\t\t\t\t\t<div class=\"elementor-container elementor-column-gap-default\">\n\t\t\t\t\t<div class=\"elementor-column elementor-col-100 elementor-top-column elementor-element elementor-element-f0d0f8d\" data-id=\"f0d0f8d\" data-element_type=\"column\">\n\t\t\t<div class=\"elementor-widget-wrap elementor-element-populated\">\n\t\t\t\t\t\t\t\t<div class=\"elementor-element elementor-element-c982b57 elementor-widget elementor-widget-text-editor\" data-id=\"c982b57\" data-element_type=\"widget\" data-widget_type=\"text-editor.default\">\n\t\t\t\t<div class=\"elementor-widget-container\">\n\t\t\t<style>\/*! elementor - v3.6.4 - 13-04-2022 *\/\n.elementor-widget-text-editor.elementor-drop-cap-view-stacked .elementor-drop-cap{background-color:#818a91;color:#fff}.elementor-widget-text-editor.elementor-drop-cap-view-framed .elementor-drop-cap{color:#818a91;border:3px solid;background-color:transparent}.elementor-widget-text-editor:not(.elementor-drop-cap-view-default) .elementor-drop-cap{margin-top:8px}.elementor-widget-text-editor:not(.elementor-drop-cap-view-default) .elementor-drop-cap-letter{width:1em;height:1em}.elementor-widget-text-editor .elementor-drop-cap{float:left;text-align:center;line-height:1;font-size:50px}.elementor-widget-text-editor .elementor-drop-cap-letter{display:inline-block}<\/style>\t\t\t\t<p class=\"p1\"><span class=\"s1\">En El Abra mantenemos un compromiso permanente con el desarrollo sustentable de nuestra operaci\u00f3n y el cuidado del entorno donde nos emplazamos, lo cual se trabaja a trav\u00e9s de nuestro sistema de gesti\u00f3n medioambiental, gui\u00e1ndonos por las normas ambientales vigentes. Adem\u00e1s, tenemos una planificaci\u00f3n de mejoramiento continuo de nuestro desempe\u00f1o en estas materias, mediante la implementaci\u00f3n de sistemas de gesti\u00f3n ISO 14.001.<\/span><\/p><p class=\"p1\"><span class=\"s1\">Durante 2021 la Gerencia de Medioambiente colabor\u00f3 en la realizaci\u00f3n de diversas mejoras a ciertos procesos productivos de la faena, con lo que aport\u00f3 a la disminuci\u00f3n de la huella de carbono, en l\u00ednea con el compromiso de El Abra con las pr\u00e1cticas de producci\u00f3n responsable y sustentable propuestas por el sello Copper Mark.<\/span><\/p><p class=\"p1\"><span class=\"s1\">En t\u00e9rminos de cuidado y protecci\u00f3n de la biodiversidad, se complet\u00f3 la primera generaci\u00f3n de plantas nuevas en el invernadero de Ascot\u00e1n, con una producci\u00f3n de alrededor de 1.500 individuos en condiciones de ser trasplantados a su h\u00e1bitat natural. Adem\u00e1s, se dio continuidad al proceso de repoblamiento de la vertiente 11 con la plantaci\u00f3n de 700 individuos en total durante 2021.<\/span><\/p><p class=\"p1\"><span class=\"s1\">En relaci\u00f3n con las capacitaciones, personal del \u00e1rea particip\u00f3 en ciclos de charlas realizadas por el Servicio de Evaluaci\u00f3n Ambiental y unos 220 trabajadores propios y contratistas aprendieron sobre residuos y sustancias peligrosas.<\/span><\/p>\t\t\t\t\t\t<\/div>\n\t\t\t\t<\/div>\n\t\t\t\t<div class=\"elementor-element elementor-element-66d3980 elementor-widget elementor-widget-image\" data-id=\"66d3980\" data-element_type=\"widget\" data-widget_type=\"image.default\">\n\t\t\t\t<div class=\"elementor-widget-container\">\n\t\t\t<style>\/*! elementor - v3.6.4 - 13-04-2022 *\/\n.elementor-widget-image{text-align:center}.elementor-widget-image a{display:inline-block}.elementor-widget-image a img[src$=\".svg\"]{width:48px}.elementor-widget-image img{vertical-align:middle;display:inline-block}<\/style>\t\t\t\t\t\t\t\t\t\t\t\t<img loading=\"lazy\" decoding=\"async\" width=\"620\" height=\"264\" src=\"https:\/\/www.elabra.cl\/informegestion2021\/wp-content\/uploads\/2022\/04\/2a.jpg\" class=\"attachment-large size-large\" alt=\"\" srcset=\"https:\/\/www.elabra.cl\/informegestion2021\/wp-content\/uploads\/2022\/04\/2a.jpg 704w, https:\/\/www.elabra.cl\/informegestion2021\/wp-content\/uploads\/2022\/04\/2a-300x128.jpg 300w, https:\/\/www.elabra.cl\/informegestion2021\/wp-content\/uploads\/2022\/04\/2a-500x213.jpg 500w\" sizes=\"auto, (max-width: 620px) 100vw, 620px\" \/>\t\t\t\t\t\t\t\t\t\t\t\t\t\t\t<\/div>\n\t\t\t\t<\/div>\n\t\t\t\t<div class=\"elementor-element elementor-element-00b79e6 elementor-widget elementor-widget-spacer\" data-id=\"00b79e6\" data-element_type=\"widget\" data-widget_type=\"spacer.default\">\n\t\t\t\t<div class=\"elementor-widget-container\">\n\t\t\t<style>\/*! elementor - v3.6.4 - 13-04-2022 *\/\n.e-container.e-container--row .elementor-spacer-inner{width:var(--spacer-size)}.e-container.e-container--column .elementor-spacer-inner,.elementor-column .elementor-spacer-inner{height:var(--spacer-size)}<\/style>\t\t<div class=\"elementor-spacer\">\n\t\t\t<div class=\"elementor-spacer-inner\"><\/div>\n\t\t<\/div>\n\t\t\t\t<\/div>\n\t\t\t\t<\/div>\n\t\t\t\t\t<\/div>\n\t\t<\/div>\n\t\t\t\t\t\t\t<\/div>\n\t\t<\/section>\n\t\t\t\t<section class=\"elementor-section elementor-top-section elementor-element elementor-element-eca211f elementor-section-boxed elementor-section-height-default elementor-section-height-default\" data-id=\"eca211f\" data-element_type=\"section\">\n\t\t\t\t\t\t<div class=\"elementor-container elementor-column-gap-default\">\n\t\t\t\t\t<div class=\"elementor-column elementor-col-100 elementor-top-column elementor-element elementor-element-980f4a3\" data-id=\"980f4a3\" data-element_type=\"column\">\n\t\t\t<div class=\"elementor-widget-wrap elementor-element-populated\">\n\t\t\t\t\t\t\t\t<div class=\"elementor-element elementor-element-cedc313 elementor-widget elementor-widget-heading\" data-id=\"cedc313\" data-element_type=\"widget\" data-widget_type=\"heading.default\">\n\t\t\t\t<div class=\"elementor-widget-container\">\n\t\t\t<h2 class=\"elementor-heading-title elementor-size-default\">Auditor\u00eda de mantenci\u00f3n de la ISO 14.001<\/h2>\t\t<\/div>\n\t\t\t\t<\/div>\n\t\t\t\t<div class=\"elementor-element elementor-element-a6e181a elementor-widget elementor-widget-text-editor\" data-id=\"a6e181a\" data-element_type=\"widget\" data-widget_type=\"text-editor.default\">\n\t\t\t\t<div class=\"elementor-widget-container\">\n\t\t\t\t\t\t\t<p class=\"p1\"><span class=\"s1\">En abril de 2021, las operaciones productivas fueron sometidas a un proceso de auditor\u00eda de mantenci\u00f3n anual de la Norma ISO 14.001, en su versi\u00f3n 2015, cuyo objetivo fue determinar la conformidad y eficacia del Sistema de Gesti\u00f3n Ambiental para asegurar nuestra capacidad de alcanzar objetivos espec\u00edficos y cumplir con los requisitos legales, reglamentos y contractuales que se les aplica. El proceso de auditor\u00eda fue realizado por la casa certificadora DNV, terminando con un resultado positivo que recomend\u00f3 a Minera El Abra para mantener la Certificaci\u00f3n ISO 14001:2015.<\/span><\/p>\t\t\t\t\t\t<\/div>\n\t\t\t\t<\/div>\n\t\t\t\t\t<\/div>\n\t\t<\/div>\n\t\t\t\t\t\t\t<\/div>\n\t\t<\/section>\n\t\t\t\t<section class=\"elementor-section elementor-top-section elementor-element elementor-element-caead43 elementor-section-boxed elementor-section-height-default elementor-section-height-default\" data-id=\"caead43\" data-element_type=\"section\">\n\t\t\t\t\t\t<div class=\"elementor-container elementor-column-gap-default\">\n\t\t\t\t\t<div class=\"elementor-column elementor-col-100 elementor-top-column elementor-element elementor-element-d466c61\" data-id=\"d466c61\" data-element_type=\"column\">\n\t\t\t<div class=\"elementor-widget-wrap elementor-element-populated\">\n\t\t\t\t\t\t\t\t<div class=\"elementor-element elementor-element-7c6328c elementor-widget elementor-widget-heading\" data-id=\"7c6328c\" data-element_type=\"widget\" data-widget_type=\"heading.default\">\n\t\t\t\t<div class=\"elementor-widget-container\">\n\t\t\t<h2 class=\"elementor-heading-title elementor-size-default\">Mejoras en el patio de aceite residual <\/h2>\t\t<\/div>\n\t\t\t\t<\/div>\n\t\t\t\t<div class=\"elementor-element elementor-element-85cfc25 elementor-widget elementor-widget-text-editor\" data-id=\"85cfc25\" data-element_type=\"widget\" data-widget_type=\"text-editor.default\">\n\t\t\t\t<div class=\"elementor-widget-container\">\n\t\t\t\t\t\t\t<p class=\"p1\"><span class=\"s1\">En 2021 se trabaj\u00f3 en la instalaci\u00f3n de primer nivel en seguridad, medioambiente y operacional del patio de aceite residual, junto con trabajos de mantenci\u00f3n, mejoramiento y automatizaci\u00f3n, permitiendo cumplir con las necesidades de todas las \u00e1reas usuarias e incluyendo empresas colaboradoras.<span class=\"Apple-converted-space\">\u00a0<\/span><\/span><\/p><p class=\"p1\"><span class=\"s1\">Cada a\u00f1o se reciben aproximadamente 660 m3 de aceite usado, 55 m3\/mes en promedio, que son utilizados como combustible alternativo en cementeras de la Regi\u00f3n, dando una segunda vida a estos lubricantes.<\/span><\/p><p><img loading=\"lazy\" decoding=\"async\" class=\"alignnone size-full wp-image-104\" src=\"http:\/\/elabra.cl\/informegestion2021\/wp-content\/uploads\/2022\/04\/09.gif\" alt=\"\" width=\"60\" height=\"60\" srcset=\"https:\/\/www.elabra.cl\/informegestion2021\/wp-content\/uploads\/2022\/04\/09.gif 60w, https:\/\/www.elabra.cl\/informegestion2021\/wp-content\/uploads\/2022\/04\/09-50x50.gif 50w\" sizes=\"auto, (max-width: 60px) 100vw, 60px\" \/><img loading=\"lazy\" decoding=\"async\" class=\"alignnone size-full wp-image-107\" src=\"http:\/\/elabra.cl\/informegestion2021\/wp-content\/uploads\/2022\/04\/12.gif\" alt=\"\" width=\"60\" height=\"60\" srcset=\"https:\/\/www.elabra.cl\/informegestion2021\/wp-content\/uploads\/2022\/04\/12.gif 60w, https:\/\/www.elabra.cl\/informegestion2021\/wp-content\/uploads\/2022\/04\/12-50x50.gif 50w\" sizes=\"auto, (max-width: 60px) 100vw, 60px\" \/><img loading=\"lazy\" decoding=\"async\" class=\"alignnone size-full wp-image-108\" src=\"http:\/\/elabra.cl\/informegestion2021\/wp-content\/uploads\/2022\/04\/13.gif\" alt=\"\" width=\"60\" height=\"60\" srcset=\"https:\/\/www.elabra.cl\/informegestion2021\/wp-content\/uploads\/2022\/04\/13.gif 60w, https:\/\/www.elabra.cl\/informegestion2021\/wp-content\/uploads\/2022\/04\/13-50x50.gif 50w\" sizes=\"auto, (max-width: 60px) 100vw, 60px\" \/><\/p>\t\t\t\t\t\t<\/div>\n\t\t\t\t<\/div>\n\t\t\t\t\t<\/div>\n\t\t<\/div>\n\t\t\t\t\t\t\t<\/div>\n\t\t<\/section>\n\t\t\t\t<section class=\"elementor-section elementor-top-section elementor-element elementor-element-4d049d1 elementor-section-boxed elementor-section-height-default elementor-section-height-default\" data-id=\"4d049d1\" data-element_type=\"section\">\n\t\t\t\t\t\t<div class=\"elementor-container elementor-column-gap-default\">\n\t\t\t\t\t<div class=\"elementor-column elementor-col-100 elementor-top-column elementor-element elementor-element-c46d259\" data-id=\"c46d259\" data-element_type=\"column\">\n\t\t\t<div class=\"elementor-widget-wrap elementor-element-populated\">\n\t\t\t\t\t\t\t\t<div class=\"elementor-element elementor-element-d4cfdab elementor-widget elementor-widget-heading\" data-id=\"d4cfdab\" data-element_type=\"widget\" data-widget_type=\"heading.default\">\n\t\t\t\t<div class=\"elementor-widget-container\">\n\t\t\t<h2 class=\"elementor-heading-title elementor-size-default\">Mejoras del rendimiento de neum\u00e1ticos<\/h2>\t\t<\/div>\n\t\t\t\t<\/div>\n\t\t\t\t<div class=\"elementor-element elementor-element-ae5e56c elementor-widget elementor-widget-image\" data-id=\"ae5e56c\" data-element_type=\"widget\" data-widget_type=\"image.default\">\n\t\t\t\t<div class=\"elementor-widget-container\">\n\t\t\t\t\t\t\t\t\t\t\t\t\t\t\t<img loading=\"lazy\" decoding=\"async\" width=\"620\" height=\"264\" src=\"https:\/\/www.elabra.cl\/informegestion2021\/wp-content\/uploads\/2022\/04\/2a1.jpg\" class=\"attachment-large size-large\" alt=\"\" srcset=\"https:\/\/www.elabra.cl\/informegestion2021\/wp-content\/uploads\/2022\/04\/2a1.jpg 704w, https:\/\/www.elabra.cl\/informegestion2021\/wp-content\/uploads\/2022\/04\/2a1-300x128.jpg 300w, https:\/\/www.elabra.cl\/informegestion2021\/wp-content\/uploads\/2022\/04\/2a1-500x213.jpg 500w\" sizes=\"auto, (max-width: 620px) 100vw, 620px\" \/>\t\t\t\t\t\t\t\t\t\t\t\t\t\t\t<\/div>\n\t\t\t\t<\/div>\n\t\t\t\t<div class=\"elementor-element elementor-element-496f7eb elementor-widget elementor-widget-text-editor\" data-id=\"496f7eb\" data-element_type=\"widget\" data-widget_type=\"text-editor.default\">\n\t\t\t\t<div class=\"elementor-widget-container\">\n\t\t\t\t\t\t\t<p class=\"p1\">La gesti\u00f3n del mantenimiento de neum\u00e1ticos es para en Minera El Abra y toda la industria un constante desaf\u00edo. El foco est\u00e1 puesto en el aumento de su rendimiento, dado que es un componente escaso y que impacta en el costo de los procesos y el medioambiente.<span class=\"Apple-converted-space\">\u00a0<\/span><\/p><p class=\"p1\">Como resultado de un trabajo colaborativo entre diversas \u00e1reas, se han obtenido los siguientes beneficios: disminuci\u00f3n en gasto de neum\u00e1ticos, mayor seguridad para el operador y mantenedores, menor disposici\u00f3n de neum\u00e1ticos dados de baja, adem\u00e1s de mantener controlado el inventario.<\/p><p class=\"p1\"><span class=\"s1\">Para obtener estos buenos resultados, el equipo Team Neum\u00e1ticos de El Abra se ha enfocado en mantener una buena calidad de caminos, una gesti\u00f3n que incluye control de presi\u00f3n, estrategia de rotaci\u00f3n de neum\u00e1ticos, monitoreo por GPS, entre otros. En la flota de equipos de apoyo, se adopta una estrategia de reparaci\u00f3n y recauchaje de neum\u00e1ticos, que ayuda a reutilizar y disminuir en gran medida la disposici\u00f3n de neum\u00e1ticos dados de baja.<\/span><\/p><p><img loading=\"lazy\" decoding=\"async\" class=\"alignnone size-full wp-image-104\" src=\"http:\/\/elabra.cl\/informegestion2021\/wp-content\/uploads\/2022\/04\/09.gif\" alt=\"\" width=\"60\" height=\"60\" srcset=\"https:\/\/www.elabra.cl\/informegestion2021\/wp-content\/uploads\/2022\/04\/09.gif 60w, https:\/\/www.elabra.cl\/informegestion2021\/wp-content\/uploads\/2022\/04\/09-50x50.gif 50w\" sizes=\"auto, (max-width: 60px) 100vw, 60px\" \/><img loading=\"lazy\" decoding=\"async\" class=\"alignnone size-full wp-image-107\" src=\"http:\/\/elabra.cl\/informegestion2021\/wp-content\/uploads\/2022\/04\/12.gif\" alt=\"\" width=\"60\" height=\"60\" srcset=\"https:\/\/www.elabra.cl\/informegestion2021\/wp-content\/uploads\/2022\/04\/12.gif 60w, https:\/\/www.elabra.cl\/informegestion2021\/wp-content\/uploads\/2022\/04\/12-50x50.gif 50w\" sizes=\"auto, (max-width: 60px) 100vw, 60px\" \/><img loading=\"lazy\" decoding=\"async\" class=\"alignnone size-full wp-image-108\" src=\"http:\/\/elabra.cl\/informegestion2021\/wp-content\/uploads\/2022\/04\/13.gif\" alt=\"\" width=\"60\" height=\"60\" srcset=\"https:\/\/www.elabra.cl\/informegestion2021\/wp-content\/uploads\/2022\/04\/13.gif 60w, https:\/\/www.elabra.cl\/informegestion2021\/wp-content\/uploads\/2022\/04\/13-50x50.gif 50w\" sizes=\"auto, (max-width: 60px) 100vw, 60px\" \/><\/p>\t\t\t\t\t\t<\/div>\n\t\t\t\t<\/div>\n\t\t\t\t\t<\/div>\n\t\t<\/div>\n\t\t\t\t\t\t\t<\/div>\n\t\t<\/section>\n\t\t\t\t<section class=\"elementor-section elementor-top-section elementor-element elementor-element-6f03199 elementor-section-boxed elementor-section-height-default elementor-section-height-default\" data-id=\"6f03199\" data-element_type=\"section\">\n\t\t\t\t\t\t<div class=\"elementor-container elementor-column-gap-default\">\n\t\t\t\t\t<div class=\"elementor-column elementor-col-100 elementor-top-column elementor-element elementor-element-032be50\" data-id=\"032be50\" data-element_type=\"column\">\n\t\t\t<div class=\"elementor-widget-wrap elementor-element-populated\">\n\t\t\t\t\t\t\t\t<div class=\"elementor-element elementor-element-2f65de8 elementor-widget elementor-widget-heading\" data-id=\"2f65de8\" data-element_type=\"widget\" data-widget_type=\"heading.default\">\n\t\t\t\t<div class=\"elementor-widget-container\">\n\t\t\t<h2 class=\"elementor-heading-title elementor-size-default\">Reparaci\u00f3n de piscinas y mejoras en estanques <\/h2>\t\t<\/div>\n\t\t\t\t<\/div>\n\t\t\t\t<div class=\"elementor-element elementor-element-a4370d1 elementor-widget elementor-widget-text-editor\" data-id=\"a4370d1\" data-element_type=\"widget\" data-widget_type=\"text-editor.default\">\n\t\t\t\t<div class=\"elementor-widget-container\">\n\t\t\t\t\t\t\t<p class=\"p1\"><span class=\"s1\">Como parte de los programas de mantenimiento preventivo para la operaci\u00f3n de estanques y la prevenci\u00f3n de incidentes, se llev\u00f3 a cabo la reparaci\u00f3n de las piscinas de emergencia de planta y mina, adem\u00e1s de mejoras en las contenciones secundarias de los estanques ubicados en las estaciones de bombeo ROM 1 y 2.<\/span><\/p><p><img loading=\"lazy\" decoding=\"async\" class=\"alignnone size-full wp-image-104\" src=\"http:\/\/elabra.cl\/informegestion2021\/wp-content\/uploads\/2022\/04\/09.gif\" alt=\"\" width=\"60\" height=\"60\" srcset=\"https:\/\/www.elabra.cl\/informegestion2021\/wp-content\/uploads\/2022\/04\/09.gif 60w, https:\/\/www.elabra.cl\/informegestion2021\/wp-content\/uploads\/2022\/04\/09-50x50.gif 50w\" sizes=\"auto, (max-width: 60px) 100vw, 60px\" \/><img loading=\"lazy\" decoding=\"async\" class=\"alignnone size-full wp-image-107\" src=\"http:\/\/elabra.cl\/informegestion2021\/wp-content\/uploads\/2022\/04\/12.gif\" alt=\"\" width=\"60\" height=\"60\" srcset=\"https:\/\/www.elabra.cl\/informegestion2021\/wp-content\/uploads\/2022\/04\/12.gif 60w, https:\/\/www.elabra.cl\/informegestion2021\/wp-content\/uploads\/2022\/04\/12-50x50.gif 50w\" sizes=\"auto, (max-width: 60px) 100vw, 60px\" \/><img loading=\"lazy\" decoding=\"async\" class=\"alignnone size-full wp-image-108\" src=\"http:\/\/elabra.cl\/informegestion2021\/wp-content\/uploads\/2022\/04\/13.gif\" alt=\"\" width=\"60\" height=\"60\" srcset=\"https:\/\/www.elabra.cl\/informegestion2021\/wp-content\/uploads\/2022\/04\/13.gif 60w, https:\/\/www.elabra.cl\/informegestion2021\/wp-content\/uploads\/2022\/04\/13-50x50.gif 50w\" sizes=\"auto, (max-width: 60px) 100vw, 60px\" \/><\/p>\t\t\t\t\t\t<\/div>\n\t\t\t\t<\/div>\n\t\t\t\t\t<\/div>\n\t\t<\/div>\n\t\t\t\t\t\t\t<\/div>\n\t\t<\/section>\n\t\t\t\t<section class=\"elementor-section elementor-top-section elementor-element elementor-element-e8af4c0 elementor-section-boxed elementor-section-height-default elementor-section-height-default\" data-id=\"e8af4c0\" data-element_type=\"section\">\n\t\t\t\t\t\t<div class=\"elementor-container elementor-column-gap-default\">\n\t\t\t\t\t<div class=\"elementor-column elementor-col-100 elementor-top-column elementor-element elementor-element-5b29c99\" data-id=\"5b29c99\" data-element_type=\"column\">\n\t\t\t<div class=\"elementor-widget-wrap elementor-element-populated\">\n\t\t\t\t\t\t\t\t<div class=\"elementor-element elementor-element-c5fce0e elementor-widget elementor-widget-heading\" data-id=\"c5fce0e\" data-element_type=\"widget\" data-widget_type=\"heading.default\">\n\t\t\t\t<div class=\"elementor-widget-container\">\n\t\t\t<h2 class=\"elementor-heading-title elementor-size-default\">Control y disminuci\u00f3n de material particulado en chancado fino<\/h2>\t\t<\/div>\n\t\t\t\t<\/div>\n\t\t\t\t<div class=\"elementor-element elementor-element-3de18b4 elementor-widget elementor-widget-text-editor\" data-id=\"3de18b4\" data-element_type=\"widget\" data-widget_type=\"text-editor.default\">\n\t\t\t\t<div class=\"elementor-widget-container\">\n\t\t\t\t\t\t\t<p class=\"p1\"><span class=\"s1\">A partir de un estudio de dispersi\u00f3n de material particulado, mediante el an\u00e1lisis de mapeo de polvo en la planta de chancado fino -para mejorar los sistemas de control de polvo que se inici\u00f3 en 2017 y sirvi\u00f3 como l\u00ednea de base-, en 2021 se realizaron inspecciones, actividades de seguimiento y mediciones de material particulado. Asimismo, hubo reparaciones en las instalaciones de la planta de chancado, que permitieron importantes reducciones en las concentraciones diarias de este material, de 102 mg\/m3 a 71 mg\/m3.<span class=\"Apple-converted-space\">\u00a0<\/span><\/span><\/p><p class=\"p1\"><span class=\"s1\">Con esto, se mejora sustancialmente la concentraci\u00f3n de material particulado en el \u00e1rea, generando cambios que incluyen la implementaci\u00f3n de una cuadrilla de mantenciones e informes de seguimiento automatizados. Este trabajo tambi\u00e9n ha tra\u00eddo mejoras en los an\u00e1lisis dosim\u00e9tricos para equipos de operaciones, en t\u00e9rminos de la reducci\u00f3n de la concentraci\u00f3n a la cual est\u00e1n expuestos las y los trabajadores.<\/span><\/p><p><img loading=\"lazy\" decoding=\"async\" class=\"alignnone size-full wp-image-104\" src=\"http:\/\/elabra.cl\/informegestion2021\/wp-content\/uploads\/2022\/04\/09.gif\" alt=\"\" width=\"60\" height=\"60\" srcset=\"https:\/\/www.elabra.cl\/informegestion2021\/wp-content\/uploads\/2022\/04\/09.gif 60w, https:\/\/www.elabra.cl\/informegestion2021\/wp-content\/uploads\/2022\/04\/09-50x50.gif 50w\" sizes=\"auto, (max-width: 60px) 100vw, 60px\" \/><img loading=\"lazy\" decoding=\"async\" class=\"alignnone size-full wp-image-107\" src=\"http:\/\/elabra.cl\/informegestion2021\/wp-content\/uploads\/2022\/04\/12.gif\" alt=\"\" width=\"60\" height=\"60\" srcset=\"https:\/\/www.elabra.cl\/informegestion2021\/wp-content\/uploads\/2022\/04\/12.gif 60w, https:\/\/www.elabra.cl\/informegestion2021\/wp-content\/uploads\/2022\/04\/12-50x50.gif 50w\" sizes=\"auto, (max-width: 60px) 100vw, 60px\" \/><img loading=\"lazy\" decoding=\"async\" class=\"alignnone size-full wp-image-108\" src=\"http:\/\/elabra.cl\/informegestion2021\/wp-content\/uploads\/2022\/04\/13.gif\" alt=\"\" width=\"60\" height=\"60\" srcset=\"https:\/\/www.elabra.cl\/informegestion2021\/wp-content\/uploads\/2022\/04\/13.gif 60w, https:\/\/www.elabra.cl\/informegestion2021\/wp-content\/uploads\/2022\/04\/13-50x50.gif 50w\" sizes=\"auto, (max-width: 60px) 100vw, 60px\" \/><\/p>\t\t\t\t\t\t<\/div>\n\t\t\t\t<\/div>\n\t\t\t\t\t<\/div>\n\t\t<\/div>\n\t\t\t\t\t\t\t<\/div>\n\t\t<\/section>\n\t\t\t\t<section class=\"elementor-section elementor-top-section elementor-element elementor-element-c0383dd elementor-section-boxed elementor-section-height-default elementor-section-height-default\" data-id=\"c0383dd\" data-element_type=\"section\">\n\t\t\t\t\t\t<div class=\"elementor-container elementor-column-gap-default\">\n\t\t\t\t\t<div class=\"elementor-column elementor-col-100 elementor-top-column elementor-element elementor-element-df0c981\" data-id=\"df0c981\" data-element_type=\"column\">\n\t\t\t<div class=\"elementor-widget-wrap elementor-element-populated\">\n\t\t\t\t\t\t\t\t<div class=\"elementor-element elementor-element-62550ef elementor-widget elementor-widget-heading\" data-id=\"62550ef\" data-element_type=\"widget\" data-widget_type=\"heading.default\">\n\t\t\t\t<div class=\"elementor-widget-container\">\n\t\t\t<h2 class=\"elementor-heading-title elementor-size-default\">Mejoras en las estaciones de combustible en planta y mina<\/h2>\t\t<\/div>\n\t\t\t\t<\/div>\n\t\t\t\t<div class=\"elementor-element elementor-element-344ac91 elementor-widget elementor-widget-text-editor\" data-id=\"344ac91\" data-element_type=\"widget\" data-widget_type=\"text-editor.default\">\n\t\t\t\t<div class=\"elementor-widget-container\">\n\t\t\t\t\t\t\t<p class=\"p1\"><span class=\"s1\">Se realizaron mejoras operacionales en tres estaciones de servicio que expenden gasolina y petr\u00f3leo a los distintos equipos m\u00f3viles, que corresponden a las estaciones S1, S2 y P6 de planta y mina. El objetivo fue minimizar el riesgo de infiltraci\u00f3n o derrames al medioambiente. Estas estaciones, adem\u00e1s de cumplir con el DS N\u00b0 160 de combustibles, obedece a los est\u00e1ndares corporativos que los hacen m\u00e1s seguros para el medioambiente.<span class=\"Apple-converted-space\">\u00a0<\/span><\/span><\/p><p><img loading=\"lazy\" decoding=\"async\" class=\"alignnone size-full wp-image-104\" src=\"http:\/\/elabra.cl\/informegestion2021\/wp-content\/uploads\/2022\/04\/09.gif\" alt=\"\" width=\"60\" height=\"60\" srcset=\"https:\/\/www.elabra.cl\/informegestion2021\/wp-content\/uploads\/2022\/04\/09.gif 60w, https:\/\/www.elabra.cl\/informegestion2021\/wp-content\/uploads\/2022\/04\/09-50x50.gif 50w\" sizes=\"auto, (max-width: 60px) 100vw, 60px\" \/><img loading=\"lazy\" decoding=\"async\" class=\"alignnone size-full wp-image-107\" src=\"http:\/\/elabra.cl\/informegestion2021\/wp-content\/uploads\/2022\/04\/12.gif\" alt=\"\" width=\"60\" height=\"60\" srcset=\"https:\/\/www.elabra.cl\/informegestion2021\/wp-content\/uploads\/2022\/04\/12.gif 60w, https:\/\/www.elabra.cl\/informegestion2021\/wp-content\/uploads\/2022\/04\/12-50x50.gif 50w\" sizes=\"auto, (max-width: 60px) 100vw, 60px\" \/><img loading=\"lazy\" decoding=\"async\" class=\"alignnone size-full wp-image-108\" src=\"http:\/\/elabra.cl\/informegestion2021\/wp-content\/uploads\/2022\/04\/13.gif\" alt=\"\" width=\"60\" height=\"60\" srcset=\"https:\/\/www.elabra.cl\/informegestion2021\/wp-content\/uploads\/2022\/04\/13.gif 60w, https:\/\/www.elabra.cl\/informegestion2021\/wp-content\/uploads\/2022\/04\/13-50x50.gif 50w\" sizes=\"auto, (max-width: 60px) 100vw, 60px\" \/><\/p>\t\t\t\t\t\t<\/div>\n\t\t\t\t<\/div>\n\t\t\t\t\t<\/div>\n\t\t<\/div>\n\t\t\t\t\t\t\t<\/div>\n\t\t<\/section>\n\t\t\t\t<section class=\"elementor-section elementor-top-section elementor-element elementor-element-f4d923b elementor-section-boxed elementor-section-height-default elementor-section-height-default\" data-id=\"f4d923b\" data-element_type=\"section\">\n\t\t\t\t\t\t<div class=\"elementor-container elementor-column-gap-default\">\n\t\t\t\t\t<div class=\"elementor-column elementor-col-100 elementor-top-column elementor-element elementor-element-469ffb5\" data-id=\"469ffb5\" data-element_type=\"column\">\n\t\t\t<div class=\"elementor-widget-wrap elementor-element-populated\">\n\t\t\t\t\t\t\t\t<div class=\"elementor-element elementor-element-1c4a195 elementor-widget elementor-widget-heading\" data-id=\"1c4a195\" data-element_type=\"widget\" data-widget_type=\"heading.default\">\n\t\t\t\t<div class=\"elementor-widget-container\">\n\t\t\t<h2 class=\"elementor-heading-title elementor-size-default\">Gesti\u00f3n de residuos peligrosos<\/h2>\t\t<\/div>\n\t\t\t\t<\/div>\n\t\t\t\t<div class=\"elementor-element elementor-element-802109b elementor-widget elementor-widget-text-editor\" data-id=\"802109b\" data-element_type=\"widget\" data-widget_type=\"text-editor.default\">\n\t\t\t\t<div class=\"elementor-widget-container\">\n\t\t\t\t\t\t\t<p class=\"p1\"><span class=\"s1\">Como una forma de optimizar y reducir los residuos peligrosos generados por las operaciones y actividades de mantenimiento, se adquirieron tres equipos que permitieron desclasificar dos residuos peligrosos y transformarlos en residuos industriales no peligrosos: el vidrio de los tubos fluorescentes y las latas de los aerosoles perforadas.<\/span><\/p><p class=\"p1\">Luego de ingresar y presentar la solicitud de desclasificaci\u00f3n de estos dos materiales a la Secretar\u00eda Regional Ministerial de Salud de la Regi\u00f3n de Antofagasta, se obtuvo la Resoluci\u00f3n Exenta N\u00b0 2693\/21, que permite disponerlos como residuos industriales.<span class=\"Apple-converted-space\">\u00a0<\/span><\/p><p class=\"p1\">Tambi\u00e9n se optimizaron los contenedores, bajando el volumen de residuos peligrosos y as\u00ed generando menos contenedores para su disposici\u00f3n final en un relleno autorizado.<\/p><p><img loading=\"lazy\" decoding=\"async\" class=\"alignnone size-full wp-image-104\" src=\"http:\/\/elabra.cl\/informegestion2021\/wp-content\/uploads\/2022\/04\/09.gif\" alt=\"\" width=\"60\" height=\"60\" srcset=\"https:\/\/www.elabra.cl\/informegestion2021\/wp-content\/uploads\/2022\/04\/09.gif 60w, https:\/\/www.elabra.cl\/informegestion2021\/wp-content\/uploads\/2022\/04\/09-50x50.gif 50w\" sizes=\"auto, (max-width: 60px) 100vw, 60px\" \/><img loading=\"lazy\" decoding=\"async\" class=\"alignnone size-full wp-image-107\" src=\"http:\/\/elabra.cl\/informegestion2021\/wp-content\/uploads\/2022\/04\/12.gif\" alt=\"\" width=\"60\" height=\"60\" srcset=\"https:\/\/www.elabra.cl\/informegestion2021\/wp-content\/uploads\/2022\/04\/12.gif 60w, https:\/\/www.elabra.cl\/informegestion2021\/wp-content\/uploads\/2022\/04\/12-50x50.gif 50w\" sizes=\"auto, (max-width: 60px) 100vw, 60px\" \/><img loading=\"lazy\" decoding=\"async\" class=\"alignnone size-full wp-image-108\" src=\"http:\/\/elabra.cl\/informegestion2021\/wp-content\/uploads\/2022\/04\/13.gif\" alt=\"\" width=\"60\" height=\"60\" srcset=\"https:\/\/www.elabra.cl\/informegestion2021\/wp-content\/uploads\/2022\/04\/13.gif 60w, https:\/\/www.elabra.cl\/informegestion2021\/wp-content\/uploads\/2022\/04\/13-50x50.gif 50w\" sizes=\"auto, (max-width: 60px) 100vw, 60px\" \/><\/p>\t\t\t\t\t\t<\/div>\n\t\t\t\t<\/div>\n\t\t\t\t\t<\/div>\n\t\t<\/div>\n\t\t\t\t\t\t\t<\/div>\n\t\t<\/section>\n\t\t\t\t<section class=\"elementor-section elementor-top-section elementor-element elementor-element-bec6c7c elementor-section-boxed elementor-section-height-default elementor-section-height-default\" data-id=\"bec6c7c\" data-element_type=\"section\">\n\t\t\t\t\t\t<div class=\"elementor-container elementor-column-gap-default\">\n\t\t\t\t\t<div class=\"elementor-column elementor-col-100 elementor-top-column elementor-element elementor-element-fc10233\" data-id=\"fc10233\" data-element_type=\"column\">\n\t\t\t<div class=\"elementor-widget-wrap elementor-element-populated\">\n\t\t\t\t\t\t\t\t<div class=\"elementor-element elementor-element-fd52a51 elementor-widget elementor-widget-heading\" data-id=\"fd52a51\" data-element_type=\"widget\" data-widget_type=\"heading.default\">\n\t\t\t\t<div class=\"elementor-widget-container\">\n\t\t\t<h2 class=\"elementor-heading-title elementor-size-default\">H2 Chile<\/h2>\t\t<\/div>\n\t\t\t\t<\/div>\n\t\t\t\t<div class=\"elementor-element elementor-element-2d9d851 elementor-widget elementor-widget-text-editor\" data-id=\"2d9d851\" data-element_type=\"widget\" data-widget_type=\"text-editor.default\">\n\t\t\t\t<div class=\"elementor-widget-container\">\n\t\t\t\t\t\t\t<p class=\"p1\"><span class=\"s1\">Desde fines de 2021, El Abra es parte de H2 Chile, un espacio colaborativo entre entidades p\u00fablicas, privadas y acad\u00e9micas interesadas en el uso del hidr\u00f3geno verde como vector energ\u00e9tico. Se trata de una plataforma para ense\u00f1ar, educar, colaborar, fomentar y buscar la generaci\u00f3n de un cambio significativo en la manera en que la sociedad ve al hidr\u00f3geno, logrando as\u00ed posicionar a Chile como un l\u00edder en la producci\u00f3n y utilizaci\u00f3n de Hidr\u00f3geno Verde.<\/span><\/p><p><img loading=\"lazy\" decoding=\"async\" class=\"alignnone size-full wp-image-102\" src=\"http:\/\/elabra.cl\/informegestion2021\/wp-content\/uploads\/2022\/04\/07.gif\" alt=\"\" width=\"60\" height=\"60\" srcset=\"https:\/\/www.elabra.cl\/informegestion2021\/wp-content\/uploads\/2022\/04\/07.gif 60w, https:\/\/www.elabra.cl\/informegestion2021\/wp-content\/uploads\/2022\/04\/07-50x50.gif 50w\" sizes=\"auto, (max-width: 60px) 100vw, 60px\" \/><img loading=\"lazy\" decoding=\"async\" class=\"alignnone size-full wp-image-104\" src=\"http:\/\/elabra.cl\/informegestion2021\/wp-content\/uploads\/2022\/04\/09.gif\" alt=\"\" width=\"60\" height=\"60\" srcset=\"https:\/\/www.elabra.cl\/informegestion2021\/wp-content\/uploads\/2022\/04\/09.gif 60w, https:\/\/www.elabra.cl\/informegestion2021\/wp-content\/uploads\/2022\/04\/09-50x50.gif 50w\" sizes=\"auto, (max-width: 60px) 100vw, 60px\" \/><img loading=\"lazy\" decoding=\"async\" class=\"alignnone size-full wp-image-107\" src=\"http:\/\/elabra.cl\/informegestion2021\/wp-content\/uploads\/2022\/04\/12.gif\" alt=\"\" width=\"60\" height=\"60\" srcset=\"https:\/\/www.elabra.cl\/informegestion2021\/wp-content\/uploads\/2022\/04\/12.gif 60w, https:\/\/www.elabra.cl\/informegestion2021\/wp-content\/uploads\/2022\/04\/12-50x50.gif 50w\" sizes=\"auto, (max-width: 60px) 100vw, 60px\" \/><img loading=\"lazy\" decoding=\"async\" class=\"alignnone size-full wp-image-110\" src=\"http:\/\/elabra.cl\/informegestion2021\/wp-content\/uploads\/2022\/04\/15.gif\" alt=\"\" width=\"60\" height=\"60\" srcset=\"https:\/\/www.elabra.cl\/informegestion2021\/wp-content\/uploads\/2022\/04\/15.gif 60w, https:\/\/www.elabra.cl\/informegestion2021\/wp-content\/uploads\/2022\/04\/15-50x50.gif 50w\" sizes=\"auto, (max-width: 60px) 100vw, 60px\" \/><\/p>\t\t\t\t\t\t<\/div>\n\t\t\t\t<\/div>\n\t\t\t\t\t<\/div>\n\t\t<\/div>\n\t\t\t\t\t\t\t<\/div>\n\t\t<\/section>\n\t\t\t\t<section class=\"elementor-section elementor-top-section elementor-element elementor-element-318a371 elementor-section-boxed elementor-section-height-default elementor-section-height-default\" data-id=\"318a371\" data-element_type=\"section\">\n\t\t\t\t\t\t<div class=\"elementor-container elementor-column-gap-default\">\n\t\t\t\t\t<div class=\"elementor-column elementor-col-100 elementor-top-column elementor-element elementor-element-be8e403\" data-id=\"be8e403\" data-element_type=\"column\">\n\t\t\t<div class=\"elementor-widget-wrap elementor-element-populated\">\n\t\t\t\t\t\t\t\t<div class=\"elementor-element elementor-element-393e916 elementor-widget elementor-widget-heading\" data-id=\"393e916\" data-element_type=\"widget\" data-widget_type=\"heading.default\">\n\t\t\t\t<div class=\"elementor-widget-container\">\n\t\t\t<h2 class=\"elementor-heading-title elementor-size-default\">Plan de manejo ambiental de la vertiente 11<\/h2>\t\t<\/div>\n\t\t\t\t<\/div>\n\t\t\t\t<div class=\"elementor-element elementor-element-18b7bd3 elementor-widget elementor-widget-text-editor\" data-id=\"18b7bd3\" data-element_type=\"widget\" data-widget_type=\"text-editor.default\">\n\t\t\t\t<div class=\"elementor-widget-container\">\n\t\t\t\t\t\t\t<p class=\"p1\"><span class=\"s1\">En el marco del convenio de trabajo con las comunidades de Ascot\u00e1n y Ollag\u00fce, un equipo de monitores realiza labores de mantenci\u00f3n en la denominada vertiente 11 del salar de Ascot\u00e1n, con labores de limpieza general de la vertiente, acondicionamiento del sector mediante mejoramiento de suelo, apoyo en labores de plantaci\u00f3n, recolecci\u00f3n de semillas, y otras. Adicionalmente, participan como aprendices en campa\u00f1as de terreno de estudios efectuados por especialistas.<span class=\"Apple-converted-space\">\u00a0<\/span><\/span><\/p><p class=\"p1\"><span class=\"s1\">Con el objetivo de incrementar la cobertura vegetal de la vertiente 11, las especies de inter\u00e9s identificadas como Zameioscirpus atacamensis y Puccinellia frigida se encuentran en constante propagaci\u00f3n en el invernadero, construido en el a\u00f1o 2020. Para la producci\u00f3n de estas plantas se desarrollaron t\u00e9cnicas de reproducci\u00f3n asexual o vegetativa y reproducci\u00f3n sexual o por semillas y, tras un a\u00f1o de crecimiento bajo invernadero, casi la totalidad de los 1.500 individuos (plantas) est\u00e1n en condiciones de ser trasplantados a la vertiente 11, lo que ocurri\u00f3 efectivamente con 700.<span class=\"Apple-converted-space\">\u00a0<\/span><\/span><\/p><p><img loading=\"lazy\" decoding=\"async\" class=\"alignnone size-full wp-image-108\" src=\"http:\/\/elabra.cl\/informegestion2021\/wp-content\/uploads\/2022\/04\/13.gif\" alt=\"\" width=\"60\" height=\"60\" srcset=\"https:\/\/www.elabra.cl\/informegestion2021\/wp-content\/uploads\/2022\/04\/13.gif 60w, https:\/\/www.elabra.cl\/informegestion2021\/wp-content\/uploads\/2022\/04\/13-50x50.gif 50w\" sizes=\"auto, (max-width: 60px) 100vw, 60px\" \/><img loading=\"lazy\" decoding=\"async\" class=\"alignnone size-full wp-image-110\" src=\"http:\/\/elabra.cl\/informegestion2021\/wp-content\/uploads\/2022\/04\/15.gif\" alt=\"\" width=\"60\" height=\"60\" srcset=\"https:\/\/www.elabra.cl\/informegestion2021\/wp-content\/uploads\/2022\/04\/15.gif 60w, https:\/\/www.elabra.cl\/informegestion2021\/wp-content\/uploads\/2022\/04\/15-50x50.gif 50w\" sizes=\"auto, (max-width: 60px) 100vw, 60px\" \/><\/p>\t\t\t\t\t\t<\/div>\n\t\t\t\t<\/div>\n\t\t\t\t\t<\/div>\n\t\t<\/div>\n\t\t\t\t\t\t\t<\/div>\n\t\t<\/section>\n\t\t\t\t<section class=\"elementor-section elementor-top-section elementor-element elementor-element-c0647ea elementor-section-boxed elementor-section-height-default elementor-section-height-default\" data-id=\"c0647ea\" data-element_type=\"section\">\n\t\t\t\t\t\t<div class=\"elementor-container elementor-column-gap-default\">\n\t\t\t\t\t<div class=\"elementor-column elementor-col-100 elementor-top-column elementor-element elementor-element-277e8ed\" data-id=\"277e8ed\" data-element_type=\"column\">\n\t\t\t<div class=\"elementor-widget-wrap elementor-element-populated\">\n\t\t\t\t\t\t\t\t<div class=\"elementor-element elementor-element-5c94737 elementor-widget elementor-widget-heading\" data-id=\"5c94737\" data-element_type=\"widget\" data-widget_type=\"heading.default\">\n\t\t\t\t<div class=\"elementor-widget-container\">\n\t\t\t<h2 class=\"elementor-heading-title elementor-size-default\">Rescate y relocalizaci\u00f3n de flora y fauna<\/h2>\t\t<\/div>\n\t\t\t\t<\/div>\n\t\t\t\t<div class=\"elementor-element elementor-element-375367c elementor-widget elementor-widget-image\" data-id=\"375367c\" data-element_type=\"widget\" data-widget_type=\"image.default\">\n\t\t\t\t<div class=\"elementor-widget-container\">\n\t\t\t\t\t\t\t\t\t\t\t\t\t\t\t<img loading=\"lazy\" decoding=\"async\" width=\"620\" height=\"264\" src=\"https:\/\/www.elabra.cl\/informegestion2021\/wp-content\/uploads\/2022\/04\/2a2.jpg\" class=\"attachment-large size-large\" alt=\"\" srcset=\"https:\/\/www.elabra.cl\/informegestion2021\/wp-content\/uploads\/2022\/04\/2a2.jpg 704w, https:\/\/www.elabra.cl\/informegestion2021\/wp-content\/uploads\/2022\/04\/2a2-300x128.jpg 300w, https:\/\/www.elabra.cl\/informegestion2021\/wp-content\/uploads\/2022\/04\/2a2-500x213.jpg 500w\" sizes=\"auto, (max-width: 620px) 100vw, 620px\" \/>\t\t\t\t\t\t\t\t\t\t\t\t\t\t\t<\/div>\n\t\t\t\t<\/div>\n\t\t\t\t<div class=\"elementor-element elementor-element-d5d1995 elementor-widget elementor-widget-text-editor\" data-id=\"d5d1995\" data-element_type=\"widget\" data-widget_type=\"text-editor.default\">\n\t\t\t\t<div class=\"elementor-widget-container\">\n\t\t\t\t\t\t\t<p class=\"p1\"><span class=\"s1\">Como parte de un programa permanente de monitoreo y a fin de conservar la variabilidad gen\u00e9tica asociada a poblaciones de flora y fauna de baja movilidad existentes al interior de nuestra faena, se desarrollaron campa\u00f1as de rescate y relocalizaci\u00f3n de opuntias (familia de las cact\u00e1ceas), reptiles y micromam\u00edferos. Este plan de monitoreo se realiza a trav\u00e9s de la evaluaci\u00f3n de antecedentes t\u00e9cnicos de acuerdo con lo establecido en la Resoluci\u00f3n de Calificaci\u00f3n Ambiental N\u00b00114\/2008 del proyecto Sulfolix.<span class=\"Apple-converted-space\">\u00a0<\/span><\/span><\/p><p class=\"p1\"><span class=\"s1\">Los porcentajes de recaptura de ejemplares relocalizados obtenidos durante los monitoreos se encuentran en el rango de valores esperables. Se observa, adem\u00e1s, que los individuos relocalizados logran establecerse y aclimatarse de buena forma en el \u00e1rea de relocalizaci\u00f3n.<span class=\"Apple-converted-space\">\u00a0<\/span><\/span><\/p><p><img loading=\"lazy\" decoding=\"async\" class=\"alignnone size-full wp-image-108\" src=\"http:\/\/elabra.cl\/informegestion2021\/wp-content\/uploads\/2022\/04\/13.gif\" alt=\"\" width=\"60\" height=\"60\" srcset=\"https:\/\/www.elabra.cl\/informegestion2021\/wp-content\/uploads\/2022\/04\/13.gif 60w, https:\/\/www.elabra.cl\/informegestion2021\/wp-content\/uploads\/2022\/04\/13-50x50.gif 50w\" sizes=\"auto, (max-width: 60px) 100vw, 60px\" \/><img loading=\"lazy\" decoding=\"async\" class=\"alignnone size-full wp-image-110\" src=\"http:\/\/elabra.cl\/informegestion2021\/wp-content\/uploads\/2022\/04\/15.gif\" alt=\"\" width=\"60\" height=\"60\" srcset=\"https:\/\/www.elabra.cl\/informegestion2021\/wp-content\/uploads\/2022\/04\/15.gif 60w, https:\/\/www.elabra.cl\/informegestion2021\/wp-content\/uploads\/2022\/04\/15-50x50.gif 50w\" sizes=\"auto, (max-width: 60px) 100vw, 60px\" \/><\/p>\t\t\t\t\t\t<\/div>\n\t\t\t\t<\/div>\n\t\t\t\t\t<\/div>\n\t\t<\/div>\n\t\t\t\t\t\t\t<\/div>\n\t\t<\/section>\n\t\t\t\t<section class=\"elementor-section elementor-top-section elementor-element elementor-element-0b9de39 elementor-section-boxed elementor-section-height-default elementor-section-height-default\" data-id=\"0b9de39\" data-element_type=\"section\">\n\t\t\t\t\t\t<div class=\"elementor-container elementor-column-gap-default\">\n\t\t\t\t\t<div class=\"elementor-column elementor-col-100 elementor-top-column elementor-element elementor-element-a2e3db7\" data-id=\"a2e3db7\" data-element_type=\"column\">\n\t\t\t<div class=\"elementor-widget-wrap elementor-element-populated\">\n\t\t\t\t\t\t\t\t<div class=\"elementor-element elementor-element-9926e46 elementor-widget elementor-widget-heading\" data-id=\"9926e46\" data-element_type=\"widget\" data-widget_type=\"heading.default\">\n\t\t\t\t<div class=\"elementor-widget-container\">\n\t\t\t<h2 class=\"elementor-heading-title elementor-size-default\">Programa de estudio de conservaci\u00f3n de sitios arqueol\u00f3gicos  <\/h2>\t\t<\/div>\n\t\t\t\t<\/div>\n\t\t\t\t<div class=\"elementor-element elementor-element-c0e3adf elementor-widget elementor-widget-text-editor\" data-id=\"c0e3adf\" data-element_type=\"widget\" data-widget_type=\"text-editor.default\">\n\t\t\t\t<div class=\"elementor-widget-container\">\n\t\t\t\t\t\t\t<p class=\"p1\"><span class=\"s1\">Junto a la comunidad de Conchi Viejo, se trabaj\u00f3 en la actualizaci\u00f3n de la l\u00ednea base del 2006 de los sitios arqueol\u00f3gicos, patrimoniales e hist\u00f3ricos dentro del \u00e1rea de influencia de Minera El Abra -que incluye planta y mina-, mediante <\/span><span class=\"s2\">visitas e inspecciones para revisar el estado de conservaci\u00f3n tanto de los sitios, como de las medidas de protecci\u00f3n implementadas. Este plan es parte del programa de inspecci\u00f3n de sitios arqueol\u00f3gicos que realiza nuestra compa\u00f1\u00eda regularmente.<\/span><\/p>\t\t\t\t\t\t<\/div>\n\t\t\t\t<\/div>\n\t\t\t\t\t<\/div>\n\t\t<\/div>\n\t\t\t\t\t\t\t<\/div>\n\t\t<\/section>\n\t\t\t\t<section class=\"elementor-section elementor-top-section elementor-element elementor-element-56ba8f4 elementor-section-boxed elementor-section-height-default elementor-section-height-default\" data-id=\"56ba8f4\" data-element_type=\"section\">\n\t\t\t\t\t\t<div class=\"elementor-container elementor-column-gap-default\">\n\t\t\t\t\t<div class=\"elementor-column elementor-col-100 elementor-top-column elementor-element elementor-element-c569cf4\" data-id=\"c569cf4\" data-element_type=\"column\">\n\t\t\t<div class=\"elementor-widget-wrap elementor-element-populated\">\n\t\t\t\t\t\t\t\t<div class=\"elementor-element elementor-element-321dad4 elementor-widget elementor-widget-heading\" data-id=\"321dad4\" data-element_type=\"widget\" data-widget_type=\"heading.default\">\n\t\t\t\t<div class=\"elementor-widget-container\">\n\t\t\t<h2 class=\"elementor-heading-title elementor-size-default\">Gesti\u00f3n de permisos <\/h2>\t\t<\/div>\n\t\t\t\t<\/div>\n\t\t\t\t<div class=\"elementor-element elementor-element-2c0a51b elementor-widget elementor-widget-text-editor\" data-id=\"2c0a51b\" data-element_type=\"widget\" data-widget_type=\"text-editor.default\">\n\t\t\t\t<div class=\"elementor-widget-container\">\n\t\t\t\t\t\t\t<p class=\"p1\"><span class=\"s1\">Buscando dar continuidad a la extracci\u00f3n de mineral desde el rajo Cerro Turquesa, ubicado al suroeste del rajo principal de Minera El Abra, en enero de 2021 se ingres\u00f3 una Consulta de Pertinencia al Sistema de Evaluaci\u00f3n de Impacto Ambiental, que considera la explotaci\u00f3n de 3,38 hect\u00e1reas adicionales y la recuperaci\u00f3n de 24.000.000 de libras de cobre.<\/span><\/p><p class=\"p1\"><span class=\"s1\">La respuesta recibida el 26 de marzo de 2021 resolvi\u00f3 que el proyecto no debe ingresar al SEIA, pues no se trata de una modificaci\u00f3n de consideraci\u00f3n al Proyecto Sulfolix.<\/span><\/p>\t\t\t\t\t\t<\/div>\n\t\t\t\t<\/div>\n\t\t\t\t\t<\/div>\n\t\t<\/div>\n\t\t\t\t\t\t\t<\/div>\n\t\t<\/section>\n\t\t\t\t<section class=\"elementor-section elementor-top-section elementor-element elementor-element-4b95038 elementor-section-boxed elementor-section-height-default elementor-section-height-default\" data-id=\"4b95038\" data-element_type=\"section\">\n\t\t\t\t\t\t<div class=\"elementor-container elementor-column-gap-default\">\n\t\t\t\t\t<div class=\"elementor-column elementor-col-100 elementor-top-column elementor-element elementor-element-1519489\" data-id=\"1519489\" data-element_type=\"column\">\n\t\t\t<div class=\"elementor-widget-wrap elementor-element-populated\">\n\t\t\t\t\t\t\t\t<div class=\"elementor-element elementor-element-0c8610a elementor-widget elementor-widget-image\" data-id=\"0c8610a\" data-element_type=\"widget\" data-widget_type=\"image.default\">\n\t\t\t\t<div class=\"elementor-widget-container\">\n\t\t\t\t\t\t\t\t\t\t\t\t\t\t\t<img loading=\"lazy\" decoding=\"async\" width=\"620\" height=\"264\" src=\"https:\/\/www.elabra.cl\/informegestion2021\/wp-content\/uploads\/2022\/04\/2a3.jpg\" class=\"attachment-large size-large\" alt=\"\" srcset=\"https:\/\/www.elabra.cl\/informegestion2021\/wp-content\/uploads\/2022\/04\/2a3.jpg 704w, https:\/\/www.elabra.cl\/informegestion2021\/wp-content\/uploads\/2022\/04\/2a3-300x128.jpg 300w, https:\/\/www.elabra.cl\/informegestion2021\/wp-content\/uploads\/2022\/04\/2a3-500x213.jpg 500w\" sizes=\"auto, (max-width: 620px) 100vw, 620px\" \/>\t\t\t\t\t\t\t\t\t\t\t\t\t\t\t<\/div>\n\t\t\t\t<\/div>\n\t\t\t\t\t<\/div>\n\t\t<\/div>\n\t\t\t\t\t\t\t<\/div>\n\t\t<\/section>\n\t\t\t\t\t\t\t<\/div>\n\t\t","protected":false},"excerpt":{"rendered":"<p>NUESTRO ENTORNO Medioambiente En El Abra mantenemos un compromiso permanente con el desarrollo sustentable de nuestra operaci\u00f3n y el cuidado del entorno donde nos emplazamos, lo cual se trabaja a trav\u00e9s de nuestro sistema de gesti\u00f3n medioambiental, gui\u00e1ndonos por las normas ambientales vigentes. Adem\u00e1s, tenemos una planificaci\u00f3n de mejoramiento continuo&#8230;<\/p>\n","protected":false},"author":1,"featured_media":0,"parent":22,"menu_order":0,"comment_status":"closed","ping_status":"closed","template":"","meta":{"footnotes":""},"class_list":["post-24","page","type-page","status-publish","hentry"],"_links":{"self":[{"href":"https:\/\/www.elabra.cl\/informegestion2021\/wp-json\/wp\/v2\/pages\/24","targetHints":{"allow":["GET"]}}],"collection":[{"href":"https:\/\/www.elabra.cl\/informegestion2021\/wp-json\/wp\/v2\/pages"}],"about":[{"href":"https:\/\/www.elabra.cl\/informegestion2021\/wp-json\/wp\/v2\/types\/page"}],"author":[{"embeddable":true,"href":"https:\/\/www.elabra.cl\/informegestion2021\/wp-json\/wp\/v2\/users\/1"}],"replies":[{"embeddable":true,"href":"https:\/\/www.elabra.cl\/informegestion2021\/wp-json\/wp\/v2\/comments?post=24"}],"version-history":[{"count":16,"href":"https:\/\/www.elabra.cl\/informegestion2021\/wp-json\/wp\/v2\/pages\/24\/revisions"}],"predecessor-version":[{"id":138,"href":"https:\/\/www.elabra.cl\/informegestion2021\/wp-json\/wp\/v2\/pages\/24\/revisions\/138"}],"up":[{"embeddable":true,"href":"https:\/\/www.elabra.cl\/informegestion2021\/wp-json\/wp\/v2\/pages\/22"}],"wp:attachment":[{"href":"https:\/\/www.elabra.cl\/informegestion2021\/wp-json\/wp\/v2\/media?parent=24"}],"curies":[{"name":"wp","href":"https:\/\/api.w.org\/{rel}","templated":true}]}}