{"id":12,"date":"2022-04-20T21:02:15","date_gmt":"2022-04-20T21:02:15","guid":{"rendered":"https:\/\/www.elabra.cl\/informegestion2021\/?page_id=12"},"modified":"2022-05-02T23:24:08","modified_gmt":"2022-05-02T23:24:08","slug":"hitos-operacionales","status":"publish","type":"page","link":"https:\/\/www.elabra.cl\/informegestion2021\/nosotros\/hitos-operacionales\/","title":{"rendered":"Hitos operacionales"},"content":{"rendered":"\t\t<div data-elementor-type=\"wp-page\" data-elementor-id=\"12\" class=\"elementor elementor-12\">\n\t\t\t\t\t\t\t\t\t<section class=\"elementor-section elementor-top-section elementor-element elementor-element-05fe27d elementor-section-boxed elementor-section-height-default elementor-section-height-default\" data-id=\"05fe27d\" data-element_type=\"section\" data-settings=\"{&quot;background_background&quot;:&quot;classic&quot;}\">\n\t\t\t\t\t\t<div class=\"elementor-container elementor-column-gap-default\">\n\t\t\t\t\t<div class=\"elementor-column elementor-col-100 elementor-top-column elementor-element elementor-element-9bd2656\" data-id=\"9bd2656\" data-element_type=\"column\">\n\t\t\t<div class=\"elementor-widget-wrap elementor-element-populated\">\n\t\t\t\t\t\t\t\t<div class=\"elementor-element elementor-element-9553b27 elementor-widget elementor-widget-heading\" data-id=\"9553b27\" data-element_type=\"widget\" data-widget_type=\"heading.default\">\n\t\t\t\t<div class=\"elementor-widget-container\">\n\t\t\t<style>\/*! elementor - v3.6.4 - 13-04-2022 *\/\n.elementor-heading-title{padding:0;margin:0;line-height:1}.elementor-widget-heading .elementor-heading-title[class*=elementor-size-]>a{color:inherit;font-size:inherit;line-height:inherit}.elementor-widget-heading .elementor-heading-title.elementor-size-small{font-size:15px}.elementor-widget-heading .elementor-heading-title.elementor-size-medium{font-size:19px}.elementor-widget-heading .elementor-heading-title.elementor-size-large{font-size:29px}.elementor-widget-heading .elementor-heading-title.elementor-size-xl{font-size:39px}.elementor-widget-heading .elementor-heading-title.elementor-size-xxl{font-size:59px}<\/style><h2 class=\"elementor-heading-title elementor-size-default\">NOSOTROS<\/h2>\t\t<\/div>\n\t\t\t\t<\/div>\n\t\t\t\t<div class=\"elementor-element elementor-element-587209f elementor-widget elementor-widget-heading\" data-id=\"587209f\" data-element_type=\"widget\" data-widget_type=\"heading.default\">\n\t\t\t\t<div class=\"elementor-widget-container\">\n\t\t\t<h2 class=\"elementor-heading-title elementor-size-default\">Hitos operacionales<\/h2>\t\t<\/div>\n\t\t\t\t<\/div>\n\t\t\t\t\t<\/div>\n\t\t<\/div>\n\t\t\t\t\t\t\t<\/div>\n\t\t<\/section>\n\t\t\t\t<section class=\"elementor-section elementor-top-section elementor-element elementor-element-6be2409 elementor-section-boxed elementor-section-height-default elementor-section-height-default\" data-id=\"6be2409\" data-element_type=\"section\">\n\t\t\t\t\t\t<div class=\"elementor-container elementor-column-gap-default\">\n\t\t\t\t\t<div class=\"elementor-column elementor-col-100 elementor-top-column elementor-element elementor-element-0e3cc6e\" data-id=\"0e3cc6e\" data-element_type=\"column\">\n\t\t\t<div class=\"elementor-widget-wrap elementor-element-populated\">\n\t\t\t\t\t\t\t\t<div class=\"elementor-element elementor-element-c0c1803 elementor-widget elementor-widget-text-editor\" data-id=\"c0c1803\" data-element_type=\"widget\" data-widget_type=\"text-editor.default\">\n\t\t\t\t<div class=\"elementor-widget-container\">\n\t\t\t<style>\/*! elementor - v3.6.4 - 13-04-2022 *\/\n.elementor-widget-text-editor.elementor-drop-cap-view-stacked .elementor-drop-cap{background-color:#818a91;color:#fff}.elementor-widget-text-editor.elementor-drop-cap-view-framed .elementor-drop-cap{color:#818a91;border:3px solid;background-color:transparent}.elementor-widget-text-editor:not(.elementor-drop-cap-view-default) .elementor-drop-cap{margin-top:8px}.elementor-widget-text-editor:not(.elementor-drop-cap-view-default) .elementor-drop-cap-letter{width:1em;height:1em}.elementor-widget-text-editor .elementor-drop-cap{float:left;text-align:center;line-height:1;font-size:50px}.elementor-widget-text-editor .elementor-drop-cap-letter{display:inline-block}<\/style>\t\t\t\t<p class=\"p1\">Durante el a\u00f1o se registraron cifras hist\u00f3ricas y el mejoramiento en diferentes procesos productivos y operativos de la compa\u00f1\u00eda, los cuales han permitido tener un impacto positivo en el medioambiente. Entre ellas, se alcanz\u00f3 una calidad de c\u00e1todos de excelencia del 99% en junio. Adem\u00e1s, el \u00e1rea encargada de realizar el reemplazo de aceites en los chancadores, tanto el primario como el de chancado fino, busc\u00f3 la forma de reutilizar aceites a trav\u00e9s de un sistema de microfiltrado, con un ahorro en el consumo de 50.000 litros al a\u00f1o, bajando la cantidad de residuos de hidrocarburo.<\/p>\t\t\t\t\t\t<\/div>\n\t\t\t\t<\/div>\n\t\t\t\t\t<\/div>\n\t\t<\/div>\n\t\t\t\t\t\t\t<\/div>\n\t\t<\/section>\n\t\t\t\t<section class=\"elementor-section elementor-top-section elementor-element elementor-element-47cd4e3 elementor-section-boxed elementor-section-height-default elementor-section-height-default\" data-id=\"47cd4e3\" data-element_type=\"section\">\n\t\t\t\t\t\t<div class=\"elementor-container elementor-column-gap-default\">\n\t\t\t\t\t<div class=\"elementor-column elementor-col-100 elementor-top-column elementor-element elementor-element-be5068c\" data-id=\"be5068c\" data-element_type=\"column\">\n\t\t\t<div class=\"elementor-widget-wrap elementor-element-populated\">\n\t\t\t\t\t\t\t\t<div class=\"elementor-element elementor-element-5d92fb4 elementor-widget elementor-widget-heading\" data-id=\"5d92fb4\" data-element_type=\"widget\" data-widget_type=\"heading.default\">\n\t\t\t\t<div class=\"elementor-widget-container\">\n\t\t\t<h2 class=\"elementor-heading-title elementor-size-default\">Exitosa puesta en marcha o ramp-up<\/h2>\t\t<\/div>\n\t\t\t\t<\/div>\n\t\t\t\t<div class=\"elementor-element elementor-element-6d34471 elementor-widget elementor-widget-text-editor\" data-id=\"6d34471\" data-element_type=\"widget\" data-widget_type=\"text-editor.default\">\n\t\t\t\t<div class=\"elementor-widget-container\">\n\t\t\t\t\t\t\t<p class=\"p1\"><span class=\"s1\">Luego de la pronunciada baja en el precio del cobre a principios del a\u00f1o 2020, junto con la crisis sanitaria y sus externalidades, nuestra compa\u00f1\u00eda se vio forzada a reducir la tasa de apilamiento de mineral desde 110 mil a 65 mil toneladas por d\u00eda. Esto implic\u00f3 ajustar el plan minero y reducir personal.<\/span><\/p><p class=\"p1\"><span class=\"s1\">Con el aumento del precio durante 2021, se busc\u00f3 el momento preciso para iniciar el ramp-up, en dos etapas: la primera consistente en aumentar de 65 mil a 90 mil toneladas diarias a partir de abril; y la segunda, que alcanzar\u00e1 las 110 mil toneladas al d\u00eda durante 2022.<\/span><\/p>\t\t\t\t\t\t<\/div>\n\t\t\t\t<\/div>\n\t\t\t\t\t<\/div>\n\t\t<\/div>\n\t\t\t\t\t\t\t<\/div>\n\t\t<\/section>\n\t\t\t\t<section class=\"elementor-section elementor-top-section elementor-element elementor-element-2581560 elementor-section-boxed elementor-section-height-default elementor-section-height-default\" data-id=\"2581560\" data-element_type=\"section\">\n\t\t\t\t\t\t<div class=\"elementor-container elementor-column-gap-default\">\n\t\t\t\t\t<div class=\"elementor-column elementor-col-100 elementor-top-column elementor-element elementor-element-358443d\" data-id=\"358443d\" data-element_type=\"column\">\n\t\t\t<div class=\"elementor-widget-wrap elementor-element-populated\">\n\t\t\t\t\t\t\t\t<div class=\"elementor-element elementor-element-f86b532 elementor-widget elementor-widget-text-editor\" data-id=\"f86b532\" data-element_type=\"widget\" data-widget_type=\"text-editor.default\">\n\t\t\t\t<div class=\"elementor-widget-container\">\n\t\t\t\t\t\t\t<p class=\"p1\"><span class=\"s1\">Para la primera etapa se llev\u00f3 a cabo una estrategia de contrataci\u00f3n temprana que prioriz\u00f3 la incorporaci\u00f3n de mujeres, a trav\u00e9s de un programa de capacitaci\u00f3n de aprendices.<span class=\"Apple-converted-space\">\u00a0<\/span><\/span><\/p><p class=\"p1\"><span class=\"s1\">Para las estrategias de operaci\u00f3n y mantenimiento, se trabaj\u00f3 en un plan minero que pudiera agregar m\u00e1s valor al negocio que, entre otros aspectos, contempl\u00f3 un renovado proceso de mantenci\u00f3n de equipos.<span class=\"Apple-converted-space\">\u00a0<\/span><\/span><\/p>\t\t\t\t\t\t<\/div>\n\t\t\t\t<\/div>\n\t\t\t\t\t<\/div>\n\t\t<\/div>\n\t\t\t\t\t\t\t<\/div>\n\t\t<\/section>\n\t\t\t\t<section class=\"elementor-section elementor-top-section elementor-element elementor-element-4ac058e elementor-section-boxed elementor-section-height-default elementor-section-height-default\" data-id=\"4ac058e\" data-element_type=\"section\">\n\t\t\t\t\t\t<div class=\"elementor-container elementor-column-gap-default\">\n\t\t\t\t\t<div class=\"elementor-column elementor-col-100 elementor-top-column elementor-element elementor-element-3e9f0d6\" data-id=\"3e9f0d6\" data-element_type=\"column\">\n\t\t\t<div class=\"elementor-widget-wrap elementor-element-populated\">\n\t\t\t\t\t\t\t\t<div class=\"elementor-element elementor-element-5234224 elementor-widget elementor-widget-heading\" data-id=\"5234224\" data-element_type=\"widget\" data-widget_type=\"heading.default\">\n\t\t\t\t<div class=\"elementor-widget-container\">\n\t\t\t<h2 class=\"elementor-heading-title elementor-size-default\">Reinicio de la construcci\u00f3n de Sulfolix Fase II<\/h2>\t\t<\/div>\n\t\t\t\t<\/div>\n\t\t\t\t<div class=\"elementor-element elementor-element-bd72e5a elementor-widget elementor-widget-text-editor\" data-id=\"bd72e5a\" data-element_type=\"widget\" data-widget_type=\"text-editor.default\">\n\t\t\t\t<div class=\"elementor-widget-container\">\n\t\t\t\t\t\t\t<p class=\"p1\">En julio de 2021 se reinici\u00f3 la construcci\u00f3n de la Fase II del proyecto Sulfolix, suspendida el a\u00f1o anterior a causa de la pandemia de COVID-19. Este proyecto incluye la extensi\u00f3n de la pila de lixiviaci\u00f3n de mineral, lo que aumentar\u00e1 la capacidad de la pila permanente en 250 millones de toneladas de material. La construcci\u00f3n finalizar\u00e1 en 18 meses y extender\u00e1 por 6 a\u00f1os la operaci\u00f3n de lixiviaci\u00f3n en la pila permanente, a una tasa de procesamiento de 110 mil toneladas por d\u00eda. Se espera que en agosto de 2022 est\u00e9 disponible la nueva pila de lixiviaci\u00f3n. En el proceso de construcci\u00f3n se emplear\u00e1n hasta 500 personas en el per\u00edodo de mayor demanda, con una inversi\u00f3n cercana a los USD 194 millones. Esto contribuir\u00e1 a impulsar el empleo y la econom\u00eda local, fuertemente afectados por la crisis sanitaria<\/p>\t\t\t\t\t\t<\/div>\n\t\t\t\t<\/div>\n\t\t\t\t\t<\/div>\n\t\t<\/div>\n\t\t\t\t\t\t\t<\/div>\n\t\t<\/section>\n\t\t\t\t<section class=\"elementor-section elementor-top-section elementor-element elementor-element-8ba0835 elementor-section-boxed elementor-section-height-default elementor-section-height-default\" data-id=\"8ba0835\" data-element_type=\"section\">\n\t\t\t\t\t\t<div class=\"elementor-container elementor-column-gap-default\">\n\t\t\t\t\t<div class=\"elementor-column elementor-col-100 elementor-top-column elementor-element elementor-element-354218a\" data-id=\"354218a\" data-element_type=\"column\">\n\t\t\t<div class=\"elementor-widget-wrap elementor-element-populated\">\n\t\t\t\t\t\t\t\t<div class=\"elementor-element elementor-element-c38fecf elementor-widget elementor-widget-heading\" data-id=\"c38fecf\" data-element_type=\"widget\" data-widget_type=\"heading.default\">\n\t\t\t\t<div class=\"elementor-widget-container\">\n\t\t\t<h2 class=\"elementor-heading-title elementor-size-default\">Reinicio de actividades del Proyecto Concentradora<\/h2>\t\t<\/div>\n\t\t\t\t<\/div>\n\t\t\t\t<div class=\"elementor-element elementor-element-3ff2e39 elementor-widget elementor-widget-text-editor\" data-id=\"3ff2e39\" data-element_type=\"widget\" data-widget_type=\"text-editor.default\">\n\t\t\t\t<div class=\"elementor-widget-container\">\n\t\t\t\t\t\t\t<p class=\"p1\">El Proyecto Concentradora retom\u00f3 en abril de 2021 la preparaci\u00f3n del Estudio de Impacto Ambiental (EIA). Con este fin, se han realizado actividades de l\u00edneas de base de flora y fauna, arqueolog\u00eda, medio marino, aire, calidad de aguas subterr\u00e1neas, entre otras. Esto ha permitido actualizar la informaci\u00f3n de campa\u00f1as anteriores y abordar cambios regulatorios surgidos durante la suspensi\u00f3n del proyecto. La reactivaci\u00f3n del proyecto permiti\u00f3, asimismo, retomar el relacionamiento previo e informado del Proyecto con nuestros grupos de inter\u00e9s, logrando relevantes acuerdos con la mayor\u00eda de las comunidades ind\u00edgenas y actores sociales para que fueran representados por sus integrantes en los levantamientos de las l\u00edneas de base. Con ello, se ha podido validar el proceso, que recoge los comentarios y conocimientos de estos grupos. Asimismo, se han alcanzado acuerdos para avanzar en la realizaci\u00f3n de l\u00edneas de base de medio humano y la revisi\u00f3n en conjunto de los impactos ambientales reales, percibidos y potenciales del proyecto, en busca de acuerdos en las medidas de mitigaci\u00f3n y compensaci\u00f3n que formar\u00e1n parte del EIA del Proyecto. En paralelo, se realizan actualizaciones de los estudios de ingenier\u00eda necesarios para completar la descripci\u00f3n del Proyecto que integrar\u00e1 el EIA.<\/p>\t\t\t\t\t\t<\/div>\n\t\t\t\t<\/div>\n\t\t\t\t\t<\/div>\n\t\t<\/div>\n\t\t\t\t\t\t\t<\/div>\n\t\t<\/section>\n\t\t\t\t<section class=\"elementor-section elementor-top-section elementor-element elementor-element-0642183 elementor-section-boxed elementor-section-height-default elementor-section-height-default\" data-id=\"0642183\" data-element_type=\"section\">\n\t\t\t\t\t\t<div class=\"elementor-container elementor-column-gap-default\">\n\t\t\t\t\t<div class=\"elementor-column elementor-col-100 elementor-top-column elementor-element elementor-element-7e2e50b\" data-id=\"7e2e50b\" data-element_type=\"column\">\n\t\t\t<div class=\"elementor-widget-wrap elementor-element-populated\">\n\t\t\t\t\t\t\t\t<div class=\"elementor-element elementor-element-9a927bc elementor-widget elementor-widget-heading\" data-id=\"9a927bc\" data-element_type=\"widget\" data-widget_type=\"heading.default\">\n\t\t\t\t<div class=\"elementor-widget-container\">\n\t\t\t<h2 class=\"elementor-heading-title elementor-size-default\">Primer embarque de c\u00e1todos Copper Mark<\/h2>\t\t<\/div>\n\t\t\t\t<\/div>\n\t\t\t\t<div class=\"elementor-element elementor-element-d1b27e6 elementor-widget elementor-widget-text-editor\" data-id=\"d1b27e6\" data-element_type=\"widget\" data-widget_type=\"text-editor.default\">\n\t\t\t\t<div class=\"elementor-widget-container\">\n\t\t\t\t\t\t\t<p class=\"p1\">Tras un proceso voluntario que se inici\u00f3 en 2020, Minera El Abra se convirti\u00f3 en la primera minera privada en Chile en obtener la validaci\u00f3n internacional Copper Mark, a fines de ese mismo a\u00f1o, lo que demuestra y garantiza las pr\u00e1cticas de producci\u00f3n responsable y la contribuci\u00f3n a los Objetivos de Desarrollo Sostenible (ODS) de las Naciones Unidas y el Consejo Internacional de Miner\u00eda y Metales (ICMM). En marzo de 2021, Minera El Abra realiz\u00f3 el primer embarque de c\u00e1todos con clasificaci\u00f3n Copper Mark desde el puerto de Mejillones, correspondiente a 120 toneladas de cobre con destino al puerto de Panama City en Florida, Estados Unidos. Copper Mark es el \u00fanico marco internacional desarrollado espec\u00edficamente para la industria cupr\u00edfera que garantiza las pr\u00e1cticas de producci\u00f3n responsable y sustentable. En la actualidad est\u00e1 enfocado en los productores de cobre al inicio de la cadena de suministro.<\/p>\t\t\t\t\t\t<\/div>\n\t\t\t\t<\/div>\n\t\t\t\t\t<\/div>\n\t\t<\/div>\n\t\t\t\t\t\t\t<\/div>\n\t\t<\/section>\n\t\t\t\t<section class=\"elementor-section elementor-top-section elementor-element elementor-element-dc1c99e elementor-section-boxed elementor-section-height-default elementor-section-height-default\" data-id=\"dc1c99e\" data-element_type=\"section\">\n\t\t\t\t\t\t<div class=\"elementor-container elementor-column-gap-default\">\n\t\t\t\t\t<div class=\"elementor-column elementor-col-100 elementor-top-column elementor-element elementor-element-a3221cf\" data-id=\"a3221cf\" data-element_type=\"column\">\n\t\t\t<div class=\"elementor-widget-wrap elementor-element-populated\">\n\t\t\t\t\t\t\t\t<div class=\"elementor-element elementor-element-b90210d elementor-widget elementor-widget-image\" data-id=\"b90210d\" data-element_type=\"widget\" data-widget_type=\"image.default\">\n\t\t\t\t<div class=\"elementor-widget-container\">\n\t\t\t<style>\/*! elementor - v3.6.4 - 13-04-2022 *\/\n.elementor-widget-image{text-align:center}.elementor-widget-image a{display:inline-block}.elementor-widget-image a img[src$=\".svg\"]{width:48px}.elementor-widget-image img{vertical-align:middle;display:inline-block}<\/style>\t\t\t\t\t\t\t\t\t\t\t\t<img loading=\"lazy\" decoding=\"async\" width=\"620\" height=\"264\" src=\"https:\/\/www.elabra.cl\/informegestion2021\/wp-content\/uploads\/2022\/05\/1b2.jpg\" class=\"attachment-large size-large\" alt=\"\" srcset=\"https:\/\/www.elabra.cl\/informegestion2021\/wp-content\/uploads\/2022\/05\/1b2.jpg 704w, https:\/\/www.elabra.cl\/informegestion2021\/wp-content\/uploads\/2022\/05\/1b2-300x128.jpg 300w, https:\/\/www.elabra.cl\/informegestion2021\/wp-content\/uploads\/2022\/05\/1b2-500x213.jpg 500w\" sizes=\"auto, (max-width: 620px) 100vw, 620px\" \/>\t\t\t\t\t\t\t\t\t\t\t\t\t\t\t<\/div>\n\t\t\t\t<\/div>\n\t\t\t\t\t<\/div>\n\t\t<\/div>\n\t\t\t\t\t\t\t<\/div>\n\t\t<\/section>\n\t\t\t\t<section class=\"elementor-section elementor-top-section elementor-element elementor-element-7dc997f elementor-section-boxed elementor-section-height-default elementor-section-height-default\" data-id=\"7dc997f\" data-element_type=\"section\">\n\t\t\t\t\t\t<div class=\"elementor-container elementor-column-gap-default\">\n\t\t\t\t\t<div class=\"elementor-column elementor-col-100 elementor-top-column elementor-element elementor-element-3db6446\" data-id=\"3db6446\" data-element_type=\"column\">\n\t\t\t<div class=\"elementor-widget-wrap elementor-element-populated\">\n\t\t\t\t\t\t\t\t<div class=\"elementor-element elementor-element-db7f293 elementor-widget elementor-widget-heading\" data-id=\"db7f293\" data-element_type=\"widget\" data-widget_type=\"heading.default\">\n\t\t\t\t<div class=\"elementor-widget-container\">\n\t\t\t<h2 class=\"elementor-heading-title elementor-size-default\">Contrataci\u00f3n local<\/h2>\t\t<\/div>\n\t\t\t\t<\/div>\n\t\t\t\t<div class=\"elementor-element elementor-element-a393c48 elementor-widget elementor-widget-text-editor\" data-id=\"a393c48\" data-element_type=\"widget\" data-widget_type=\"text-editor.default\">\n\t\t\t\t<div class=\"elementor-widget-container\">\n\t\t\t\t\t\t\t<p class=\"p1\">Con el objetivo de aumentar la contrataci\u00f3n de mano de obra local en la Regi\u00f3n de Antofagasta, en 2020 comenzamos a utilizar la plataforma del Sistema de Calificaci\u00f3n de Empresas Proveedoras (SICEP), denominado \u201cListado de Oportunidades\u201d. Esta permite a los proveedores acceso directo a los procesos de contrataci\u00f3n en los que se encuentran, registrando sus antecedentes y experiencia que sirven para una precalificaci\u00f3n t\u00e9cnico-econ\u00f3mica. Este sistema, adem\u00e1s, posibilita la difusi\u00f3n y fortalecimiento de la participaci\u00f3n de las empresas proveedoras locales en la Regi\u00f3n. Sumado a esta iniciativa, el programa de desarrollo econ\u00f3mico local Impulsa El Loa, apoy\u00f3 la creaci\u00f3n de una plataforma de postulaci\u00f3n a nuestra faena, dirigida a personas de comunidades aleda\u00f1as. Actualmente existen 32 usuarios, 10 de ellos de empresas colaboradoras y 22 de empresas de alguna de las comunidades del sector. Entre las ofertas de proyectos adjudicados durante 2021 est\u00e1n: servicio de descarga de \u00e1cido sulf\u00farico, servicio de liberaci\u00f3n ambiental componente flora, servicio de transporte de insumos m\u00e9dicos, y el retiro de estructuras y residuos en vertientes de salar de Ascot\u00e1n. Entre aquellos en proceso de licitaci\u00f3n se cuenta el de servicios de mejoramiento de espacios verdes para la Gerencia General y la de Medioambiente de El Abra.<\/p>\t\t\t\t\t\t<\/div>\n\t\t\t\t<\/div>\n\t\t\t\t\t<\/div>\n\t\t<\/div>\n\t\t\t\t\t\t\t<\/div>\n\t\t<\/section>\n\t\t\t\t<section class=\"elementor-section elementor-top-section elementor-element elementor-element-cb78a3a elementor-section-boxed elementor-section-height-default elementor-section-height-default\" data-id=\"cb78a3a\" data-element_type=\"section\">\n\t\t\t\t\t\t<div class=\"elementor-container elementor-column-gap-default\">\n\t\t\t\t\t<div class=\"elementor-column elementor-col-100 elementor-top-column elementor-element elementor-element-7ef17bb\" data-id=\"7ef17bb\" data-element_type=\"column\">\n\t\t\t<div class=\"elementor-widget-wrap elementor-element-populated\">\n\t\t\t\t\t\t\t\t<div class=\"elementor-element elementor-element-2ac6693 elementor-widget elementor-widget-image\" data-id=\"2ac6693\" data-element_type=\"widget\" data-widget_type=\"image.default\">\n\t\t\t\t<div class=\"elementor-widget-container\">\n\t\t\t\t\t\t\t\t\t\t\t\t\t\t\t<img loading=\"lazy\" decoding=\"async\" width=\"620\" height=\"264\" src=\"https:\/\/www.elabra.cl\/informegestion2021\/wp-content\/uploads\/2022\/05\/1b3.jpg\" class=\"attachment-large size-large\" alt=\"\" srcset=\"https:\/\/www.elabra.cl\/informegestion2021\/wp-content\/uploads\/2022\/05\/1b3.jpg 704w, https:\/\/www.elabra.cl\/informegestion2021\/wp-content\/uploads\/2022\/05\/1b3-300x128.jpg 300w, https:\/\/www.elabra.cl\/informegestion2021\/wp-content\/uploads\/2022\/05\/1b3-500x213.jpg 500w\" sizes=\"auto, (max-width: 620px) 100vw, 620px\" \/>\t\t\t\t\t\t\t\t\t\t\t\t\t\t\t<\/div>\n\t\t\t\t<\/div>\n\t\t\t\t\t<\/div>\n\t\t<\/div>\n\t\t\t\t\t\t\t<\/div>\n\t\t<\/section>\n\t\t\t\t<section class=\"elementor-section elementor-top-section elementor-element elementor-element-1b74aa6 elementor-section-boxed elementor-section-height-default elementor-section-height-default\" data-id=\"1b74aa6\" data-element_type=\"section\">\n\t\t\t\t\t\t<div class=\"elementor-container elementor-column-gap-default\">\n\t\t\t\t\t<div class=\"elementor-column elementor-col-100 elementor-top-column elementor-element elementor-element-fc00b0d\" data-id=\"fc00b0d\" data-element_type=\"column\">\n\t\t\t<div class=\"elementor-widget-wrap elementor-element-populated\">\n\t\t\t\t\t\t\t\t<div class=\"elementor-element elementor-element-35d019a elementor-widget elementor-widget-heading\" data-id=\"35d019a\" data-element_type=\"widget\" data-widget_type=\"heading.default\">\n\t\t\t\t<div class=\"elementor-widget-container\">\n\t\t\t<h2 class=\"elementor-heading-title elementor-size-default\">Plan intensivo de mantenci\u00f3n de palas <\/h2>\t\t<\/div>\n\t\t\t\t<\/div>\n\t\t\t\t<div class=\"elementor-element elementor-element-74085b7 elementor-widget elementor-widget-text-editor\" data-id=\"74085b7\" data-element_type=\"widget\" data-widget_type=\"text-editor.default\">\n\t\t\t\t<div class=\"elementor-widget-container\">\n\t\t\t\t\t\t\t<p class=\"p1\">Durante 2021 se evaluaron los diferentes procesos y estados de la flota mina, buscando establecer una nueva estrategia como preparaci\u00f3n para la puesta en marcha o ramp-up en 2022. Para mejorar el estado de cargu\u00edo de las palas el\u00e9ctricas, se desarroll\u00f3 un an\u00e1lisis de confiabilidad de m\u00e1quinas y distinci\u00f3n de los eventos de mantenimiento desde una perspectiva de seguridad, mejora en la eficiencia, confiabilidad y costos del proceso. Adem\u00e1s, se incluy\u00f3 un plan para programar campa\u00f1as de estandarizaci\u00f3n y potenciar las actividades pendientes, optimizando cada ciclo de mantenimiento para maximizar los ciclos productivos de nuestra empresa.<\/p>\t\t\t\t\t\t<\/div>\n\t\t\t\t<\/div>\n\t\t\t\t\t<\/div>\n\t\t<\/div>\n\t\t\t\t\t\t\t<\/div>\n\t\t<\/section>\n\t\t\t\t<section class=\"elementor-section elementor-top-section elementor-element elementor-element-63272c6 elementor-section-boxed elementor-section-height-default elementor-section-height-default\" data-id=\"63272c6\" data-element_type=\"section\">\n\t\t\t\t\t\t<div class=\"elementor-container elementor-column-gap-default\">\n\t\t\t\t\t<div class=\"elementor-column elementor-col-100 elementor-top-column elementor-element elementor-element-5ddbd63\" data-id=\"5ddbd63\" data-element_type=\"column\">\n\t\t\t<div class=\"elementor-widget-wrap elementor-element-populated\">\n\t\t\t\t\t\t\t\t<div class=\"elementor-element elementor-element-f0e1979 elementor-widget elementor-widget-heading\" data-id=\"f0e1979\" data-element_type=\"widget\" data-widget_type=\"heading.default\">\n\t\t\t\t<div class=\"elementor-widget-container\">\n\t\t\t<h2 class=\"elementor-heading-title elementor-size-default\">Mejoras en la pila permanente de \nSulfolix Fase I<\/h2>\t\t<\/div>\n\t\t\t\t<\/div>\n\t\t\t\t<div class=\"elementor-element elementor-element-9477087 elementor-widget elementor-widget-text-editor\" data-id=\"9477087\" data-element_type=\"widget\" data-widget_type=\"text-editor.default\">\n\t\t\t\t<div class=\"elementor-widget-container\">\n\t\t\t\t\t\t\t<p class=\"p1\">Para aumentar la seguridad de la operaci\u00f3n, durante 2021 se trabaj\u00f3 en las mejoras de la pila permanente de Sulfolix, a trav\u00e9s de la campa\u00f1a de despresurizaci\u00f3n del talud norte que permitiera mantener el control del nivel fre\u00e1tico en aquellas zonas donde normalmente aumentaba la presi\u00f3n de poros durante el ciclo de lixiviaci\u00f3n. Se desarroll\u00f3 tambi\u00e9n una caracterizaci\u00f3n del per\u00edmetro de la pila permanente mediante ensayos de cono penetraci\u00f3n, s\u00edsmica y presi\u00f3n de poros. Ello permitir\u00e1 actualizar la informaci\u00f3n m\u00e1s representativa, los an\u00e1lisis de estabilidad basados en elementos finitos y de deformaci\u00f3n num\u00e9ricos para definir los planes de acci\u00f3n m\u00e1s adecuados para cada sector de la pila. En el botadero de ripios se aument\u00f3 los factores de seguridad para las condiciones est\u00e1ticas y post s\u00edsmicas.<\/p>\t\t\t\t\t\t<\/div>\n\t\t\t\t<\/div>\n\t\t\t\t\t<\/div>\n\t\t<\/div>\n\t\t\t\t\t\t\t<\/div>\n\t\t<\/section>\n\t\t\t\t<section class=\"elementor-section elementor-top-section elementor-element elementor-element-813a516 elementor-section-boxed elementor-section-height-default elementor-section-height-default\" data-id=\"813a516\" data-element_type=\"section\">\n\t\t\t\t\t\t<div class=\"elementor-container elementor-column-gap-default\">\n\t\t\t\t\t<div class=\"elementor-column elementor-col-100 elementor-top-column elementor-element elementor-element-1985a25\" data-id=\"1985a25\" data-element_type=\"column\">\n\t\t\t<div class=\"elementor-widget-wrap elementor-element-populated\">\n\t\t\t\t\t\t\t\t<div class=\"elementor-element elementor-element-40f99bb elementor-widget elementor-widget-image\" data-id=\"40f99bb\" data-element_type=\"widget\" data-widget_type=\"image.default\">\n\t\t\t\t<div class=\"elementor-widget-container\">\n\t\t\t\t\t\t\t\t\t\t\t\t\t\t\t<img loading=\"lazy\" decoding=\"async\" width=\"620\" height=\"264\" src=\"https:\/\/www.elabra.cl\/informegestion2021\/wp-content\/uploads\/2022\/05\/1b5.jpg\" class=\"attachment-large size-large\" alt=\"\" srcset=\"https:\/\/www.elabra.cl\/informegestion2021\/wp-content\/uploads\/2022\/05\/1b5.jpg 704w, https:\/\/www.elabra.cl\/informegestion2021\/wp-content\/uploads\/2022\/05\/1b5-300x128.jpg 300w, https:\/\/www.elabra.cl\/informegestion2021\/wp-content\/uploads\/2022\/05\/1b5-500x213.jpg 500w\" sizes=\"auto, (max-width: 620px) 100vw, 620px\" \/>\t\t\t\t\t\t\t\t\t\t\t\t\t\t\t<\/div>\n\t\t\t\t<\/div>\n\t\t\t\t\t<\/div>\n\t\t<\/div>\n\t\t\t\t\t\t\t<\/div>\n\t\t<\/section>\n\t\t\t\t<section class=\"elementor-section elementor-top-section elementor-element elementor-element-10f208a elementor-section-boxed elementor-section-height-default elementor-section-height-default\" data-id=\"10f208a\" data-element_type=\"section\">\n\t\t\t\t\t\t<div class=\"elementor-container elementor-column-gap-default\">\n\t\t\t\t\t<div class=\"elementor-column elementor-col-100 elementor-top-column elementor-element elementor-element-1b6f5db\" data-id=\"1b6f5db\" data-element_type=\"column\">\n\t\t\t<div class=\"elementor-widget-wrap elementor-element-populated\">\n\t\t\t\t\t\t\t\t<div class=\"elementor-element elementor-element-a88b994 elementor-widget elementor-widget-heading\" data-id=\"a88b994\" data-element_type=\"widget\" data-widget_type=\"heading.default\">\n\t\t\t\t<div class=\"elementor-widget-container\">\n\t\t\t<h2 class=\"elementor-heading-title elementor-size-default\">Perfilado de talud en el botadero de ripios <\/h2>\t\t<\/div>\n\t\t\t\t<\/div>\n\t\t\t\t<div class=\"elementor-element elementor-element-517719c elementor-widget elementor-widget-text-editor\" data-id=\"517719c\" data-element_type=\"widget\" data-widget_type=\"text-editor.default\">\n\t\t\t\t<div class=\"elementor-widget-container\">\n\t\t\t\t\t\t\t<p class=\"p1\">Este trabajo tuvo como objetivo evitar riesgos de estabilidad del botadero de ripios y complicaciones que pudieran alterar la operaci\u00f3n normal de la faena. Durante el trabajo se movieron 1.400.000 m3 de material del volumen total de 400 millones de toneladas, sin eventos de seguridad ni medioambientales. Para la ejecuci\u00f3n se utilizaron recursos internos del equipo de movimiento de tierra del \u00e1rea planta. La mayor inclinaci\u00f3n lograda en el talud estabiliza el ripio en caso de un temblor o lluvias que se acumulen en ese botadero.<\/p>\t\t\t\t\t\t<\/div>\n\t\t\t\t<\/div>\n\t\t\t\t\t<\/div>\n\t\t<\/div>\n\t\t\t\t\t\t\t<\/div>\n\t\t<\/section>\n\t\t\t\t<section class=\"elementor-section elementor-top-section elementor-element elementor-element-bc8e16e elementor-section-boxed elementor-section-height-default elementor-section-height-default\" data-id=\"bc8e16e\" data-element_type=\"section\">\n\t\t\t\t\t\t<div class=\"elementor-container elementor-column-gap-default\">\n\t\t\t\t\t<div class=\"elementor-column elementor-col-100 elementor-top-column elementor-element elementor-element-395456d\" data-id=\"395456d\" data-element_type=\"column\">\n\t\t\t<div class=\"elementor-widget-wrap elementor-element-populated\">\n\t\t\t\t\t\t\t\t<div class=\"elementor-element elementor-element-d22de8a elementor-widget elementor-widget-image\" data-id=\"d22de8a\" data-element_type=\"widget\" data-widget_type=\"image.default\">\n\t\t\t\t<div class=\"elementor-widget-container\">\n\t\t\t\t\t\t\t\t\t\t\t\t\t\t\t<img loading=\"lazy\" decoding=\"async\" width=\"620\" height=\"264\" src=\"https:\/\/www.elabra.cl\/informegestion2021\/wp-content\/uploads\/2022\/05\/1b6.jpg\" class=\"attachment-large size-large\" alt=\"\" srcset=\"https:\/\/www.elabra.cl\/informegestion2021\/wp-content\/uploads\/2022\/05\/1b6.jpg 704w, https:\/\/www.elabra.cl\/informegestion2021\/wp-content\/uploads\/2022\/05\/1b6-300x128.jpg 300w, https:\/\/www.elabra.cl\/informegestion2021\/wp-content\/uploads\/2022\/05\/1b6-500x213.jpg 500w\" sizes=\"auto, (max-width: 620px) 100vw, 620px\" \/>\t\t\t\t\t\t\t\t\t\t\t\t\t\t\t<\/div>\n\t\t\t\t<\/div>\n\t\t\t\t\t<\/div>\n\t\t<\/div>\n\t\t\t\t\t\t\t<\/div>\n\t\t<\/section>\n\t\t\t\t<section class=\"elementor-section elementor-top-section elementor-element elementor-element-66913bf elementor-section-boxed elementor-section-height-default elementor-section-height-default\" data-id=\"66913bf\" data-element_type=\"section\">\n\t\t\t\t\t\t<div class=\"elementor-container elementor-column-gap-default\">\n\t\t\t\t\t<div class=\"elementor-column elementor-col-100 elementor-top-column elementor-element elementor-element-dabef6e\" data-id=\"dabef6e\" data-element_type=\"column\">\n\t\t\t<div class=\"elementor-widget-wrap elementor-element-populated\">\n\t\t\t\t\t\t\t\t<div class=\"elementor-element elementor-element-ef2f74a elementor-widget elementor-widget-heading\" data-id=\"ef2f74a\" data-element_type=\"widget\" data-widget_type=\"heading.default\">\n\t\t\t\t<div class=\"elementor-widget-container\">\n\t\t\t<h2 class=\"elementor-heading-title elementor-size-default\">Menor consumo hist\u00f3rico de petr\u00f3leo en calentadores de electrolito EW<\/h2>\t\t<\/div>\n\t\t\t\t<\/div>\n\t\t\t\t<div class=\"elementor-element elementor-element-50b46cc elementor-widget elementor-widget-text-editor\" data-id=\"50b46cc\" data-element_type=\"widget\" data-widget_type=\"text-editor.default\">\n\t\t\t\t<div class=\"elementor-widget-container\">\n\t\t\t\t\t\t\t<p class=\"p1\">Hace m\u00e1s de tres a\u00f1os trabajamos en la disminuci\u00f3n del consumo de di\u00e9sel en calentadores del circuito de electrolito, para lo cual se identificaron distintas oportunidades: la necesidad de automatizar, instrumentaci\u00f3n, control, aislaci\u00f3n y el redise\u00f1o del intercambiador de calor de electrolito. El conjunto de estas acciones gener\u00f3 un impacto favorable para nuestra operaci\u00f3n, disminuyendo en un 95% el consumo de di\u00e9sel. Aunque esta labor permite una disminuci\u00f3n de costos, lo m\u00e1s relevante fue lograr una reducci\u00f3n en las emisiones de CO2 en 90 mil toneladas de CO2 al a\u00f1o, equivalente a la producida por 20 mil veh\u00edculos particulares al a\u00f1o.<\/p>\t\t\t\t\t\t<\/div>\n\t\t\t\t<\/div>\n\t\t\t\t\t<\/div>\n\t\t<\/div>\n\t\t\t\t\t\t\t<\/div>\n\t\t<\/section>\n\t\t\t\t<section class=\"elementor-section elementor-top-section elementor-element elementor-element-f37e640 elementor-section-boxed elementor-section-height-default elementor-section-height-default\" data-id=\"f37e640\" data-element_type=\"section\">\n\t\t\t\t\t\t<div class=\"elementor-container elementor-column-gap-default\">\n\t\t\t\t\t<div class=\"elementor-column elementor-col-100 elementor-top-column elementor-element elementor-element-fe2b40c\" data-id=\"fe2b40c\" data-element_type=\"column\">\n\t\t\t<div class=\"elementor-widget-wrap elementor-element-populated\">\n\t\t\t\t\t\t\t\t<div class=\"elementor-element elementor-element-7768d4f elementor-widget elementor-widget-image\" data-id=\"7768d4f\" data-element_type=\"widget\" data-widget_type=\"image.default\">\n\t\t\t\t<div class=\"elementor-widget-container\">\n\t\t\t\t\t\t\t\t\t\t\t\t\t\t\t<img loading=\"lazy\" decoding=\"async\" width=\"620\" height=\"264\" src=\"https:\/\/www.elabra.cl\/informegestion2021\/wp-content\/uploads\/2022\/05\/1b4.jpg\" class=\"attachment-large size-large\" alt=\"\" srcset=\"https:\/\/www.elabra.cl\/informegestion2021\/wp-content\/uploads\/2022\/05\/1b4.jpg 704w, https:\/\/www.elabra.cl\/informegestion2021\/wp-content\/uploads\/2022\/05\/1b4-300x128.jpg 300w, https:\/\/www.elabra.cl\/informegestion2021\/wp-content\/uploads\/2022\/05\/1b4-500x213.jpg 500w\" sizes=\"auto, (max-width: 620px) 100vw, 620px\" \/>\t\t\t\t\t\t\t\t\t\t\t\t\t\t\t<\/div>\n\t\t\t\t<\/div>\n\t\t\t\t\t<\/div>\n\t\t<\/div>\n\t\t\t\t\t\t\t<\/div>\n\t\t<\/section>\n\t\t\t\t<section class=\"elementor-section elementor-top-section elementor-element elementor-element-e7b80ea elementor-section-boxed elementor-section-height-default elementor-section-height-default\" data-id=\"e7b80ea\" data-element_type=\"section\">\n\t\t\t\t\t\t<div class=\"elementor-container elementor-column-gap-default\">\n\t\t\t\t\t<div class=\"elementor-column elementor-col-100 elementor-top-column elementor-element elementor-element-117cfa2\" data-id=\"117cfa2\" data-element_type=\"column\">\n\t\t\t<div class=\"elementor-widget-wrap elementor-element-populated\">\n\t\t\t\t\t\t\t\t<div class=\"elementor-element elementor-element-a7fe64a elementor-widget elementor-widget-heading\" data-id=\"a7fe64a\" data-element_type=\"widget\" data-widget_type=\"heading.default\">\n\t\t\t\t<div class=\"elementor-widget-container\">\n\t\t\t<h2 class=\"elementor-heading-title elementor-size-default\">Disminuci\u00f3n en consumo de aceite<\/h2>\t\t<\/div>\n\t\t\t\t<\/div>\n\t\t\t\t<div class=\"elementor-element elementor-element-ac66d83 elementor-widget elementor-widget-text-editor\" data-id=\"ac66d83\" data-element_type=\"widget\" data-widget_type=\"text-editor.default\">\n\t\t\t\t<div class=\"elementor-widget-container\">\n\t\t\t\t\t\t\t<p class=\"p1\">El \u00e1rea encargada de realizar el reemplazo de aceites en los chancadores, tanto del primario como el de chancado fino, busc\u00f3 la forma de reutilizar los lubricantes que se ocupan en estos equipos. De esta forma, se lleg\u00f3 a una soluci\u00f3n para la extracci\u00f3n del aceite de los equipos y su posterior microfiltrado fuera de la faena, logrando nuevamente un producto con la calidad requerida en los chancadores. Con el ahorro de consumo de 50.000 litros al a\u00f1o que esto significa, se deja de producir un residuo de hidrocarburo y se genera un impacto positivo al medioambiente.<\/p>\t\t\t\t\t\t<\/div>\n\t\t\t\t<\/div>\n\t\t\t\t\t<\/div>\n\t\t<\/div>\n\t\t\t\t\t\t\t<\/div>\n\t\t<\/section>\n\t\t\t\t<section class=\"elementor-section elementor-top-section elementor-element elementor-element-aec11ac elementor-section-boxed elementor-section-height-default elementor-section-height-default\" data-id=\"aec11ac\" data-element_type=\"section\">\n\t\t\t\t\t\t<div class=\"elementor-container elementor-column-gap-default\">\n\t\t\t\t\t<div class=\"elementor-column elementor-col-100 elementor-top-column elementor-element elementor-element-9d0ffea\" data-id=\"9d0ffea\" data-element_type=\"column\">\n\t\t\t<div class=\"elementor-widget-wrap elementor-element-populated\">\n\t\t\t\t\t\t\t\t<div class=\"elementor-element elementor-element-d9ee804 elementor-widget elementor-widget-heading\" data-id=\"d9ee804\" data-element_type=\"widget\" data-widget_type=\"heading.default\">\n\t\t\t\t<div class=\"elementor-widget-container\">\n\t\t\t<h2 class=\"elementor-heading-title elementor-size-default\">Mejoras significativas en eficiencia energ\u00e9tica y de corriente en EW <\/h2>\t\t<\/div>\n\t\t\t\t<\/div>\n\t\t\t\t<div class=\"elementor-element elementor-element-2cb020e elementor-widget elementor-widget-text-editor\" data-id=\"2cb020e\" data-element_type=\"widget\" data-widget_type=\"text-editor.default\">\n\t\t\t\t<div class=\"elementor-widget-container\">\n\t\t\t\t\t\t\t<p class=\"p1\">El proceso de electro-depositaci\u00f3n requiere de energ\u00eda el\u00e9ctrica para la producci\u00f3n de c\u00e1todos de cobre de alta pureza. Durante 2021 se logr\u00f3 mejorar sostenidamente la eficiencia de corriente en nuestra Nave EW, alcanzando un valor r\u00e9cord en nuestro sitio de 94,4%, una mejora significativa si se compara con el 88,3% del a\u00f1o anterior cuando se inici\u00f3 el proceso.<\/p>\t\t\t\t\t\t<\/div>\n\t\t\t\t<\/div>\n\t\t\t\t\t<\/div>\n\t\t<\/div>\n\t\t\t\t\t\t\t<\/div>\n\t\t<\/section>\n\t\t\t\t<section class=\"elementor-section elementor-top-section elementor-element elementor-element-3114a53 elementor-section-boxed elementor-section-height-default elementor-section-height-default\" data-id=\"3114a53\" data-element_type=\"section\">\n\t\t\t\t\t\t<div class=\"elementor-container elementor-column-gap-default\">\n\t\t\t\t\t<div class=\"elementor-column elementor-col-100 elementor-top-column elementor-element elementor-element-0b24bb7\" data-id=\"0b24bb7\" data-element_type=\"column\">\n\t\t\t<div class=\"elementor-widget-wrap elementor-element-populated\">\n\t\t\t\t\t\t\t\t<div class=\"elementor-element elementor-element-2c20d42 elementor-widget elementor-widget-heading\" data-id=\"2c20d42\" data-element_type=\"widget\" data-widget_type=\"heading.default\">\n\t\t\t\t<div class=\"elementor-widget-container\">\n\t\t\t<h2 class=\"elementor-heading-title elementor-size-default\">Mejoras en el rendimiento de correas transportadoras <\/h2>\t\t<\/div>\n\t\t\t\t<\/div>\n\t\t\t\t<div class=\"elementor-element elementor-element-8ea5995 elementor-widget elementor-widget-text-editor\" data-id=\"8ea5995\" data-element_type=\"widget\" data-widget_type=\"text-editor.default\">\n\t\t\t\t<div class=\"elementor-widget-container\">\n\t\t\t\t\t\t\t<p class=\"p1\">La mejora en el rendimiento de las correas transportadoras se logr\u00f3 en mayor medida por el cambio de tipo de sello de carga \u201cv\u201d al sello \u201ca tope\u201d de las cintas transportadoras para apilamiento y fino. Estas modificaciones permitieron aumentar el rendimiento de las cintas al poder transportar mayor tonelaje en relaci\u00f3n a campa\u00f1as anteriores, generando mayor eficiencia en el proceso y menores residuos al medioambiente.<\/p>\t\t\t\t\t\t<\/div>\n\t\t\t\t<\/div>\n\t\t\t\t\t<\/div>\n\t\t<\/div>\n\t\t\t\t\t\t\t<\/div>\n\t\t<\/section>\n\t\t\t\t\t\t\t<\/div>\n\t\t","protected":false},"excerpt":{"rendered":"<p>NOSOTROS Hitos operacionales Durante el a\u00f1o se registraron cifras hist\u00f3ricas y el mejoramiento en diferentes procesos productivos y operativos de la compa\u00f1\u00eda, los cuales han permitido tener un impacto positivo en el medioambiente. Entre ellas, se alcanz\u00f3 una calidad de c\u00e1todos de excelencia del 99% en junio. Adem\u00e1s, el \u00e1rea&#8230;<\/p>\n","protected":false},"author":1,"featured_media":0,"parent":5,"menu_order":0,"comment_status":"closed","ping_status":"closed","template":"","meta":{"footnotes":""},"class_list":["post-12","page","type-page","status-publish","hentry"],"_links":{"self":[{"href":"https:\/\/www.elabra.cl\/informegestion2021\/wp-json\/wp\/v2\/pages\/12","targetHints":{"allow":["GET"]}}],"collection":[{"href":"https:\/\/www.elabra.cl\/informegestion2021\/wp-json\/wp\/v2\/pages"}],"about":[{"href":"https:\/\/www.elabra.cl\/informegestion2021\/wp-json\/wp\/v2\/types\/page"}],"author":[{"embeddable":true,"href":"https:\/\/www.elabra.cl\/informegestion2021\/wp-json\/wp\/v2\/users\/1"}],"replies":[{"embeddable":true,"href":"https:\/\/www.elabra.cl\/informegestion2021\/wp-json\/wp\/v2\/comments?post=12"}],"version-history":[{"count":13,"href":"https:\/\/www.elabra.cl\/informegestion2021\/wp-json\/wp\/v2\/pages\/12\/revisions"}],"predecessor-version":[{"id":205,"href":"https:\/\/www.elabra.cl\/informegestion2021\/wp-json\/wp\/v2\/pages\/12\/revisions\/205"}],"up":[{"embeddable":true,"href":"https:\/\/www.elabra.cl\/informegestion2021\/wp-json\/wp\/v2\/pages\/5"}],"wp:attachment":[{"href":"https:\/\/www.elabra.cl\/informegestion2021\/wp-json\/wp\/v2\/media?parent=12"}],"curies":[{"name":"wp","href":"https:\/\/api.w.org\/{rel}","templated":true}]}}